{"id":112,"date":"2024-02-26T06:48:34","date_gmt":"2024-02-26T06:48:34","guid":{"rendered":"http:\/\/wfg-kassel\/?page_id=112"},"modified":"2026-02-24T13:31:49","modified_gmt":"2026-02-24T12:31:49","slug":"area-development-projects","status":"publish","type":"page","link":"https:\/\/wfg-kassel.de\/en\/gewerbeflaechenvermittlung\/flaechenentwicklungsprojekte\/","title":{"rendered":"Land development projects"},"content":{"rendered":"\t\t<div data-elementor-type=\"wp-page\" data-elementor-id=\"112\" class=\"elementor elementor-112\" data-elementor-post-type=\"page\">\n\t\t\t\t<div class=\"elementor-element elementor-element-21a89825 e-con-full e-flex e-con e-parent\" data-id=\"21a89825\" data-element_type=\"container\" data-e-type=\"container\">\n\t\t<div class=\"elementor-element elementor-element-43fb7114 e-con-full e-flex e-con e-child\" data-id=\"43fb7114\" data-element_type=\"container\" data-e-type=\"container\">\n\t\t\t\t<div class=\"elementor-element elementor-element-24dbcf58 elementor-widget elementor-widget-wfg-header-banner\" data-id=\"24dbcf58\" data-element_type=\"widget\" data-e-type=\"widget\" data-widget_type=\"wfg-header-banner.default\">\n\t\t\t\t<div class=\"elementor-widget-container\">\n\t\t\t\t\t<div class=\"header-banner flex flex-col md:flex-row\">\n  <div class=\"md:w-1\/2\">\n    <figure class=\"wp-caption bg-gray-800 \" data-image>\n      <div class=\"relative \">\n      <img fetchpriority=\"high\" decoding=\"async\" width=\"2000\" height=\"1333\" src=\"https:\/\/wfg-kassel.de\/wp-content\/uploads\/2025\/01\/projektentwickler-auf-gewerbeflaeche.webp\" class=\"!w-full !object-cover !max-h-[475px] aspect-video\" alt=\"Drei Menschen in Warnwesten mit Helm auf Feld zeigen nach rechts\" srcset=\"https:\/\/wfg-kassel.de\/wp-content\/uploads\/2025\/01\/projektentwickler-auf-gewerbeflaeche.webp 2000w, https:\/\/wfg-kassel.de\/wp-content\/uploads\/2025\/01\/projektentwickler-auf-gewerbeflaeche-300x200.webp 300w, https:\/\/wfg-kassel.de\/wp-content\/uploads\/2025\/01\/projektentwickler-auf-gewerbeflaeche-1024x682.webp 1024w, https:\/\/wfg-kassel.de\/wp-content\/uploads\/2025\/01\/projektentwickler-auf-gewerbeflaeche-768x512.webp 768w, https:\/\/wfg-kassel.de\/wp-content\/uploads\/2025\/01\/projektentwickler-auf-gewerbeflaeche-1536x1024.webp 1536w, https:\/\/wfg-kassel.de\/wp-content\/uploads\/2025\/01\/projektentwickler-auf-gewerbeflaeche-18x12.webp 18w\" sizes=\"(max-width: 2000px) 100vw, 2000px\" \/>\n\n              <div class=\"absolute bottom-0 right-0 h-10 w-full copyright-gradient z-[2]\">\n          <span class=\"text-white text-xs md:text-base absolute right-3 bottom-2\">\n            \u00a9 Nikos Oikonomou\n          <\/span>\n        <\/div>\n          <\/div>\n  \n  <\/figure>\n\n  <\/div>\n  <div class=\"md:w-1\/2 bg-primary px-4 py-12 sm:py-14 md:p-8 xl:pl-14 flex flex-col justify-center relative\">\n    <h1 class=\"inline-block self-start xl:max-w-[680px] mb-4\">Gewerbefl\u00e4chen\u00adentwicklung: Blick auf die Region Kassel<\/h1>\n  <\/div>\n<\/div>\n\t\t\t\t<\/div>\n\t\t\t\t<\/div>\n\t\t\t\t<\/div>\n\t\t\t\t<\/div>\n\t\t<div class=\"elementor-element elementor-element-2cc7aeb e-flex e-con-boxed e-con e-parent\" data-id=\"2cc7aeb\" data-element_type=\"container\" data-e-type=\"container\">\n\t\t\t\t\t<div class=\"e-con-inner\">\n\t\t\t\t<div class=\"elementor-element elementor-element-a292835 elementor-widget elementor-widget-wfg-text-editor\" data-id=\"a292835\" data-element_type=\"widget\" data-e-type=\"widget\" data-widget_type=\"wfg-text-editor.default\">\n\t\t\t\t<div class=\"elementor-widget-container\">\n\t\t\t\t\t\t\t\t\t<p class=\"aufmachertext\">Die <strong>Gewerbefl\u00e4chenentwicklung<\/strong> stellt einen<strong> zentralen Aspekt der st\u00e4dtischen und regionalen Wirtschaftsf\u00f6rderung<\/strong> dar. Angesichts des immer knapper werdenden Angebots an verf\u00fcgbaren Gewerbefl\u00e4chen in ganz Deutschland gewinnt die Entwicklung von brachliegenden <a href=\"\/gewerbeflaechenvermittlung\/brownfield-gewerbeflaechen\/\">Brownfield<\/a>&#8211; sowie auch <a href=\"\/gewerbeflaechenvermittlung\/greenfield-gewerbeflaechen\/\">Greenfield<\/a>-Arealen zunehmend an Bedeutung. Die Region Kassel dient als exemplarisches Beispiel f\u00fcr<strong> innovative Konversionsprojekte<\/strong> und die Schaffung neuer Gewerber\u00e4ume im Zentrum des Landes.\u00a0<\/p>\t\t\t\t\t\t\t\t<\/div>\n\t\t\t\t<\/div>\n\t\t\t\t\t<\/div>\n\t\t\t\t<\/div>\n\t\t<div class=\"elementor-element elementor-element-00b9b01 e-flex e-con-boxed e-con e-parent\" data-id=\"00b9b01\" data-element_type=\"container\" data-e-type=\"container\">\n\t\t\t\t\t<div class=\"e-con-inner\">\n\t\t\t\t<div class=\"elementor-element elementor-element-d66d4b6 elementor-widget elementor-widget-wfg-text-editor\" data-id=\"d66d4b6\" data-element_type=\"widget\" data-e-type=\"widget\" data-widget_type=\"wfg-text-editor.default\">\n\t\t\t\t<div class=\"elementor-widget-container\">\n\t\t\t\t\t\t\t\t\t<h2>Bedeutung der Gewerbefl\u00e4chenentwicklung<\/h2>\t\t\t\t\t\t\t\t<\/div>\n\t\t\t\t<\/div>\n\t\t\t\t\t<\/div>\n\t\t\t\t<\/div>\n\t\t<div class=\"elementor-element elementor-element-3dd2f0f7 e-flex e-con-boxed e-con e-parent\" data-id=\"3dd2f0f7\" data-element_type=\"container\" data-e-type=\"container\">\n\t\t\t\t\t<div class=\"e-con-inner\">\n\t\t<div class=\"elementor-element elementor-element-1af9007b e-con-full e-flex e-con e-child\" data-id=\"1af9007b\" data-element_type=\"container\" data-e-type=\"container\">\n\t\t\t\t<div class=\"elementor-element elementor-element-5995a71 elementor-widget elementor-widget-wfg-image\" data-id=\"5995a71\" data-element_type=\"widget\" data-e-type=\"widget\" data-widget_type=\"wfg-image.default\">\n\t\t\t\t<div class=\"elementor-widget-container\">\n\t\t\t\t\t<figure class=\"wp-caption bg-gray-800 \" data-image>\n      <div class=\"relative \">\n      <img decoding=\"async\" width=\"2000\" height=\"1333\" src=\"https:\/\/wfg-kassel.de\/wp-content\/uploads\/2025\/01\/luftbild-sandershaeuser-berg-2024.webp\" class=\"!w-full !object-cover \" alt=\"Luftaufnahme des Gewerbegebiets am Sandershaeuser Berg mit Industriegebaeuden und Wiesen Kassel\" srcset=\"https:\/\/wfg-kassel.de\/wp-content\/uploads\/2025\/01\/luftbild-sandershaeuser-berg-2024.webp 2000w, https:\/\/wfg-kassel.de\/wp-content\/uploads\/2025\/01\/luftbild-sandershaeuser-berg-2024-300x200.webp 300w, https:\/\/wfg-kassel.de\/wp-content\/uploads\/2025\/01\/luftbild-sandershaeuser-berg-2024-1024x682.webp 1024w, https:\/\/wfg-kassel.de\/wp-content\/uploads\/2025\/01\/luftbild-sandershaeuser-berg-2024-768x512.webp 768w, https:\/\/wfg-kassel.de\/wp-content\/uploads\/2025\/01\/luftbild-sandershaeuser-berg-2024-1536x1024.webp 1536w, https:\/\/wfg-kassel.de\/wp-content\/uploads\/2025\/01\/luftbild-sandershaeuser-berg-2024-18x12.webp 18w\" sizes=\"(max-width: 2000px) 100vw, 2000px\" \/>\n\n              <div class=\"absolute bottom-0 right-0 h-10 w-full copyright-gradient z-[2]\">\n          <span class=\"text-white text-xs md:text-base absolute right-3 bottom-2\">\n            \u00a9 Wirtschaftsf\u00f6rderung Region Kassel\n          <\/span>\n        <\/div>\n          <\/div>\n  \n  <\/figure>\n\t\t\t\t<\/div>\n\t\t\t\t<\/div>\n\t\t\t\t<\/div>\n\t\t<div class=\"elementor-element elementor-element-5b680e90 e-con-full e-flex e-con e-child\" data-id=\"5b680e90\" data-element_type=\"container\" data-e-type=\"container\">\n\t\t\t\t<div class=\"elementor-element elementor-element-3bfc529 elementor-widget elementor-widget-wfg-text-editor\" data-id=\"3bfc529\" data-element_type=\"widget\" data-e-type=\"widget\" data-widget_type=\"wfg-text-editor.default\">\n\t\t\t\t<div class=\"elementor-widget-container\">\n\t\t\t\t\t\t\t\t\t<p>Die Entwicklung von Gewerbefl\u00e4chen ist ein entscheidender <strong>Faktor f\u00fcr die Dynamik und das<\/strong> <strong>Wirtschaftswachstum<\/strong> in der Region Kassel. Sie schafft die notwendige Infrastruktur f\u00fcr Unternehmen und f\u00f6rdert die Schaffung von Arbeitspl\u00e4tzen. In Zeiten, in denen Gewerbefl\u00e4chen zunehmend rarer werden, gewinnen Konversionsprojekte, also die <strong>Umwandlung von brachliegenden oder anderweitig genutzten Fl\u00e4chen in Gewerbegebieten<\/strong>, an Bedeutung.<\/p>\n<p>Neben <a href=\"\/gewerbeflaechenvermittlung\/brownfield-gewerbeflaechen\/\">Brownfield-Fl\u00e4chen<\/a> hat die Region Kassel als einer der wenigen zentralen Wirtschaftsstandorte in Deutschland noch <a href=\"\/gewerbeflaechenvermittlung\/greenfield-gewerbeflaechen\/\">Greenfield-Fl\u00e4chen<\/a> zur Verf\u00fcgung. Auf dem Bild ist exemplarisch der <a href=\"\/gewerbestandorte\/gewerbepark-sandershaeuser-berg\/\">Gewerbepark Sandersh\u00e4user Berg<\/a> in Niestetal zu sehen.<\/p>\t\t\t\t\t\t\t\t<\/div>\n\t\t\t\t<\/div>\n\t\t\t\t<\/div>\n\t\t\t\t\t<\/div>\n\t\t\t\t<\/div>\n\t\t<div class=\"elementor-element elementor-element-78baa4a6 e-flex e-con-boxed e-con e-parent\" data-id=\"78baa4a6\" data-element_type=\"container\" data-e-type=\"container\">\n\t\t\t\t\t<div class=\"e-con-inner\">\n\t\t\t\t<div class=\"elementor-element elementor-element-fcc1adf elementor-widget elementor-widget-wfg-text-editor\" data-id=\"fcc1adf\" data-element_type=\"widget\" data-e-type=\"widget\" data-widget_type=\"wfg-text-editor.default\">\n\t\t\t\t<div class=\"elementor-widget-container\">\n\t\t\t\t\t\t\t\t\t<h2>Herausforderungen und Chancen<\/h2>\t\t\t\t\t\t\t\t<\/div>\n\t\t\t\t<\/div>\n\t\t\t\t\t<\/div>\n\t\t\t\t<\/div>\n\t\t<div class=\"elementor-element elementor-element-66a6561 e-flex e-con-boxed e-con e-parent\" data-id=\"66a6561\" data-element_type=\"container\" data-e-type=\"container\">\n\t\t\t\t\t<div class=\"e-con-inner\">\n\t\t<div class=\"elementor-element elementor-element-adfbd89 e-con-full e-flex e-con e-child\" data-id=\"adfbd89\" data-element_type=\"container\" data-e-type=\"container\">\n\t\t\t\t<div class=\"elementor-element elementor-element-019fb62 elementor-widget elementor-widget-wfg-text-editor\" data-id=\"019fb62\" data-element_type=\"widget\" data-e-type=\"widget\" data-widget_type=\"wfg-text-editor.default\">\n\t\t\t\t<div class=\"elementor-widget-container\">\n\t\t\t\t\t\t\t\t\t<p>Die Entwicklung von Gewerbefl\u00e4chen, insbesondere durch Konversionsprojekte, ist mit einer Reihe von Herausforderungen verbunden. Dazu geh\u00f6ren <strong>umweltrechtliche Bestimmungen<\/strong>, die <strong>Notwendigkeit der Sanierung<\/strong> kontaminierter B\u00f6den sowie die Integration der neuen Fl\u00e4chen in die bestehende<strong> st\u00e4dtische Infrastruktur<\/strong>. Gleichzeitig bieten diese Projekte einzigartige Chancen f\u00fcr die regionale Entwicklung, indem sie nicht nur wirtschaftliches Wachstum f\u00f6rdern, sondern auch zur <a href=\"\/lebenswertes-kassel\/\"><strong>Schaffung attraktiver Arbeits- und Lebensr\u00e4ume<\/strong><\/a> beitragen.<\/p>\n<p>Auf dem nebenstehenden Bild ist die <strong>alte Heeresb\u00e4ckerei der Konversionsfl\u00e4che<\/strong> <a href=\"\/gewerbeflaechenvermittlung\/flaechenentwicklungsprojekte\/magazinhof-kassel\/\"><strong>Magazinhof Kassel<\/strong><\/a> zu sehen. Dieser wurde und wir bereits erfolgreich entwickelt und bietet bereits heute Firmen einen Sitz.<\/p>\t\t\t\t\t\t\t\t<\/div>\n\t\t\t\t<\/div>\n\t\t\t\t<\/div>\n\t\t<div class=\"elementor-element elementor-element-a5e19ad e-con-full e-flex e-con e-child\" data-id=\"a5e19ad\" data-element_type=\"container\" data-e-type=\"container\">\n\t\t\t\t<div class=\"elementor-element elementor-element-8151ab4 elementor-widget elementor-widget-wfg-image\" data-id=\"8151ab4\" data-element_type=\"widget\" data-e-type=\"widget\" data-widget_type=\"wfg-image.default\">\n\t\t\t\t<div class=\"elementor-widget-container\">\n\t\t\t\t\t<figure class=\"wp-caption bg-gray-800 \" data-image>\n      <div class=\"relative \">\n      <img decoding=\"async\" width=\"2000\" height=\"1333\" src=\"https:\/\/wfg-kassel.de\/wp-content\/uploads\/2025\/01\/aufnahme-alte-baeckerei-magazinhof-kassel.webp\" class=\"!w-full !object-cover \" alt=\"Altes Industrie-Gebaeude mit Schornstein aus Backstein\" srcset=\"https:\/\/wfg-kassel.de\/wp-content\/uploads\/2025\/01\/aufnahme-alte-baeckerei-magazinhof-kassel.webp 2000w, https:\/\/wfg-kassel.de\/wp-content\/uploads\/2025\/01\/aufnahme-alte-baeckerei-magazinhof-kassel-300x200.webp 300w, https:\/\/wfg-kassel.de\/wp-content\/uploads\/2025\/01\/aufnahme-alte-baeckerei-magazinhof-kassel-1024x682.webp 1024w, https:\/\/wfg-kassel.de\/wp-content\/uploads\/2025\/01\/aufnahme-alte-baeckerei-magazinhof-kassel-768x512.webp 768w, https:\/\/wfg-kassel.de\/wp-content\/uploads\/2025\/01\/aufnahme-alte-baeckerei-magazinhof-kassel-1536x1024.webp 1536w, https:\/\/wfg-kassel.de\/wp-content\/uploads\/2025\/01\/aufnahme-alte-baeckerei-magazinhof-kassel-18x12.webp 18w\" sizes=\"(max-width: 2000px) 100vw, 2000px\" \/>\n\n              <div class=\"absolute bottom-0 right-0 h-10 w-full copyright-gradient z-[2]\">\n          <span class=\"text-white text-xs md:text-base absolute right-3 bottom-2\">\n            \u00a9 Beethoven Development GmbH\n          <\/span>\n        <\/div>\n          <\/div>\n  \n  <\/figure>\n\t\t\t\t<\/div>\n\t\t\t\t<\/div>\n\t\t\t\t<\/div>\n\t\t\t\t\t<\/div>\n\t\t\t\t<\/div>\n\t\t<div class=\"elementor-element elementor-element-2f8f95ce e-flex e-con-boxed e-con e-parent\" data-id=\"2f8f95ce\" data-element_type=\"container\" data-e-type=\"container\">\n\t\t\t\t\t<div class=\"e-con-inner\">\n\t\t\t\t<div class=\"elementor-element elementor-element-65081c6 elementor-widget elementor-widget-wfg-text-editor\" data-id=\"65081c6\" data-element_type=\"widget\" data-e-type=\"widget\" data-widget_type=\"wfg-text-editor.default\">\n\t\t\t\t<div class=\"elementor-widget-container\">\n\t\t\t\t\t\t\t\t\t<h2>Konversionsprojekte in der Region Kassel<\/h2>\t\t\t\t\t\t\t\t<\/div>\n\t\t\t\t<\/div>\n\t\t\t\t\t<\/div>\n\t\t\t\t<\/div>\n\t\t<div class=\"elementor-element elementor-element-e61b40a e-flex e-con-boxed e-con e-parent\" data-id=\"e61b40a\" data-element_type=\"container\" data-e-type=\"container\">\n\t\t\t\t\t<div class=\"e-con-inner\">\n\t\t\t\t<div class=\"elementor-element elementor-element-480679a elementor-widget elementor-widget-wfg-text-editor\" data-id=\"480679a\" data-element_type=\"widget\" data-e-type=\"widget\" data-widget_type=\"wfg-text-editor.default\">\n\t\t\t\t<div class=\"elementor-widget-container\">\n\t\t\t\t\t\t\t\t\t<p>Alte Fabrikgel\u00e4nde, ehemalige Milit\u00e4reinrichtungen sowie \u00e4hnliche <a href=\"\/gewerbeflaechenvermittlung\/brownfield-gewerbeflaechen\/\">Brownfield-Fl\u00e4chen<\/a> geh\u00f6ren auch in der Region Kassel zu einer <strong>Reihe von Konversionsprojekten<\/strong>, die von der Stadt Kassel, dem Landkreis Kassel und dessen Kommunen unterst\u00fctzt werden. Diese Projekte verdeutlichen, wie durch <strong>kreative und nachhaltige Planung<\/strong> neue Gewerbefl\u00e4chen und Wohnfl\u00e4chen erschlossen sowie gleichzeitig zur <strong>Aufwertung des st\u00e4dtischen Raums<\/strong> beigetragen werden kann.<\/p>\t\t\t\t\t\t\t\t<\/div>\n\t\t\t\t<\/div>\n\t\t\t\t\t<\/div>\n\t\t\t\t<\/div>\n\t\t<div class=\"elementor-element elementor-element-76fa8920 e-flex e-con-boxed e-con e-parent\" data-id=\"76fa8920\" data-element_type=\"container\" data-e-type=\"container\">\n\t\t\t\t\t<div class=\"e-con-inner\">\n\t\t<div class=\"elementor-element elementor-element-16aca040 e-con-full e-flex e-con e-child\" data-id=\"16aca040\" data-element_type=\"container\" data-e-type=\"container\">\n\t\t\t\t<div class=\"elementor-element elementor-element-9e46149 elementor-widget elementor-widget-wfg-text-editor\" data-id=\"9e46149\" data-element_type=\"widget\" data-e-type=\"widget\" data-widget_type=\"wfg-text-editor.default\">\n\t\t\t\t<div class=\"elementor-widget-container\">\n\t\t\t\t\t\t\t\t\t<h3>Zu den Schl\u00fcsselprojekten geh\u00f6ren:<\/h3>\n<ul>\n<li><a href=\"\/gewerbeflaechenvermittlung\/flaechenentwicklungsprojekte\/koop-quartier\/\">Koop-Quartier, Kassel<\/a><\/li>\n<li><a href=\"\/gewerbeflaechenvermittlung\/flaechenentwicklungsprojekte\/salzmann-areal\">Salzmann-Areal, Kassel<\/a><\/li>\n<li><a href=\"\/gewerbeflaechenvermittlung\/flaechenentwicklungsprojekte\/fritz-erler-kaserne\">Fritz-Erler-Kaserne, Fuldatal<\/a><\/li>\n<li><a href=\"\/gewerbeflaechenvermittlung\/flaechenentwicklungsprojekte\/pommern-kaserne\">Pommern-Kaserne, Wolfhagen<\/a><\/li>\n<li><a href=\"\/gewerbeflaechenvermittlung\/flaechenentwicklungsprojekte\/areal-kulturbahnhof\">Areal Kulturbahnhof, Kassel<\/a><\/li>\n<li>Martini-Quartier, Kassel<\/li>\n<li><a href=\"\/gewerbestandorte\/technologiepark-marbachshoehe\">Marbachsh\u00f6he, Kassel<\/a><\/li>\n<li><a href=\"\/gewerbeflaechenvermittlung\/flaechenentwicklungsprojekte\/magazinhof-kassel\">Magazinhof, Kassel<\/a><\/li>\n<li><a href=\"\/gewerbeflaechenvermittlung\/flaechenentwicklungsprojekte\/henschel-areal-kassel\">Henschel-Areal, Kassel<\/a><\/li>\n<\/ul>\t\t\t\t\t\t\t\t<\/div>\n\t\t\t\t<\/div>\n\t\t\t\t<\/div>\n\t\t<div class=\"elementor-element elementor-element-b55fa5d e-con-full e-flex e-con e-child\" data-id=\"b55fa5d\" data-element_type=\"container\" data-e-type=\"container\">\n\t\t\t\t<div class=\"elementor-element elementor-element-19263c2 elementor-widget elementor-widget-wfg-usercentrics-openstreetmap\" data-id=\"19263c2\" data-element_type=\"widget\" data-e-type=\"widget\" data-widget_type=\"wfg-usercentrics-openstreetmap.default\">\n\t\t\t\t<div class=\"elementor-widget-container\">\n\t\t\t\t\t<div class=\"uc-openstreetmap-wrapper\">\n  <div id=\"openstreetmap-69edd2cf3b05e\" class=\"flex items-center justify-center bg-gray-100 border border-gray-300\" style=\"min-height: 460px;\">\n    <div class=\"text-center p-8\">\n      <p class=\"m-0\">\n        <b>Here is an OpenStreetMap.<\/b><br>\n        Bitte stimmen Sie den Cookies zu, um diese Karte sehen zu k\u00f6nnen.\n      <\/p>\n    <\/div>\n\n    <script type=\"text\/plain\" data-usercentrics=\"OpenStreetMap\">\n      (function() {\n        const iframe = document.createElement('iframe');\n        iframe.setAttribute('src', 'https:\/\/umap.openstreetmap.de\/de\/map\/standorte-flachenentwicklungen_78990?scaleControl=false&amp;amp;miniMap=false&amp;amp;scrollWheelZoom=false&amp;amp;zoomControl=true&amp;amp;editMode=disabled&amp;amp;moreControl=false&amp;amp;searchControl=true&amp;amp;tilelayersControl=false&amp;amp;embedControl=false&amp;amp;datalayersControl=false&amp;amp;onLoadPanel=none&amp;amp;captionBar=false&amp;amp;captionMenus=true&amp;amp;captionControl=false&amp;amp;locateControl=true&amp;amp;measureControl=false&amp;amp;editinosmControl=false&amp;amp;starControl=false');\n        iframe.setAttribute('width', '100%');\n        iframe.setAttribute('height', '460px');\n        iframe.setAttribute('frameborder', '0');\n                iframe.setAttribute('allowfullscreen', 'allowfullscreen');\n        \n        const container = document.getElementById('openstreetmap-69edd2cf3b05e');\n        container.innerHTML = '';\n        container.appendChild(iframe);\n      })();\n    <\/script>\n  <\/div>\n<\/div>\n\t\t\t\t<\/div>\n\t\t\t\t<\/div>\n\t\t\t\t<\/div>\n\t\t\t\t\t<\/div>\n\t\t\t\t<\/div>\n\t\t<div class=\"elementor-element elementor-element-18e63668 e-flex e-con-boxed e-con e-parent\" data-id=\"18e63668\" data-element_type=\"container\" data-e-type=\"container\">\n\t\t\t\t\t<div class=\"e-con-inner\">\n\t\t\t\t<div class=\"elementor-element elementor-element-55a6b9a elementor-widget elementor-widget-wfg-horizontal-line\" data-id=\"55a6b9a\" data-element_type=\"widget\" data-e-type=\"widget\" data-widget_type=\"wfg-horizontal-line.default\">\n\t\t\t\t<div class=\"elementor-widget-container\">\n\t\t\t\t\t<hr class=\"h-1.5 sm:h-2 md:h-3 rounded-full !bg-primary !mx-auto w-[130px] sm:w-[160px] md:w-[180px] lg:w-[220px] xl:w-[240px]\">\n\n\t\t\t\t<\/div>\n\t\t\t\t<\/div>\n\t\t\t\t\t<\/div>\n\t\t\t\t<\/div>\n\t\t<div class=\"elementor-element elementor-element-14c59104 e-flex e-con-boxed e-con e-parent\" data-id=\"14c59104\" data-element_type=\"container\" data-e-type=\"container\">\n\t\t\t\t\t<div class=\"e-con-inner\">\n\t\t\t\t<div class=\"elementor-element elementor-element-6f9f664 elementor-widget elementor-widget-wfg-text-editor\" data-id=\"6f9f664\" data-element_type=\"widget\" data-e-type=\"widget\" data-widget_type=\"wfg-text-editor.default\">\n\t\t\t\t<div class=\"elementor-widget-container\">\n\t\t\t\t\t\t\t\t\t<h2>Nehmen Sie Kontakt zu uns auf!<\/h2>\t\t\t\t\t\t\t\t<\/div>\n\t\t\t\t<\/div>\n\t\t\t\t\t<\/div>\n\t\t\t\t<\/div>\n\t\t<div class=\"elementor-element elementor-element-2327eb9f e-flex e-con-boxed e-con e-parent\" data-id=\"2327eb9f\" data-element_type=\"container\" data-e-type=\"container\">\n\t\t\t\t\t<div class=\"e-con-inner\">\n\t\t<div class=\"elementor-element elementor-element-110aa6af e-con-full e-flex e-con e-child\" data-id=\"110aa6af\" data-element_type=\"container\" data-e-type=\"container\">\n\t\t\t\t<div class=\"elementor-element elementor-element-39d5330b elementor-widget elementor-widget-wfg-image\" data-id=\"39d5330b\" data-element_type=\"widget\" data-e-type=\"widget\" data-widget_type=\"wfg-image.default\">\n\t\t\t\t<div class=\"elementor-widget-container\">\n\t\t\t\t\t<figure class=\"wp-caption bg-gray-800 \" data-image>\n      <div class=\"relative \">\n      <img loading=\"lazy\" decoding=\"async\" width=\"2000\" height=\"1333\" src=\"https:\/\/wfg-kassel.de\/wp-content\/uploads\/2025\/01\/gruppenfoto-team-wirtschaftsfoerderung-region-kassel-2023.webp\" class=\"!w-full !object-cover \" alt=\"Mehrere Personen stehen zusammen und posieren vor Gebauede fuer ein Gruppenfoto\" srcset=\"https:\/\/wfg-kassel.de\/wp-content\/uploads\/2025\/01\/gruppenfoto-team-wirtschaftsfoerderung-region-kassel-2023.webp 2000w, https:\/\/wfg-kassel.de\/wp-content\/uploads\/2025\/01\/gruppenfoto-team-wirtschaftsfoerderung-region-kassel-2023-300x200.webp 300w, https:\/\/wfg-kassel.de\/wp-content\/uploads\/2025\/01\/gruppenfoto-team-wirtschaftsfoerderung-region-kassel-2023-1024x682.webp 1024w, https:\/\/wfg-kassel.de\/wp-content\/uploads\/2025\/01\/gruppenfoto-team-wirtschaftsfoerderung-region-kassel-2023-768x512.webp 768w, https:\/\/wfg-kassel.de\/wp-content\/uploads\/2025\/01\/gruppenfoto-team-wirtschaftsfoerderung-region-kassel-2023-1536x1024.webp 1536w, https:\/\/wfg-kassel.de\/wp-content\/uploads\/2025\/01\/gruppenfoto-team-wirtschaftsfoerderung-region-kassel-2023-18x12.webp 18w\" sizes=\"(max-width: 2000px) 100vw, 2000px\" \/>\n\n              <div class=\"absolute bottom-0 right-0 h-10 w-full copyright-gradient z-[2]\">\n          <span class=\"text-white text-xs md:text-base absolute right-3 bottom-2\">\n            \u00a9 Carolin Ludwig\n          <\/span>\n        <\/div>\n          <\/div>\n  \n  <\/figure>\n\t\t\t\t<\/div>\n\t\t\t\t<\/div>\n\t\t\t\t<\/div>\n\t\t<div class=\"elementor-element elementor-element-4d03f7ec e-con-full e-flex e-con e-child\" data-id=\"4d03f7ec\" data-element_type=\"container\" data-e-type=\"container\">\n\t\t\t\t<div class=\"elementor-element elementor-element-408f7aea elementor-widget elementor-widget-wfg-text-editor\" data-id=\"408f7aea\" data-element_type=\"widget\" data-e-type=\"widget\" data-widget_type=\"wfg-text-editor.default\">\n\t\t\t\t<div class=\"elementor-widget-container\">\n\t\t\t\t\t\t\t\t\t<p>Sie haben weitere Fragen zum Website-Artikel oder m\u00f6chten von unseren exzellenten Netzwerken profitieren? Dann freuen wir uns auf den Austausch mit Ihnen. Als kompetenter erster Ansprechpartner stehen wir Ihnen gerne zur Verf\u00fcgung.<\/p>\n<p>Telefon: <a href=\"tel:+495617073350\">+49 561 70733-50<\/a><br \/>E-Mail: <a href=\"mailto:info@wfg-kassel.de\">info@wfg-kassel.de<\/a><\/p>\t\t\t\t\t\t\t\t<\/div>\n\t\t\t\t<\/div>\n\t\t\t\t<div class=\"elementor-element elementor-element-1d08e300 elementor-widget elementor-widget-wfg-button\" data-id=\"1d08e300\" data-element_type=\"widget\" data-e-type=\"widget\" data-widget_type=\"wfg-button.default\">\n\t\t\t\t<div class=\"elementor-widget-container\">\n\t\t\t\t\t\n\n\n  <a href=\"\/kontakt\/#kontaktformular\"\n   aria-label=\"Zum Kontaktformular\"\n   class=\"uppercase font-extrabold py-1.5 px-6 text-lg xs:text-xl lg:text-2xl xl:text-3xl text-primary inline-flex items-center space-x-2 xs:space-x-3 lg:space-x-4 xl:space-x-6 hover:text-accent transition-colors\"\n   rel=\"\">\n    <svg xmlns=\"http:\/\/www.w3.org\/2000\/svg\" viewBox=\"0 0 16 16\" class=\"w-6 h-6 xs:w-8 xs:h-8 lg:w-10 lg:h-10 shrink-0\">\n  <g id=\"Group_62\" data-name=\"Group 62\" transform=\"translate(-931.406 1344) rotate(-90)\">\n    <path id=\"Icon_feather-chevron-down\" data-name=\"Icon feather-chevron-down\" d=\"M9,13.5l3.944,3.944L16.887,13.5\" transform=\"translate(1323.229 924.458)\" fill=\"none\" stroke=\"#e41e3d\" stroke-linecap=\"round\" stroke-linejoin=\"round\" stroke-width=\"1\"\/>\n    <g id=\"Ellipse_5\" data-name=\"Ellipse 5\" transform=\"translate(1328 931.406)\" fill=\"none\" stroke=\"#e41e3d\" stroke-width=\"1\">\n      <circle cx=\"8\" cy=\"8\" r=\"8\" stroke=\"none\"\/>\n      <circle cx=\"8\" cy=\"8\" r=\"7.5\" fill=\"none\"\/>\n    <\/g>\n  <\/g>\n<\/svg>\n\n    <span>\n       Zum Kontaktformular\n    <\/span>\n  <\/a>\n\t\t\t\t<\/div>\n\t\t\t\t<\/div>\n\t\t\t\t<\/div>\n\t\t\t\t\t<\/div>\n\t\t\t\t<\/div>\n\t\t\t\t<\/div>\n\t\t","protected":false},"excerpt":{"rendered":"<p>\u00a9 Nikos Oikonomou Gewerbefl\u00e4chen\u00adentwicklung: Blick auf die Region Kassel Die Gewerbefl\u00e4chenentwicklung stellt einen zentralen Aspekt der st\u00e4dtischen und regionalen Wirtschaftsf\u00f6rderung dar. Angesichts des immer knapper werdenden Angebots an verf\u00fcgbaren Gewerbefl\u00e4chen in ganz Deutschland gewinnt die Entwicklung von brachliegenden Brownfield&#8211; sowie auch Greenfield-Arealen zunehmend an Bedeutung. Die Region Kassel dient als exemplarisches Beispiel f\u00fcr innovative Konversionsprojekte [&hellip;]<\/p>\n","protected":false},"author":1,"featured_media":0,"parent":98,"menu_order":0,"comment_status":"closed","ping_status":"closed","template":"","meta":{"_acf_changed":false,"footnotes":""},"class_list":["post-112","page","type-page","status-publish","hentry"],"acf":[],"yoast_head":"<!-- This site is optimized with the Yoast SEO plugin v27.4 - https:\/\/yoast.com\/product\/yoast-seo-wordpress\/ -->\n<title>Fl\u00e4chenentwicklungsprojekte in Kassel<\/title>\n<meta name=\"description\" content=\"Fl\u00e4chenentwicklungsprojekte im Landkreis Kassel \u25ba Neue Gewerbefl\u00e4chen &amp; Konversionsprojekte \u25ba Alle Infos im \u00dcberblick!\" \/>\n<meta name=\"robots\" content=\"index, follow, max-snippet:-1, max-image-preview:large, max-video-preview:-1\" \/>\n<link rel=\"canonical\" href=\"https:\/\/wfg-kassel.de\/en\/commercial-real-estate-agency\/area-development-projects\/\" \/>\n<meta property=\"og:locale\" content=\"en_US\" \/>\n<meta property=\"og:type\" content=\"article\" \/>\n<meta property=\"og:title\" content=\"Fl\u00e4chenentwicklungsprojekte in Kassel\" \/>\n<meta property=\"og:description\" content=\"Fl\u00e4chenentwicklungsprojekte im Landkreis Kassel \u25ba Neue Gewerbefl\u00e4chen &amp; Konversionsprojekte \u25ba Alle Infos im \u00dcberblick!\" \/>\n<meta property=\"og:url\" content=\"https:\/\/wfg-kassel.de\/en\/commercial-real-estate-agency\/area-development-projects\/\" \/>\n<meta property=\"og:site_name\" content=\"Wirtschaftsf\u00f6rderung Region Kassel\" \/>\n<meta property=\"article:modified_time\" content=\"2026-02-24T12:31:49+00:00\" \/>\n<meta property=\"og:image\" content=\"https:\/\/wfg-kassel.de\/wp-content\/uploads\/2025\/01\/projektentwickler-auf-gewerbeflaeche.webp\" \/>\n<meta name=\"twitter:card\" content=\"summary_large_image\" \/>\n<meta name=\"twitter:label1\" content=\"Est. reading time\" \/>\n\t<meta name=\"twitter:data1\" content=\"4 minutes\" \/>\n<script type=\"application\/ld+json\" class=\"yoast-schema-graph\">{\"@context\":\"https:\\\/\\\/schema.org\",\"@graph\":[{\"@type\":\"WebPage\",\"@id\":\"https:\\\/\\\/wfg-kassel.de\\\/gewerbeflaechenvermittlung\\\/flaechenentwicklungsprojekte\\\/\",\"url\":\"https:\\\/\\\/wfg-kassel.de\\\/gewerbeflaechenvermittlung\\\/flaechenentwicklungsprojekte\\\/\",\"name\":\"Fl\u00e4chenentwicklungsprojekte in Kassel\",\"isPartOf\":{\"@id\":\"https:\\\/\\\/wfg-kassel.de\\\/#website\"},\"primaryImageOfPage\":{\"@id\":\"https:\\\/\\\/wfg-kassel.de\\\/gewerbeflaechenvermittlung\\\/flaechenentwicklungsprojekte\\\/#primaryimage\"},\"image\":{\"@id\":\"https:\\\/\\\/wfg-kassel.de\\\/gewerbeflaechenvermittlung\\\/flaechenentwicklungsprojekte\\\/#primaryimage\"},\"thumbnailUrl\":\"https:\\\/\\\/wfg-kassel.de\\\/wp-content\\\/uploads\\\/2025\\\/01\\\/projektentwickler-auf-gewerbeflaeche.webp\",\"datePublished\":\"2024-02-26T06:48:34+00:00\",\"dateModified\":\"2026-02-24T12:31:49+00:00\",\"description\":\"Fl\u00e4chenentwicklungsprojekte im Landkreis Kassel \u25ba Neue Gewerbefl\u00e4chen & Konversionsprojekte \u25ba Alle Infos im \u00dcberblick!\",\"breadcrumb\":{\"@id\":\"https:\\\/\\\/wfg-kassel.de\\\/gewerbeflaechenvermittlung\\\/flaechenentwicklungsprojekte\\\/#breadcrumb\"},\"inLanguage\":\"en-US\",\"potentialAction\":[{\"@type\":\"ReadAction\",\"target\":[\"https:\\\/\\\/wfg-kassel.de\\\/gewerbeflaechenvermittlung\\\/flaechenentwicklungsprojekte\\\/\"]}]},{\"@type\":\"ImageObject\",\"inLanguage\":\"en-US\",\"@id\":\"https:\\\/\\\/wfg-kassel.de\\\/gewerbeflaechenvermittlung\\\/flaechenentwicklungsprojekte\\\/#primaryimage\",\"url\":\"https:\\\/\\\/wfg-kassel.de\\\/wp-content\\\/uploads\\\/2025\\\/01\\\/projektentwickler-auf-gewerbeflaeche.webp\",\"contentUrl\":\"https:\\\/\\\/wfg-kassel.de\\\/wp-content\\\/uploads\\\/2025\\\/01\\\/projektentwickler-auf-gewerbeflaeche.webp\"},{\"@type\":\"BreadcrumbList\",\"@id\":\"https:\\\/\\\/wfg-kassel.de\\\/gewerbeflaechenvermittlung\\\/flaechenentwicklungsprojekte\\\/#breadcrumb\",\"itemListElement\":[{\"@type\":\"ListItem\",\"position\":1,\"name\":\"Startseite\",\"item\":\"https:\\\/\\\/wfg-kassel.de\\\/\"},{\"@type\":\"ListItem\",\"position\":2,\"name\":\"Gewerbefl\u00e4chenvermittlung\",\"item\":\"https:\\\/\\\/wfg-kassel.de\\\/gewerbeflaechenvermittlung\\\/\"},{\"@type\":\"ListItem\",\"position\":3,\"name\":\"Fl\u00e4chenentwicklungsprojekte\"}]},{\"@type\":\"WebSite\",\"@id\":\"https:\\\/\\\/wfg-kassel.de\\\/#website\",\"url\":\"https:\\\/\\\/wfg-kassel.de\\\/\",\"name\":\"Wirtschaftsf\u00f6rderung Region Kassel\",\"description\":\"\",\"publisher\":{\"@id\":\"https:\\\/\\\/wfg-kassel.de\\\/#organization\"},\"potentialAction\":[{\"@type\":\"SearchAction\",\"target\":{\"@type\":\"EntryPoint\",\"urlTemplate\":\"https:\\\/\\\/wfg-kassel.de\\\/?s={search_term_string}\"},\"query-input\":{\"@type\":\"PropertyValueSpecification\",\"valueRequired\":true,\"valueName\":\"search_term_string\"}}],\"inLanguage\":\"en-US\"},{\"@type\":\"Organization\",\"@id\":\"https:\\\/\\\/wfg-kassel.de\\\/#organization\",\"name\":\"Wirtschaftsf\u00f6rderung Region Kassel\",\"url\":\"https:\\\/\\\/wfg-kassel.de\\\/\",\"logo\":{\"@type\":\"ImageObject\",\"inLanguage\":\"en-US\",\"@id\":\"https:\\\/\\\/wfg-kassel.de\\\/#\\\/schema\\\/logo\\\/image\\\/\",\"url\":\"https:\\\/\\\/wfg-kassel.de\\\/wp-content\\\/uploads\\\/2024\\\/02\\\/logo_wfg.svg\",\"contentUrl\":\"https:\\\/\\\/wfg-kassel.de\\\/wp-content\\\/uploads\\\/2024\\\/02\\\/logo_wfg.svg\",\"width\":339,\"height\":90,\"caption\":\"Wirtschaftsf\u00f6rderung Region Kassel\"},\"image\":{\"@id\":\"https:\\\/\\\/wfg-kassel.de\\\/#\\\/schema\\\/logo\\\/image\\\/\"}}]}<\/script>\n<!-- \/ Yoast SEO plugin. -->","yoast_head_json":{"title":"Land development projects in Kassel","description":"Land development projects in the district of Kassel \u25ba New commercial sites &amp; conversion projects \u25ba All information at a glance!","robots":{"index":"index","follow":"follow","max-snippet":"max-snippet:-1","max-image-preview":"max-image-preview:large","max-video-preview":"max-video-preview:-1"},"canonical":"https:\/\/wfg-kassel.de\/en\/commercial-real-estate-agency\/area-development-projects\/","og_locale":"en_US","og_type":"article","og_title":"Fl\u00e4chenentwicklungsprojekte in Kassel","og_description":"Fl\u00e4chenentwicklungsprojekte im Landkreis Kassel \u25ba Neue Gewerbefl\u00e4chen & Konversionsprojekte \u25ba Alle Infos im \u00dcberblick!","og_url":"https:\/\/wfg-kassel.de\/en\/commercial-real-estate-agency\/area-development-projects\/","og_site_name":"Wirtschaftsf\u00f6rderung Region Kassel","article_modified_time":"2026-02-24T12:31:49+00:00","og_image":[{"url":"https:\/\/wfg-kassel.de\/wp-content\/uploads\/2025\/01\/projektentwickler-auf-gewerbeflaeche.webp","type":"","width":"","height":""}],"twitter_card":"summary_large_image","twitter_misc":{"Est. reading time":"4 minutes"},"schema":{"@context":"https:\/\/schema.org","@graph":[{"@type":"WebPage","@id":"https:\/\/wfg-kassel.de\/gewerbeflaechenvermittlung\/flaechenentwicklungsprojekte\/","url":"https:\/\/wfg-kassel.de\/gewerbeflaechenvermittlung\/flaechenentwicklungsprojekte\/","name":"Land development projects in Kassel","isPartOf":{"@id":"https:\/\/wfg-kassel.de\/#website"},"primaryImageOfPage":{"@id":"https:\/\/wfg-kassel.de\/gewerbeflaechenvermittlung\/flaechenentwicklungsprojekte\/#primaryimage"},"image":{"@id":"https:\/\/wfg-kassel.de\/gewerbeflaechenvermittlung\/flaechenentwicklungsprojekte\/#primaryimage"},"thumbnailUrl":"https:\/\/wfg-kassel.de\/wp-content\/uploads\/2025\/01\/projektentwickler-auf-gewerbeflaeche.webp","datePublished":"2024-02-26T06:48:34+00:00","dateModified":"2026-02-24T12:31:49+00:00","description":"Land development projects in the district of Kassel \u25ba New commercial sites &amp; conversion projects \u25ba All information at a glance!","breadcrumb":{"@id":"https:\/\/wfg-kassel.de\/gewerbeflaechenvermittlung\/flaechenentwicklungsprojekte\/#breadcrumb"},"inLanguage":"en-US","potentialAction":[{"@type":"ReadAction","target":["https:\/\/wfg-kassel.de\/gewerbeflaechenvermittlung\/flaechenentwicklungsprojekte\/"]}]},{"@type":"ImageObject","inLanguage":"en-US","@id":"https:\/\/wfg-kassel.de\/gewerbeflaechenvermittlung\/flaechenentwicklungsprojekte\/#primaryimage","url":"https:\/\/wfg-kassel.de\/wp-content\/uploads\/2025\/01\/projektentwickler-auf-gewerbeflaeche.webp","contentUrl":"https:\/\/wfg-kassel.de\/wp-content\/uploads\/2025\/01\/projektentwickler-auf-gewerbeflaeche.webp"},{"@type":"BreadcrumbList","@id":"https:\/\/wfg-kassel.de\/gewerbeflaechenvermittlung\/flaechenentwicklungsprojekte\/#breadcrumb","itemListElement":[{"@type":"ListItem","position":1,"name":"Startseite","item":"https:\/\/wfg-kassel.de\/"},{"@type":"ListItem","position":2,"name":"Gewerbefl\u00e4chenvermittlung","item":"https:\/\/wfg-kassel.de\/gewerbeflaechenvermittlung\/"},{"@type":"ListItem","position":3,"name":"Fl\u00e4chenentwicklungsprojekte"}]},{"@type":"WebSite","@id":"https:\/\/wfg-kassel.de\/#website","url":"https:\/\/wfg-kassel.de\/","name":"Wirtschaftsf\u00f6rderung Region Kassel","description":"","publisher":{"@id":"https:\/\/wfg-kassel.de\/#organization"},"potentialAction":[{"@type":"SearchAction","target":{"@type":"EntryPoint","urlTemplate":"https:\/\/wfg-kassel.de\/?s={search_term_string}"},"query-input":{"@type":"PropertyValueSpecification","valueRequired":true,"valueName":"search_term_string"}}],"inLanguage":"en-US"},{"@type":"Organization","@id":"https:\/\/wfg-kassel.de\/#organization","name":"Wirtschaftsf\u00f6rderung Region Kassel","url":"https:\/\/wfg-kassel.de\/","logo":{"@type":"ImageObject","inLanguage":"en-US","@id":"https:\/\/wfg-kassel.de\/#\/schema\/logo\/image\/","url":"https:\/\/wfg-kassel.de\/wp-content\/uploads\/2024\/02\/logo_wfg.svg","contentUrl":"https:\/\/wfg-kassel.de\/wp-content\/uploads\/2024\/02\/logo_wfg.svg","width":339,"height":90,"caption":"Wirtschaftsf\u00f6rderung Region Kassel"},"image":{"@id":"https:\/\/wfg-kassel.de\/#\/schema\/logo\/image\/"}}]}},"_links":{"self":[{"href":"https:\/\/wfg-kassel.de\/en\/wp-json\/wp\/v2\/pages\/112","targetHints":{"allow":["GET"]}}],"collection":[{"href":"https:\/\/wfg-kassel.de\/en\/wp-json\/wp\/v2\/pages"}],"about":[{"href":"https:\/\/wfg-kassel.de\/en\/wp-json\/wp\/v2\/types\/page"}],"author":[{"embeddable":true,"href":"https:\/\/wfg-kassel.de\/en\/wp-json\/wp\/v2\/users\/1"}],"replies":[{"embeddable":true,"href":"https:\/\/wfg-kassel.de\/en\/wp-json\/wp\/v2\/comments?post=112"}],"version-history":[{"count":5,"href":"https:\/\/wfg-kassel.de\/en\/wp-json\/wp\/v2\/pages\/112\/revisions"}],"predecessor-version":[{"id":11626,"href":"https:\/\/wfg-kassel.de\/en\/wp-json\/wp\/v2\/pages\/112\/revisions\/11626"}],"up":[{"embeddable":true,"href":"https:\/\/wfg-kassel.de\/en\/wp-json\/wp\/v2\/pages\/98"}],"wp:attachment":[{"href":"https:\/\/wfg-kassel.de\/en\/wp-json\/wp\/v2\/media?parent=112"}],"curies":[{"name":"wp","href":"https:\/\/api.w.org\/{rel}","templated":true}]}}