{"id":1422,"date":"2024-05-16T15:52:53","date_gmt":"2024-05-16T13:52:53","guid":{"rendered":"https:\/\/wfg.rosys.dev\/?page_id=1422"},"modified":"2025-09-03T15:51:30","modified_gmt":"2025-09-03T13:51:30","slug":"business-park-kassel-airport","status":"publish","type":"page","link":"https:\/\/wfg-kassel.de\/en\/gewerbestandorte\/gewerbepark-kassel-airport\/","title":{"rendered":"Business Park Kassel Airport - Calden"},"content":{"rendered":"\t\t<div data-elementor-type=\"wp-page\" data-elementor-id=\"1422\" class=\"elementor elementor-1422\" data-elementor-post-type=\"page\">\n\t\t\t\t<div class=\"elementor-element elementor-element-552246e e-con-full e-flex e-con e-parent\" data-id=\"552246e\" data-element_type=\"container\" data-e-type=\"container\">\n\t\t\t\t<div class=\"elementor-element elementor-element-1bc23ce elementor-widget elementor-widget-wfg-header-banner\" data-id=\"1bc23ce\" data-element_type=\"widget\" data-e-type=\"widget\" data-widget_type=\"wfg-header-banner.default\">\n\t\t\t\t<div class=\"elementor-widget-container\">\n\t\t\t\t\t<div class=\"header-banner flex flex-col md:flex-row\">\n  <div class=\"md:w-1\/2\">\n    \n\n<figure class=\"wp-caption \" data-image>\n      <div class=\"relative  \">\n      <img fetchpriority=\"high\" decoding=\"async\" width=\"2000\" height=\"1333\" src=\"https:\/\/wfg-kassel.de\/wp-content\/uploads\/2025\/01\/luftaufnahme-gewerbegebiet-kassel-airport-2024.webp\" class=\"!w-full !object-cover !max-h-[475px] aspect-video\" alt=\"Luftaufnahme Industriegebiet umrundet von Feldern\" srcset=\"https:\/\/wfg-kassel.de\/wp-content\/uploads\/2025\/01\/luftaufnahme-gewerbegebiet-kassel-airport-2024.webp 2000w, https:\/\/wfg-kassel.de\/wp-content\/uploads\/2025\/01\/luftaufnahme-gewerbegebiet-kassel-airport-2024-300x200.webp 300w, https:\/\/wfg-kassel.de\/wp-content\/uploads\/2025\/01\/luftaufnahme-gewerbegebiet-kassel-airport-2024-1024x682.webp 1024w, https:\/\/wfg-kassel.de\/wp-content\/uploads\/2025\/01\/luftaufnahme-gewerbegebiet-kassel-airport-2024-768x512.webp 768w, https:\/\/wfg-kassel.de\/wp-content\/uploads\/2025\/01\/luftaufnahme-gewerbegebiet-kassel-airport-2024-1536x1024.webp 1536w, https:\/\/wfg-kassel.de\/wp-content\/uploads\/2025\/01\/luftaufnahme-gewerbegebiet-kassel-airport-2024-18x12.webp 18w\" sizes=\"(max-width: 2000px) 100vw, 2000px\" \/>\n            <div class=\"copyright-hint absolute bottom-0 right-0 z-10 flex items-center gap-1.5 px-2.5 py-1.5 bg-[#F0F0F0] rounded-tl-widget max-w-9 overflow-hidden whitespace-nowrap cursor-pointer transition-all duration-200 ease-in-out\" tabindex=\"0\" data-no-translation>\n      <span class=\"shrink-0 text-xs md:text-base leading-none text-[#555]\">\u00a9<\/span>\n      <span class=\"text-xs md:text-base leading-none text-[#333] opacity-0 transition-opacity duration-150\">Wirtschaftsf\u00f6rderung Region Kassel<\/span>\n    <\/div>\n  \n    <\/div>\n  \n  <\/figure>\n\n  <\/div>\n  <div class=\"md:w-1\/2 bg-primary px-4 py-12 sm:py-14 md:p-8 xl:pl-14 flex flex-col justify-center relative\">\n    <h1 class=\"inline-block self-start xl:max-w-[680px] mb-4\">Gewerbepark Kassel Airport in Calden <\/h1>\n  <\/div>\n<\/div>\n\t\t\t\t<\/div>\n\t\t\t\t<\/div>\n\t\t\t\t<\/div>\n\t\t<div class=\"elementor-element elementor-element-17189fa7 e-flex e-con-boxed e-con e-parent\" data-id=\"17189fa7\" data-element_type=\"container\" data-e-type=\"container\">\n\t\t\t\t\t<div class=\"e-con-inner\">\n\t\t\t\t<div class=\"elementor-element elementor-element-7e6684d elementor-widget elementor-widget-wfg-text-editor\" data-id=\"7e6684d\" data-element_type=\"widget\" data-e-type=\"widget\" data-widget_type=\"wfg-text-editor.default\">\n\t\t\t\t<div class=\"elementor-widget-container\">\n\t\t\t\t\t\t\t\t\t<p class=\"aufmachertext\">Seit dem Jahr 2013 gibt es den <a href=\"\/infrastruktur-lage\/kassel-airport\/\">Regionalflughafen Kassel Airport<\/a>. Rings um das Flughafenareal ist ein <strong>florierender Industrie- und Luftfahrtstandort<\/strong> entstanden, an dem sich bereits <strong>\u00fcber 35 Unternehmen<\/strong> \u2013 zumeist aus der Luftfahrtindustrie \u2013 mit mehr als 1.200 Mitarbeitenden angesiedelt haben: der <strong>Gewerbepark Kassel Airport<\/strong>. Mit seinem Standort im Herzen von Europa bietet er beste Bedingungen und entwickelt sich immer mehr zu einem der <strong>bedeutendsten Wartungsstandorte in Deutschland<\/strong> und Europa.<\/p>\t\t\t\t\t\t\t\t<\/div>\n\t\t\t\t<\/div>\n\t\t\t\t\t<\/div>\n\t\t\t\t<\/div>\n\t\t<div class=\"elementor-element elementor-element-10fe916 e-flex e-con-boxed e-con e-parent\" data-id=\"10fe916\" data-element_type=\"container\" data-e-type=\"container\">\n\t\t\t\t\t<div class=\"e-con-inner\">\n\t\t\t\t<div class=\"elementor-element elementor-element-8379ad7 elementor-widget elementor-widget-wfg-text-editor\" data-id=\"8379ad7\" data-element_type=\"widget\" data-e-type=\"widget\" data-widget_type=\"wfg-text-editor.default\">\n\t\t\t\t<div class=\"elementor-widget-container\">\n\t\t\t\t\t\t\t\t\t<h2 style=\"--tw-border-spacing-x: 0; --tw-border-spacing-y: 0; --tw-translate-x: 0; --tw-translate-y: 0; --tw-rotate: 0; --tw-skew-x: 0; --tw-skew-y: 0; --tw-scale-x: 1; --tw-scale-y: 1; --tw-scroll-snap-strictness: proximity; --tw-ring-offset-width: 0px; --tw-ring-offset-color: #fff; --tw-ring-color: rgb(59 130 246 \/ .5); --tw-ring-offset-shadow: 0 0 #0000; --tw-ring-shadow: 0 0 #0000; --tw-shadow: 0 0 #0000; --tw-shadow-colored: 0 0 #0000; --tw-text-opacity: 1;\">Unternehmerische Standortvorteile nutzen<\/h2>\t\t\t\t\t\t\t\t<\/div>\n\t\t\t\t<\/div>\n\t\t\t\t\t<\/div>\n\t\t\t\t<\/div>\n\t\t<div class=\"elementor-element elementor-element-228da0e8 e-flex e-con-boxed e-con e-parent\" data-id=\"228da0e8\" data-element_type=\"container\" data-e-type=\"container\">\n\t\t\t\t\t<div class=\"e-con-inner\">\n\t\t<div class=\"elementor-element elementor-element-3225a183 e-con-full e-flex e-con e-child\" data-id=\"3225a183\" data-element_type=\"container\" data-e-type=\"container\">\n\t\t\t\t<div class=\"elementor-element elementor-element-5eaae09 elementor-widget elementor-widget-wfg-text-editor\" data-id=\"5eaae09\" data-element_type=\"widget\" data-e-type=\"widget\" data-widget_type=\"wfg-text-editor.default\">\n\t\t\t\t<div class=\"elementor-widget-container\">\n\t\t\t\t\t\t\t\t\t<p style=\"--tw-border-spacing-x: 0; --tw-border-spacing-y: 0; --tw-translate-x: 0; --tw-translate-y: 0; --tw-rotate: 0; --tw-skew-x: 0; --tw-skew-y: 0; --tw-scale-x: 1; --tw-scale-y: 1; --tw-scroll-snap-strictness: proximity; --tw-ring-offset-width: 0px; --tw-ring-offset-color: #fff; --tw-ring-color: rgb(59 130 246 \/ .5); --tw-ring-offset-shadow: 0 0 #0000; --tw-ring-shadow: 0 0 #0000; --tw-shadow: 0 0 #0000; --tw-shadow-colored: 0 0 #0000;\">Die <strong>zentrale Lage<\/strong> von Kassel-Calden ist nicht der einzige Aspekt, der diesen Gewerbestandort f\u00fcr Unternehmen, insbesondere mit europ\u00e4ischen und anderen weiter entfernten Absatzm\u00e4rkten und Zulieferern interessant macht. Dazu z\u00e4hlen auch <strong>starke regionale Firmennetzwerke<\/strong> wie das <a href=\"\/netzwerke\/competence-center-aerospace-kassel-calden\/\">Competence Center Aerospace Kassel Calden (CCA)<\/a>, <strong>renommierte Nachbarn<\/strong>, die <strong>exzellente Fl\u00e4chenverf\u00fcgbarkeit<\/strong> sowie die <strong>gute Verkehrsanbindung<\/strong>.<\/p>\t\t\t\t\t\t\t\t<\/div>\n\t\t\t\t<\/div>\n\t\t\t\t<div class=\"elementor-element elementor-element-7cb649d elementor-widget elementor-widget-wfg-button\" data-id=\"7cb649d\" data-element_type=\"widget\" data-e-type=\"widget\" data-widget_type=\"wfg-button.default\">\n\t\t\t\t<div class=\"elementor-widget-container\">\n\t\t\t\t\t\n\n\n  <a href=\"\/netzwerke\/competence-center-aerospace-kassel-calden\/\"\n   aria-label=\"Weitere Infos zum CCA\"\n   class=\"uppercase font-extrabold py-1.5 px-6 text-lg xs:text-xl lg:text-2xl xl:text-3xl text-primary inline-flex items-center space-x-2 xs:space-x-3 lg:space-x-4 xl:space-x-6 hover:text-accent transition-colors\"\n   rel=\"\">\n    <svg xmlns=\"http:\/\/www.w3.org\/2000\/svg\" viewBox=\"0 0 16 16\" class=\"w-6 h-6 xs:w-8 xs:h-8 lg:w-10 lg:h-10 shrink-0\">\n  <g id=\"Group_62\" data-name=\"Group 62\" transform=\"translate(-931.406 1344) rotate(-90)\">\n    <path id=\"Icon_feather-chevron-down\" data-name=\"Icon feather-chevron-down\" d=\"M9,13.5l3.944,3.944L16.887,13.5\" transform=\"translate(1323.229 924.458)\" fill=\"none\" stroke=\"#e41e3d\" stroke-linecap=\"round\" stroke-linejoin=\"round\" stroke-width=\"1\"\/>\n    <g id=\"Ellipse_5\" data-name=\"Ellipse 5\" transform=\"translate(1328 931.406)\" fill=\"none\" stroke=\"#e41e3d\" stroke-width=\"1\">\n      <circle cx=\"8\" cy=\"8\" r=\"8\" stroke=\"none\"\/>\n      <circle cx=\"8\" cy=\"8\" r=\"7.5\" fill=\"none\"\/>\n    <\/g>\n  <\/g>\n<\/svg>\n\n    <span>\n       Weitere Infos zum CCA\n    <\/span>\n  <\/a>\n\t\t\t\t<\/div>\n\t\t\t\t<\/div>\n\t\t\t\t<div class=\"elementor-element elementor-element-111e4df elementor-widget elementor-widget-wfg-button\" data-id=\"111e4df\" data-element_type=\"widget\" data-e-type=\"widget\" data-widget_type=\"wfg-button.default\">\n\t\t\t\t<div class=\"elementor-widget-container\">\n\t\t\t\t\t\n\n\n  <a href=\"\/netzwerke\"\n   aria-label=\"\u00dcbersicht unserer regionalen Netzwerke\"\n   class=\"uppercase font-extrabold py-1.5 px-6 text-lg xs:text-xl lg:text-2xl xl:text-3xl text-primary inline-flex items-center space-x-2 xs:space-x-3 lg:space-x-4 xl:space-x-6 hover:text-accent transition-colors\"\n   rel=\"\">\n    <svg xmlns=\"http:\/\/www.w3.org\/2000\/svg\" viewBox=\"0 0 16 16\" class=\"w-6 h-6 xs:w-8 xs:h-8 lg:w-10 lg:h-10 shrink-0\">\n  <g id=\"Group_62\" data-name=\"Group 62\" transform=\"translate(-931.406 1344) rotate(-90)\">\n    <path id=\"Icon_feather-chevron-down\" data-name=\"Icon feather-chevron-down\" d=\"M9,13.5l3.944,3.944L16.887,13.5\" transform=\"translate(1323.229 924.458)\" fill=\"none\" stroke=\"#e41e3d\" stroke-linecap=\"round\" stroke-linejoin=\"round\" stroke-width=\"1\"\/>\n    <g id=\"Ellipse_5\" data-name=\"Ellipse 5\" transform=\"translate(1328 931.406)\" fill=\"none\" stroke=\"#e41e3d\" stroke-width=\"1\">\n      <circle cx=\"8\" cy=\"8\" r=\"8\" stroke=\"none\"\/>\n      <circle cx=\"8\" cy=\"8\" r=\"7.5\" fill=\"none\"\/>\n    <\/g>\n  <\/g>\n<\/svg>\n\n    <span>\n       \u00dcbersicht unserer regionalen Netzwerke\n    <\/span>\n  <\/a>\n\t\t\t\t<\/div>\n\t\t\t\t<\/div>\n\t\t\t\t<\/div>\n\t\t<div class=\"elementor-element elementor-element-362ec317 e-con-full e-flex e-con e-child\" data-id=\"362ec317\" data-element_type=\"container\" data-e-type=\"container\">\n\t\t\t\t<div class=\"elementor-element elementor-element-c2100d2 elementor-widget elementor-widget-wfg-image\" data-id=\"c2100d2\" data-element_type=\"widget\" data-e-type=\"widget\" data-widget_type=\"wfg-image.default\">\n\t\t\t\t<div class=\"elementor-widget-container\">\n\t\t\t\t\t\n\n<figure class=\"wp-caption \" data-image>\n      <div class=\"relative rounded-widget overflow-hidden \">\n      <img decoding=\"async\" width=\"2000\" height=\"1332\" src=\"https:\/\/wfg-kassel.de\/wp-content\/uploads\/2025\/01\/karte-landkreis-kassel-schematisch-blau-rot.webp\" class=\"!w-full !object-cover \" alt=\"Karte Landkreis Kassel und Stadt Kassel\" srcset=\"https:\/\/wfg-kassel.de\/wp-content\/uploads\/2025\/01\/karte-landkreis-kassel-schematisch-blau-rot.webp 2000w, https:\/\/wfg-kassel.de\/wp-content\/uploads\/2025\/01\/karte-landkreis-kassel-schematisch-blau-rot-300x200.webp 300w, https:\/\/wfg-kassel.de\/wp-content\/uploads\/2025\/01\/karte-landkreis-kassel-schematisch-blau-rot-1024x682.webp 1024w, https:\/\/wfg-kassel.de\/wp-content\/uploads\/2025\/01\/karte-landkreis-kassel-schematisch-blau-rot-768x511.webp 768w, https:\/\/wfg-kassel.de\/wp-content\/uploads\/2025\/01\/karte-landkreis-kassel-schematisch-blau-rot-1536x1023.webp 1536w, https:\/\/wfg-kassel.de\/wp-content\/uploads\/2025\/01\/karte-landkreis-kassel-schematisch-blau-rot-18x12.webp 18w\" sizes=\"(max-width: 2000px) 100vw, 2000px\" \/>\n        \n    <\/div>\n  \n  <\/figure>\n\t\t\t\t<\/div>\n\t\t\t\t<\/div>\n\t\t\t\t<\/div>\n\t\t\t\t\t<\/div>\n\t\t\t\t<\/div>\n\t\t<div class=\"elementor-element elementor-element-b0bcd91 e-flex e-con-boxed e-con e-parent\" data-id=\"b0bcd91\" data-element_type=\"container\" data-e-type=\"container\">\n\t\t\t\t\t<div class=\"e-con-inner\">\n\t\t\t\t<div class=\"elementor-element elementor-element-5af3526 elementor-widget elementor-widget-wfg-text-editor\" data-id=\"5af3526\" data-element_type=\"widget\" data-e-type=\"widget\" data-widget_type=\"wfg-text-editor.default\">\n\t\t\t\t<div class=\"elementor-widget-container\">\n\t\t\t\t\t\t\t\t\t<h3>Gewerbefl\u00e4chen in Flughafenn\u00e4he stehen zur Verf\u00fcgung<\/h3>\t\t\t\t\t\t\t\t<\/div>\n\t\t\t\t<\/div>\n\t\t\t\t\t<\/div>\n\t\t\t\t<\/div>\n\t\t<div class=\"elementor-element elementor-element-a58fe61 e-flex e-con-boxed e-con e-parent\" data-id=\"a58fe61\" data-element_type=\"container\" data-e-type=\"container\">\n\t\t\t\t\t<div class=\"e-con-inner\">\n\t\t<div class=\"elementor-element elementor-element-c6ee34f e-con-full e-flex e-con e-child\" data-id=\"c6ee34f\" data-element_type=\"container\" data-e-type=\"container\">\n\t\t\t\t<div class=\"elementor-element elementor-element-e74de70 elementor-widget elementor-widget-wfg-image\" data-id=\"e74de70\" data-element_type=\"widget\" data-e-type=\"widget\" data-widget_type=\"wfg-image.default\">\n\t\t\t\t<div class=\"elementor-widget-container\">\n\t\t\t\t\t\n\n<figure class=\"wp-caption \" data-image>\n      <div class=\"relative rounded-widget overflow-hidden \">\n      <img decoding=\"async\" width=\"2000\" height=\"1333\" src=\"https:\/\/wfg-kassel.de\/wp-content\/uploads\/2024\/08\/anflug-helikopter-cca-sommerfest2024.webp\" class=\"!w-full !object-cover \" alt=\"Anflug Helikopter auf Landebahn\" srcset=\"https:\/\/wfg-kassel.de\/wp-content\/uploads\/2024\/08\/anflug-helikopter-cca-sommerfest2024.webp 2000w, https:\/\/wfg-kassel.de\/wp-content\/uploads\/2024\/08\/anflug-helikopter-cca-sommerfest2024-300x200.webp 300w, https:\/\/wfg-kassel.de\/wp-content\/uploads\/2024\/08\/anflug-helikopter-cca-sommerfest2024-1024x682.webp 1024w, https:\/\/wfg-kassel.de\/wp-content\/uploads\/2024\/08\/anflug-helikopter-cca-sommerfest2024-768x512.webp 768w, https:\/\/wfg-kassel.de\/wp-content\/uploads\/2024\/08\/anflug-helikopter-cca-sommerfest2024-1536x1024.webp 1536w, https:\/\/wfg-kassel.de\/wp-content\/uploads\/2024\/08\/anflug-helikopter-cca-sommerfest2024-18x12.webp 18w\" sizes=\"(max-width: 2000px) 100vw, 2000px\" \/>\n            <div class=\"copyright-hint absolute bottom-0 right-0 z-10 flex items-center gap-1.5 px-2.5 py-1.5 bg-[#F0F0F0] rounded-tl-widget max-w-9 overflow-hidden whitespace-nowrap cursor-pointer transition-all duration-200 ease-in-out\" tabindex=\"0\" data-no-translation>\n      <span class=\"shrink-0 text-xs md:text-base leading-none text-[#555]\">\u00a9<\/span>\n      <span class=\"text-xs md:text-base leading-none text-[#333] opacity-0 transition-opacity duration-150\">Mario Zgoll<\/span>\n    <\/div>\n  \n    <\/div>\n  \n  <\/figure>\n\t\t\t\t<\/div>\n\t\t\t\t<\/div>\n\t\t\t\t<\/div>\n\t\t<div class=\"elementor-element elementor-element-887f19d e-con-full e-flex e-con e-child\" data-id=\"887f19d\" data-element_type=\"container\" data-e-type=\"container\">\n\t\t\t\t<div class=\"elementor-element elementor-element-250a943 elementor-widget elementor-widget-wfg-text-editor\" data-id=\"250a943\" data-element_type=\"widget\" data-e-type=\"widget\" data-widget_type=\"wfg-text-editor.default\">\n\t\t\t\t<div class=\"elementor-widget-container\">\n\t\t\t\t\t\t\t\t\t<p>Das Industrie- und Gewerbegebiet Kassel Airport in Calden gliedert sich in <strong>zwei Zonen<\/strong>. Am neuen <a href=\"\/infrastruktur-lage\/kassel-airport\/\">Kassel Airport<\/a> stehen 10 ha voll erschlossene Grundst\u00fccke mit direktem Vorfeldzugang sowie 1,3 ha ohne Vorfeldzugang bereit. Auf dem alten Verkehrslandeplatz, auf dem nun ein Gewerbepark entsteht, sind bereits 22 ha Gewerbefl\u00e4chen ausgewiesen und vermietet; weitere 64 ha des fr\u00fcheren Rollfelds werden aktuell erschlossen.<\/p>\n<p>Die Areale <strong>eignen sich f\u00fcr luftfahrtaffine Betriebe, Hotels, Dienstleister und Industrie<\/strong> \u2013 von gro\u00dffl\u00e4chigen Ansiedlungen bis zu nachgefragten kleinteiligen Parzellen. Auch regionale Unternehmen finden hier <a href=\"\/gewerbeflaechenvermittlung\/\">attraktive Erweiterungsm\u00f6glichkeiten<\/a>.<\/p>\t\t\t\t\t\t\t\t<\/div>\n\t\t\t\t<\/div>\n\t\t\t\t<\/div>\n\t\t\t\t\t<\/div>\n\t\t\t\t<\/div>\n\t\t<div class=\"elementor-element elementor-element-24427a2 e-flex e-con-boxed e-con e-parent\" data-id=\"24427a2\" data-element_type=\"container\" data-e-type=\"container\">\n\t\t\t\t\t<div class=\"e-con-inner\">\n\t\t\t\t<div class=\"elementor-element elementor-element-761d64f elementor-widget elementor-widget-wfg-text-editor\" data-id=\"761d64f\" data-element_type=\"widget\" data-e-type=\"widget\" data-widget_type=\"wfg-text-editor.default\">\n\t\t\t\t<div class=\"elementor-widget-container\">\n\t\t\t\t\t\t\t\t\t<h3>Weitere Standortvorteile im \u00dcberblick<\/h3>\t\t\t\t\t\t\t\t<\/div>\n\t\t\t\t<\/div>\n\t\t\t\t\t<\/div>\n\t\t\t\t<\/div>\n\t\t<div class=\"elementor-element elementor-element-116a9e65 e-flex e-con-boxed e-con e-parent\" data-id=\"116a9e65\" data-element_type=\"container\" data-e-type=\"container\">\n\t\t\t\t\t<div class=\"e-con-inner\">\n\t\t<div class=\"elementor-element elementor-element-3f43ffc8 e-con-full e-flex e-con e-child\" data-id=\"3f43ffc8\" data-element_type=\"container\" data-e-type=\"container\">\n\t\t<div class=\"elementor-element elementor-element-38e5b7a6 e-con-full e-flex e-con e-child\" data-id=\"38e5b7a6\" data-element_type=\"container\" data-e-type=\"container\">\n\t\t\t\t<div class=\"elementor-element elementor-element-7d8eff0 e-n-tabs-mobile elementor-widget elementor-widget-n-tabs\" data-id=\"7d8eff0\" data-element_type=\"widget\" data-e-type=\"widget\" data-settings=\"{&quot;tabs_justify_horizontal&quot;:&quot;start&quot;,&quot;horizontal_scroll&quot;:&quot;disable&quot;}\" data-widget_type=\"nested-tabs.default\">\n\t\t\t\t<div class=\"elementor-widget-container\">\n\t\t\t\t\t\t\t<div class=\"e-n-tabs\" data-widget-number=\"131657712\" aria-label=\"Tabs. Open items with Enter or Space, close with Escape and navigate using the Arrow keys.\">\n\t\t\t<div class=\"e-n-tabs-heading\" role=\"tablist\">\n\t\t\t\t\t<button id=\"e-n-tab-title-1316577121\" data-tab-title-id=\"e-n-tab-title-1316577121\" class=\"e-n-tab-title\" aria-selected=\"true\" data-tab-index=\"1\" role=\"tab\" tabindex=\"0\" aria-controls=\"e-n-tab-content-1316577121\" style=\"--n-tabs-title-order: 1;\">\n\t\t\t\t\t\t<span class=\"e-n-tab-title-text\">\n\t\t\t\tRenomierte Nachbarn\t\t\t<\/span>\n\t\t<\/button>\n\t\t\t\t<button id=\"e-n-tab-title-1316577122\" data-tab-title-id=\"e-n-tab-title-1316577122\" class=\"e-n-tab-title\" aria-selected=\"false\" data-tab-index=\"2\" role=\"tab\" tabindex=\"-1\" aria-controls=\"e-n-tab-content-1316577122\" style=\"--n-tabs-title-order: 2;\">\n\t\t\t\t\t\t<span class=\"e-n-tab-title-text\">\n\t\t\t\tStarkes Netzwerk mit Heliport\t\t\t<\/span>\n\t\t<\/button>\n\t\t\t\t<button id=\"e-n-tab-title-1316577123\" data-tab-title-id=\"e-n-tab-title-1316577123\" class=\"e-n-tab-title\" aria-selected=\"false\" data-tab-index=\"3\" role=\"tab\" tabindex=\"-1\" aria-controls=\"e-n-tab-content-1316577123\" style=\"--n-tabs-title-order: 3;\">\n\t\t\t\t\t\t<span class=\"e-n-tab-title-text\">\n\t\t\t\tLage des Gewerbegebiets\t\t\t<\/span>\n\t\t<\/button>\n\t\t\t\t\t<\/div>\n\t\t\t<div class=\"e-n-tabs-content\">\n\t\t\t\t<div id=\"e-n-tab-content-1316577121\" role=\"tabpanel\" aria-labelledby=\"e-n-tab-title-1316577121\" data-tab-index=\"1\" style=\"--n-tabs-title-order: 1;\" class=\"e-active elementor-element elementor-element-3aa96871 e-flex e-con-boxed e-con e-child\" data-id=\"3aa96871\" data-element_type=\"container\" data-e-type=\"container\">\n\t\t\t\t\t<div class=\"e-con-inner\">\n\t\t\t\t<div class=\"elementor-element elementor-element-551858a7 elementor-widget elementor-widget-wfg-text-editor\" data-id=\"551858a7\" data-element_type=\"widget\" data-e-type=\"widget\" data-widget_type=\"wfg-text-editor.default\">\n\t\t\t\t<div class=\"elementor-widget-container\">\n\t\t\t\t\t\t\t\t\t<p>Der Kassel Airport hat sich durch die Ansiedlung namhafter Unternehmen zu einem <strong>hochqualifizierten <a href=\"\/wirtschaft\/\">Wirtschaftsstandort<\/a><\/strong> entwickelt. Rund <strong>1.200 Besch\u00e4ftigte<\/strong> arbeiten heute bei luftfahrtaffinen Unternehmen am Standort. Dazu z\u00e4hlen unter anderem das Wartungscenter der Firma <strong>AIRBUS Helicopters<\/strong>, dem Weltmarktf\u00fchrer im zivilen und halbstaatlichen Hubschraubermarkt, sowie <strong>Air Lloyd Aerotechnics<\/strong>, ein Spezialunternehmen f\u00fcr Hubschrauberwartung. Auch die <strong>PIPER Generalvertretung Deutschland<\/strong> ist hier ans\u00e4ssig und betreut von Kassel aus europaweit Vertrieb, Ersatzteilservice und Wartung f\u00fcr Flugzeuge.<\/p>\t\t\t\t\t\t\t\t<\/div>\n\t\t\t\t<\/div>\n\t\t\t\t\t<\/div>\n\t\t\t\t<\/div>\n\t\t<div id=\"e-n-tab-content-1316577122\" role=\"tabpanel\" aria-labelledby=\"e-n-tab-title-1316577122\" data-tab-index=\"2\" style=\"--n-tabs-title-order: 2;\" class=\" elementor-element elementor-element-118f76ae e-con-full e-flex e-con e-child\" data-id=\"118f76ae\" data-element_type=\"container\" data-e-type=\"container\">\n\t\t\t\t<div class=\"elementor-element elementor-element-72560e3 elementor-widget elementor-widget-wfg-text-editor\" data-id=\"72560e3\" data-element_type=\"widget\" data-e-type=\"widget\" data-widget_type=\"wfg-text-editor.default\">\n\t\t\t\t<div class=\"elementor-widget-container\">\n\t\t\t\t\t\t\t\t\t<p>Mit dem <a href=\"\/netzwerke\/competence-center-aerospace-kassel-calden\/\" data-wplink-edit=\"true\"><strong>Firmennetzwerk \u201eCompetence Center Aerospace Kassel Calden (CCA)\u201c<\/strong><\/a> und einem Heliport hat der Gewerbepark Kassel Airport weitere Alleinstellungsmerkmale f\u00fcr die luftfahrtaffine Branche. Als professionelle Vernetzungs-, Vermarktungs- und Innovationsplattform z.B. in den Zielfeldern \u201eLuftfahrttechnik\u201c und \u201eAirporttechnik\u201c hat sich das CCA beachtliche Kompetenzen f\u00fcr die Region und dar\u00fcber hinaus erarbeitet. Dieses Fundament gilt es auszubauen und in weitere Markterfolge und Technologiefortschritte umzusetzen.<\/p>\t\t\t\t\t\t\t\t<\/div>\n\t\t\t\t<\/div>\n\t\t\t\t<\/div>\n\t\t<div id=\"e-n-tab-content-1316577123\" role=\"tabpanel\" aria-labelledby=\"e-n-tab-title-1316577123\" data-tab-index=\"3\" style=\"--n-tabs-title-order: 3;\" class=\" elementor-element elementor-element-71b3ce8e e-con-full e-flex e-con e-child\" data-id=\"71b3ce8e\" data-element_type=\"container\" data-e-type=\"container\">\n\t\t\t\t<div class=\"elementor-element elementor-element-b1ecde2 elementor-widget elementor-widget-wfg-text-editor\" data-id=\"b1ecde2\" data-element_type=\"widget\" data-e-type=\"widget\" data-widget_type=\"wfg-text-editor.default\">\n\t\t\t\t<div class=\"elementor-widget-container\">\n\t\t\t\t\t\t\t\t\t<p>Egal ob Industrie-, Handels-, Handwerks-, Wartungs-, oder Dienstleistungsunternehmen mit einem eher regionalen oder auch nationalen Zuliefer- und Absatzmarkt: durch die <strong>gute Verkehrsanbindung<\/strong> am Gewerbepark Kassel Airport stellt dieser einen optimalen Standort mit <strong>attraktiven Wachstumsoptionen<\/strong> dar. Folgende Eckdaten zeichnen die Verkehrsanbindung dabei aus:<\/p>\n<ul>\n<li>In die meisten europ\u00e4ischen Wirtschaftszentren in ein bis zwei Flugstunden<\/li>\n<li>Gute Stra\u00dfenverkehrsanbindung an Autobahnen in Nord-S\u00fcd- und Ost-West-Richtung<\/li>\n<li>Kasseler Innenstadt, ICE-Knotenpunkt \u201eBahnhof Kassel-Wilhelmsh\u00f6he\u201c und G\u00fcterverkehrszentrum (GVZ) Kassel in ca. 20 Autominuten erreichbar<\/li>\n<li>Einbindung in das \u00d6PNV-System des Nordhessischen Verkehrsverbundes (NVV)<\/li>\n<\/ul>\t\t\t\t\t\t\t\t<\/div>\n\t\t\t\t<\/div>\n\t\t\t\t<div class=\"elementor-element elementor-element-cf50cea elementor-widget elementor-widget-wfg-usercentrics-openstreetmap\" data-id=\"cf50cea\" data-element_type=\"widget\" data-e-type=\"widget\" data-widget_type=\"wfg-usercentrics-openstreetmap.default\">\n\t\t\t\t<div class=\"elementor-widget-container\">\n\t\t\t\t\t<div class=\"uc-openstreetmap-wrapper\">\n  <div id=\"openstreetmap-69f28207e3995\" class=\"flex items-center justify-center bg-gray-100 border border-gray-300 rounded-widget overflow-hidden\" style=\"min-height: 460px;\">\n    <div class=\"text-center p-8\">\n      <p class=\"m-0\">\n        <b>Here is an OpenStreetMap.<\/b><br>\n        Bitte stimmen Sie den Cookies zu, um diese Karte sehen zu k\u00f6nnen.\n      <\/p>\n      <button data-uc-accept=\"OpenStreetMap\" class=\"mt-4 uppercase font-extrabold rounded-full py-1.5 px-6 text-sm transition-colors duration-150 border bg-accent text-white border-transparent hover:bg-transparent hover:border-accent hover:text-accent\">\n        Accept cookies\n      <\/button>\n    <\/div>\n\n    <script type=\"text\/plain\" data-usercentrics=\"OpenStreetMap\">\n      (function() {\n        const iframe = document.createElement('iframe');\n        iframe.setAttribute('src', 'https:\/\/umap.openstreetmap.de\/de\/map\/duplikat-von-mileway-gewerbezentrum-waldauer-weg-l_71013?scaleControl=false&amp;amp;miniMap=false&amp;amp;scrollWheelZoom=false&amp;amp;zoomControl=true&amp;amp;editMode=disabled&amp;amp;moreControl=false&amp;amp;searchControl=true&amp;amp;tilelayersControl=false&amp;amp;embedControl=false&amp;amp;datalayersControl=false&amp;amp;onLoadPanel=none&amp;amp;captionBar=false&amp;amp;captionMenus=true&amp;amp;captionControl=false&amp;amp;locateControl=false&amp;amp;measureControl=false&amp;amp;editinosmControl=false&amp;amp;starControl=false');\n        iframe.setAttribute('width', '100%');\n        iframe.setAttribute('height', '460px');\n        iframe.setAttribute('frameborder', '0');\n                iframe.setAttribute('allowfullscreen', 'allowfullscreen');\n        \n        const container = document.getElementById('openstreetmap-69f28207e3995');\n        container.innerHTML = '';\n        container.appendChild(iframe);\n      })();\n    <\/script>\n  <\/div>\n<\/div>\n\t\t\t\t<\/div>\n\t\t\t\t<\/div>\n\t\t\t\t<\/div>\n\t\t\t\t\t<\/div>\n\t\t<\/div>\n\t\t\t\t\t\t<\/div>\n\t\t\t\t<\/div>\n\t\t\t\t<\/div>\n\t\t\t\t<\/div>\n\t\t\t\t\t<\/div>\n\t\t\t\t<\/div>\n\t\t<div class=\"elementor-element elementor-element-4f2a767 e-flex e-con-boxed e-con e-parent\" data-id=\"4f2a767\" data-element_type=\"container\" data-e-type=\"container\">\n\t\t\t\t\t<div class=\"e-con-inner\">\n\t\t\t\t<div class=\"elementor-element elementor-element-b9fd50f elementor-widget elementor-widget-wfg-text-editor\" data-id=\"b9fd50f\" data-element_type=\"widget\" data-e-type=\"widget\" data-widget_type=\"wfg-text-editor.default\">\n\t\t\t\t<div class=\"elementor-widget-container\">\n\t\t\t\t\t\t\t\t\t<h2 style=\"--tw-border-spacing-x: 0; --tw-border-spacing-y: 0; --tw-translate-x: 0; --tw-translate-y: 0; --tw-rotate: 0; --tw-skew-x: 0; --tw-skew-y: 0; --tw-scale-x: 1; --tw-scale-y: 1; --tw-scroll-snap-strictness: proximity; --tw-ring-offset-width: 0px; --tw-ring-offset-color: #fff; --tw-ring-color: rgb(59 130 246 \/ .5); --tw-ring-offset-shadow: 0 0 #0000; --tw-ring-shadow: 0 0 #0000; --tw-shadow: 0 0 #0000; --tw-shadow-colored: 0 0 #0000; --tw-text-opacity: 1;\">Zukunftsf\u00e4hige Quartiersversorgung am Kassel Airport<\/h2>\t\t\t\t\t\t\t\t<\/div>\n\t\t\t\t<\/div>\n\t\t\t\t\t<\/div>\n\t\t\t\t<\/div>\n\t\t<div class=\"elementor-element elementor-element-d41fc27 e-flex e-con-boxed e-con e-parent\" data-id=\"d41fc27\" data-element_type=\"container\" data-e-type=\"container\">\n\t\t\t\t\t<div class=\"e-con-inner\">\n\t\t<div class=\"elementor-element elementor-element-18c85eb e-con-full e-flex e-con e-child\" data-id=\"18c85eb\" data-element_type=\"container\" data-e-type=\"container\">\n\t\t\t\t<div class=\"elementor-element elementor-element-6ae56e1 elementor-widget elementor-widget-wfg-text-editor\" data-id=\"6ae56e1\" data-element_type=\"widget\" data-e-type=\"widget\" data-widget_type=\"wfg-text-editor.default\">\n\t\t\t\t<div class=\"elementor-widget-container\">\n\t\t\t\t\t\t\t\t\t<p>Die <a href=\"https:\/\/www.kassel-airport.de\/\">Flughafen GmbH Kassel (FGK)<\/a> hat ein <strong>Konzept<\/strong> vorgelegt, nach dem im zuk\u00fcnftigen Gewerbegebiet 22 die Versorgung der anzusiedelnden Unternehmen mit W\u00e4rme \/ K\u00e4lte \/ Strom in einem sehr hohen Grad durch regenerative, lokale Energiequellen wirtschaftlich erfolgen kann.<\/p>\n<p>Insbesondere stehen dabei die <strong>dezentrale Gewinnung und Erzeugung von Energie<\/strong> sowie der <strong>Betrieb eines eigenen Quartierswerks<\/strong> f\u00fcr das Gewerbegebiet Kassel Airport im Fokus der \u00dcberlegungen.<\/p>\t\t\t\t\t\t\t\t<\/div>\n\t\t\t\t<\/div>\n\t\t\t\t<\/div>\n\t\t<div class=\"elementor-element elementor-element-028d0f9 e-con-full e-flex e-con e-child\" data-id=\"028d0f9\" data-element_type=\"container\" data-e-type=\"container\">\n\t\t\t\t<div class=\"elementor-element elementor-element-db9f4a2 elementor-widget elementor-widget-wfg-image\" data-id=\"db9f4a2\" data-element_type=\"widget\" data-e-type=\"widget\" data-widget_type=\"wfg-image.default\">\n\t\t\t\t<div class=\"elementor-widget-container\">\n\t\t\t\t\t\n\n<figure class=\"wp-caption \" data-image>\n      <div class=\"relative rounded-widget overflow-hidden \">\n      <img loading=\"lazy\" decoding=\"async\" width=\"2000\" height=\"1333\" src=\"https:\/\/wfg-kassel.de\/wp-content\/uploads\/2025\/01\/zwei-arbeiter-vor-solaranlagen.webp\" class=\"!w-full !object-cover \" alt=\"Zwei Arbeiter vor Solaranlagen auf Feld\" srcset=\"https:\/\/wfg-kassel.de\/wp-content\/uploads\/2025\/01\/zwei-arbeiter-vor-solaranlagen.webp 2000w, https:\/\/wfg-kassel.de\/wp-content\/uploads\/2025\/01\/zwei-arbeiter-vor-solaranlagen-300x200.webp 300w, https:\/\/wfg-kassel.de\/wp-content\/uploads\/2025\/01\/zwei-arbeiter-vor-solaranlagen-1024x682.webp 1024w, https:\/\/wfg-kassel.de\/wp-content\/uploads\/2025\/01\/zwei-arbeiter-vor-solaranlagen-768x512.webp 768w, https:\/\/wfg-kassel.de\/wp-content\/uploads\/2025\/01\/zwei-arbeiter-vor-solaranlagen-1536x1024.webp 1536w, https:\/\/wfg-kassel.de\/wp-content\/uploads\/2025\/01\/zwei-arbeiter-vor-solaranlagen-18x12.webp 18w\" sizes=\"(max-width: 2000px) 100vw, 2000px\" \/>\n            <div class=\"copyright-hint absolute bottom-0 right-0 z-10 flex items-center gap-1.5 px-2.5 py-1.5 bg-[#F0F0F0] rounded-tl-widget max-w-9 overflow-hidden whitespace-nowrap cursor-pointer transition-all duration-200 ease-in-out\" tabindex=\"0\" data-no-translation>\n      <span class=\"shrink-0 text-xs md:text-base leading-none text-[#555]\">\u00a9<\/span>\n      <span class=\"text-xs md:text-base leading-none text-[#333] opacity-0 transition-opacity duration-150\">Adobe Stock<\/span>\n    <\/div>\n  \n    <\/div>\n  \n  <\/figure>\n\t\t\t\t<\/div>\n\t\t\t\t<\/div>\n\t\t\t\t<\/div>\n\t\t\t\t\t<\/div>\n\t\t\t\t<\/div>\n\t\t<div class=\"elementor-element elementor-element-f719b48 e-flex e-con-boxed e-con e-parent\" data-id=\"f719b48\" data-element_type=\"container\" data-e-type=\"container\">\n\t\t\t\t\t<div class=\"e-con-inner\">\n\t\t\t\t<div class=\"elementor-element elementor-element-04e1b58 elementor-widget elementor-widget-wfg-accordion\" data-id=\"04e1b58\" data-element_type=\"widget\" data-e-type=\"widget\" data-widget_type=\"wfg-accordion.default\">\n\t\t\t\t<div class=\"elementor-widget-container\">\n\t\t\t\t\t<div data-accordion class=\"divide-primary divide-y border-primary border-t border-b\">\n      <div class=\"py-4 px-4\" data-accordion-entry>\n      <div class=\"flex font-bold md:text-xl xl:text-2xl text-secondary-dark cursor-pointer\" aria-expanded=\"false\" role=\"button\" id=\"tab_control_b389cf9\" aria-controls=\"accordion_tab_b389cf9\" tabindex=\"0\">\n        <span class=\"hidden w-5\" data-minus>-<\/span>\n        <span class=\"w-5\" data-plus>+<\/span>\n        <span class=\"block w-full\">\n          Dezentrale Gewinnung und Erzeugung von Energie\n        <\/span>\n      <\/div>\n      <div aria-labelledby=\"tab_control_b389cf9\" role=\"region\" id=\"accordion_tab_b389cf9\" class=\"pl-5 h-0 overflow-y-hidden overflow-x-auto transition-height ease-linear duration-300\">\n        <p>Mit einem von der FGK noch zu verpflichtenden Unternehmen ist geplant, anhand des Konzepts mit jedem Ansiedlungsinteressenten f\u00fcr dessen spezifische M\u00f6glichkeiten f\u00fcr eine dezentrale Gewinnung und Erzeugung von Energie auf dem zu erwerbenden Grundst\u00fcck zu ermitteln. Dazu geh\u00f6rt auch die Pr\u00fcfung, ob der Bezug von Energie von anderen Grundst\u00fccken im Plangebiet oder die Abgabe dorthin, zur Erzielung von wirtschaftlichen und \u00f6kologischen Synergieeffekten f\u00fchren kann.<\/p>\n<p>Mit der Suche nach entsprechend ausgerichteten und vernetzbaren Nutzern wurde schon begonnen. Ziel ist dabei unter anderem die Abw\u00e4rme aus dem Betrieb eines Unternehmens \u2013 beispielsweise eines Rechenzentrums \u2013 f\u00fcr die Beheizung anderer Geb\u00e4ude und eventuell auch die Produktion zu nutzen. Ebenso ist geplant, Photovoltaik-Strom, der auf allen D\u00e4chern erzeugt und nicht vollst\u00e4ndig verbraucht wird, im Quartier anderen Nutzern zur Verf\u00fcgung zu stellen.<\/p>\n      <\/div>\n    <\/div>\n      <div class=\"py-4 px-4\" data-accordion-entry>\n      <div class=\"flex font-bold md:text-xl xl:text-2xl text-secondary-dark cursor-pointer\" aria-expanded=\"false\" role=\"button\" id=\"tab_control_9f61885\" aria-controls=\"accordion_tab_9f61885\" tabindex=\"0\">\n        <span class=\"hidden w-5\" data-minus>-<\/span>\n        <span class=\"w-5\" data-plus>+<\/span>\n        <span class=\"block w-full\">\n          Betrieb des Quartierswerks\n        <\/span>\n      <\/div>\n      <div aria-labelledby=\"tab_control_9f61885\" role=\"region\" id=\"accordion_tab_9f61885\" class=\"pl-5 h-0 overflow-y-hidden overflow-x-auto transition-height ease-linear duration-300\">\n        <p>Die FGK will zum Betrieb des Quartierswerks einen leistungsf\u00e4higen Partner aus der Energiewirtschaft per Ausschreibung verpflichten. Das Quartierswerk soll die Versorgung der angeschlossenen Unternehmen mit Energie sicherstellen. Je nach Abstimmungsergebnis mit den Eigent\u00fcmern kann das Quartierswerk Anlagen, die im Eigentum des anzusiedelnden Unternehmens stehen, betreiben. Es kann aber alternativ oder zus\u00e4tzlich eigene Anlagen \u2013 auch auf Geb\u00e4uden oder Fl\u00e4chen des anzusiedelnden Unternehmens \u2013 errichten und betreiben (z.B. PV-, Geothermieanlagen oder Blockheizkraftwerke). Leitungen, die zur Verteilung der Energie dienen sollen, werden je nach Absprache vom Quartierswerk oder den Eigent\u00fcmern erreichtet und betrieben. Ebenso sind Abstimmungen zur Ladeinfrastruktur f\u00fcr Elektrofahrzeuge im Quartier zu treffen.<\/p>\n      <\/div>\n    <\/div>\n  <\/div>\n\t\t\t\t<\/div>\n\t\t\t\t<\/div>\n\t\t\t\t\t<\/div>\n\t\t\t\t<\/div>\n\t\t<div class=\"elementor-element elementor-element-17f6314b e-flex e-con-boxed e-con e-parent\" data-id=\"17f6314b\" data-element_type=\"container\" data-e-type=\"container\">\n\t\t\t\t\t<div class=\"e-con-inner\">\n\t\t\t\t<div class=\"elementor-element elementor-element-8881dbd elementor-widget elementor-widget-wfg-horizontal-line\" data-id=\"8881dbd\" data-element_type=\"widget\" data-e-type=\"widget\" data-widget_type=\"wfg-horizontal-line.default\">\n\t\t\t\t<div class=\"elementor-widget-container\">\n\t\t\t\t\t<hr class=\"h-1.5 sm:h-2 md:h-3 rounded-full !bg-primary !mx-auto w-[130px] sm:w-[160px] md:w-[180px] lg:w-[220px] xl:w-[240px]\">\n\n\t\t\t\t<\/div>\n\t\t\t\t<\/div>\n\t\t\t\t\t<\/div>\n\t\t\t\t<\/div>\n\t\t<div class=\"elementor-element elementor-element-a79e298 e-flex e-con-boxed e-con e-parent\" data-id=\"a79e298\" data-element_type=\"container\" data-e-type=\"container\">\n\t\t\t\t\t<div class=\"e-con-inner\">\n\t\t\t\t<div class=\"elementor-element elementor-element-991d47b elementor-widget elementor-widget-wfg-text-editor\" data-id=\"991d47b\" data-element_type=\"widget\" data-e-type=\"widget\" data-widget_type=\"wfg-text-editor.default\">\n\t\t\t\t<div class=\"elementor-widget-container\">\n\t\t\t\t\t\t\t\t\t<h2 style=\"--tw-border-spacing-x: 0; --tw-border-spacing-y: 0; --tw-translate-x: 0; --tw-translate-y: 0; --tw-rotate: 0; --tw-skew-x: 0; --tw-skew-y: 0; --tw-scale-x: 1; --tw-scale-y: 1; --tw-scroll-snap-strictness: proximity; --tw-ring-offset-width: 0px; --tw-ring-offset-color: #fff; --tw-ring-color: rgb(59 130 246 \/ .5); --tw-ring-offset-shadow: 0 0 #0000; --tw-ring-shadow: 0 0 #0000; --tw-shadow: 0 0 #0000; --tw-shadow-colored: 0 0 #0000; --tw-text-opacity: 1;\"><span style=\"text-align: var(--text-align);\">Nehmen Sie Kontakt zu uns auf!<\/span><\/h2>\t\t\t\t\t\t\t\t<\/div>\n\t\t\t\t<\/div>\n\t\t\t\t\t<\/div>\n\t\t\t\t<\/div>\n\t\t<div class=\"elementor-element elementor-element-57b6ad3e e-flex e-con-boxed e-con e-parent\" data-id=\"57b6ad3e\" data-element_type=\"container\" data-e-type=\"container\">\n\t\t\t\t\t<div class=\"e-con-inner\">\n\t\t<div class=\"elementor-element elementor-element-113f51c3 e-con-full e-flex e-con e-child\" data-id=\"113f51c3\" data-element_type=\"container\" data-e-type=\"container\">\n\t\t\t\t<div class=\"elementor-element elementor-element-cef36ae elementor-widget__width-inherit elementor-widget elementor-widget-wfg-contact-box\" data-id=\"cef36ae\" data-element_type=\"widget\" data-e-type=\"widget\" data-widget_type=\"wfg-contact-box.default\">\n\t\t\t\t<div class=\"elementor-widget-container\">\n\t\t\t\t\t<div data-contact-box class=\"\">\n          <div class=\"max-w-[356px]\">\n      <div class=\"relative max-w-full rounded-widget overflow-hidden\">\n        <img decoding=\"async\" class=\"!h-[359px] object-cover\" style=\"overflow-clip-margin:unset;\" src=\"https:\/\/wfg-kassel.de\/wp-content\/uploads\/2025\/01\/portrait-christian-strube-2023.webp\" alt=\"Portraitfoto von Christian Strube\">\n      <\/div>\n      <h3 class=\"mt-4 sm:mt-6 lg:mt-8 text-lg sm:text-xl lg:text-2xl text-primary\">Your contact person<\/h3>\n      <p>\n        Christian Strube<br\/>\n        <a href=\"tel:0561 70733-80\" class=\"text-primary !underline hover:text-accent\">0561 70733-80<\/a><br\/>\n        <a href=\"mailto:strube@wfg-kassel.de\" class=\"text-primary !underline hover:text-accent\">strube@wfg-kassel.de<\/a>\n      <\/p>\n    <\/div>\n      <\/div>\n\t\t\t\t<\/div>\n\t\t\t\t<\/div>\n\t\t\t\t<\/div>\n\t\t<div class=\"elementor-element elementor-element-532056bb e-con-full e-flex e-con e-child\" data-id=\"532056bb\" data-element_type=\"container\" data-e-type=\"container\">\n\t\t\t\t<div class=\"elementor-element elementor-element-3a4e70b elementor-button-align-start wfg-form elementor-widget elementor-widget-form\" data-id=\"3a4e70b\" data-element_type=\"widget\" data-e-type=\"widget\" data-settings=\"{&quot;step_next_label&quot;:&quot;N\\u00e4chster&quot;,&quot;step_previous_label&quot;:&quot;Voriger&quot;,&quot;step_type&quot;:&quot;number_text&quot;,&quot;step_icon_shape&quot;:&quot;circle&quot;}\" data-widget_type=\"form.default\">\n\t\t\t\t<div class=\"elementor-widget-container\">\n\t\t\t\t\t\t\t<form class=\"elementor-form\" method=\"post\" name=\"Neues Formular\" aria-label=\"Neues Formular\">\n\t\t\t<input type=\"hidden\" name=\"post_id\" value=\"1422\"\/>\n\t\t\t<input type=\"hidden\" name=\"form_id\" value=\"3a4e70b\"\/>\n\t\t\t<input type=\"hidden\" name=\"referer_title\" value=\"Wirtschaftsf\u00f6rderung Region Kassel\" \/>\n\n\t\t\t\n\t\t\t<div class=\"elementor-form-fields-wrapper elementor-labels-\">\n\t\t\t\t\t\t\t\t<div class=\"elementor-field-type-text elementor-field-group elementor-column elementor-field-group-field_b8ac164 elementor-col-50 elementor-field-required\">\n\t\t\t\t\t\t\t\t\t\t\t\t<label for=\"form-field-field_b8ac164\" class=\"elementor-field-label elementor-screen-only\">\n\t\t\t\t\t\t\t\tVorname\t\t\t\t\t\t\t<\/label>\n\t\t\t\t\t\t\t\t\t\t\t\t\t\t<input size=\"1\" type=\"text\" name=\"form_fields[field_b8ac164]\" id=\"form-field-field_b8ac164\" class=\"elementor-field elementor-size-md  elementor-field-textual\" placeholder=\"Vorname\" required=\"required\">\n\t\t\t\t\t\t\t\t\t\t\t<\/div>\n\t\t\t\t\t\t\t\t<div class=\"elementor-field-type-text elementor-field-group elementor-column elementor-field-group-field_cc4b8af elementor-col-50 elementor-field-required\">\n\t\t\t\t\t\t\t\t\t\t\t\t<label for=\"form-field-field_cc4b8af\" class=\"elementor-field-label elementor-screen-only\">\n\t\t\t\t\t\t\t\tNachname\t\t\t\t\t\t\t<\/label>\n\t\t\t\t\t\t\t\t\t\t\t\t\t\t<input size=\"1\" type=\"text\" name=\"form_fields[field_cc4b8af]\" id=\"form-field-field_cc4b8af\" class=\"elementor-field elementor-size-md  elementor-field-textual\" placeholder=\"Nachname\" required=\"required\">\n\t\t\t\t\t\t\t\t\t\t\t<\/div>\n\t\t\t\t\t\t\t\t<div class=\"elementor-field-type-text elementor-field-group elementor-column elementor-field-group-field_3b8bd51 elementor-col-100 elementor-field-required\">\n\t\t\t\t\t\t\t\t\t\t\t\t<label for=\"form-field-field_3b8bd51\" class=\"elementor-field-label elementor-screen-only\">\n\t\t\t\t\t\t\t\tOrganisation\t\t\t\t\t\t\t<\/label>\n\t\t\t\t\t\t\t\t\t\t\t\t\t\t<input size=\"1\" type=\"text\" name=\"form_fields[field_3b8bd51]\" id=\"form-field-field_3b8bd51\" class=\"elementor-field elementor-size-md  elementor-field-textual\" placeholder=\"Organisation\" required=\"required\">\n\t\t\t\t\t\t\t\t\t\t\t<\/div>\n\t\t\t\t\t\t\t\t<div class=\"elementor-field-type-email elementor-field-group elementor-column elementor-field-group-email elementor-col-50 elementor-field-required\">\n\t\t\t\t\t\t\t\t\t\t\t\t<label for=\"form-field-email\" class=\"elementor-field-label elementor-screen-only\">\n\t\t\t\t\t\t\t\tE-Mail\t\t\t\t\t\t\t<\/label>\n\t\t\t\t\t\t\t\t\t\t\t\t\t\t<input size=\"1\" type=\"email\" name=\"form_fields[email]\" id=\"form-field-email\" class=\"elementor-field elementor-size-md  elementor-field-textual\" placeholder=\"E-Mail\" required=\"required\">\n\t\t\t\t\t\t\t\t\t\t\t<\/div>\n\t\t\t\t\t\t\t\t<div class=\"elementor-field-type-tel elementor-field-group elementor-column elementor-field-group-message elementor-col-50\">\n\t\t\t\t\t\t\t\t\t\t\t\t<label for=\"form-field-message\" class=\"elementor-field-label elementor-screen-only\">\n\t\t\t\t\t\t\t\tTelefon (optional)\t\t\t\t\t\t\t<\/label>\n\t\t\t\t\t\t\t\t<input size=\"1\" type=\"tel\" name=\"form_fields[message]\" id=\"form-field-message\" class=\"elementor-field elementor-size-md  elementor-field-textual\" placeholder=\"Telefon (optional)\" pattern=\"[0-9()#&amp;+*-=.]+\" title=\"Only numbers and phone characters (#, -, *, etc) are accepted.\">\n\n\t\t\t\t\t\t<\/div>\n\t\t\t\t\t\t\t\t<div class=\"elementor-field-type-textarea elementor-field-group elementor-column elementor-field-group-field_8215b10 elementor-col-100 elementor-field-required\">\n\t\t\t\t\t\t\t\t\t\t\t\t<label for=\"form-field-field_8215b10\" class=\"elementor-field-label elementor-screen-only\">\n\t\t\t\t\t\t\t\tIhre Anfrage\t\t\t\t\t\t\t<\/label>\n\t\t\t\t\t\t<textarea class=\"elementor-field-textual elementor-field  elementor-size-md\" name=\"form_fields[field_8215b10]\" id=\"form-field-field_8215b10\" rows=\"4\" placeholder=\"Beschreiben Sie Ihr Anliegen\" required=\"required\"><\/textarea>\t\t\t\t<\/div>\n\t\t\t\t\t\t\t\t<div class=\"elementor-field-type-html elementor-field-group elementor-column elementor-field-group-field_1082c9b elementor-col-100\">\n\t\t\t\t\t<span style=\"font-family: 'Anek Latin', sans-serif;\">Informationen zum Umgang mit Ihren Daten finden Sie in unserer <a href=\"\/datenschutz\" style=\"color: #1f3b7c; text-decoration: underline;\">Datenschutzinformation<\/a>.<\/span>\t\t\t\t<\/div>\n\t\t\t\t\t\t\t\t<div class=\"elementor-field-group elementor-column elementor-field-type-submit elementor-col-100 e-form__buttons\">\n\t\t\t\t\t<button class=\"elementor-button elementor-size-sm\" type=\"submit\">\n\t\t\t\t\t\t<span class=\"elementor-button-content-wrapper\">\n\t\t\t\t\t\t\t\t\t\t\t\t\t\t\t\t\t\t\t\t\t\t<span class=\"elementor-button-text\">Absenden<\/span>\n\t\t\t\t\t\t\t\t\t\t\t\t\t<\/span>\n\t\t\t\t\t<\/button>\n\t\t\t\t<\/div>\n\t\t\t<\/div>\n\t\t<\/form>\n\t\t\t\t\t\t<\/div>\n\t\t\t\t<\/div>\n\t\t\t\t<\/div>\n\t\t\t\t\t<\/div>\n\t\t\t\t<\/div>\n\t\t\t\t<\/div>\n\t\t","protected":false},"excerpt":{"rendered":"<p>\u00a9 Wirtschaftsf\u00f6rderung Region Kassel Gewerbepark Kassel Airport in Calden Seit dem Jahr 2013 gibt es den Regionalflughafen Kassel Airport. Rings um das Flughafenareal ist ein florierender Industrie- und Luftfahrtstandort entstanden, an dem sich bereits \u00fcber 35 Unternehmen \u2013 zumeist aus der Luftfahrtindustrie \u2013 mit mehr als 1.200 Mitarbeitenden angesiedelt haben: der Gewerbepark Kassel Airport. Mit [&hellip;]<\/p>\n","protected":false},"author":3,"featured_media":0,"parent":1390,"menu_order":0,"comment_status":"closed","ping_status":"closed","template":"","meta":{"_acf_changed":false,"footnotes":""},"class_list":["post-1422","page","type-page","status-publish","hentry"],"acf":[],"yoast_head":"<!-- This site is optimized with the Yoast SEO plugin v27.5 - https:\/\/yoast.com\/product\/yoast-seo-wordpress\/ -->\n<title>Gewerbepark Kassel Airport \u2013 Calden<\/title>\n<meta name=\"robots\" content=\"index, follow, max-snippet:-1, max-image-preview:large, max-video-preview:-1\" \/>\n<link rel=\"canonical\" href=\"https:\/\/wfg-kassel.de\/en\/commercial-areas\/business-park-kassel-airport\/\" \/>\n<meta property=\"og:locale\" content=\"en_US\" \/>\n<meta property=\"og:type\" content=\"article\" \/>\n<meta property=\"og:title\" content=\"Gewerbepark Kassel Airport \u2013 Calden\" \/>\n<meta property=\"og:description\" content=\"\u00a9 Wirtschaftsf\u00f6rderung Region Kassel Gewerbepark Kassel Airport in Calden Seit dem Jahr 2013 gibt es den Regionalflughafen Kassel Airport. Rings um das Flughafenareal ist ein florierender Industrie- und Luftfahrtstandort entstanden, an dem sich bereits \u00fcber 35 Unternehmen \u2013 zumeist aus der Luftfahrtindustrie \u2013 mit mehr als 1.200 Mitarbeitenden angesiedelt haben: der Gewerbepark Kassel Airport. Mit [&hellip;]\" \/>\n<meta property=\"og:url\" content=\"https:\/\/wfg-kassel.de\/en\/commercial-areas\/business-park-kassel-airport\/\" \/>\n<meta property=\"og:site_name\" content=\"Wirtschaftsf\u00f6rderung Region Kassel\" \/>\n<meta property=\"article:modified_time\" content=\"2025-09-03T13:51:30+00:00\" \/>\n<meta property=\"og:image\" content=\"https:\/\/wfg-kassel.de\/wp-content\/uploads\/2025\/01\/luftaufnahme-gewerbegebiet-kassel-airport-2024.webp\" \/>\n<meta name=\"twitter:card\" content=\"summary_large_image\" \/>\n<meta name=\"twitter:label1\" content=\"Est. reading time\" \/>\n\t<meta name=\"twitter:data1\" content=\"7 minutes\" \/>\n<script type=\"application\/ld+json\" class=\"yoast-schema-graph\">{\"@context\":\"https:\\\/\\\/schema.org\",\"@graph\":[{\"@type\":\"WebPage\",\"@id\":\"https:\\\/\\\/wfg-kassel.de\\\/gewerbestandorte\\\/gewerbepark-kassel-airport\\\/\",\"url\":\"https:\\\/\\\/wfg-kassel.de\\\/gewerbestandorte\\\/gewerbepark-kassel-airport\\\/\",\"name\":\"Gewerbepark Kassel Airport \u2013 Calden\",\"isPartOf\":{\"@id\":\"https:\\\/\\\/wfg-kassel.de\\\/#website\"},\"primaryImageOfPage\":{\"@id\":\"https:\\\/\\\/wfg-kassel.de\\\/gewerbestandorte\\\/gewerbepark-kassel-airport\\\/#primaryimage\"},\"image\":{\"@id\":\"https:\\\/\\\/wfg-kassel.de\\\/gewerbestandorte\\\/gewerbepark-kassel-airport\\\/#primaryimage\"},\"thumbnailUrl\":\"https:\\\/\\\/wfg-kassel.de\\\/wp-content\\\/uploads\\\/2025\\\/01\\\/luftaufnahme-gewerbegebiet-kassel-airport-2024.webp\",\"datePublished\":\"2024-05-16T13:52:53+00:00\",\"dateModified\":\"2025-09-03T13:51:30+00:00\",\"breadcrumb\":{\"@id\":\"https:\\\/\\\/wfg-kassel.de\\\/gewerbestandorte\\\/gewerbepark-kassel-airport\\\/#breadcrumb\"},\"inLanguage\":\"en-US\",\"potentialAction\":[{\"@type\":\"ReadAction\",\"target\":[\"https:\\\/\\\/wfg-kassel.de\\\/gewerbestandorte\\\/gewerbepark-kassel-airport\\\/\"]}]},{\"@type\":\"ImageObject\",\"inLanguage\":\"en-US\",\"@id\":\"https:\\\/\\\/wfg-kassel.de\\\/gewerbestandorte\\\/gewerbepark-kassel-airport\\\/#primaryimage\",\"url\":\"https:\\\/\\\/wfg-kassel.de\\\/wp-content\\\/uploads\\\/2025\\\/01\\\/luftaufnahme-gewerbegebiet-kassel-airport-2024.webp\",\"contentUrl\":\"https:\\\/\\\/wfg-kassel.de\\\/wp-content\\\/uploads\\\/2025\\\/01\\\/luftaufnahme-gewerbegebiet-kassel-airport-2024.webp\"},{\"@type\":\"BreadcrumbList\",\"@id\":\"https:\\\/\\\/wfg-kassel.de\\\/gewerbestandorte\\\/gewerbepark-kassel-airport\\\/#breadcrumb\",\"itemListElement\":[{\"@type\":\"ListItem\",\"position\":1,\"name\":\"Startseite\",\"item\":\"https:\\\/\\\/wfg-kassel.de\\\/\"},{\"@type\":\"ListItem\",\"position\":2,\"name\":\"Gewerbestandorte\",\"item\":\"https:\\\/\\\/wfg-kassel.de\\\/gewerbestandorte\\\/\"},{\"@type\":\"ListItem\",\"position\":3,\"name\":\"Gewerbepark Kassel Airport \u2013 Calden\"}]},{\"@type\":\"WebSite\",\"@id\":\"https:\\\/\\\/wfg-kassel.de\\\/#website\",\"url\":\"https:\\\/\\\/wfg-kassel.de\\\/\",\"name\":\"Wirtschaftsf\u00f6rderung Region Kassel\",\"description\":\"\",\"publisher\":{\"@id\":\"https:\\\/\\\/wfg-kassel.de\\\/#organization\"},\"potentialAction\":[{\"@type\":\"SearchAction\",\"target\":{\"@type\":\"EntryPoint\",\"urlTemplate\":\"https:\\\/\\\/wfg-kassel.de\\\/?s={search_term_string}\"},\"query-input\":{\"@type\":\"PropertyValueSpecification\",\"valueRequired\":true,\"valueName\":\"search_term_string\"}}],\"inLanguage\":\"en-US\"},{\"@type\":\"Organization\",\"@id\":\"https:\\\/\\\/wfg-kassel.de\\\/#organization\",\"name\":\"Wirtschaftsf\u00f6rderung Region Kassel\",\"url\":\"https:\\\/\\\/wfg-kassel.de\\\/\",\"logo\":{\"@type\":\"ImageObject\",\"inLanguage\":\"en-US\",\"@id\":\"https:\\\/\\\/wfg-kassel.de\\\/#\\\/schema\\\/logo\\\/image\\\/\",\"url\":\"https:\\\/\\\/wfg-kassel.de\\\/wp-content\\\/uploads\\\/2024\\\/02\\\/logo_wfg.svg\",\"contentUrl\":\"https:\\\/\\\/wfg-kassel.de\\\/wp-content\\\/uploads\\\/2024\\\/02\\\/logo_wfg.svg\",\"width\":339,\"height\":90,\"caption\":\"Wirtschaftsf\u00f6rderung Region Kassel\"},\"image\":{\"@id\":\"https:\\\/\\\/wfg-kassel.de\\\/#\\\/schema\\\/logo\\\/image\\\/\"}}]}<\/script>\n<!-- \/ Yoast SEO plugin. -->","yoast_head_json":{"title":"Business Park Kassel Airport - Calden","robots":{"index":"index","follow":"follow","max-snippet":"max-snippet:-1","max-image-preview":"max-image-preview:large","max-video-preview":"max-video-preview:-1"},"canonical":"https:\/\/wfg-kassel.de\/en\/commercial-areas\/business-park-kassel-airport\/","og_locale":"en_US","og_type":"article","og_title":"Gewerbepark Kassel Airport \u2013 Calden","og_description":"\u00a9 Wirtschaftsf\u00f6rderung Region Kassel Gewerbepark Kassel Airport in Calden Seit dem Jahr 2013 gibt es den Regionalflughafen Kassel Airport. Rings um das Flughafenareal ist ein florierender Industrie- und Luftfahrtstandort entstanden, an dem sich bereits \u00fcber 35 Unternehmen \u2013 zumeist aus der Luftfahrtindustrie \u2013 mit mehr als 1.200 Mitarbeitenden angesiedelt haben: der Gewerbepark Kassel Airport. Mit [&hellip;]","og_url":"https:\/\/wfg-kassel.de\/en\/commercial-areas\/business-park-kassel-airport\/","og_site_name":"Wirtschaftsf\u00f6rderung Region Kassel","article_modified_time":"2025-09-03T13:51:30+00:00","og_image":[{"url":"https:\/\/wfg-kassel.de\/wp-content\/uploads\/2025\/01\/luftaufnahme-gewerbegebiet-kassel-airport-2024.webp","type":"","width":"","height":""}],"twitter_card":"summary_large_image","twitter_misc":{"Est. reading time":"7 minutes"},"schema":{"@context":"https:\/\/schema.org","@graph":[{"@type":"WebPage","@id":"https:\/\/wfg-kassel.de\/gewerbestandorte\/gewerbepark-kassel-airport\/","url":"https:\/\/wfg-kassel.de\/gewerbestandorte\/gewerbepark-kassel-airport\/","name":"Business Park Kassel Airport - Calden","isPartOf":{"@id":"https:\/\/wfg-kassel.de\/#website"},"primaryImageOfPage":{"@id":"https:\/\/wfg-kassel.de\/gewerbestandorte\/gewerbepark-kassel-airport\/#primaryimage"},"image":{"@id":"https:\/\/wfg-kassel.de\/gewerbestandorte\/gewerbepark-kassel-airport\/#primaryimage"},"thumbnailUrl":"https:\/\/wfg-kassel.de\/wp-content\/uploads\/2025\/01\/luftaufnahme-gewerbegebiet-kassel-airport-2024.webp","datePublished":"2024-05-16T13:52:53+00:00","dateModified":"2025-09-03T13:51:30+00:00","breadcrumb":{"@id":"https:\/\/wfg-kassel.de\/gewerbestandorte\/gewerbepark-kassel-airport\/#breadcrumb"},"inLanguage":"en-US","potentialAction":[{"@type":"ReadAction","target":["https:\/\/wfg-kassel.de\/gewerbestandorte\/gewerbepark-kassel-airport\/"]}]},{"@type":"ImageObject","inLanguage":"en-US","@id":"https:\/\/wfg-kassel.de\/gewerbestandorte\/gewerbepark-kassel-airport\/#primaryimage","url":"https:\/\/wfg-kassel.de\/wp-content\/uploads\/2025\/01\/luftaufnahme-gewerbegebiet-kassel-airport-2024.webp","contentUrl":"https:\/\/wfg-kassel.de\/wp-content\/uploads\/2025\/01\/luftaufnahme-gewerbegebiet-kassel-airport-2024.webp"},{"@type":"BreadcrumbList","@id":"https:\/\/wfg-kassel.de\/gewerbestandorte\/gewerbepark-kassel-airport\/#breadcrumb","itemListElement":[{"@type":"ListItem","position":1,"name":"Startseite","item":"https:\/\/wfg-kassel.de\/"},{"@type":"ListItem","position":2,"name":"Gewerbestandorte","item":"https:\/\/wfg-kassel.de\/gewerbestandorte\/"},{"@type":"ListItem","position":3,"name":"Gewerbepark Kassel Airport \u2013 Calden"}]},{"@type":"WebSite","@id":"https:\/\/wfg-kassel.de\/#website","url":"https:\/\/wfg-kassel.de\/","name":"Wirtschaftsf\u00f6rderung Region Kassel","description":"","publisher":{"@id":"https:\/\/wfg-kassel.de\/#organization"},"potentialAction":[{"@type":"SearchAction","target":{"@type":"EntryPoint","urlTemplate":"https:\/\/wfg-kassel.de\/?s={search_term_string}"},"query-input":{"@type":"PropertyValueSpecification","valueRequired":true,"valueName":"search_term_string"}}],"inLanguage":"en-US"},{"@type":"Organization","@id":"https:\/\/wfg-kassel.de\/#organization","name":"Wirtschaftsf\u00f6rderung Region Kassel","url":"https:\/\/wfg-kassel.de\/","logo":{"@type":"ImageObject","inLanguage":"en-US","@id":"https:\/\/wfg-kassel.de\/#\/schema\/logo\/image\/","url":"https:\/\/wfg-kassel.de\/wp-content\/uploads\/2024\/02\/logo_wfg.svg","contentUrl":"https:\/\/wfg-kassel.de\/wp-content\/uploads\/2024\/02\/logo_wfg.svg","width":339,"height":90,"caption":"Wirtschaftsf\u00f6rderung Region Kassel"},"image":{"@id":"https:\/\/wfg-kassel.de\/#\/schema\/logo\/image\/"}}]}},"_links":{"self":[{"href":"https:\/\/wfg-kassel.de\/en\/wp-json\/wp\/v2\/pages\/1422","targetHints":{"allow":["GET"]}}],"collection":[{"href":"https:\/\/wfg-kassel.de\/en\/wp-json\/wp\/v2\/pages"}],"about":[{"href":"https:\/\/wfg-kassel.de\/en\/wp-json\/wp\/v2\/types\/page"}],"author":[{"embeddable":true,"href":"https:\/\/wfg-kassel.de\/en\/wp-json\/wp\/v2\/users\/3"}],"replies":[{"embeddable":true,"href":"https:\/\/wfg-kassel.de\/en\/wp-json\/wp\/v2\/comments?post=1422"}],"version-history":[{"count":5,"href":"https:\/\/wfg-kassel.de\/en\/wp-json\/wp\/v2\/pages\/1422\/revisions"}],"predecessor-version":[{"id":10027,"href":"https:\/\/wfg-kassel.de\/en\/wp-json\/wp\/v2\/pages\/1422\/revisions\/10027"}],"up":[{"embeddable":true,"href":"https:\/\/wfg-kassel.de\/en\/wp-json\/wp\/v2\/pages\/1390"}],"wp:attachment":[{"href":"https:\/\/wfg-kassel.de\/en\/wp-json\/wp\/v2\/media?parent=1422"}],"curies":[{"name":"wp","href":"https:\/\/api.w.org\/{rel}","templated":true}]}}