{"id":1430,"date":"2024-05-16T15:55:56","date_gmt":"2024-05-16T13:55:56","guid":{"rendered":"https:\/\/wfg.rosys.dev\/?page_id=1430"},"modified":"2025-09-03T16:13:53","modified_gmt":"2025-09-03T14:13:53","slug":"freight-village","status":"publish","type":"page","link":"https:\/\/wfg-kassel.de\/en\/gewerbestandorte\/industriepark-kassel\/gueterverkehrszentrum\/","title":{"rendered":"Freight center Kassel"},"content":{"rendered":"\t\t<div data-elementor-type=\"wp-page\" data-elementor-id=\"1430\" class=\"elementor elementor-1430\" data-elementor-post-type=\"page\">\n\t\t\t\t<div class=\"elementor-element elementor-element-73f973a4 e-con-full e-flex e-con e-parent\" data-id=\"73f973a4\" data-element_type=\"container\" data-e-type=\"container\">\n\t\t<div class=\"elementor-element elementor-element-47485668 e-con-full e-flex e-con e-child\" data-id=\"47485668\" data-element_type=\"container\" data-e-type=\"container\">\n\t\t\t\t<div class=\"elementor-element elementor-element-760b99a0 elementor-widget elementor-widget-wfg-header-banner\" data-id=\"760b99a0\" data-element_type=\"widget\" data-e-type=\"widget\" data-widget_type=\"wfg-header-banner.default\">\n\t\t\t\t<div class=\"elementor-widget-container\">\n\t\t\t\t\t<div class=\"header-banner flex flex-col md:flex-row\">\n  <div class=\"md:w-1\/2\">\n    \n\n<figure class=\"wp-caption \" data-image>\n      <div class=\"relative  \">\n      <img fetchpriority=\"high\" decoding=\"async\" width=\"2000\" height=\"1333\" src=\"https:\/\/wfg-kassel.de\/wp-content\/uploads\/2025\/01\/mobiler-kranwagen-gueterverkehrszentrum-kassel.webp\" class=\"!w-full !object-cover !max-h-[475px] aspect-video\" alt=\"Mobiler roter Kranwagen rangiert Container\" srcset=\"https:\/\/wfg-kassel.de\/wp-content\/uploads\/2025\/01\/mobiler-kranwagen-gueterverkehrszentrum-kassel.webp 2000w, https:\/\/wfg-kassel.de\/wp-content\/uploads\/2025\/01\/mobiler-kranwagen-gueterverkehrszentrum-kassel-300x200.webp 300w, https:\/\/wfg-kassel.de\/wp-content\/uploads\/2025\/01\/mobiler-kranwagen-gueterverkehrszentrum-kassel-1024x682.webp 1024w, https:\/\/wfg-kassel.de\/wp-content\/uploads\/2025\/01\/mobiler-kranwagen-gueterverkehrszentrum-kassel-768x512.webp 768w, https:\/\/wfg-kassel.de\/wp-content\/uploads\/2025\/01\/mobiler-kranwagen-gueterverkehrszentrum-kassel-1536x1024.webp 1536w, https:\/\/wfg-kassel.de\/wp-content\/uploads\/2025\/01\/mobiler-kranwagen-gueterverkehrszentrum-kassel-18x12.webp 18w\" sizes=\"(max-width: 2000px) 100vw, 2000px\" \/>\n            <div class=\"copyright-hint absolute bottom-0 right-0 z-10 flex items-center gap-1.5 px-2.5 py-1.5 bg-[#F0F0F0] rounded-tl-widget max-w-9 overflow-hidden whitespace-nowrap cursor-pointer transition-all duration-200 ease-in-out\" tabindex=\"0\" data-no-translation>\n      <span class=\"shrink-0 text-xs md:text-base leading-none text-[#555]\">\u00a9<\/span>\n      <span class=\"text-xs md:text-base leading-none text-[#333] opacity-0 transition-opacity duration-150\">Wirtschaftsf\u00f6rderung Region Kassel<\/span>\n    <\/div>\n  \n    <\/div>\n  \n  <\/figure>\n\n  <\/div>\n  <div class=\"md:w-1\/2 bg-primary px-4 py-12 sm:py-14 md:p-8 xl:pl-14 flex flex-col justify-center relative\">\n    <h1 class=\"inline-block self-start xl:max-w-[680px] mb-4\">G\u00fcterverkehrs\u00adzentrum Kassel (GVZ)<\/h1>\n  <\/div>\n<\/div>\n\t\t\t\t<\/div>\n\t\t\t\t<\/div>\n\t\t\t\t<\/div>\n\t\t\t\t<\/div>\n\t\t<div class=\"elementor-element elementor-element-7a813131 e-flex e-con-boxed e-con e-parent\" data-id=\"7a813131\" data-element_type=\"container\" data-e-type=\"container\">\n\t\t\t\t\t<div class=\"e-con-inner\">\n\t\t\t\t<div class=\"elementor-element elementor-element-92427bb elementor-widget elementor-widget-wfg-text-editor\" data-id=\"92427bb\" data-element_type=\"widget\" data-e-type=\"widget\" data-widget_type=\"wfg-text-editor.default\">\n\t\t\t\t<div class=\"elementor-widget-container\">\n\t\t\t\t\t\t\t\t\t<p class=\"aufmachertext\">Das <strong>G\u00fcterverkehrszentrum (GVZ) Kassel<\/strong> bildet einen zentralen Bestandteil der wirtschaftlichen Infrastruktur Nordhessens und ist ein herausragendes Beispiel f\u00fcr die <strong>erfolgreiche Verkn\u00fcpfung von Logistik und industrieller Entwicklung<\/strong>. Es erg\u00e4nzt die <a href=\"\/gewerbestandorte\/industriepark-kassel\/\">gr\u00f6\u00dfte zusammenh\u00e4ngende Industrie- und Gewerbefl\u00e4che der Region<\/a> und liegt im strategisch wichtigen Dreieck der Autobahnen A44, A49 und A7.<\/p>\t\t\t\t\t\t\t\t<\/div>\n\t\t\t\t<\/div>\n\t\t\t\t\t<\/div>\n\t\t\t\t<\/div>\n\t\t<div class=\"elementor-element elementor-element-2fdf023 e-flex e-con-boxed e-con e-parent\" data-id=\"2fdf023\" data-element_type=\"container\" data-e-type=\"container\">\n\t\t\t\t\t<div class=\"e-con-inner\">\n\t\t\t\t<div class=\"elementor-element elementor-element-32b8e8f elementor-widget elementor-widget-wfg-text-editor\" data-id=\"32b8e8f\" data-element_type=\"widget\" data-e-type=\"widget\" data-widget_type=\"wfg-text-editor.default\">\n\t\t\t\t<div class=\"elementor-widget-container\">\n\t\t\t\t\t\t\t\t\t<h2>Entwicklung und Historie des G\u00fcterverkehrszentrums Kassel<\/h2>\t\t\t\t\t\t\t\t<\/div>\n\t\t\t\t<\/div>\n\t\t\t\t\t<\/div>\n\t\t\t\t<\/div>\n\t\t<div class=\"elementor-element elementor-element-3a5e7506 e-flex e-con-boxed e-con e-parent\" data-id=\"3a5e7506\" data-element_type=\"container\" data-e-type=\"container\">\n\t\t\t\t\t<div class=\"e-con-inner\">\n\t\t<div class=\"elementor-element elementor-element-19798788 e-con-full e-flex e-con e-child\" data-id=\"19798788\" data-element_type=\"container\" data-e-type=\"container\">\n\t\t\t\t<div class=\"elementor-element elementor-element-10566fc elementor-widget elementor-widget-wfg-slideshow\" data-id=\"10566fc\" data-element_type=\"widget\" data-e-type=\"widget\" data-widget_type=\"wfg-slideshow.default\">\n\t\t\t\t<div class=\"elementor-widget-container\">\n\t\t\t\t\t<div class=\"keen-slider__container\"\n  data-per-view=\"1\"\n  data-spacing=\"0\"\n  data-loop=\"1\"\n  data-slideshow-id=\"2d1546ccc881e44e23f063bce2a5a499\"\n>\n  <button class=\"arrow-left mr-4 text-accent\" aria-label=\"Previous Slide\">\n    <svg class=\"w-6 sm:w-8 md:w-auto \" width=\"42\" height=\"42\" viewBox=\"0 0 42 42\" fill=\"none\" xmlns=\"http:\/\/www.w3.org\/2000\/svg\">\n  <title>Arrow Icon<\/title>\n  <desc>An arrow pointing left<\/desc>\n  <path d=\"M24.187 10.8281L14.087 20.9281L24.187 31.0281\" stroke=\"currentColor\" stroke-linecap=\"round\" stroke-linejoin=\"round\"\/>\n  <path d=\"M0.5 21C0.5 32.3218 9.67816 41.5 21 41.5C32.3218 41.5 41.5 32.3218 41.5 21C41.5 9.67816 32.3218 0.5 21 0.5C9.67816 0.5 0.5 9.67816 0.5 21Z\" stroke=\"currentColor\"\/>\n<\/svg>\n\n  <\/button>\n\n  <div class=\"keen-slider\" data-keen-slider>\n          <div class=\"keen-slider__slide\">\n        \n                          \n        \n\n<figure class=\"wp-caption \" data-image>\n      <div class=\"relative rounded-widget overflow-hidden flex justify-center mb-2 aspect-[3\/2]\">\n      <a\n        href=\"https:\/\/wfg-kassel.de\/wp-content\/uploads\/2025\/05\/luftaufnahme-gvz-2007.webp\"\n        target=\"_self\"\n        data-elementor-open-lightbox=\"yes\"\n        data-elementor-lightbox-title=\"Luftaufnahme G\u00fcterverkehrszentrum Kassel 2007\"\n        data-elementor-lightbox-description=\"\u00a9 Wirtschaftsf\u00f6rderung Region Kassel\"\n        rel=\"\"\n      >\n        <img fetchpriority=\"high\" decoding=\"async\" width=\"2000\" height=\"1333\" src=\"https:\/\/wfg-kassel.de\/wp-content\/uploads\/2025\/05\/luftaufnahme-gvz-2007.webp\" class=\"!w-full !object-cover \" alt=\"Luftaufnahme Gueterverkehrszentrum Kassel\" fetchpriority=\"high\" srcset=\"https:\/\/wfg-kassel.de\/wp-content\/uploads\/2025\/05\/luftaufnahme-gvz-2007.webp 2000w, https:\/\/wfg-kassel.de\/wp-content\/uploads\/2025\/05\/luftaufnahme-gvz-2007-300x200.webp 300w, https:\/\/wfg-kassel.de\/wp-content\/uploads\/2025\/05\/luftaufnahme-gvz-2007-1024x682.webp 1024w, https:\/\/wfg-kassel.de\/wp-content\/uploads\/2025\/05\/luftaufnahme-gvz-2007-768x512.webp 768w, https:\/\/wfg-kassel.de\/wp-content\/uploads\/2025\/05\/luftaufnahme-gvz-2007-1536x1024.webp 1536w, https:\/\/wfg-kassel.de\/wp-content\/uploads\/2025\/05\/luftaufnahme-gvz-2007-18x12.webp 18w\" sizes=\"(max-width: 2000px) 100vw, 2000px\" \/>\n      <\/a>\n        \n    <\/div>\n  \n  <\/figure>\n\n\n                  <p class=\"text-lg font-bold text-center m-0\">Luftaufnahme G\u00fcterverkehrszentrum Kassel 2007<\/p>\n        \n                  <p class=\"text-lg font-light text-center m-0\">\u00a9 Wirtschaftsf\u00f6rderung Region Kassel<\/p>\n              <\/div>\n          <div class=\"keen-slider__slide\">\n        \n                          \n        \n\n<figure class=\"wp-caption \" data-image>\n      <div class=\"relative rounded-widget overflow-hidden flex justify-center mb-2 aspect-[3\/2]\">\n      <a\n        href=\"https:\/\/wfg-kassel.de\/wp-content\/uploads\/2025\/07\/luftbild-gvz-2025.webp\"\n        target=\"_self\"\n        data-elementor-open-lightbox=\"yes\"\n        data-elementor-lightbox-title=\"Luftaufnahme G\u00fcterverkehrszentrum Kassel 2025\"\n        data-elementor-lightbox-description=\"\u00a9 Wirtschaftsf\u00f6rderung Region Kassel\"\n        rel=\"\"\n      >\n        <img decoding=\"async\" style=\"aspect-ratio:2000\/1333\" width=\"2000\" height=\"1333\" src=\"data:image\/gif;base64,R0lGODlhAQABAIAAAAAAAP\/\/\/yH5BAEAAAAALAAAAAABAAEAAAIBRAA7\" data-src=\"https:\/\/wfg-kassel.de\/wp-content\/uploads\/2025\/07\/luftbild-gvz-2025.webp\" class=\"!w-full !object-cover \" alt=\"Luftbild Gueterverkehrszentrum Kassel\" fetchpriority=\"auto\" data-srcset=\"https:\/\/wfg-kassel.de\/wp-content\/uploads\/2025\/07\/luftbild-gvz-2025.webp 2000w, https:\/\/wfg-kassel.de\/wp-content\/uploads\/2025\/07\/luftbild-gvz-2025-300x200.webp 300w, https:\/\/wfg-kassel.de\/wp-content\/uploads\/2025\/07\/luftbild-gvz-2025-1024x682.webp 1024w, https:\/\/wfg-kassel.de\/wp-content\/uploads\/2025\/07\/luftbild-gvz-2025-768x512.webp 768w, https:\/\/wfg-kassel.de\/wp-content\/uploads\/2025\/07\/luftbild-gvz-2025-1536x1024.webp 1536w, https:\/\/wfg-kassel.de\/wp-content\/uploads\/2025\/07\/luftbild-gvz-2025-18x12.webp 18w\" sizes=\"(max-width: 2000px) 100vw, 2000px\" \/>\n      <\/a>\n        \n    <\/div>\n  \n  <\/figure>\n\n\n                  <p class=\"text-lg font-bold text-center m-0\">Luftaufnahme G\u00fcterverkehrszentrum Kassel 2025<\/p>\n        \n                  <p class=\"text-lg font-light text-center m-0\">\u00a9 Wirtschaftsf\u00f6rderung Region Kassel<\/p>\n              <\/div>\n      <\/div>\n  <button class=\"arrow-right ml-4 text-accent\" aria-label=\"Next Slide\">\n    <svg class=\"w-6 sm:w-8 md:w-auto \" width=\"42\" height=\"42\" viewBox=\"0 0 42 42\" fill=\"none\" xmlns=\"http:\/\/www.w3.org\/2000\/svg\">\n  <title>Arrow Icon<\/title>\n  <desc>An arrow pointing right<\/desc>\n  <path d=\"M17.813 31.1719L27.913 21.0719L17.813 10.9719\" stroke=\"currentColor\" stroke-linecap=\"round\" stroke-linejoin=\"round\"\/>\n  <path d=\"M41.5 21C41.5 9.67816 32.3218 0.5 21 0.5C9.67816 0.5 0.5 9.67816 0.5 21C0.5 32.3218 9.67816 41.5 21 41.5C32.3218 41.5 41.5 32.3218 41.5 21Z\" stroke=\"currentColor\"\/>\n<\/svg>\n\n  <\/button>\n<\/div>\n\t\t\t\t<\/div>\n\t\t\t\t<\/div>\n\t\t\t\t<\/div>\n\t\t<div class=\"elementor-element elementor-element-57d42a0d e-con-full e-flex e-con e-child\" data-id=\"57d42a0d\" data-element_type=\"container\" data-e-type=\"container\">\n\t\t\t\t<div class=\"elementor-element elementor-element-73c378b elementor-widget elementor-widget-wfg-text-editor\" data-id=\"73c378b\" data-element_type=\"widget\" data-e-type=\"widget\" data-widget_type=\"wfg-text-editor.default\">\n\t\t\t\t<div class=\"elementor-widget-container\">\n\t\t\t\t\t\t\t\t\t<p>Die <strong>Planung des GVZ begann 1990<\/strong>; 1994 nahm das Briefzentrum der Deutschen Post als erste Ansiedlung den Betrieb auf. 1995 entstand die GVZ-Entwicklungsgesellschaft, 2000 die Projektgesellschaft. Der <a href=\"\/gewerbestandorte\/industriepark-kassel\/gueterverkehrszentrum\/#containerterminal\"><strong>Container-Umschlagbahnhof<\/strong><\/a> am Stammgleis Kassel ging 2004 in Betrieb und st\u00e4rkte den kombinierten Verkehr. Seit dem Verkauf der letzten Grundst\u00fccke 2020 ist das <strong>850.000 m\u00b2 gro\u00dfe Areal vollst\u00e4ndig belegt<\/strong>. Mit KV-Umschlaghalle, Gleisanschl\u00fcssen und direktem Autobahnzugang erreicht die Logistik hier alle deutschen Wirtschaftszentren \u00fcber Nacht.<\/p>\n<p>Die <strong>N\u00e4he zu bedeutenden Wirtschaftszentren<\/strong> wie Frankfurt, Hannover, dem Ruhrgebiet und Leipzig bietet hervorragende M\u00f6glichkeiten f\u00fcr die Einbindung in nationale und internationale Logistiknetze.<\/p>\t\t\t\t\t\t\t\t<\/div>\n\t\t\t\t<\/div>\n\t\t\t\t<\/div>\n\t\t\t\t\t<\/div>\n\t\t\t\t<\/div>\n\t\t<div class=\"elementor-element elementor-element-7e67055 e-flex e-con-boxed e-con e-parent\" data-id=\"7e67055\" data-element_type=\"container\" data-e-type=\"container\">\n\t\t\t\t\t<div class=\"e-con-inner\">\n\t\t\t\t<div class=\"elementor-element elementor-element-d1064d6 elementor-widget elementor-widget-wfg-text-editor\" data-id=\"d1064d6\" data-element_type=\"widget\" data-e-type=\"widget\" data-widget_type=\"wfg-text-editor.default\">\n\t\t\t\t<div class=\"elementor-widget-container\">\n\t\t\t\t\t\t\t\t\t<h2>Infrastruktur und Nutzung<\/h2>\t\t\t\t\t\t\t\t<\/div>\n\t\t\t\t<\/div>\n\t\t\t\t\t<\/div>\n\t\t\t\t<\/div>\n\t\t<div class=\"elementor-element elementor-element-a59d750 e-flex e-con-boxed e-con e-parent\" data-id=\"a59d750\" data-element_type=\"container\" data-e-type=\"container\">\n\t\t\t\t\t<div class=\"e-con-inner\">\n\t\t<div class=\"elementor-element elementor-element-1d28651 e-con-full e-flex e-con e-child\" data-id=\"1d28651\" data-element_type=\"container\" data-e-type=\"container\">\n\t\t\t\t<div class=\"elementor-element elementor-element-20c7e0d elementor-widget elementor-widget-wfg-text-editor\" data-id=\"20c7e0d\" data-element_type=\"widget\" data-e-type=\"widget\" data-widget_type=\"wfg-text-editor.default\">\n\t\t\t\t<div class=\"elementor-widget-container\">\n\t\t\t\t\t\t\t\t\t<p>Das G\u00fcterverkehrszentrum Kassel ist <strong>verkehrlich optimal erschlossen<\/strong>. Ein besonderer Vorteil ist die direkte Anbindung an den Industriepark Kassel-Waldau sowie an die Gewerbegebiete von Lohfelden und Fuldabr\u00fcck. Der Standort bietet eine <strong>Umschlaganlage f\u00fcr den kombinierten Ladungsverkehr<\/strong>, die durch Anschlussgleise an gro\u00dfe Logistik- und Lagerhallen erg\u00e4nzt wird. Diese Infrastruktur erm\u00f6glicht einen <strong>effizienten und nachhaltigen G\u00fctertransport \u00fcber die Schiene<\/strong>.<\/p>\n<p>Zu den prominenten Akteuren am Standort geh\u00f6rt der internationale Investor Gazeley, der mit dem \u201eMagnaPark Kassel\u201c ein modernes Logistikareal innerhalb des GVZ realisiert hat. Dieser Logistikpark ist Teil eines europaweiten Netzwerks von Gazeley.<\/p>\t\t\t\t\t\t\t\t<\/div>\n\t\t\t\t<\/div>\n\t\t\t\t<\/div>\n\t\t<div class=\"elementor-element elementor-element-efdc6aa e-con-full e-flex e-con e-child\" data-id=\"efdc6aa\" data-element_type=\"container\" data-e-type=\"container\">\n\t\t\t\t<div class=\"elementor-element elementor-element-c17e69e elementor-widget elementor-widget-wfg-image\" data-id=\"c17e69e\" data-element_type=\"widget\" data-e-type=\"widget\" data-widget_type=\"wfg-image.default\">\n\t\t\t\t<div class=\"elementor-widget-container\">\n\t\t\t\t\t\n\n<figure class=\"wp-caption \" data-image>\n      <div class=\"relative rounded-widget overflow-hidden \">\n      <img decoding=\"async\" width=\"2000\" height=\"1333\" src=\"https:\/\/wfg-kassel.de\/wp-content\/uploads\/2025\/01\/blauer-containerkran-gueterverkehrszentrum-kassel.webp\" class=\"!w-full !object-cover \" alt=\"Blauer Containerkran in der Ferne mit Containern in der Naehe\" srcset=\"https:\/\/wfg-kassel.de\/wp-content\/uploads\/2025\/01\/blauer-containerkran-gueterverkehrszentrum-kassel.webp 2000w, https:\/\/wfg-kassel.de\/wp-content\/uploads\/2025\/01\/blauer-containerkran-gueterverkehrszentrum-kassel-300x200.webp 300w, https:\/\/wfg-kassel.de\/wp-content\/uploads\/2025\/01\/blauer-containerkran-gueterverkehrszentrum-kassel-1024x682.webp 1024w, https:\/\/wfg-kassel.de\/wp-content\/uploads\/2025\/01\/blauer-containerkran-gueterverkehrszentrum-kassel-768x512.webp 768w, https:\/\/wfg-kassel.de\/wp-content\/uploads\/2025\/01\/blauer-containerkran-gueterverkehrszentrum-kassel-1536x1024.webp 1536w, https:\/\/wfg-kassel.de\/wp-content\/uploads\/2025\/01\/blauer-containerkran-gueterverkehrszentrum-kassel-18x12.webp 18w\" sizes=\"(max-width: 2000px) 100vw, 2000px\" \/>\n            <div class=\"copyright-hint absolute bottom-0 right-0 z-10 flex items-center gap-1.5 px-2.5 py-1.5 bg-[#F0F0F0] rounded-tl-widget max-w-9 overflow-hidden whitespace-nowrap cursor-pointer transition-all duration-200 ease-in-out\" tabindex=\"0\" data-no-translation>\n      <span class=\"shrink-0 text-xs md:text-base leading-none text-[#555]\">\u00a9<\/span>\n      <span class=\"text-xs md:text-base leading-none text-[#333] opacity-0 transition-opacity duration-150\">Wirtschaftsf\u00f6rderung Region Kassel<\/span>\n    <\/div>\n  \n    <\/div>\n  \n  <\/figure>\n\t\t\t\t<\/div>\n\t\t\t\t<\/div>\n\t\t\t\t<\/div>\n\t\t\t\t\t<\/div>\n\t\t\t\t<\/div>\n\t\t<div class=\"elementor-element elementor-element-1d6892e6 e-flex e-con-boxed e-con e-parent\" data-id=\"1d6892e6\" data-element_type=\"container\" data-e-type=\"container\">\n\t\t\t\t\t<div class=\"e-con-inner\">\n\t\t\t\t<div class=\"elementor-element elementor-element-7ca1b5a elementor-widget elementor-widget-wfg-text-editor\" data-id=\"7ca1b5a\" data-element_type=\"widget\" data-e-type=\"widget\" data-widget_type=\"wfg-text-editor.default\">\n\t\t\t\t<div class=\"elementor-widget-container\">\n\t\t\t\t\t\t\t\t\t<h2>Umweltfreundliche Logistik als Ziel<\/h2>\t\t\t\t\t\t\t\t<\/div>\n\t\t\t\t<\/div>\n\t\t\t\t\t<\/div>\n\t\t\t\t<\/div>\n\t\t<div class=\"elementor-element elementor-element-0cefac3 e-flex e-con-boxed e-con e-parent\" data-id=\"0cefac3\" data-element_type=\"container\" data-e-type=\"container\">\n\t\t\t\t\t<div class=\"e-con-inner\">\n\t\t<div class=\"elementor-element elementor-element-d6fe4a2 e-con-full e-flex e-con e-child\" data-id=\"d6fe4a2\" data-element_type=\"container\" data-e-type=\"container\">\n\t\t\t\t<div class=\"elementor-element elementor-element-d9c7f25 elementor-widget elementor-widget-wfg-image\" data-id=\"d9c7f25\" data-element_type=\"widget\" data-e-type=\"widget\" data-widget_type=\"wfg-image.default\">\n\t\t\t\t<div class=\"elementor-widget-container\">\n\t\t\t\t\t\n\n<figure class=\"wp-caption \" data-image>\n      <div class=\"relative rounded-widget overflow-hidden \">\n      <img loading=\"lazy\" decoding=\"async\" width=\"2000\" height=\"1333\" src=\"https:\/\/wfg-kassel.de\/wp-content\/uploads\/2025\/01\/container-gestapelt-gueterverkehrszentrum-kassel.webp\" class=\"!w-full !object-cover \" alt=\"Gestapelte Container mit einem Feld im Vordergrund\" srcset=\"https:\/\/wfg-kassel.de\/wp-content\/uploads\/2025\/01\/container-gestapelt-gueterverkehrszentrum-kassel.webp 2000w, https:\/\/wfg-kassel.de\/wp-content\/uploads\/2025\/01\/container-gestapelt-gueterverkehrszentrum-kassel-300x200.webp 300w, https:\/\/wfg-kassel.de\/wp-content\/uploads\/2025\/01\/container-gestapelt-gueterverkehrszentrum-kassel-1024x682.webp 1024w, https:\/\/wfg-kassel.de\/wp-content\/uploads\/2025\/01\/container-gestapelt-gueterverkehrszentrum-kassel-768x512.webp 768w, https:\/\/wfg-kassel.de\/wp-content\/uploads\/2025\/01\/container-gestapelt-gueterverkehrszentrum-kassel-1536x1024.webp 1536w, https:\/\/wfg-kassel.de\/wp-content\/uploads\/2025\/01\/container-gestapelt-gueterverkehrszentrum-kassel-18x12.webp 18w\" sizes=\"(max-width: 2000px) 100vw, 2000px\" \/>\n            <div class=\"copyright-hint absolute bottom-0 right-0 z-10 flex items-center gap-1.5 px-2.5 py-1.5 bg-[#F0F0F0] rounded-tl-widget max-w-9 overflow-hidden whitespace-nowrap cursor-pointer transition-all duration-200 ease-in-out\" tabindex=\"0\" data-no-translation>\n      <span class=\"shrink-0 text-xs md:text-base leading-none text-[#555]\">\u00a9<\/span>\n      <span class=\"text-xs md:text-base leading-none text-[#333] opacity-0 transition-opacity duration-150\">Wirtschaftsf\u00f6rderung Region Kassel<\/span>\n    <\/div>\n  \n    <\/div>\n  \n  <\/figure>\n\t\t\t\t<\/div>\n\t\t\t\t<\/div>\n\t\t\t\t<\/div>\n\t\t<div class=\"elementor-element elementor-element-31081dd e-con-full e-flex e-con e-child\" data-id=\"31081dd\" data-element_type=\"container\" data-e-type=\"container\">\n\t\t\t\t<div class=\"elementor-element elementor-element-0b4e9e0 elementor-widget elementor-widget-wfg-text-editor\" data-id=\"0b4e9e0\" data-element_type=\"widget\" data-e-type=\"widget\" data-widget_type=\"wfg-text-editor.default\">\n\t\t\t\t<div class=\"elementor-widget-container\">\n\t\t\t\t\t\t\t\t\t<p>Ein besonderes Augenmerk liegt auf der <strong>umweltfreundlichen Gestaltung der Logistik<\/strong>. Das GVZ Kassel tr\u00e4gt durch die Verlagerung von G\u00fctertransporten auf die Schiene erheblich zur <strong>Entlastung des Stra\u00dfenverkehrs und zur Reduzierung von Emissionen<\/strong> bei. Der direkte Autobahnanschluss am &#8222;Lohfeldener R\u00fcssel&#8220; unterstreicht die moderne und nachhaltige Konzeption des Standorts.<\/p>\t\t\t\t\t\t\t\t<\/div>\n\t\t\t\t<\/div>\n\t\t\t\t<div class=\"elementor-element elementor-element-c2ac9da elementor-widget elementor-widget-wfg-button\" data-id=\"c2ac9da\" data-element_type=\"widget\" data-e-type=\"widget\" data-widget_type=\"wfg-button.default\">\n\t\t\t\t<div class=\"elementor-widget-container\">\n\t\t\t\t\t\n\n\n  <a href=\"https:\/\/www.gvz-kassel.de\/\"\n   aria-label=\"Link zur Website des GVZ Kassel\"\n   class=\"uppercase font-extrabold py-1.5 px-6 text-lg xs:text-xl lg:text-2xl xl:text-3xl text-primary inline-flex items-center space-x-2 xs:space-x-3 lg:space-x-4 xl:space-x-6 hover:text-accent transition-colors\"\n   rel=\"\">\n    <svg xmlns=\"http:\/\/www.w3.org\/2000\/svg\" viewBox=\"0 0 16 16\" class=\"w-6 h-6 xs:w-8 xs:h-8 lg:w-10 lg:h-10 shrink-0\">\n  <g id=\"Group_62\" data-name=\"Group 62\" transform=\"translate(-931.406 1344) rotate(-90)\">\n    <path id=\"Icon_feather-chevron-down\" data-name=\"Icon feather-chevron-down\" d=\"M9,13.5l3.944,3.944L16.887,13.5\" transform=\"translate(1323.229 924.458)\" fill=\"none\" stroke=\"#e41e3d\" stroke-linecap=\"round\" stroke-linejoin=\"round\" stroke-width=\"1\"\/>\n    <g id=\"Ellipse_5\" data-name=\"Ellipse 5\" transform=\"translate(1328 931.406)\" fill=\"none\" stroke=\"#e41e3d\" stroke-width=\"1\">\n      <circle cx=\"8\" cy=\"8\" r=\"8\" stroke=\"none\"\/>\n      <circle cx=\"8\" cy=\"8\" r=\"7.5\" fill=\"none\"\/>\n    <\/g>\n  <\/g>\n<\/svg>\n\n    <span>\n       Link zur Website des GVZ Kassel\n    <\/span>\n  <\/a>\n\t\t\t\t<\/div>\n\t\t\t\t<\/div>\n\t\t\t\t<\/div>\n\t\t\t\t\t<\/div>\n\t\t\t\t<\/div>\n\t\t<div class=\"elementor-element elementor-element-86791aa e-flex e-con-boxed e-con e-parent\" data-id=\"86791aa\" data-element_type=\"container\" data-e-type=\"container\">\n\t\t\t\t\t<div class=\"e-con-inner\">\n\t\t\t\t<div class=\"elementor-element elementor-element-849c31f elementor-widget elementor-widget-wfg-text-editor\" data-id=\"849c31f\" data-element_type=\"widget\" data-e-type=\"widget\" data-widget_type=\"wfg-text-editor.default\">\n\t\t\t\t<div class=\"elementor-widget-container\">\n\t\t\t\t\t\t\t\t\t<h2>Lage des Gewerbegebiets<\/h2>\t\t\t\t\t\t\t\t<\/div>\n\t\t\t\t<\/div>\n\t\t\t\t\t<\/div>\n\t\t\t\t<\/div>\n\t\t<div class=\"elementor-element elementor-element-6af58b79 e-flex e-con-boxed e-con e-parent\" data-id=\"6af58b79\" data-element_type=\"container\" data-e-type=\"container\">\n\t\t\t\t\t<div class=\"e-con-inner\">\n\t\t<div class=\"elementor-element elementor-element-6e642384 e-con-full e-flex e-con e-child\" data-id=\"6e642384\" data-element_type=\"container\" data-e-type=\"container\">\n\t\t\t\t<div class=\"elementor-element elementor-element-79f9ab5 elementor-widget elementor-widget-wfg-text-editor\" data-id=\"79f9ab5\" data-element_type=\"widget\" data-e-type=\"widget\" data-widget_type=\"wfg-text-editor.default\">\n\t\t\t\t<div class=\"elementor-widget-container\">\n\t\t\t\t\t\t\t\t\t<p>Im Kasseler S\u00fcdosten gelegen, stellt dieses Gewerbegebiet einen Teil des vielseitigen Industrieparks Kassel dar.<\/p>\n<ul>\n<li>0,5 km zum \u00d6PNV<\/li>\n<li>10 km zum ICE-Bahnhof Wilhelmsh\u00f6he<\/li>\n<li>3 km zur Autobahn<\/li>\n<li>24 km zu Flughafen Kassel-Calden<\/li>\n<\/ul>\t\t\t\t\t\t\t\t<\/div>\n\t\t\t\t<\/div>\n\t\t\t\t<div class=\"elementor-element elementor-element-8614989 elementor-widget elementor-widget-wfg-button\" data-id=\"8614989\" data-element_type=\"widget\" data-e-type=\"widget\" data-widget_type=\"wfg-button.default\">\n\t\t\t\t<div class=\"elementor-widget-container\">\n\t\t\t\t\t\n\n\n  <a href=\"https:\/\/maps.app.goo.gl\/bbQDnqkTWNBeskBQ6\"\n   aria-label=\"Navigieren mit Google Maps\"\n   class=\"uppercase font-extrabold rounded-full py-1.5 px-6 text-sm sm:text-base xl:text-xl transition-colors duration-150 border bg-accent text-white border-transparent hover:bg-transparent hover:border-accent hover:text-accent\"\n   rel=\"\">\n   Navigieren mit Google Maps\n  <\/a>\n\t\t\t\t<\/div>\n\t\t\t\t<\/div>\n\t\t\t\t<\/div>\n\t\t<div class=\"elementor-element elementor-element-7a769152 e-con-full e-flex e-con e-child\" data-id=\"7a769152\" data-element_type=\"container\" data-e-type=\"container\">\n\t\t<div class=\"elementor-element elementor-element-38509a01 e-con-full e-flex e-con e-child\" data-id=\"38509a01\" data-element_type=\"container\" data-e-type=\"container\">\n\t\t\t\t<div class=\"elementor-element elementor-element-13e805a elementor-widget elementor-widget-wfg-usercentrics-openstreetmap\" data-id=\"13e805a\" data-element_type=\"widget\" data-e-type=\"widget\" data-widget_type=\"wfg-usercentrics-openstreetmap.default\">\n\t\t\t\t<div class=\"elementor-widget-container\">\n\t\t\t\t\t<div class=\"uc-openstreetmap-wrapper\">\n  <div id=\"openstreetmap-69f28162eafab\" class=\"flex items-center justify-center bg-gray-100 border border-gray-300 rounded-widget overflow-hidden\" style=\"min-height: 460px;\">\n    <div class=\"text-center p-8\">\n      <p class=\"m-0\">\n        <b>Here is an OpenStreetMap.<\/b><br>\n        Bitte stimmen Sie den Cookies zu, um diese Karte sehen zu k\u00f6nnen.\n      <\/p>\n      <button data-uc-accept=\"OpenStreetMap\" class=\"mt-4 uppercase font-extrabold rounded-full py-1.5 px-6 text-sm transition-colors duration-150 border bg-accent text-white border-transparent hover:bg-transparent hover:border-accent hover:text-accent\">\n        Accept cookies\n      <\/button>\n    <\/div>\n\n    <script type=\"text\/plain\" data-usercentrics=\"OpenStreetMap\">\n      (function() {\n        const iframe = document.createElement('iframe');\n        iframe.setAttribute('src', 'https:\/\/umap.openstreetmap.de\/de\/map\/guterverkehrszentrum-kassel-gvz_75242?scaleControl=false&amp;amp;miniMap=false&amp;amp;scrollWheelZoom=false&amp;amp;zoomControl=true&amp;amp;editMode=disabled&amp;amp;moreControl=false&amp;amp;searchControl=true&amp;amp;tilelayersControl=false&amp;amp;embedControl=false&amp;amp;datalayersControl=false&amp;amp;onLoadPanel=none&amp;amp;captionBar=false&amp;amp;captionMenus=true&amp;amp;locateControl=true&amp;amp;captionControl=false&amp;amp;measureControl=false&amp;amp;editinosmControl=false&amp;amp;starControl=false');\n        iframe.setAttribute('width', '100%');\n        iframe.setAttribute('height', '460px');\n        iframe.setAttribute('frameborder', '0');\n                iframe.setAttribute('allowfullscreen', 'allowfullscreen');\n        \n        const container = document.getElementById('openstreetmap-69f28162eafab');\n        container.innerHTML = '';\n        container.appendChild(iframe);\n      })();\n    <\/script>\n  <\/div>\n<\/div>\n\t\t\t\t<\/div>\n\t\t\t\t<\/div>\n\t\t\t\t<\/div>\n\t\t\t\t<\/div>\n\t\t\t\t\t<\/div>\n\t\t\t\t<\/div>\n\t\t<div class=\"elementor-element elementor-element-25ed8d8 e-flex e-con-boxed e-con e-parent\" data-id=\"25ed8d8\" data-element_type=\"container\" data-e-type=\"container\">\n\t\t\t\t\t<div class=\"e-con-inner\">\n\t\t\t\t<div class=\"elementor-element elementor-element-6ea025d elementor-widget elementor-widget-wfg-text-editor\" data-id=\"6ea025d\" data-element_type=\"widget\" data-e-type=\"widget\" data-widget_type=\"wfg-text-editor.default\">\n\t\t\t\t<div class=\"elementor-widget-container\">\n\t\t\t\t\t\t\t\t\t<h2>Weiterf\u00fchrende Themen zum GVZ Kassel<\/h2>\t\t\t\t\t\t\t\t<\/div>\n\t\t\t\t<\/div>\n\t\t\t\t<div class=\"elementor-element elementor-element-e797073 elementor-widget elementor-widget-menu-anchor\" data-id=\"e797073\" data-element_type=\"widget\" data-e-type=\"widget\" data-widget_type=\"menu-anchor.default\">\n\t\t\t\t<div class=\"elementor-widget-container\">\n\t\t\t\t\t\t\t<div class=\"elementor-menu-anchor\" id=\"containerterminal\"><\/div>\n\t\t\t\t\t\t<\/div>\n\t\t\t\t<\/div>\n\t\t\t\t\t<\/div>\n\t\t\t\t<\/div>\n\t\t<div class=\"elementor-element elementor-element-7b16fca6 e-flex e-con-boxed e-con e-parent\" data-id=\"7b16fca6\" data-element_type=\"container\" data-e-type=\"container\">\n\t\t\t\t\t<div class=\"e-con-inner\">\n\t\t\t\t<div class=\"elementor-element elementor-element-a0a702e elementor-widget elementor-widget-n-accordion\" data-id=\"a0a702e\" data-element_type=\"widget\" data-e-type=\"widget\" data-settings=\"{&quot;default_state&quot;:&quot;all_collapsed&quot;,&quot;max_items_expended&quot;:&quot;one&quot;,&quot;n_accordion_animation_duration&quot;:{&quot;unit&quot;:&quot;ms&quot;,&quot;size&quot;:300,&quot;sizes&quot;:[]}}\" data-widget_type=\"nested-accordion.default\">\n\t\t\t\t<div class=\"elementor-widget-container\">\n\t\t\t\t\t\t\t<div class=\"e-n-accordion\" aria-label=\"Accordion. Open links with Enter or Space, close with Escape, and navigate with Arrow Keys\">\n\t\t\t\t\t\t<details id=\"e-n-accordion-item-1680\" class=\"e-n-accordion-item\" >\n\t\t\t\t<summary class=\"e-n-accordion-item-title\" data-accordion-index=\"1\" tabindex=\"0\" aria-expanded=\"false\" aria-controls=\"e-n-accordion-item-1680\" >\n\t\t\t\t\t<span class='e-n-accordion-item-title-header'><div class=\"e-n-accordion-item-title-text\"> Wirtschaftliche Bedeutung <\/div><\/span>\n\t\t\t\t\t\t\t<span class='e-n-accordion-item-title-icon'>\n\t\t\t<span class='e-opened' ><svg aria-hidden=\"true\" class=\"e-font-icon-svg e-fas-minus\" viewBox=\"0 0 448 512\" xmlns=\"http:\/\/www.w3.org\/2000\/svg\"><path d=\"M416 208H32c-17.67 0-32 14.33-32 32v32c0 17.67 14.33 32 32 32h384c17.67 0 32-14.33 32-32v-32c0-17.67-14.33-32-32-32z\"><\/path><\/svg><\/span>\n\t\t\t<span class='e-closed'><svg aria-hidden=\"true\" class=\"e-font-icon-svg e-fas-plus\" viewBox=\"0 0 448 512\" xmlns=\"http:\/\/www.w3.org\/2000\/svg\"><path d=\"M416 208H272V64c0-17.67-14.33-32-32-32h-32c-17.67 0-32 14.33-32 32v144H32c-17.67 0-32 14.33-32 32v32c0 17.67 14.33 32 32 32h144v144c0 17.67 14.33 32 32 32h32c17.67 0 32-14.33 32-32V304h144c17.67 0 32-14.33 32-32v-32c0-17.67-14.33-32-32-32z\"><\/path><\/svg><\/span>\n\t\t<\/span>\n\n\t\t\t\t\t\t<\/summary>\n\t\t\t\t<div role=\"region\" aria-labelledby=\"e-n-accordion-item-1680\" class=\"elementor-element elementor-element-ecf4842 e-con-full e-flex e-con e-child\" data-id=\"ecf4842\" data-element_type=\"container\" data-e-type=\"container\">\n\t\t\t\t<div class=\"elementor-element elementor-element-223bacd elementor-widget elementor-widget-wfg-text-editor\" data-id=\"223bacd\" data-element_type=\"widget\" data-e-type=\"widget\" data-widget_type=\"wfg-text-editor.default\">\n\t\t\t\t<div class=\"elementor-widget-container\">\n\t\t\t\t\t\t\t\t\t<p>Das GVZ Kassel hat sich als <strong>starker Jobmotor f\u00fcr die Region<\/strong> erwiesen. Allein in den letzten zwei Jahren wurden etwa <strong>400 neue Arbeitspl\u00e4tze<\/strong> geschaffen, sodass derzeit insgesamt rund 1.200 Menschen im GVZ besch\u00e4ftigt sind. Diese Besch\u00e4ftigungsintensit\u00e4t ist besonders bemerkenswert, da Logistikansiedlungen oft mit einem hohen Fl\u00e4chenverbrauch einhergehen.<\/p>\n<p>Die Ansiedlung von Unternehmen im GVZ Kassel profitiert zudem von der N\u00e4he zu anderen Wirtschaftszweigen im benachbarten Industriepark Kassel, was <strong>vielf\u00e4ltige Kooperationsm\u00f6glichkeiten<\/strong> er\u00f6ffnet. Die unmittelbare Erreichbarkeit des Standorts, erg\u00e4nzt durch die N\u00e4he zum Flughafen Kassel-Calden und dem ICE-Bahnhof Kassel-Wilhelmsh\u00f6he, gew\u00e4hrleistet kurze Transportzeiten und eine hohe Effizienz. <strong>Alle Ziele in Deutschland sind von hier aus \u201eovernight\u201c erreichbar<\/strong>.<\/p>\t\t\t\t\t\t\t\t<\/div>\n\t\t\t\t<\/div>\n\t\t\t\t<\/div>\n\t\t\t\t\t<\/details>\n\t\t\t\t\t\t<details id=\"e-n-accordion-item-1681\" class=\"e-n-accordion-item\" >\n\t\t\t\t<summary class=\"e-n-accordion-item-title\" data-accordion-index=\"2\" tabindex=\"-1\" aria-expanded=\"false\" aria-controls=\"e-n-accordion-item-1681\" >\n\t\t\t\t\t<span class='e-n-accordion-item-title-header'><div class=\"e-n-accordion-item-title-text\"> Containerterminal des G\u00fcterverkehrszentrums <\/div><\/span>\n\t\t\t\t\t\t\t<span class='e-n-accordion-item-title-icon'>\n\t\t\t<span class='e-opened' ><svg aria-hidden=\"true\" class=\"e-font-icon-svg e-fas-minus\" viewBox=\"0 0 448 512\" xmlns=\"http:\/\/www.w3.org\/2000\/svg\"><path d=\"M416 208H32c-17.67 0-32 14.33-32 32v32c0 17.67 14.33 32 32 32h384c17.67 0 32-14.33 32-32v-32c0-17.67-14.33-32-32-32z\"><\/path><\/svg><\/span>\n\t\t\t<span class='e-closed'><svg aria-hidden=\"true\" class=\"e-font-icon-svg e-fas-plus\" viewBox=\"0 0 448 512\" xmlns=\"http:\/\/www.w3.org\/2000\/svg\"><path d=\"M416 208H272V64c0-17.67-14.33-32-32-32h-32c-17.67 0-32 14.33-32 32v144H32c-17.67 0-32 14.33-32 32v32c0 17.67 14.33 32 32 32h144v144c0 17.67 14.33 32 32 32h32c17.67 0 32-14.33 32-32V304h144c17.67 0 32-14.33 32-32v-32c0-17.67-14.33-32-32-32z\"><\/path><\/svg><\/span>\n\t\t<\/span>\n\n\t\t\t\t\t\t<\/summary>\n\t\t\t\t<div role=\"region\" aria-labelledby=\"e-n-accordion-item-1681\" class=\"elementor-element elementor-element-d06c8b3 e-con-full e-flex e-con e-child\" data-id=\"d06c8b3\" data-element_type=\"container\" data-e-type=\"container\">\n\t\t\t\t<div class=\"elementor-element elementor-element-b2310e3 elementor-widget elementor-widget-wfg-text-editor\" data-id=\"b2310e3\" data-element_type=\"widget\" data-e-type=\"widget\" data-widget_type=\"wfg-text-editor.default\">\n\t\t\t\t<div class=\"elementor-widget-container\">\n\t\t\t\t\t\t\t\t\t<p>Eine wichtige Rolle spielt der Umschlagbahnhof, der von der eigens gegr\u00fcndeten <strong>GVZ-Projektgesellschaft<\/strong> betrieben wird. Diese Gesellschaft besteht zu 50 % aus der Wirtschaftsf\u00f6rderung Region Kassel (WFG) sowie zu jeweils 25 % aus den Gemeinden Lohfelden und Fuldabr\u00fcck. Ab 2024 \u00fcbernimmt die DB Intermodal Services GmbH den Betrieb des Containerterminals am Standort in Kassel.<\/p>\t\t\t\t\t\t\t\t<\/div>\n\t\t\t\t<\/div>\n\t\t\t\t<\/div>\n\t\t\t\t\t<\/details>\n\t\t\t\t\t\t<details id=\"e-n-accordion-item-1682\" class=\"e-n-accordion-item\" >\n\t\t\t\t<summary class=\"e-n-accordion-item-title\" data-accordion-index=\"3\" tabindex=\"-1\" aria-expanded=\"false\" aria-controls=\"e-n-accordion-item-1682\" >\n\t\t\t\t\t<span class='e-n-accordion-item-title-header'><div class=\"e-n-accordion-item-title-text\"> Betrieb Stammgleisinfrastruktur <\/div><\/span>\n\t\t\t\t\t\t\t<span class='e-n-accordion-item-title-icon'>\n\t\t\t<span class='e-opened' ><svg aria-hidden=\"true\" class=\"e-font-icon-svg e-fas-minus\" viewBox=\"0 0 448 512\" xmlns=\"http:\/\/www.w3.org\/2000\/svg\"><path d=\"M416 208H32c-17.67 0-32 14.33-32 32v32c0 17.67 14.33 32 32 32h384c17.67 0 32-14.33 32-32v-32c0-17.67-14.33-32-32-32z\"><\/path><\/svg><\/span>\n\t\t\t<span class='e-closed'><svg aria-hidden=\"true\" class=\"e-font-icon-svg e-fas-plus\" viewBox=\"0 0 448 512\" xmlns=\"http:\/\/www.w3.org\/2000\/svg\"><path d=\"M416 208H272V64c0-17.67-14.33-32-32-32h-32c-17.67 0-32 14.33-32 32v144H32c-17.67 0-32 14.33-32 32v32c0 17.67 14.33 32 32 32h144v144c0 17.67 14.33 32 32 32h32c17.67 0 32-14.33 32-32V304h144c17.67 0 32-14.33 32-32v-32c0-17.67-14.33-32-32-32z\"><\/path><\/svg><\/span>\n\t\t<\/span>\n\n\t\t\t\t\t\t<\/summary>\n\t\t\t\t<div role=\"region\" aria-labelledby=\"e-n-accordion-item-1682\" class=\"elementor-element elementor-element-c37f71f e-con-full e-flex e-con e-child\" data-id=\"c37f71f\" data-element_type=\"container\" data-e-type=\"container\">\n\t\t\t\t<div class=\"elementor-element elementor-element-ab6c290 elementor-widget elementor-widget-wfg-text-editor\" data-id=\"ab6c290\" data-element_type=\"widget\" data-e-type=\"widget\" data-widget_type=\"wfg-text-editor.default\">\n\t\t\t\t<div class=\"elementor-widget-container\">\n\t\t\t\t\t\t\t\t\t<p>Vor und nach der \u00dcbergabe des Containerterminals durch die GVZ-P an die DB Intermodal Services GmbH, verbleiben in der Verwaltung beziehungsweise im Management der GVZ-P und somit der Wirtschaftsf\u00f6rderung Region Kassel <strong>rund 10 km zusammenh\u00e4ngende Stammgleise<\/strong>.<\/p>\t\t\t\t\t\t\t\t<\/div>\n\t\t\t\t<\/div>\n\t\t\t\t<\/div>\n\t\t\t\t\t<\/details>\n\t\t\t\t\t<\/div>\n\t\t\t\t\t\t<\/div>\n\t\t\t\t<\/div>\n\t\t\t\t\t<\/div>\n\t\t\t\t<\/div>\n\t\t<div class=\"elementor-element elementor-element-f26c077 e-flex e-con-boxed e-con e-parent\" data-id=\"f26c077\" data-element_type=\"container\" data-e-type=\"container\">\n\t\t\t\t\t<div class=\"e-con-inner\">\n\t\t\t\t<div class=\"elementor-element elementor-element-d0dca23 elementor-widget elementor-widget-wfg-horizontal-line\" data-id=\"d0dca23\" data-element_type=\"widget\" data-e-type=\"widget\" data-widget_type=\"wfg-horizontal-line.default\">\n\t\t\t\t<div class=\"elementor-widget-container\">\n\t\t\t\t\t<hr class=\"h-1.5 sm:h-2 md:h-3 rounded-full !bg-primary !mx-auto w-[130px] sm:w-[160px] md:w-[180px] lg:w-[220px] xl:w-[240px]\">\n\n\t\t\t\t<\/div>\n\t\t\t\t<\/div>\n\t\t\t\t\t<\/div>\n\t\t\t\t<\/div>\n\t\t<div class=\"elementor-element elementor-element-ef7e665 e-flex e-con-boxed e-con e-parent\" data-id=\"ef7e665\" data-element_type=\"container\" data-e-type=\"container\">\n\t\t\t\t\t<div class=\"e-con-inner\">\n\t\t\t\t<div class=\"elementor-element elementor-element-8f35099 elementor-widget elementor-widget-wfg-text-editor\" data-id=\"8f35099\" data-element_type=\"widget\" data-e-type=\"widget\" data-widget_type=\"wfg-text-editor.default\">\n\t\t\t\t<div class=\"elementor-widget-container\">\n\t\t\t\t\t\t\t\t\t<h2>Nehmen Sie Kontakt zu uns auf!<\/h2>\t\t\t\t\t\t\t\t<\/div>\n\t\t\t\t<\/div>\n\t\t\t\t\t<\/div>\n\t\t\t\t<\/div>\n\t\t<div class=\"elementor-element elementor-element-4684fb7a e-flex e-con-boxed e-con e-parent\" data-id=\"4684fb7a\" data-element_type=\"container\" data-e-type=\"container\">\n\t\t\t\t\t<div class=\"e-con-inner\">\n\t\t<div class=\"elementor-element elementor-element-22e49993 e-con-full e-flex e-con e-child\" data-id=\"22e49993\" data-element_type=\"container\" data-e-type=\"container\">\n\t\t\t\t<div class=\"elementor-element elementor-element-ec08380 elementor-widget elementor-widget-wfg-contact-box\" data-id=\"ec08380\" data-element_type=\"widget\" data-e-type=\"widget\" data-widget_type=\"wfg-contact-box.default\">\n\t\t\t\t<div class=\"elementor-widget-container\">\n\t\t\t\t\t<div data-contact-box class=\"\">\n          <div class=\"max-w-[356px]\">\n      <div class=\"relative max-w-full rounded-widget overflow-hidden\">\n        <img decoding=\"async\" class=\"!h-[359px] object-cover\" style=\"overflow-clip-margin:unset;\" src=\"https:\/\/wfg-kassel.de\/wp-content\/uploads\/2025\/01\/portrait-christian-strube-2023.webp\" alt=\"Portraitfoto von Christian Strube\">\n      <\/div>\n      <h3 class=\"mt-4 sm:mt-6 lg:mt-8 text-lg sm:text-xl lg:text-2xl text-primary\">Your contact person<\/h3>\n      <p>\n        Christian Strube<br\/>\n        <a href=\"tel:0561 70733-80\" class=\"text-primary !underline hover:text-accent\">0561 70733-80<\/a><br\/>\n        <a href=\"mailto:strube@wfg-kassel.de\" class=\"text-primary !underline hover:text-accent\">strube@wfg-kassel.de<\/a>\n      <\/p>\n    <\/div>\n      <\/div>\n\t\t\t\t<\/div>\n\t\t\t\t<\/div>\n\t\t\t\t<\/div>\n\t\t<div class=\"elementor-element elementor-element-41209f46 e-con-full e-flex e-con e-child\" data-id=\"41209f46\" data-element_type=\"container\" data-e-type=\"container\">\n\t\t\t\t<div class=\"elementor-element elementor-element-0b022b3 elementor-button-align-start wfg-form elementor-widget elementor-widget-form\" data-id=\"0b022b3\" data-element_type=\"widget\" data-e-type=\"widget\" data-settings=\"{&quot;step_next_label&quot;:&quot;N\\u00e4chster&quot;,&quot;step_previous_label&quot;:&quot;Voriger&quot;,&quot;step_type&quot;:&quot;number_text&quot;,&quot;step_icon_shape&quot;:&quot;circle&quot;}\" data-widget_type=\"form.default\">\n\t\t\t\t<div class=\"elementor-widget-container\">\n\t\t\t\t\t\t\t<form class=\"elementor-form\" method=\"post\" name=\"Neues Formular\" aria-label=\"Neues Formular\">\n\t\t\t<input type=\"hidden\" name=\"post_id\" value=\"1430\"\/>\n\t\t\t<input type=\"hidden\" name=\"form_id\" value=\"0b022b3\"\/>\n\t\t\t<input type=\"hidden\" name=\"referer_title\" value=\"Wirtschaftsf\u00f6rderung Region Kassel\" \/>\n\n\t\t\t\n\t\t\t<div class=\"elementor-form-fields-wrapper elementor-labels-\">\n\t\t\t\t\t\t\t\t<div class=\"elementor-field-type-text elementor-field-group elementor-column elementor-field-group-field_b8ac164 elementor-col-50 elementor-field-required\">\n\t\t\t\t\t\t\t\t\t\t\t\t<label for=\"form-field-field_b8ac164\" class=\"elementor-field-label elementor-screen-only\">\n\t\t\t\t\t\t\t\tVorname\t\t\t\t\t\t\t<\/label>\n\t\t\t\t\t\t\t\t\t\t\t\t\t\t<input size=\"1\" type=\"text\" name=\"form_fields[field_b8ac164]\" id=\"form-field-field_b8ac164\" class=\"elementor-field elementor-size-md  elementor-field-textual\" placeholder=\"Vorname\" required=\"required\">\n\t\t\t\t\t\t\t\t\t\t\t<\/div>\n\t\t\t\t\t\t\t\t<div class=\"elementor-field-type-text elementor-field-group elementor-column elementor-field-group-field_cc4b8af elementor-col-50 elementor-field-required\">\n\t\t\t\t\t\t\t\t\t\t\t\t<label for=\"form-field-field_cc4b8af\" class=\"elementor-field-label elementor-screen-only\">\n\t\t\t\t\t\t\t\tNachname\t\t\t\t\t\t\t<\/label>\n\t\t\t\t\t\t\t\t\t\t\t\t\t\t<input size=\"1\" type=\"text\" name=\"form_fields[field_cc4b8af]\" id=\"form-field-field_cc4b8af\" class=\"elementor-field elementor-size-md  elementor-field-textual\" placeholder=\"Nachname\" required=\"required\">\n\t\t\t\t\t\t\t\t\t\t\t<\/div>\n\t\t\t\t\t\t\t\t<div class=\"elementor-field-type-text elementor-field-group elementor-column elementor-field-group-field_3b8bd51 elementor-col-100 elementor-field-required\">\n\t\t\t\t\t\t\t\t\t\t\t\t<label for=\"form-field-field_3b8bd51\" class=\"elementor-field-label elementor-screen-only\">\n\t\t\t\t\t\t\t\tOrganisation\t\t\t\t\t\t\t<\/label>\n\t\t\t\t\t\t\t\t\t\t\t\t\t\t<input size=\"1\" type=\"text\" name=\"form_fields[field_3b8bd51]\" id=\"form-field-field_3b8bd51\" class=\"elementor-field elementor-size-md  elementor-field-textual\" placeholder=\"Organisation\" required=\"required\">\n\t\t\t\t\t\t\t\t\t\t\t<\/div>\n\t\t\t\t\t\t\t\t<div class=\"elementor-field-type-email elementor-field-group elementor-column elementor-field-group-email elementor-col-50 elementor-field-required\">\n\t\t\t\t\t\t\t\t\t\t\t\t<label for=\"form-field-email\" class=\"elementor-field-label elementor-screen-only\">\n\t\t\t\t\t\t\t\tE-Mail\t\t\t\t\t\t\t<\/label>\n\t\t\t\t\t\t\t\t\t\t\t\t\t\t<input size=\"1\" type=\"email\" name=\"form_fields[email]\" id=\"form-field-email\" class=\"elementor-field elementor-size-md  elementor-field-textual\" placeholder=\"E-Mail\" required=\"required\">\n\t\t\t\t\t\t\t\t\t\t\t<\/div>\n\t\t\t\t\t\t\t\t<div class=\"elementor-field-type-tel elementor-field-group elementor-column elementor-field-group-message elementor-col-50\">\n\t\t\t\t\t\t\t\t\t\t\t\t<label for=\"form-field-message\" class=\"elementor-field-label elementor-screen-only\">\n\t\t\t\t\t\t\t\tTelefon (optional)\t\t\t\t\t\t\t<\/label>\n\t\t\t\t\t\t\t\t<input size=\"1\" type=\"tel\" name=\"form_fields[message]\" id=\"form-field-message\" class=\"elementor-field elementor-size-md  elementor-field-textual\" placeholder=\"Telefon (optional)\" pattern=\"[0-9()#&amp;+*-=.]+\" title=\"Only numbers and phone characters (#, -, *, etc) are accepted.\">\n\n\t\t\t\t\t\t<\/div>\n\t\t\t\t\t\t\t\t<div class=\"elementor-field-type-textarea elementor-field-group elementor-column elementor-field-group-field_8215b10 elementor-col-100 elementor-field-required\">\n\t\t\t\t\t\t\t\t\t\t\t\t<label for=\"form-field-field_8215b10\" class=\"elementor-field-label elementor-screen-only\">\n\t\t\t\t\t\t\t\tIhre Anfrage\t\t\t\t\t\t\t<\/label>\n\t\t\t\t\t\t<textarea class=\"elementor-field-textual elementor-field  elementor-size-md\" name=\"form_fields[field_8215b10]\" id=\"form-field-field_8215b10\" rows=\"4\" placeholder=\"Beschreiben Sie Ihr Anliegen\" required=\"required\"><\/textarea>\t\t\t\t<\/div>\n\t\t\t\t\t\t\t\t<div class=\"elementor-field-type-html elementor-field-group elementor-column elementor-field-group-field_1082c9b elementor-col-100\">\n\t\t\t\t\t<span style=\"font-family: 'Anek Latin', sans-serif;\">Informationen zum Umgang mit Ihren Daten finden Sie in unserer <a href=\"\/datenschutz\" style=\"color: #1f3b7c; text-decoration: underline;\">Datenschutzinformation<\/a>.<\/span>\t\t\t\t<\/div>\n\t\t\t\t\t\t\t\t<div class=\"elementor-field-group elementor-column elementor-field-type-submit elementor-col-100 e-form__buttons\">\n\t\t\t\t\t<button class=\"elementor-button elementor-size-sm\" type=\"submit\">\n\t\t\t\t\t\t<span class=\"elementor-button-content-wrapper\">\n\t\t\t\t\t\t\t\t\t\t\t\t\t\t\t\t\t\t\t\t\t\t<span class=\"elementor-button-text\">Absenden<\/span>\n\t\t\t\t\t\t\t\t\t\t\t\t\t<\/span>\n\t\t\t\t\t<\/button>\n\t\t\t\t<\/div>\n\t\t\t<\/div>\n\t\t<\/form>\n\t\t\t\t\t\t<\/div>\n\t\t\t\t<\/div>\n\t\t\t\t<\/div>\n\t\t\t\t\t<\/div>\n\t\t\t\t<\/div>\n\t\t\t\t<\/div>\n\t\t","protected":false},"excerpt":{"rendered":"<p>\u00a9 Wirtschaftsf\u00f6rderung Region Kassel G\u00fcterverkehrs\u00adzentrum Kassel (GVZ) Das G\u00fcterverkehrszentrum (GVZ) Kassel bildet einen zentralen Bestandteil der wirtschaftlichen Infrastruktur Nordhessens und ist ein herausragendes Beispiel f\u00fcr die erfolgreiche Verkn\u00fcpfung von Logistik und industrieller Entwicklung. Es erg\u00e4nzt die gr\u00f6\u00dfte zusammenh\u00e4ngende Industrie- und Gewerbefl\u00e4che der Region und liegt im strategisch wichtigen Dreieck der Autobahnen A44, A49 und A7. [&hellip;]<\/p>\n","protected":false},"author":3,"featured_media":0,"parent":1428,"menu_order":0,"comment_status":"closed","ping_status":"closed","template":"","meta":{"_acf_changed":false,"footnotes":""},"class_list":["post-1430","page","type-page","status-publish","hentry"],"acf":[],"yoast_head":"<!-- This site is optimized with the Yoast SEO plugin v27.5 - https:\/\/yoast.com\/product\/yoast-seo-wordpress\/ -->\n<title>G\u00fcterverkehrszentrum Kassel<\/title>\n<meta name=\"robots\" content=\"index, follow, max-snippet:-1, max-image-preview:large, max-video-preview:-1\" \/>\n<link rel=\"canonical\" href=\"https:\/\/wfg-kassel.de\/en\/commercial-areas\/kassel-industrial-park\/freight-village\/\" \/>\n<meta property=\"og:locale\" content=\"en_US\" \/>\n<meta property=\"og:type\" content=\"article\" \/>\n<meta property=\"og:title\" content=\"G\u00fcterverkehrszentrum Kassel\" \/>\n<meta property=\"og:description\" content=\"\u00a9 Wirtschaftsf\u00f6rderung Region Kassel G\u00fcterverkehrs\u00adzentrum Kassel (GVZ) Das G\u00fcterverkehrszentrum (GVZ) Kassel bildet einen zentralen Bestandteil der wirtschaftlichen Infrastruktur Nordhessens und ist ein herausragendes Beispiel f\u00fcr die erfolgreiche Verkn\u00fcpfung von Logistik und industrieller Entwicklung. Es erg\u00e4nzt die gr\u00f6\u00dfte zusammenh\u00e4ngende Industrie- und Gewerbefl\u00e4che der Region und liegt im strategisch wichtigen Dreieck der Autobahnen A44, A49 und A7. [&hellip;]\" \/>\n<meta property=\"og:url\" content=\"https:\/\/wfg-kassel.de\/en\/commercial-areas\/kassel-industrial-park\/freight-village\/\" \/>\n<meta property=\"og:site_name\" content=\"Wirtschaftsf\u00f6rderung Region Kassel\" \/>\n<meta property=\"article:modified_time\" content=\"2025-09-03T14:13:53+00:00\" \/>\n<meta property=\"og:image\" content=\"https:\/\/wfg-kassel.de\/wp-content\/uploads\/2025\/01\/mobiler-kranwagen-gueterverkehrszentrum-kassel.webp\" \/>\n<meta name=\"twitter:card\" content=\"summary_large_image\" \/>\n<meta name=\"twitter:label1\" content=\"Est. reading time\" \/>\n\t<meta name=\"twitter:data1\" content=\"6 minutes\" \/>\n<script type=\"application\/ld+json\" class=\"yoast-schema-graph\">{\"@context\":\"https:\\\/\\\/schema.org\",\"@graph\":[{\"@type\":\"WebPage\",\"@id\":\"https:\\\/\\\/wfg-kassel.de\\\/gewerbestandorte\\\/industriepark-kassel\\\/gueterverkehrszentrum\\\/\",\"url\":\"https:\\\/\\\/wfg-kassel.de\\\/gewerbestandorte\\\/industriepark-kassel\\\/gueterverkehrszentrum\\\/\",\"name\":\"G\u00fcterverkehrszentrum Kassel\",\"isPartOf\":{\"@id\":\"https:\\\/\\\/wfg-kassel.de\\\/#website\"},\"primaryImageOfPage\":{\"@id\":\"https:\\\/\\\/wfg-kassel.de\\\/gewerbestandorte\\\/industriepark-kassel\\\/gueterverkehrszentrum\\\/#primaryimage\"},\"image\":{\"@id\":\"https:\\\/\\\/wfg-kassel.de\\\/gewerbestandorte\\\/industriepark-kassel\\\/gueterverkehrszentrum\\\/#primaryimage\"},\"thumbnailUrl\":\"https:\\\/\\\/wfg-kassel.de\\\/wp-content\\\/uploads\\\/2025\\\/01\\\/mobiler-kranwagen-gueterverkehrszentrum-kassel.webp\",\"datePublished\":\"2024-05-16T13:55:56+00:00\",\"dateModified\":\"2025-09-03T14:13:53+00:00\",\"breadcrumb\":{\"@id\":\"https:\\\/\\\/wfg-kassel.de\\\/gewerbestandorte\\\/industriepark-kassel\\\/gueterverkehrszentrum\\\/#breadcrumb\"},\"inLanguage\":\"en-US\",\"potentialAction\":[{\"@type\":\"ReadAction\",\"target\":[\"https:\\\/\\\/wfg-kassel.de\\\/gewerbestandorte\\\/industriepark-kassel\\\/gueterverkehrszentrum\\\/\"]}]},{\"@type\":\"ImageObject\",\"inLanguage\":\"en-US\",\"@id\":\"https:\\\/\\\/wfg-kassel.de\\\/gewerbestandorte\\\/industriepark-kassel\\\/gueterverkehrszentrum\\\/#primaryimage\",\"url\":\"https:\\\/\\\/wfg-kassel.de\\\/wp-content\\\/uploads\\\/2025\\\/01\\\/mobiler-kranwagen-gueterverkehrszentrum-kassel.webp\",\"contentUrl\":\"https:\\\/\\\/wfg-kassel.de\\\/wp-content\\\/uploads\\\/2025\\\/01\\\/mobiler-kranwagen-gueterverkehrszentrum-kassel.webp\"},{\"@type\":\"BreadcrumbList\",\"@id\":\"https:\\\/\\\/wfg-kassel.de\\\/gewerbestandorte\\\/industriepark-kassel\\\/gueterverkehrszentrum\\\/#breadcrumb\",\"itemListElement\":[{\"@type\":\"ListItem\",\"position\":1,\"name\":\"Startseite\",\"item\":\"https:\\\/\\\/wfg-kassel.de\\\/\"},{\"@type\":\"ListItem\",\"position\":2,\"name\":\"Gewerbestandorte\",\"item\":\"https:\\\/\\\/wfg-kassel.de\\\/gewerbestandorte\\\/\"},{\"@type\":\"ListItem\",\"position\":3,\"name\":\"Industriepark Kassel\",\"item\":\"https:\\\/\\\/wfg-kassel.de\\\/gewerbestandorte\\\/industriepark-kassel\\\/\"},{\"@type\":\"ListItem\",\"position\":4,\"name\":\"G\u00fcterverkehrszentrum Kassel\"}]},{\"@type\":\"WebSite\",\"@id\":\"https:\\\/\\\/wfg-kassel.de\\\/#website\",\"url\":\"https:\\\/\\\/wfg-kassel.de\\\/\",\"name\":\"Wirtschaftsf\u00f6rderung Region Kassel\",\"description\":\"\",\"publisher\":{\"@id\":\"https:\\\/\\\/wfg-kassel.de\\\/#organization\"},\"potentialAction\":[{\"@type\":\"SearchAction\",\"target\":{\"@type\":\"EntryPoint\",\"urlTemplate\":\"https:\\\/\\\/wfg-kassel.de\\\/?s={search_term_string}\"},\"query-input\":{\"@type\":\"PropertyValueSpecification\",\"valueRequired\":true,\"valueName\":\"search_term_string\"}}],\"inLanguage\":\"en-US\"},{\"@type\":\"Organization\",\"@id\":\"https:\\\/\\\/wfg-kassel.de\\\/#organization\",\"name\":\"Wirtschaftsf\u00f6rderung Region Kassel\",\"url\":\"https:\\\/\\\/wfg-kassel.de\\\/\",\"logo\":{\"@type\":\"ImageObject\",\"inLanguage\":\"en-US\",\"@id\":\"https:\\\/\\\/wfg-kassel.de\\\/#\\\/schema\\\/logo\\\/image\\\/\",\"url\":\"https:\\\/\\\/wfg-kassel.de\\\/wp-content\\\/uploads\\\/2024\\\/02\\\/logo_wfg.svg\",\"contentUrl\":\"https:\\\/\\\/wfg-kassel.de\\\/wp-content\\\/uploads\\\/2024\\\/02\\\/logo_wfg.svg\",\"width\":339,\"height\":90,\"caption\":\"Wirtschaftsf\u00f6rderung Region Kassel\"},\"image\":{\"@id\":\"https:\\\/\\\/wfg-kassel.de\\\/#\\\/schema\\\/logo\\\/image\\\/\"}}]}<\/script>\n<!-- \/ Yoast SEO plugin. -->","yoast_head_json":{"title":"Freight center Kassel","robots":{"index":"index","follow":"follow","max-snippet":"max-snippet:-1","max-image-preview":"max-image-preview:large","max-video-preview":"max-video-preview:-1"},"canonical":"https:\/\/wfg-kassel.de\/en\/commercial-areas\/kassel-industrial-park\/freight-village\/","og_locale":"en_US","og_type":"article","og_title":"G\u00fcterverkehrszentrum Kassel","og_description":"\u00a9 Wirtschaftsf\u00f6rderung Region Kassel G\u00fcterverkehrs\u00adzentrum Kassel (GVZ) Das G\u00fcterverkehrszentrum (GVZ) Kassel bildet einen zentralen Bestandteil der wirtschaftlichen Infrastruktur Nordhessens und ist ein herausragendes Beispiel f\u00fcr die erfolgreiche Verkn\u00fcpfung von Logistik und industrieller Entwicklung. Es erg\u00e4nzt die gr\u00f6\u00dfte zusammenh\u00e4ngende Industrie- und Gewerbefl\u00e4che der Region und liegt im strategisch wichtigen Dreieck der Autobahnen A44, A49 und A7. [&hellip;]","og_url":"https:\/\/wfg-kassel.de\/en\/commercial-areas\/kassel-industrial-park\/freight-village\/","og_site_name":"Wirtschaftsf\u00f6rderung Region Kassel","article_modified_time":"2025-09-03T14:13:53+00:00","og_image":[{"url":"https:\/\/wfg-kassel.de\/wp-content\/uploads\/2025\/01\/mobiler-kranwagen-gueterverkehrszentrum-kassel.webp","type":"","width":"","height":""}],"twitter_card":"summary_large_image","twitter_misc":{"Est. reading time":"6 minutes"},"schema":{"@context":"https:\/\/schema.org","@graph":[{"@type":"WebPage","@id":"https:\/\/wfg-kassel.de\/gewerbestandorte\/industriepark-kassel\/gueterverkehrszentrum\/","url":"https:\/\/wfg-kassel.de\/gewerbestandorte\/industriepark-kassel\/gueterverkehrszentrum\/","name":"Freight center Kassel","isPartOf":{"@id":"https:\/\/wfg-kassel.de\/#website"},"primaryImageOfPage":{"@id":"https:\/\/wfg-kassel.de\/gewerbestandorte\/industriepark-kassel\/gueterverkehrszentrum\/#primaryimage"},"image":{"@id":"https:\/\/wfg-kassel.de\/gewerbestandorte\/industriepark-kassel\/gueterverkehrszentrum\/#primaryimage"},"thumbnailUrl":"https:\/\/wfg-kassel.de\/wp-content\/uploads\/2025\/01\/mobiler-kranwagen-gueterverkehrszentrum-kassel.webp","datePublished":"2024-05-16T13:55:56+00:00","dateModified":"2025-09-03T14:13:53+00:00","breadcrumb":{"@id":"https:\/\/wfg-kassel.de\/gewerbestandorte\/industriepark-kassel\/gueterverkehrszentrum\/#breadcrumb"},"inLanguage":"en-US","potentialAction":[{"@type":"ReadAction","target":["https:\/\/wfg-kassel.de\/gewerbestandorte\/industriepark-kassel\/gueterverkehrszentrum\/"]}]},{"@type":"ImageObject","inLanguage":"en-US","@id":"https:\/\/wfg-kassel.de\/gewerbestandorte\/industriepark-kassel\/gueterverkehrszentrum\/#primaryimage","url":"https:\/\/wfg-kassel.de\/wp-content\/uploads\/2025\/01\/mobiler-kranwagen-gueterverkehrszentrum-kassel.webp","contentUrl":"https:\/\/wfg-kassel.de\/wp-content\/uploads\/2025\/01\/mobiler-kranwagen-gueterverkehrszentrum-kassel.webp"},{"@type":"BreadcrumbList","@id":"https:\/\/wfg-kassel.de\/gewerbestandorte\/industriepark-kassel\/gueterverkehrszentrum\/#breadcrumb","itemListElement":[{"@type":"ListItem","position":1,"name":"Startseite","item":"https:\/\/wfg-kassel.de\/"},{"@type":"ListItem","position":2,"name":"Gewerbestandorte","item":"https:\/\/wfg-kassel.de\/gewerbestandorte\/"},{"@type":"ListItem","position":3,"name":"Industriepark Kassel","item":"https:\/\/wfg-kassel.de\/gewerbestandorte\/industriepark-kassel\/"},{"@type":"ListItem","position":4,"name":"G\u00fcterverkehrszentrum Kassel"}]},{"@type":"WebSite","@id":"https:\/\/wfg-kassel.de\/#website","url":"https:\/\/wfg-kassel.de\/","name":"Wirtschaftsf\u00f6rderung Region Kassel","description":"","publisher":{"@id":"https:\/\/wfg-kassel.de\/#organization"},"potentialAction":[{"@type":"SearchAction","target":{"@type":"EntryPoint","urlTemplate":"https:\/\/wfg-kassel.de\/?s={search_term_string}"},"query-input":{"@type":"PropertyValueSpecification","valueRequired":true,"valueName":"search_term_string"}}],"inLanguage":"en-US"},{"@type":"Organization","@id":"https:\/\/wfg-kassel.de\/#organization","name":"Wirtschaftsf\u00f6rderung Region Kassel","url":"https:\/\/wfg-kassel.de\/","logo":{"@type":"ImageObject","inLanguage":"en-US","@id":"https:\/\/wfg-kassel.de\/#\/schema\/logo\/image\/","url":"https:\/\/wfg-kassel.de\/wp-content\/uploads\/2024\/02\/logo_wfg.svg","contentUrl":"https:\/\/wfg-kassel.de\/wp-content\/uploads\/2024\/02\/logo_wfg.svg","width":339,"height":90,"caption":"Wirtschaftsf\u00f6rderung Region Kassel"},"image":{"@id":"https:\/\/wfg-kassel.de\/#\/schema\/logo\/image\/"}}]}},"_links":{"self":[{"href":"https:\/\/wfg-kassel.de\/en\/wp-json\/wp\/v2\/pages\/1430","targetHints":{"allow":["GET"]}}],"collection":[{"href":"https:\/\/wfg-kassel.de\/en\/wp-json\/wp\/v2\/pages"}],"about":[{"href":"https:\/\/wfg-kassel.de\/en\/wp-json\/wp\/v2\/types\/page"}],"author":[{"embeddable":true,"href":"https:\/\/wfg-kassel.de\/en\/wp-json\/wp\/v2\/users\/3"}],"replies":[{"embeddable":true,"href":"https:\/\/wfg-kassel.de\/en\/wp-json\/wp\/v2\/comments?post=1430"}],"version-history":[{"count":5,"href":"https:\/\/wfg-kassel.de\/en\/wp-json\/wp\/v2\/pages\/1430\/revisions"}],"predecessor-version":[{"id":10041,"href":"https:\/\/wfg-kassel.de\/en\/wp-json\/wp\/v2\/pages\/1430\/revisions\/10041"}],"up":[{"embeddable":true,"href":"https:\/\/wfg-kassel.de\/en\/wp-json\/wp\/v2\/pages\/1428"}],"wp:attachment":[{"href":"https:\/\/wfg-kassel.de\/en\/wp-json\/wp\/v2\/media?parent=1430"}],"curies":[{"name":"wp","href":"https:\/\/api.w.org\/{rel}","templated":true}]}}