{"id":1442,"date":"2024-05-16T16:59:15","date_gmt":"2024-05-16T14:59:15","guid":{"rendered":"https:\/\/wfg.rosys.dev\/?page_id=1442"},"modified":"2025-12-17T14:27:13","modified_gmt":"2025-12-17T13:27:13","slug":"kassel-niederzwehren","status":"publish","type":"page","link":"https:\/\/wfg-kassel.de\/en\/gewerbestandorte\/industriepark-kassel\/niederzwehren\/","title":{"rendered":"Industrial park - Kassel-Niederzwehren"},"content":{"rendered":"\t\t<div data-elementor-type=\"wp-page\" data-elementor-id=\"1442\" class=\"elementor elementor-1442\" data-elementor-post-type=\"page\">\n\t\t\t\t<div class=\"elementor-element elementor-element-db8d666 e-con-full e-flex e-con e-parent\" data-id=\"db8d666\" data-element_type=\"container\" data-e-type=\"container\">\n\t\t<div class=\"elementor-element elementor-element-17690d97 e-con-full e-flex e-con e-child\" data-id=\"17690d97\" data-element_type=\"container\" data-e-type=\"container\">\n\t\t\t\t<div class=\"elementor-element elementor-element-29daa203 elementor-widget elementor-widget-wfg-header-banner\" data-id=\"29daa203\" data-element_type=\"widget\" data-e-type=\"widget\" data-widget_type=\"wfg-header-banner.default\">\n\t\t\t\t<div class=\"elementor-widget-container\">\n\t\t\t\t\t<div class=\"header-banner flex flex-col md:flex-row\">\n  <div class=\"md:w-1\/2\">\n    \n\n<figure class=\"wp-caption \" data-image>\n      <div class=\"relative  \">\n      <img fetchpriority=\"high\" decoding=\"async\" width=\"2000\" height=\"1334\" src=\"https:\/\/wfg-kassel.de\/wp-content\/uploads\/2025\/01\/luftaufnahme-gewerbegebiet-kassel-niederzwehren-seitlich-2024.webp\" class=\"!w-full !object-cover !max-h-[475px] aspect-video\" alt=\"Luftaufnahme Gewerbegebiet entsteht auf Feldern\" srcset=\"https:\/\/wfg-kassel.de\/wp-content\/uploads\/2025\/01\/luftaufnahme-gewerbegebiet-kassel-niederzwehren-seitlich-2024.webp 2000w, https:\/\/wfg-kassel.de\/wp-content\/uploads\/2025\/01\/luftaufnahme-gewerbegebiet-kassel-niederzwehren-seitlich-2024-300x200.webp 300w, https:\/\/wfg-kassel.de\/wp-content\/uploads\/2025\/01\/luftaufnahme-gewerbegebiet-kassel-niederzwehren-seitlich-2024-1024x683.webp 1024w, https:\/\/wfg-kassel.de\/wp-content\/uploads\/2025\/01\/luftaufnahme-gewerbegebiet-kassel-niederzwehren-seitlich-2024-768x512.webp 768w, https:\/\/wfg-kassel.de\/wp-content\/uploads\/2025\/01\/luftaufnahme-gewerbegebiet-kassel-niederzwehren-seitlich-2024-1536x1025.webp 1536w, https:\/\/wfg-kassel.de\/wp-content\/uploads\/2025\/01\/luftaufnahme-gewerbegebiet-kassel-niederzwehren-seitlich-2024-18x12.webp 18w\" sizes=\"(max-width: 2000px) 100vw, 2000px\" \/>\n            <div class=\"copyright-hint absolute bottom-0 right-0 z-10 flex items-center gap-1.5 px-2.5 py-1.5 bg-[#F0F0F0] rounded-tl-widget max-w-9 overflow-hidden whitespace-nowrap cursor-pointer transition-all duration-200 ease-in-out\" tabindex=\"0\" data-no-translation>\n      <span class=\"shrink-0 text-xs md:text-base leading-none text-[#555]\">\u00a9<\/span>\n      <span class=\"text-xs md:text-base leading-none text-[#333] opacity-0 transition-opacity duration-150\">Wirtschaftsf\u00f6rderung Region Kassel<\/span>\n    <\/div>\n  \n    <\/div>\n  \n  <\/figure>\n\n  <\/div>\n  <div class=\"md:w-1\/2 bg-primary px-4 py-12 sm:py-14 md:p-8 xl:pl-14 flex flex-col justify-center relative\">\n    <h1 class=\"inline-block self-start xl:max-w-[680px] mb-4\">Gewerbepark Kassel-Nieder\u00adzwehren (Langes Feld)<\/h1>\n  <\/div>\n<\/div>\n\t\t\t\t<\/div>\n\t\t\t\t<\/div>\n\t\t\t\t<\/div>\n\t\t\t\t<\/div>\n\t\t<div class=\"elementor-element elementor-element-3519e636 e-flex e-con-boxed e-con e-parent\" data-id=\"3519e636\" data-element_type=\"container\" data-e-type=\"container\">\n\t\t\t\t\t<div class=\"e-con-inner\">\n\t\t\t\t<div class=\"elementor-element elementor-element-0c65e58 elementor-widget elementor-widget-wfg-text-editor\" data-id=\"0c65e58\" data-element_type=\"widget\" data-e-type=\"widget\" data-widget_type=\"wfg-text-editor.default\">\n\t\t\t\t<div class=\"elementor-widget-container\">\n\t\t\t\t\t\t\t\t\t<p class=\"aufmachertext\">Der Gewerbepark Kassel-Niederzwehren ist ein zentraler Bestandteil der wirtschaftlichen Entwicklungsstrategie der Stadt Kassel. Mit einer Gesamtfl\u00e4che von 76 Hektar bietet der <strong>Gewerbepark Kassel-Niederzwehren (\u201eLanges Feld\u201c)<\/strong> ideale Bedingungen f\u00fcr produzierende Unternehmen und unternehmensbezogene Dienstleistungen. Der Standort zeichnet sich durch seine hervorragende Verkehrsanbindung, sein innovatives Gestaltungskonzept und seine Rolle in der nachhaltigen Entwicklung der Stadt aus.<\/p>\t\t\t\t\t\t\t\t<\/div>\n\t\t\t\t<\/div>\n\t\t\t\t\t<\/div>\n\t\t\t\t<\/div>\n\t\t<div class=\"elementor-element elementor-element-2638365e e-flex e-con-boxed e-con e-parent\" data-id=\"2638365e\" data-element_type=\"container\" data-e-type=\"container\">\n\t\t\t\t\t<div class=\"e-con-inner\">\n\t\t\t\t<div class=\"elementor-element elementor-element-f4ab503 elementor-widget elementor-widget-wfg-text-editor\" data-id=\"f4ab503\" data-element_type=\"widget\" data-e-type=\"widget\" data-widget_type=\"wfg-text-editor.default\">\n\t\t\t\t<div class=\"elementor-widget-container\">\n\t\t\t\t\t\t\t\t\t<h2>Historische Bedeutung des Standorts<\/h2>\t\t\t\t\t\t\t\t<\/div>\n\t\t\t\t<\/div>\n\t\t\t\t\t<\/div>\n\t\t\t\t<\/div>\n\t\t<div class=\"elementor-element elementor-element-1d5f482d e-flex e-con-boxed e-con e-parent\" data-id=\"1d5f482d\" data-element_type=\"container\" data-e-type=\"container\">\n\t\t\t\t\t<div class=\"e-con-inner\">\n\t\t<div class=\"elementor-element elementor-element-3a3f3732 e-con-full e-flex e-con e-child\" data-id=\"3a3f3732\" data-element_type=\"container\" data-e-type=\"container\">\n\t\t\t\t<div class=\"elementor-element elementor-element-fe4b5f7 elementor-widget elementor-widget-wfg-image\" data-id=\"fe4b5f7\" data-element_type=\"widget\" data-e-type=\"widget\" data-widget_type=\"wfg-image.default\">\n\t\t\t\t<div class=\"elementor-widget-container\">\n\t\t\t\t\t\n\n<figure class=\"wp-caption \" data-image>\n      <div class=\"relative rounded-widget overflow-hidden \">\n      <img decoding=\"async\" width=\"2000\" height=\"1333\" src=\"https:\/\/wfg-kassel.de\/wp-content\/uploads\/2025\/01\/luftbild-maerchenviertel-niederzwehren-2025.webp\" class=\"!w-full !object-cover \" alt=\"Fachwerkhaeuserviertel in einer Stadt\" srcset=\"https:\/\/wfg-kassel.de\/wp-content\/uploads\/2025\/01\/luftbild-maerchenviertel-niederzwehren-2025.webp 2000w, https:\/\/wfg-kassel.de\/wp-content\/uploads\/2025\/01\/luftbild-maerchenviertel-niederzwehren-2025-300x200.webp 300w, https:\/\/wfg-kassel.de\/wp-content\/uploads\/2025\/01\/luftbild-maerchenviertel-niederzwehren-2025-1024x682.webp 1024w, https:\/\/wfg-kassel.de\/wp-content\/uploads\/2025\/01\/luftbild-maerchenviertel-niederzwehren-2025-768x512.webp 768w, https:\/\/wfg-kassel.de\/wp-content\/uploads\/2025\/01\/luftbild-maerchenviertel-niederzwehren-2025-1536x1024.webp 1536w, https:\/\/wfg-kassel.de\/wp-content\/uploads\/2025\/01\/luftbild-maerchenviertel-niederzwehren-2025-18x12.webp 18w\" sizes=\"(max-width: 2000px) 100vw, 2000px\" \/>\n            <div class=\"copyright-hint absolute bottom-0 right-0 z-10 flex items-center gap-1.5 px-2.5 py-1.5 bg-[#F0F0F0] rounded-tl-widget max-w-9 overflow-hidden whitespace-nowrap cursor-pointer transition-all duration-200 ease-in-out\" tabindex=\"0\" data-no-translation>\n      <span class=\"shrink-0 text-xs md:text-base leading-none text-[#555]\">\u00a9<\/span>\n      <span class=\"text-xs md:text-base leading-none text-[#333] opacity-0 transition-opacity duration-150\">Wirtschaftsf\u00f6rderung Region Kassel<\/span>\n    <\/div>\n  \n    <\/div>\n  \n  <\/figure>\n\t\t\t\t<\/div>\n\t\t\t\t<\/div>\n\t\t\t\t<\/div>\n\t\t<div class=\"elementor-element elementor-element-182b7b28 e-con-full e-flex e-con e-child\" data-id=\"182b7b28\" data-element_type=\"container\" data-e-type=\"container\">\n\t\t\t\t<div class=\"elementor-element elementor-element-7b7a10f elementor-widget elementor-widget-wfg-text-editor\" data-id=\"7b7a10f\" data-element_type=\"widget\" data-e-type=\"widget\" data-widget_type=\"wfg-text-editor.default\">\n\t\t\t\t<div class=\"elementor-widget-container\">\n\t\t\t\t\t\t\t\t\t<p><a href=\"https:\/\/www.kassel.de\/buerger\/bauen_und_wohnen\/stadtteile\/niederzwehren\/niederzwehren.php\">Niederzwehren<\/a> ist einer der gr\u00f6\u00dferen Stadtteile Kassels mit einer abwechslungsreichen Mischung aus Wohn- und Gewerbegebieten sowie landwirtschaftlich genutzten Fl\u00e4chen. Die historische Entwicklung des Stadtteils ist eng mit seiner <strong>urspr\u00fcnglichen Funktion als Bauern- und Handwerkerdorf<\/strong> verbunden. Bis heute finden sich im sogenannten <strong>M\u00e4rchenviertel<\/strong> <strong>gut restaurierte Fachwerkbauten<\/strong>, die an die l\u00e4ndliche Vergangenheit erinnern.<\/p>\n<p>Im Laufe der Jahre hat sich Niederzwehren zu einem <strong>wirtschaftlich wichtigen Stadtteil<\/strong> entwickelt. An der Dennh\u00e4user Stra\u00dfe befinden sich Industrie- und Gewerbefl\u00e4chen, darunter auch das Kraftwerk Kassel. Das gro\u00dfe Einzelhandelszentrum <a href=\"https:\/\/www.dez.de\/\">\u201eDEZ\u201c<\/a> an der Knorrstra\u00dfe und weitere Gewerbefl\u00e4chen im Nordwesten des Stadtteils unterstreichen die Bedeutung Niederzwehrens als <strong>Standort f\u00fcr Handel und Dienstleistungen<\/strong>.<\/p>\t\t\t\t\t\t\t\t<\/div>\n\t\t\t\t<\/div>\n\t\t\t\t<\/div>\n\t\t\t\t\t<\/div>\n\t\t\t\t<\/div>\n\t\t<div class=\"elementor-element elementor-element-20a2619 e-flex e-con-boxed e-con e-parent\" data-id=\"20a2619\" data-element_type=\"container\" data-e-type=\"container\">\n\t\t\t\t\t<div class=\"e-con-inner\">\n\t\t\t\t<div class=\"elementor-element elementor-element-504b939 elementor-widget elementor-widget-wfg-text-editor\" data-id=\"504b939\" data-element_type=\"widget\" data-e-type=\"widget\" data-widget_type=\"wfg-text-editor.default\">\n\t\t\t\t<div class=\"elementor-widget-container\">\n\t\t\t\t\t\t\t\t\t<h2>Bedeutung f\u00fcr die Stadt Kassel<\/h2>\t\t\t\t\t\t\t\t<\/div>\n\t\t\t\t<\/div>\n\t\t\t\t\t<\/div>\n\t\t\t\t<\/div>\n\t\t<div class=\"elementor-element elementor-element-55e83138 e-flex e-con-boxed e-con e-parent\" data-id=\"55e83138\" data-element_type=\"container\" data-e-type=\"container\">\n\t\t\t\t\t<div class=\"e-con-inner\">\n\t\t<div class=\"elementor-element elementor-element-1f92a1f6 e-con-full e-flex e-con e-child\" data-id=\"1f92a1f6\" data-element_type=\"container\" data-e-type=\"container\">\n\t\t\t\t<div class=\"elementor-element elementor-element-01e5c5c elementor-widget elementor-widget-wfg-text-editor\" data-id=\"01e5c5c\" data-element_type=\"widget\" data-e-type=\"widget\" data-widget_type=\"wfg-text-editor.default\">\n\t\t\t\t<div class=\"elementor-widget-container\">\n\t\t\t\t\t\t\t\t\t<p>Der Gewerbepark Kassel-Niederzwehren spielt als Teil des <a href=\"\/gewerbestandorte\/industriepark-kassel\/\">Industriepark Kassels<\/a> eine <strong>wichtige Rolle f\u00fcr die wirtschaftliche Entwicklung<\/strong> der Stadt. In den letzten Jahren verzeichnet Kassel einen wirtschaftlichen Aufschwung, der durch die Expansion ortsans\u00e4ssiger Unternehmen, wie <a href=\"https:\/\/www.joka.de\/\">JOKA<\/a>, und die Ansiedlung neuer Firmen gest\u00fctzt wird. Mit dem Gewerbepark werden dringend ben\u00f6tigte Gewerbefl\u00e4chen bereitgestellt, <strong>um den Bedarf von bis zu 70 Hektar in den n\u00e4chsten Jahren zu decken<\/strong>.<\/p>\n<p>Die Kombination aus moderner Infrastruktur, nachhaltiger Planung und strategischer Lage macht den Gewerbepark Kassel-Niederzwehren zu einem <strong>Schl\u00fcsselprojekt<\/strong> f\u00fcr die <strong>Sicherung von Arbeitspl\u00e4tzen<\/strong> und die St\u00e4rkung der regionalen <a href=\"\/wirtschaft\/\">Wirtschaft<\/a>. Unternehmen profitieren nicht nur von der guten Verkehrsanbindung, sondern auch von vielf\u00e4ltigen Chancen der Kooperation mit <a href=\"\/wirtschaft\/firmen-branchen\/\">ans\u00e4ssigen Firmen<\/a>.<\/p>\t\t\t\t\t\t\t\t<\/div>\n\t\t\t\t<\/div>\n\t\t\t\t<\/div>\n\t\t<div class=\"elementor-element elementor-element-42fe0806 e-con-full e-flex e-con e-child\" data-id=\"42fe0806\" data-element_type=\"container\" data-e-type=\"container\">\n\t\t\t\t<div class=\"elementor-element elementor-element-45c0a9f elementor-widget-mobile__width-initial elementor-widget elementor-widget-wfg-image\" data-id=\"45c0a9f\" data-element_type=\"widget\" data-e-type=\"widget\" data-widget_type=\"wfg-image.default\">\n\t\t\t\t<div class=\"elementor-widget-container\">\n\t\t\t\t\t\n\n<figure class=\"wp-caption \" data-image>\n      <div class=\"relative rounded-widget overflow-hidden \">\n      <img decoding=\"async\" width=\"2000\" height=\"1333\" src=\"https:\/\/wfg-kassel.de\/wp-content\/uploads\/2025\/01\/luftbild-joka-2024.webp\" class=\"!w-full !object-cover \" alt=\"Luftaufnahme von einer Firma im Industriegebiet umrundet von Feldern\" srcset=\"https:\/\/wfg-kassel.de\/wp-content\/uploads\/2025\/01\/luftbild-joka-2024.webp 2000w, https:\/\/wfg-kassel.de\/wp-content\/uploads\/2025\/01\/luftbild-joka-2024-300x200.webp 300w, https:\/\/wfg-kassel.de\/wp-content\/uploads\/2025\/01\/luftbild-joka-2024-1024x682.webp 1024w, https:\/\/wfg-kassel.de\/wp-content\/uploads\/2025\/01\/luftbild-joka-2024-768x512.webp 768w, https:\/\/wfg-kassel.de\/wp-content\/uploads\/2025\/01\/luftbild-joka-2024-1536x1024.webp 1536w, https:\/\/wfg-kassel.de\/wp-content\/uploads\/2025\/01\/luftbild-joka-2024-18x12.webp 18w\" sizes=\"(max-width: 2000px) 100vw, 2000px\" \/>\n            <div class=\"copyright-hint absolute bottom-0 right-0 z-10 flex items-center gap-1.5 px-2.5 py-1.5 bg-[#F0F0F0] rounded-tl-widget max-w-9 overflow-hidden whitespace-nowrap cursor-pointer transition-all duration-200 ease-in-out\" tabindex=\"0\" data-no-translation>\n      <span class=\"shrink-0 text-xs md:text-base leading-none text-[#555]\">\u00a9<\/span>\n      <span class=\"text-xs md:text-base leading-none text-[#333] opacity-0 transition-opacity duration-150\">Wirtschaftsf\u00f6rderung Region Kassel<\/span>\n    <\/div>\n  \n    <\/div>\n  \n  <\/figure>\n\t\t\t\t<\/div>\n\t\t\t\t<\/div>\n\t\t\t\t<\/div>\n\t\t\t\t\t<\/div>\n\t\t\t\t<\/div>\n\t\t<div class=\"elementor-element elementor-element-456524e6 e-flex e-con-boxed e-con e-parent\" data-id=\"456524e6\" data-element_type=\"container\" data-e-type=\"container\">\n\t\t\t\t\t<div class=\"e-con-inner\">\n\t\t\t\t<div class=\"elementor-element elementor-element-e7ff3aa elementor-widget elementor-widget-wfg-text-editor\" data-id=\"e7ff3aa\" data-element_type=\"widget\" data-e-type=\"widget\" data-widget_type=\"wfg-text-editor.default\">\n\t\t\t\t<div class=\"elementor-widget-container\">\n\t\t\t\t\t\t\t\t\t<h2>Nachhaltigkeit, Erschlie\u00dfung und st\u00e4dtebauliches Konzept<\/h2>\t\t\t\t\t\t\t\t<\/div>\n\t\t\t\t<\/div>\n\t\t\t\t\t<\/div>\n\t\t\t\t<\/div>\n\t\t<div class=\"elementor-element elementor-element-41a266b e-flex e-con-boxed e-con e-parent\" data-id=\"41a266b\" data-element_type=\"container\" data-e-type=\"container\">\n\t\t\t\t\t<div class=\"e-con-inner\">\n\t\t\t\t<div class=\"elementor-element elementor-element-991fd99 elementor-widget elementor-widget-wfg-text-editor\" data-id=\"991fd99\" data-element_type=\"widget\" data-e-type=\"widget\" data-widget_type=\"wfg-text-editor.default\">\n\t\t\t\t<div class=\"elementor-widget-container\">\n\t\t\t\t\t\t\t\t\t<p>Die Erschlie\u00dfung des <strong>ersten Bauabschnitts<\/strong> mit einer Gewerbefl\u00e4che von etwa 28 Hektar wurde bereits <strong>2016 abgeschlossen<\/strong>, und die Vermarktung dieser Fl\u00e4chen ist in vollem Gange. Aufgrund der hohen Nachfrage wurde der <strong>zweite Bauabschnitt<\/strong> in zwei Phasen unterteilt, wovon ein <strong>Teil bereits fertiggestellt<\/strong> ist. Insgesamt stehen ab 2021 weitere 21 Hektar Gewerbefl\u00e4che zur Verf\u00fcgung, um dem steigenden Bedarf gerecht zu werden.<\/p>\n<p>Der Gewerbepark Kassel-Niederzwehren hebt sich durch ein \u00fcberdurchschnittlich gr\u00fcngepr\u00e4gtes Gestaltungskonzept hervor. <strong>Mehr als ein Drittel der Gesamtfl\u00e4che ist f\u00fcr Ausgleichsfl\u00e4chen<\/strong> und \u00f6ffentliche Gr\u00fcnfl\u00e4chen vorgesehen, was dem Gebiet eine hohe Lebens- und Arbeitsqualit\u00e4t verleiht. Diese <strong>nachhaltige Planung<\/strong> unterstreicht Kassels Engagement f\u00fcr eine umweltfreundliche Stadtentwicklung und macht den Gewerbepark zu einem Vorzeigeprojekt f\u00fcr moderne Gewerbegebiete.<\/p>\t\t\t\t\t\t\t\t<\/div>\n\t\t\t\t<\/div>\n\t\t\t\t\t<\/div>\n\t\t\t\t<\/div>\n\t\t<div class=\"elementor-element elementor-element-b6a43ce e-flex e-con-boxed e-con e-parent\" data-id=\"b6a43ce\" data-element_type=\"container\" data-e-type=\"container\">\n\t\t\t\t\t<div class=\"e-con-inner\">\n\t\t<div class=\"elementor-element elementor-element-9c068c3 e-con-full e-flex e-con e-child\" data-id=\"9c068c3\" data-element_type=\"container\" data-e-type=\"container\">\n\t\t\t\t<div class=\"elementor-element elementor-element-7d7895f elementor-widget elementor-widget-wfg-text-editor\" data-id=\"7d7895f\" data-element_type=\"widget\" data-e-type=\"widget\" data-widget_type=\"wfg-text-editor.default\">\n\t\t\t\t<div class=\"elementor-widget-container\">\n\t\t\t\t\t\t\t\t\t<h3>Vor Erschlie\u00dfung<\/h3>\t\t\t\t\t\t\t\t<\/div>\n\t\t\t\t<\/div>\n\t\t\t\t<div class=\"elementor-element elementor-element-6817304 elementor-widget elementor-widget-wfg-slideshow\" data-id=\"6817304\" data-element_type=\"widget\" data-e-type=\"widget\" data-widget_type=\"wfg-slideshow.default\">\n\t\t\t\t<div class=\"elementor-widget-container\">\n\t\t\t\t\t<div class=\"keen-slider__container\"\n  data-per-view=\"2\"\n  data-spacing=\"2\"\n  data-loop=\"1\"\n  data-slideshow-id=\"85baf08306f6a14752392ea0a85e1f52\"\n>\n  <button class=\"arrow-left mr-4 text-accent\" aria-label=\"Previous Slide\">\n    <svg class=\"w-6 sm:w-8 md:w-auto \" width=\"42\" height=\"42\" viewBox=\"0 0 42 42\" fill=\"none\" xmlns=\"http:\/\/www.w3.org\/2000\/svg\">\n  <title>Arrow Icon<\/title>\n  <desc>An arrow pointing left<\/desc>\n  <path d=\"M24.187 10.8281L14.087 20.9281L24.187 31.0281\" stroke=\"currentColor\" stroke-linecap=\"round\" stroke-linejoin=\"round\"\/>\n  <path d=\"M0.5 21C0.5 32.3218 9.67816 41.5 21 41.5C32.3218 41.5 41.5 32.3218 41.5 21C41.5 9.67816 32.3218 0.5 21 0.5C9.67816 0.5 0.5 9.67816 0.5 21Z\" stroke=\"currentColor\"\/>\n<\/svg>\n\n  <\/button>\n\n  <div class=\"keen-slider\" data-keen-slider>\n          <div class=\"keen-slider__slide\">\n        \n                          \n        \n\n<figure class=\"wp-caption \" data-image>\n      <div class=\"relative rounded-widget overflow-hidden flex justify-center mb-2 aspect-[3\/2]\">\n      <a\n        href=\"https:\/\/wfg-kassel.de\/wp-content\/uploads\/2025\/01\/luftaufnahme-langes-feld-aus-suedlicher-richtung-2008.webp\"\n        target=\"_self\"\n        data-elementor-open-lightbox=\"yes\"\n        data-elementor-lightbox-title=\"Luftaufnahme Langes Feld Kassel-Niederzwehren 2008\"\n        data-elementor-lightbox-description=\"\u00a9 Ernst Bohnhardt\"\n        rel=\"\"\n      >\n        <img fetchpriority=\"high\" decoding=\"async\" width=\"2000\" height=\"1333\" src=\"https:\/\/wfg-kassel.de\/wp-content\/uploads\/2025\/01\/luftaufnahme-langes-feld-aus-suedlicher-richtung-2008.webp\" class=\"!w-full !object-cover \" alt=\"Luftaufnahme eines Feldes\" fetchpriority=\"high\" srcset=\"https:\/\/wfg-kassel.de\/wp-content\/uploads\/2025\/01\/luftaufnahme-langes-feld-aus-suedlicher-richtung-2008.webp 2000w, https:\/\/wfg-kassel.de\/wp-content\/uploads\/2025\/01\/luftaufnahme-langes-feld-aus-suedlicher-richtung-2008-300x200.webp 300w, https:\/\/wfg-kassel.de\/wp-content\/uploads\/2025\/01\/luftaufnahme-langes-feld-aus-suedlicher-richtung-2008-1024x682.webp 1024w, https:\/\/wfg-kassel.de\/wp-content\/uploads\/2025\/01\/luftaufnahme-langes-feld-aus-suedlicher-richtung-2008-768x512.webp 768w, https:\/\/wfg-kassel.de\/wp-content\/uploads\/2025\/01\/luftaufnahme-langes-feld-aus-suedlicher-richtung-2008-1536x1024.webp 1536w, https:\/\/wfg-kassel.de\/wp-content\/uploads\/2025\/01\/luftaufnahme-langes-feld-aus-suedlicher-richtung-2008-18x12.webp 18w\" sizes=\"(max-width: 2000px) 100vw, 2000px\" \/>\n      <\/a>\n        \n    <\/div>\n  \n  <\/figure>\n\n\n                  <p class=\"text-lg font-bold text-center m-0\">Luftaufnahme Langes Feld Kassel-Niederzwehren 2008<\/p>\n        \n                  <p class=\"text-lg font-light text-center m-0\">\u00a9 Ernst Bohnhardt<\/p>\n              <\/div>\n          <div class=\"keen-slider__slide\">\n        \n                          \n        \n\n<figure class=\"wp-caption \" data-image>\n      <div class=\"relative rounded-widget overflow-hidden flex justify-center mb-2 aspect-[3\/2]\">\n      <a\n        href=\"https:\/\/wfg-kassel.de\/wp-content\/uploads\/2025\/01\/unbebaute-gewerbeflaeche-langes-feld-2016.webp\"\n        target=\"_self\"\n        data-elementor-open-lightbox=\"yes\"\n        data-elementor-lightbox-title=\"Gewerbegebiet Langes Feld vor der Erschlie\u00dfung 2016\"\n        data-elementor-lightbox-description=\"\u00a9 Wirtschaftsf\u00f6rderung Region Kassel\"\n        rel=\"\"\n      >\n        <img loading=\"lazy\" decoding=\"async\" style=\"aspect-ratio:2000\/1333\" width=\"2000\" height=\"1333\" src=\"data:image\/gif;base64,R0lGODlhAQABAIAAAAAAAP\/\/\/yH5BAEAAAAALAAAAAABAAEAAAIBRAA7\" data-src=\"https:\/\/wfg-kassel.de\/wp-content\/uploads\/2025\/01\/unbebaute-gewerbeflaeche-langes-feld-2016.webp\" class=\"!w-full !object-cover \" alt=\"Foto von einem gruenen Feld mit Bueschen im Hintergrund\" fetchpriority=\"auto\" data-srcset=\"https:\/\/wfg-kassel.de\/wp-content\/uploads\/2025\/01\/unbebaute-gewerbeflaeche-langes-feld-2016.webp 2000w, https:\/\/wfg-kassel.de\/wp-content\/uploads\/2025\/01\/unbebaute-gewerbeflaeche-langes-feld-2016-300x200.webp 300w, https:\/\/wfg-kassel.de\/wp-content\/uploads\/2025\/01\/unbebaute-gewerbeflaeche-langes-feld-2016-1024x682.webp 1024w, https:\/\/wfg-kassel.de\/wp-content\/uploads\/2025\/01\/unbebaute-gewerbeflaeche-langes-feld-2016-768x512.webp 768w, https:\/\/wfg-kassel.de\/wp-content\/uploads\/2025\/01\/unbebaute-gewerbeflaeche-langes-feld-2016-1536x1024.webp 1536w, https:\/\/wfg-kassel.de\/wp-content\/uploads\/2025\/01\/unbebaute-gewerbeflaeche-langes-feld-2016-18x12.webp 18w\" sizes=\"(max-width: 2000px) 100vw, 2000px\" \/>\n      <\/a>\n        \n    <\/div>\n  \n  <\/figure>\n\n\n                  <p class=\"text-lg font-bold text-center m-0\">Gewerbegebiet Langes Feld vor der Erschlie\u00dfung 2016<\/p>\n        \n                  <p class=\"text-lg font-light text-center m-0\">\u00a9 Wirtschaftsf\u00f6rderung Region Kassel<\/p>\n              <\/div>\n          <div class=\"keen-slider__slide\">\n        \n                          \n        \n\n<figure class=\"wp-caption \" data-image>\n      <div class=\"relative rounded-widget overflow-hidden flex justify-center mb-2 aspect-[3\/2]\">\n      <a\n        href=\"https:\/\/wfg-kassel.de\/wp-content\/uploads\/2025\/01\/anfangsphase-erschliessung-langes-feld-2018.webp\"\n        target=\"_self\"\n        data-elementor-open-lightbox=\"yes\"\n        data-elementor-lightbox-title=\"Anfangsphase der Erschlie\u00dfung des Gewerbegebiets 2018\"\n        data-elementor-lightbox-description=\"\u00a9 Hans Haas\"\n        rel=\"\"\n      >\n        <img loading=\"lazy\" decoding=\"async\" style=\"aspect-ratio:2000\/1335\" width=\"2000\" height=\"1335\" src=\"data:image\/gif;base64,R0lGODlhAQABAIAAAAAAAP\/\/\/yH5BAEAAAAALAAAAAABAAEAAAIBRAA7\" data-src=\"https:\/\/wfg-kassel.de\/wp-content\/uploads\/2025\/01\/anfangsphase-erschliessung-langes-feld-2018.webp\" class=\"!w-full !object-cover \" alt=\"Erschliessung eines Gewerbegebiets auf landwirtschaftlichen Flaechen\" fetchpriority=\"auto\" data-srcset=\"https:\/\/wfg-kassel.de\/wp-content\/uploads\/2025\/01\/anfangsphase-erschliessung-langes-feld-2018.webp 2000w, https:\/\/wfg-kassel.de\/wp-content\/uploads\/2025\/01\/anfangsphase-erschliessung-langes-feld-2018-300x200.webp 300w, https:\/\/wfg-kassel.de\/wp-content\/uploads\/2025\/01\/anfangsphase-erschliessung-langes-feld-2018-1024x684.webp 1024w, https:\/\/wfg-kassel.de\/wp-content\/uploads\/2025\/01\/anfangsphase-erschliessung-langes-feld-2018-768x513.webp 768w, https:\/\/wfg-kassel.de\/wp-content\/uploads\/2025\/01\/anfangsphase-erschliessung-langes-feld-2018-1536x1025.webp 1536w, https:\/\/wfg-kassel.de\/wp-content\/uploads\/2025\/01\/anfangsphase-erschliessung-langes-feld-2018-18x12.webp 18w\" sizes=\"(max-width: 2000px) 100vw, 2000px\" \/>\n      <\/a>\n        \n    <\/div>\n  \n  <\/figure>\n\n\n                  <p class=\"text-lg font-bold text-center m-0\">Anfangsphase der Erschlie\u00dfung des Gewerbegebiets 2018<\/p>\n        \n                  <p class=\"text-lg font-light text-center m-0\">\u00a9 Hans Haas<\/p>\n              <\/div>\n      <\/div>\n  <button class=\"arrow-right ml-4 text-accent\" aria-label=\"Next Slide\">\n    <svg class=\"w-6 sm:w-8 md:w-auto \" width=\"42\" height=\"42\" viewBox=\"0 0 42 42\" fill=\"none\" xmlns=\"http:\/\/www.w3.org\/2000\/svg\">\n  <title>Arrow Icon<\/title>\n  <desc>An arrow pointing right<\/desc>\n  <path d=\"M17.813 31.1719L27.913 21.0719L17.813 10.9719\" stroke=\"currentColor\" stroke-linecap=\"round\" stroke-linejoin=\"round\"\/>\n  <path d=\"M41.5 21C41.5 9.67816 32.3218 0.5 21 0.5C9.67816 0.5 0.5 9.67816 0.5 21C0.5 32.3218 9.67816 41.5 21 41.5C32.3218 41.5 41.5 32.3218 41.5 21Z\" stroke=\"currentColor\"\/>\n<\/svg>\n\n  <\/button>\n<\/div>\n\t\t\t\t<\/div>\n\t\t\t\t<\/div>\n\t\t\t\t<\/div>\n\t\t<div class=\"elementor-element elementor-element-694977 e-con-full e-flex e-con e-child\" data-id=\"694977\" data-element_type=\"container\" data-e-type=\"container\">\n\t\t\t\t<div class=\"elementor-element elementor-element-8f20685 elementor-widget elementor-widget-wfg-text-editor\" data-id=\"8f20685\" data-element_type=\"widget\" data-e-type=\"widget\" data-widget_type=\"wfg-text-editor.default\">\n\t\t\t\t<div class=\"elementor-widget-container\">\n\t\t\t\t\t\t\t\t\t<h3>W\u00e4hrend und nach Erschlie\u00dfung<\/h3>\t\t\t\t\t\t\t\t<\/div>\n\t\t\t\t<\/div>\n\t\t\t\t<div class=\"elementor-element elementor-element-4f898c9 elementor-widget elementor-widget-wfg-slideshow\" data-id=\"4f898c9\" data-element_type=\"widget\" data-e-type=\"widget\" data-widget_type=\"wfg-slideshow.default\">\n\t\t\t\t<div class=\"elementor-widget-container\">\n\t\t\t\t\t<div class=\"keen-slider__container\"\n  data-per-view=\"2\"\n  data-spacing=\"2\"\n  data-loop=\"1\"\n  data-slideshow-id=\"85baf08306f6a14752392ea0a85e1f52\"\n>\n  <button class=\"arrow-left mr-4 text-accent\" aria-label=\"Previous Slide\">\n    <svg class=\"w-6 sm:w-8 md:w-auto \" width=\"42\" height=\"42\" viewBox=\"0 0 42 42\" fill=\"none\" xmlns=\"http:\/\/www.w3.org\/2000\/svg\">\n  <title>Arrow Icon<\/title>\n  <desc>An arrow pointing left<\/desc>\n  <path d=\"M24.187 10.8281L14.087 20.9281L24.187 31.0281\" stroke=\"currentColor\" stroke-linecap=\"round\" stroke-linejoin=\"round\"\/>\n  <path d=\"M0.5 21C0.5 32.3218 9.67816 41.5 21 41.5C32.3218 41.5 41.5 32.3218 41.5 21C41.5 9.67816 32.3218 0.5 21 0.5C9.67816 0.5 0.5 9.67816 0.5 21Z\" stroke=\"currentColor\"\/>\n<\/svg>\n\n  <\/button>\n\n  <div class=\"keen-slider\" data-keen-slider>\n          <div class=\"keen-slider__slide\">\n        \n                          \n        \n\n<figure class=\"wp-caption \" data-image>\n      <div class=\"relative rounded-widget overflow-hidden flex justify-center mb-2 aspect-[3\/2]\">\n      <a\n        href=\"https:\/\/wfg-kassel.de\/wp-content\/uploads\/2025\/01\/luftaufnahme-gewerbegebiet-kassel-niederzwehren-2024.webp\"\n        target=\"_self\"\n        data-elementor-open-lightbox=\"yes\"\n        data-elementor-lightbox-title=\"Panorama Gewerbegebiet Langes Feld 2024\"\n        data-elementor-lightbox-description=\"\u00a9 Wirtschaftsf\u00f6rderung Region Kassel\"\n        rel=\"\"\n      >\n        <img fetchpriority=\"high\" decoding=\"async\" width=\"2000\" height=\"1333\" src=\"https:\/\/wfg-kassel.de\/wp-content\/uploads\/2025\/01\/luftaufnahme-gewerbegebiet-kassel-niederzwehren-2024.webp\" class=\"!w-full !object-cover \" alt=\"Luftaufnahme Gewerbegebiet entsteht auf Feldern Kassel Langes Feld\" fetchpriority=\"high\" srcset=\"https:\/\/wfg-kassel.de\/wp-content\/uploads\/2025\/01\/luftaufnahme-gewerbegebiet-kassel-niederzwehren-2024.webp 2000w, https:\/\/wfg-kassel.de\/wp-content\/uploads\/2025\/01\/luftaufnahme-gewerbegebiet-kassel-niederzwehren-2024-300x200.webp 300w, https:\/\/wfg-kassel.de\/wp-content\/uploads\/2025\/01\/luftaufnahme-gewerbegebiet-kassel-niederzwehren-2024-1024x682.webp 1024w, https:\/\/wfg-kassel.de\/wp-content\/uploads\/2025\/01\/luftaufnahme-gewerbegebiet-kassel-niederzwehren-2024-768x512.webp 768w, https:\/\/wfg-kassel.de\/wp-content\/uploads\/2025\/01\/luftaufnahme-gewerbegebiet-kassel-niederzwehren-2024-1536x1024.webp 1536w, https:\/\/wfg-kassel.de\/wp-content\/uploads\/2025\/01\/luftaufnahme-gewerbegebiet-kassel-niederzwehren-2024-18x12.webp 18w\" sizes=\"(max-width: 2000px) 100vw, 2000px\" \/>\n      <\/a>\n        \n    <\/div>\n  \n  <\/figure>\n\n\n                  <p class=\"text-lg font-bold text-center m-0\">Panorama Gewerbegebiet Langes Feld 2024<\/p>\n        \n                  <p class=\"text-lg font-light text-center m-0\">\u00a9 Wirtschaftsf\u00f6rderung Region Kassel<\/p>\n              <\/div>\n          <div class=\"keen-slider__slide\">\n        \n                          \n        \n\n<figure class=\"wp-caption \" data-image>\n      <div class=\"relative rounded-widget overflow-hidden flex justify-center mb-2 aspect-[3\/2]\">\n      <a\n        href=\"https:\/\/wfg-kassel.de\/wp-content\/uploads\/2025\/01\/luftaufnahme-firma-louis-scheuch-gmbh-2024.webp\"\n        target=\"_self\"\n        data-elementor-open-lightbox=\"yes\"\n        data-elementor-lightbox-title=\"Firmenansiedlungen am Langen Feld in Niederzwehren 2024\"\n        data-elementor-lightbox-description=\"\u00a9 Wirtschaftsf\u00f6rderung Region Kassel\"\n        rel=\"\"\n      >\n        <img loading=\"lazy\" decoding=\"async\" style=\"aspect-ratio:2000\/1333\" width=\"2000\" height=\"1333\" src=\"data:image\/gif;base64,R0lGODlhAQABAIAAAAAAAP\/\/\/yH5BAEAAAAALAAAAAABAAEAAAIBRAA7\" data-src=\"https:\/\/wfg-kassel.de\/wp-content\/uploads\/2025\/01\/luftaufnahme-firma-louis-scheuch-gmbh-2024.webp\" class=\"!w-full !object-cover \" alt=\"Luftaufnahme eines Unternehmens mit Gebaeude und Kraenen umgeben von gruener Wiese\" fetchpriority=\"auto\" data-srcset=\"https:\/\/wfg-kassel.de\/wp-content\/uploads\/2025\/01\/luftaufnahme-firma-louis-scheuch-gmbh-2024.webp 2000w, https:\/\/wfg-kassel.de\/wp-content\/uploads\/2025\/01\/luftaufnahme-firma-louis-scheuch-gmbh-2024-300x200.webp 300w, https:\/\/wfg-kassel.de\/wp-content\/uploads\/2025\/01\/luftaufnahme-firma-louis-scheuch-gmbh-2024-768x512.webp 768w, https:\/\/wfg-kassel.de\/wp-content\/uploads\/2025\/01\/luftaufnahme-firma-louis-scheuch-gmbh-2024-1024x682.webp 1024w, https:\/\/wfg-kassel.de\/wp-content\/uploads\/2025\/01\/luftaufnahme-firma-louis-scheuch-gmbh-2024-1536x1024.webp 1536w, https:\/\/wfg-kassel.de\/wp-content\/uploads\/2025\/01\/luftaufnahme-firma-louis-scheuch-gmbh-2024-18x12.webp 18w\" sizes=\"(max-width: 2000px) 100vw, 2000px\" \/>\n      <\/a>\n        \n    <\/div>\n  \n  <\/figure>\n\n\n                  <p class=\"text-lg font-bold text-center m-0\">Firmenansiedlungen am Langen Feld in Niederzwehren 2024<\/p>\n        \n                  <p class=\"text-lg font-light text-center m-0\">\u00a9 Wirtschaftsf\u00f6rderung Region Kassel<\/p>\n              <\/div>\n          <div class=\"keen-slider__slide\">\n        \n                          \n        \n\n<figure class=\"wp-caption \" data-image>\n      <div class=\"relative rounded-widget overflow-hidden flex justify-center mb-2 aspect-[3\/2]\">\n      <a\n        href=\"https:\/\/wfg-kassel.de\/wp-content\/uploads\/2025\/01\/luftaufnahme-autobahnanschluss-langes-feld-2021.webp\"\n        target=\"_self\"\n        data-elementor-open-lightbox=\"yes\"\n        data-elementor-lightbox-title=\"Autobahnanschluss Gewerbegebiet Langes Feld 2021\"\n        data-elementor-lightbox-description=\"\u00a9 Ernst Bohnhardt\"\n        rel=\"\"\n      >\n        <img loading=\"lazy\" decoding=\"async\" style=\"aspect-ratio:2000\/1316\" width=\"2000\" height=\"1316\" src=\"data:image\/gif;base64,R0lGODlhAQABAIAAAAAAAP\/\/\/yH5BAEAAAAALAAAAAABAAEAAAIBRAA7\" data-src=\"https:\/\/wfg-kassel.de\/wp-content\/uploads\/2025\/01\/luftaufnahme-autobahnanschluss-langes-feld-2021.webp\" class=\"!w-full !object-cover \" alt=\"Autobahnanschluss eines Gewerbegebiets umrundet von Feldern\" fetchpriority=\"auto\" data-srcset=\"https:\/\/wfg-kassel.de\/wp-content\/uploads\/2025\/01\/luftaufnahme-autobahnanschluss-langes-feld-2021.webp 2000w, https:\/\/wfg-kassel.de\/wp-content\/uploads\/2025\/01\/luftaufnahme-autobahnanschluss-langes-feld-2021-300x197.webp 300w, https:\/\/wfg-kassel.de\/wp-content\/uploads\/2025\/01\/luftaufnahme-autobahnanschluss-langes-feld-2021-1024x674.webp 1024w, https:\/\/wfg-kassel.de\/wp-content\/uploads\/2025\/01\/luftaufnahme-autobahnanschluss-langes-feld-2021-768x505.webp 768w, https:\/\/wfg-kassel.de\/wp-content\/uploads\/2025\/01\/luftaufnahme-autobahnanschluss-langes-feld-2021-1536x1011.webp 1536w, https:\/\/wfg-kassel.de\/wp-content\/uploads\/2025\/01\/luftaufnahme-autobahnanschluss-langes-feld-2021-18x12.webp 18w\" sizes=\"(max-width: 2000px) 100vw, 2000px\" \/>\n      <\/a>\n        \n    <\/div>\n  \n  <\/figure>\n\n\n                  <p class=\"text-lg font-bold text-center m-0\">Autobahnanschluss Gewerbegebiet Langes Feld 2021<\/p>\n        \n                  <p class=\"text-lg font-light text-center m-0\">\u00a9 Ernst Bohnhardt<\/p>\n              <\/div>\n      <\/div>\n  <button class=\"arrow-right ml-4 text-accent\" aria-label=\"Next Slide\">\n    <svg class=\"w-6 sm:w-8 md:w-auto \" width=\"42\" height=\"42\" viewBox=\"0 0 42 42\" fill=\"none\" xmlns=\"http:\/\/www.w3.org\/2000\/svg\">\n  <title>Arrow Icon<\/title>\n  <desc>An arrow pointing right<\/desc>\n  <path d=\"M17.813 31.1719L27.913 21.0719L17.813 10.9719\" stroke=\"currentColor\" stroke-linecap=\"round\" stroke-linejoin=\"round\"\/>\n  <path d=\"M41.5 21C41.5 9.67816 32.3218 0.5 21 0.5C9.67816 0.5 0.5 9.67816 0.5 21C0.5 32.3218 9.67816 41.5 21 41.5C32.3218 41.5 41.5 32.3218 41.5 21Z\" stroke=\"currentColor\"\/>\n<\/svg>\n\n  <\/button>\n<\/div>\n\t\t\t\t<\/div>\n\t\t\t\t<\/div>\n\t\t\t\t<\/div>\n\t\t\t\t\t<\/div>\n\t\t\t\t<\/div>\n\t\t<div class=\"elementor-element elementor-element-12af623 e-flex e-con-boxed e-con e-parent\" data-id=\"12af623\" data-element_type=\"container\" data-e-type=\"container\">\n\t\t\t\t\t<div class=\"e-con-inner\">\n\t\t\t\t<div class=\"elementor-element elementor-element-3535b1b elementor-widget elementor-widget-wfg-text-editor\" data-id=\"3535b1b\" data-element_type=\"widget\" data-e-type=\"widget\" data-widget_type=\"wfg-text-editor.default\">\n\t\t\t\t<div class=\"elementor-widget-container\">\n\t\t\t\t\t\t\t\t\t<h2>Lage und Anbindung<\/h2>\t\t\t\t\t\t\t\t<\/div>\n\t\t\t\t<\/div>\n\t\t\t\t\t<\/div>\n\t\t\t\t<\/div>\n\t\t<div class=\"elementor-element elementor-element-45436899 e-flex e-con-boxed e-con e-parent\" data-id=\"45436899\" data-element_type=\"container\" data-e-type=\"container\">\n\t\t\t\t\t<div class=\"e-con-inner\">\n\t\t<div class=\"elementor-element elementor-element-77ddd1bd e-con-full e-flex e-con e-child\" data-id=\"77ddd1bd\" data-element_type=\"container\" data-e-type=\"container\">\n\t\t\t\t<div class=\"elementor-element elementor-element-a5d12f8 elementor-widget elementor-widget-wfg-text-editor\" data-id=\"a5d12f8\" data-element_type=\"widget\" data-e-type=\"widget\" data-widget_type=\"wfg-text-editor.default\">\n\t\t\t\t<div class=\"elementor-widget-container\">\n\t\t\t\t\t\t\t\t\t<p>Der Gewerbepark befindet sich im Stadtteil Niederzwehren, s\u00fcdlich des Kasseler Stadtzentrums. Seine direkte Anbindung an die Autobahn 49 macht ihn zu einem attraktiven Standort f\u00fcr regionale, nationale und internationale Unternehmen. Dieses Gewerbegebiet durch eine exzellente Anbindung aus:<\/p>\n<ul>\n<li>0,1 km zum \u00d6PNV<\/li>\n<li>8 km zum ICE-Bahnhof Wilhelmsh\u00f6he<\/li>\n<li>0,2 km zur Autobahn<\/li>\n<li>22 km zu Flughafen Kassel-Calden<\/li>\n<\/ul>\t\t\t\t\t\t\t\t<\/div>\n\t\t\t\t<\/div>\n\t\t\t\t<div class=\"elementor-element elementor-element-c7680e4 elementor-widget elementor-widget-wfg-button\" data-id=\"c7680e4\" data-element_type=\"widget\" data-e-type=\"widget\" data-widget_type=\"wfg-button.default\">\n\t\t\t\t<div class=\"elementor-widget-container\">\n\t\t\t\t\t\n\n\n  <a href=\"https:\/\/maps.app.goo.gl\/2nNrWBtGBrfJ8Rxv7\"\n   aria-label=\"Navigieren mit Google Maps\"\n   class=\"uppercase font-extrabold rounded-full py-1.5 px-6 text-sm sm:text-base xl:text-xl transition-colors duration-150 border bg-accent text-white border-transparent hover:bg-transparent hover:border-accent hover:text-accent\"\n   rel=\"\">\n   Navigieren mit Google Maps\n  <\/a>\n\t\t\t\t<\/div>\n\t\t\t\t<\/div>\n\t\t\t\t<\/div>\n\t\t<div class=\"elementor-element elementor-element-2b279d13 e-con-full e-flex e-con e-child\" data-id=\"2b279d13\" data-element_type=\"container\" data-e-type=\"container\">\n\t\t\t\t<div class=\"elementor-element elementor-element-06a6274 elementor-widget elementor-widget-wfg-usercentrics-openstreetmap\" data-id=\"06a6274\" data-element_type=\"widget\" data-e-type=\"widget\" data-widget_type=\"wfg-usercentrics-openstreetmap.default\">\n\t\t\t\t<div class=\"elementor-widget-container\">\n\t\t\t\t\t<div class=\"uc-openstreetmap-wrapper\">\n  <div id=\"openstreetmap-69f298dc659cb\" class=\"flex items-center justify-center bg-gray-100 border border-gray-300 rounded-widget overflow-hidden\" style=\"min-height: 460px;\">\n    <div class=\"text-center p-8\">\n      <p class=\"m-0\">\n        <b>Here is an OpenStreetMap.<\/b><br>\n        Bitte stimmen Sie den Cookies zu, um diese Karte sehen zu k\u00f6nnen.\n      <\/p>\n      <button data-uc-accept=\"OpenStreetMap\" class=\"mt-4 uppercase font-extrabold rounded-full py-1.5 px-6 text-sm transition-colors duration-150 border bg-accent text-white border-transparent hover:bg-transparent hover:border-accent hover:text-accent\">\n        Accept cookies\n      <\/button>\n    <\/div>\n\n    <script type=\"text\/plain\" data-usercentrics=\"OpenStreetMap\">\n      (function() {\n        const iframe = document.createElement('iframe');\n        iframe.setAttribute('src', 'https:\/\/umap.openstreetmap.de\/de\/map\/gewerbegebiet-kassel-niederzwehren_79602?scaleControl=false&amp;amp;miniMap=false&amp;amp;scrollWheelZoom=false&amp;amp;zoomControl=true&amp;amp;editMode=disabled&amp;amp;moreControl=false&amp;amp;searchControl=true&amp;amp;tilelayersControl=false&amp;amp;embedControl=false&amp;amp;datalayersControl=false&amp;amp;onLoadPanel=none&amp;amp;captionBar=false&amp;amp;captionMenus=false&amp;amp;captionControl=false&amp;amp;locateControl=true&amp;amp;measureControl=false&amp;amp;editinosmControl=false&amp;amp;starControl=false');\n        iframe.setAttribute('width', '100%');\n        iframe.setAttribute('height', '460px');\n        iframe.setAttribute('frameborder', '0');\n                iframe.setAttribute('allowfullscreen', 'allowfullscreen');\n        \n        const container = document.getElementById('openstreetmap-69f298dc659cb');\n        container.innerHTML = '';\n        container.appendChild(iframe);\n      })();\n    <\/script>\n  <\/div>\n<\/div>\n\t\t\t\t<\/div>\n\t\t\t\t<\/div>\n\t\t\t\t<\/div>\n\t\t\t\t\t<\/div>\n\t\t\t\t<\/div>\n\t\t<div class=\"elementor-element elementor-element-56e5ced0 e-flex e-con-boxed e-con e-parent\" data-id=\"56e5ced0\" data-element_type=\"container\" data-e-type=\"container\">\n\t\t\t\t\t<div class=\"e-con-inner\">\n\t\t\t\t<div class=\"elementor-element elementor-element-aefd060 elementor-widget elementor-widget-wfg-horizontal-line\" data-id=\"aefd060\" data-element_type=\"widget\" data-e-type=\"widget\" data-widget_type=\"wfg-horizontal-line.default\">\n\t\t\t\t<div class=\"elementor-widget-container\">\n\t\t\t\t\t<hr class=\"h-1.5 sm:h-2 md:h-3 rounded-full !bg-primary !mx-auto w-[130px] sm:w-[160px] md:w-[180px] lg:w-[220px] xl:w-[240px]\">\n\n\t\t\t\t<\/div>\n\t\t\t\t<\/div>\n\t\t\t\t\t<\/div>\n\t\t\t\t<\/div>\n\t\t<div class=\"elementor-element elementor-element-d602f2b e-flex e-con-boxed e-con e-parent\" data-id=\"d602f2b\" data-element_type=\"container\" data-e-type=\"container\">\n\t\t\t\t\t<div class=\"e-con-inner\">\n\t\t\t\t<div class=\"elementor-element elementor-element-ce6c292 elementor-widget elementor-widget-wfg-text-editor\" data-id=\"ce6c292\" data-element_type=\"widget\" data-e-type=\"widget\" data-widget_type=\"wfg-text-editor.default\">\n\t\t\t\t<div class=\"elementor-widget-container\">\n\t\t\t\t\t\t\t\t\t<h2>Nehmen Sie Kontakt zu uns auf!<\/h2>\t\t\t\t\t\t\t\t<\/div>\n\t\t\t\t<\/div>\n\t\t\t\t\t<\/div>\n\t\t\t\t<\/div>\n\t\t<div class=\"elementor-element elementor-element-5777b712 e-flex e-con-boxed e-con e-parent\" data-id=\"5777b712\" data-element_type=\"container\" data-e-type=\"container\">\n\t\t\t\t\t<div class=\"e-con-inner\">\n\t\t<div class=\"elementor-element elementor-element-37ed8c46 e-con-full e-flex e-con e-child\" data-id=\"37ed8c46\" data-element_type=\"container\" data-e-type=\"container\">\n\t\t\t\t<div class=\"elementor-element elementor-element-3b2dad05 elementor-widget elementor-widget-wfg-image\" data-id=\"3b2dad05\" data-element_type=\"widget\" data-e-type=\"widget\" data-widget_type=\"wfg-image.default\">\n\t\t\t\t<div class=\"elementor-widget-container\">\n\t\t\t\t\t\n\n<figure class=\"wp-caption \" data-image>\n      <div class=\"relative rounded-widget overflow-hidden \">\n      <img loading=\"lazy\" decoding=\"async\" width=\"2000\" height=\"1333\" src=\"https:\/\/wfg-kassel.de\/wp-content\/uploads\/2025\/01\/gruppenfoto-team-wirtschaftsfoerderung-region-kassel-2023.webp\" class=\"!w-full !object-cover \" alt=\"Mehrere Personen stehen zusammen und posieren vor Gebauede fuer ein Gruppenfoto\" srcset=\"https:\/\/wfg-kassel.de\/wp-content\/uploads\/2025\/01\/gruppenfoto-team-wirtschaftsfoerderung-region-kassel-2023.webp 2000w, https:\/\/wfg-kassel.de\/wp-content\/uploads\/2025\/01\/gruppenfoto-team-wirtschaftsfoerderung-region-kassel-2023-300x200.webp 300w, https:\/\/wfg-kassel.de\/wp-content\/uploads\/2025\/01\/gruppenfoto-team-wirtschaftsfoerderung-region-kassel-2023-1024x682.webp 1024w, https:\/\/wfg-kassel.de\/wp-content\/uploads\/2025\/01\/gruppenfoto-team-wirtschaftsfoerderung-region-kassel-2023-768x512.webp 768w, https:\/\/wfg-kassel.de\/wp-content\/uploads\/2025\/01\/gruppenfoto-team-wirtschaftsfoerderung-region-kassel-2023-1536x1024.webp 1536w, https:\/\/wfg-kassel.de\/wp-content\/uploads\/2025\/01\/gruppenfoto-team-wirtschaftsfoerderung-region-kassel-2023-18x12.webp 18w\" sizes=\"(max-width: 2000px) 100vw, 2000px\" \/>\n            <div class=\"copyright-hint absolute bottom-0 right-0 z-10 flex items-center gap-1.5 px-2.5 py-1.5 bg-[#F0F0F0] rounded-tl-widget max-w-9 overflow-hidden whitespace-nowrap cursor-pointer transition-all duration-200 ease-in-out\" tabindex=\"0\" data-no-translation>\n      <span class=\"shrink-0 text-xs md:text-base leading-none text-[#555]\">\u00a9<\/span>\n      <span class=\"text-xs md:text-base leading-none text-[#333] opacity-0 transition-opacity duration-150\">Carolin Ludwig<\/span>\n    <\/div>\n  \n    <\/div>\n  \n  <\/figure>\n\t\t\t\t<\/div>\n\t\t\t\t<\/div>\n\t\t\t\t<\/div>\n\t\t<div class=\"elementor-element elementor-element-4cb842e3 e-con-full e-flex e-con e-child\" data-id=\"4cb842e3\" data-element_type=\"container\" data-e-type=\"container\">\n\t\t\t\t<div class=\"elementor-element elementor-element-664a7cba elementor-widget elementor-widget-wfg-text-editor\" data-id=\"664a7cba\" data-element_type=\"widget\" data-e-type=\"widget\" data-widget_type=\"wfg-text-editor.default\">\n\t\t\t\t<div class=\"elementor-widget-container\">\n\t\t\t\t\t\t\t\t\t<p>Sie haben weitere Fragen zum Website-Artikel oder m\u00f6chten von unseren exzellenten Netzwerken profitieren? Dann freuen wir uns auf den Austausch mit Ihnen. Als kompetenter erster Ansprechpartner stehen wir Ihnen gerne zur Verf\u00fcgung.<\/p>\n<p>Telefon: <a href=\"tel:+495617073350\">+49 561 70733-50<\/a><br \/>E-Mail: <a href=\"mailto:info@wfg-kassel.de\">info@wfg-kassel.de<\/a><\/p>\t\t\t\t\t\t\t\t<\/div>\n\t\t\t\t<\/div>\n\t\t\t\t<div class=\"elementor-element elementor-element-5184726c elementor-widget elementor-widget-wfg-button\" data-id=\"5184726c\" data-element_type=\"widget\" data-e-type=\"widget\" data-widget_type=\"wfg-button.default\">\n\t\t\t\t<div class=\"elementor-widget-container\">\n\t\t\t\t\t\n\n\n  <a href=\"\/kontakt\/#kontaktformular\"\n   aria-label=\"Zum Kontaktformular\"\n   class=\"uppercase font-extrabold py-1.5 px-6 text-lg xs:text-xl lg:text-2xl xl:text-3xl text-primary inline-flex items-center space-x-2 xs:space-x-3 lg:space-x-4 xl:space-x-6 hover:text-accent transition-colors\"\n   rel=\"\">\n    <svg xmlns=\"http:\/\/www.w3.org\/2000\/svg\" viewBox=\"0 0 16 16\" class=\"w-6 h-6 xs:w-8 xs:h-8 lg:w-10 lg:h-10 shrink-0\">\n  <g id=\"Group_62\" data-name=\"Group 62\" transform=\"translate(-931.406 1344) rotate(-90)\">\n    <path id=\"Icon_feather-chevron-down\" data-name=\"Icon feather-chevron-down\" d=\"M9,13.5l3.944,3.944L16.887,13.5\" transform=\"translate(1323.229 924.458)\" fill=\"none\" stroke=\"#e41e3d\" stroke-linecap=\"round\" stroke-linejoin=\"round\" stroke-width=\"1\"\/>\n    <g id=\"Ellipse_5\" data-name=\"Ellipse 5\" transform=\"translate(1328 931.406)\" fill=\"none\" stroke=\"#e41e3d\" stroke-width=\"1\">\n      <circle cx=\"8\" cy=\"8\" r=\"8\" stroke=\"none\"\/>\n      <circle cx=\"8\" cy=\"8\" r=\"7.5\" fill=\"none\"\/>\n    <\/g>\n  <\/g>\n<\/svg>\n\n    <span>\n       Zum Kontaktformular\n    <\/span>\n  <\/a>\n\t\t\t\t<\/div>\n\t\t\t\t<\/div>\n\t\t\t\t<\/div>\n\t\t\t\t\t<\/div>\n\t\t\t\t<\/div>\n\t\t\t\t<\/div>\n\t\t","protected":false},"excerpt":{"rendered":"<p>\u00a9 Wirtschaftsf\u00f6rderung Region Kassel Gewerbepark Kassel-Nieder\u00adzwehren (Langes Feld) Der Gewerbepark Kassel-Niederzwehren ist ein zentraler Bestandteil der wirtschaftlichen Entwicklungsstrategie der Stadt Kassel. Mit einer Gesamtfl\u00e4che von 76 Hektar bietet der Gewerbepark Kassel-Niederzwehren (\u201eLanges Feld\u201c) ideale Bedingungen f\u00fcr produzierende Unternehmen und unternehmensbezogene Dienstleistungen. Der Standort zeichnet sich durch seine hervorragende Verkehrsanbindung, sein innovatives Gestaltungskonzept und seine Rolle [&hellip;]<\/p>\n","protected":false},"author":3,"featured_media":0,"parent":1428,"menu_order":0,"comment_status":"closed","ping_status":"closed","template":"","meta":{"_acf_changed":false,"footnotes":""},"class_list":["post-1442","page","type-page","status-publish","hentry"],"acf":[],"yoast_head":"<!-- This site is optimized with the Yoast SEO plugin v27.5 - https:\/\/yoast.com\/product\/yoast-seo-wordpress\/ -->\n<title>Gewerbepark Kassel-Niederzwheren - &quot;Langes Feld&quot;<\/title>\n<meta name=\"description\" content=\"Erfahren Sie mehr zum Gewerbepark Kassel-Niederzwheren (Langes Feld) \u25ba Alle Infos zu Gewerbefl\u00e4chen &amp; Infrastruktur\" \/>\n<meta name=\"robots\" content=\"index, follow, max-snippet:-1, max-image-preview:large, max-video-preview:-1\" \/>\n<link rel=\"canonical\" href=\"https:\/\/wfg-kassel.de\/en\/commercial-areas\/kassel-industrial-park\/kassel-niederzwehren\/\" \/>\n<meta property=\"og:locale\" content=\"en_US\" \/>\n<meta property=\"og:type\" content=\"article\" \/>\n<meta property=\"og:title\" content=\"Gewerbepark Kassel-Niederzwheren - &quot;Langes Feld&quot;\" \/>\n<meta property=\"og:description\" content=\"Erfahren Sie mehr zum Gewerbepark Kassel-Niederzwheren (Langes Feld) \u25ba Alle Infos zu Gewerbefl\u00e4chen &amp; Infrastruktur\" \/>\n<meta property=\"og:url\" content=\"https:\/\/wfg-kassel.de\/en\/commercial-areas\/kassel-industrial-park\/kassel-niederzwehren\/\" \/>\n<meta property=\"og:site_name\" content=\"Wirtschaftsf\u00f6rderung Region Kassel\" \/>\n<meta property=\"article:modified_time\" content=\"2025-12-17T13:27:13+00:00\" \/>\n<meta property=\"og:image\" content=\"https:\/\/wfg-kassel.de\/wp-content\/uploads\/2025\/01\/luftaufnahme-gewerbegebiet-kassel-niederzwehren-seitlich-2024.webp\" \/>\n<meta name=\"twitter:card\" content=\"summary_large_image\" \/>\n<meta name=\"twitter:label1\" content=\"Est. reading time\" \/>\n\t<meta name=\"twitter:data1\" content=\"6 minutes\" \/>\n<script type=\"application\/ld+json\" class=\"yoast-schema-graph\">{\"@context\":\"https:\\\/\\\/schema.org\",\"@graph\":[{\"@type\":\"WebPage\",\"@id\":\"https:\\\/\\\/wfg-kassel.de\\\/gewerbestandorte\\\/industriepark-kassel\\\/niederzwehren\\\/\",\"url\":\"https:\\\/\\\/wfg-kassel.de\\\/gewerbestandorte\\\/industriepark-kassel\\\/niederzwehren\\\/\",\"name\":\"Gewerbepark Kassel-Niederzwheren - \\\"Langes Feld\\\"\",\"isPartOf\":{\"@id\":\"https:\\\/\\\/wfg-kassel.de\\\/#website\"},\"primaryImageOfPage\":{\"@id\":\"https:\\\/\\\/wfg-kassel.de\\\/gewerbestandorte\\\/industriepark-kassel\\\/niederzwehren\\\/#primaryimage\"},\"image\":{\"@id\":\"https:\\\/\\\/wfg-kassel.de\\\/gewerbestandorte\\\/industriepark-kassel\\\/niederzwehren\\\/#primaryimage\"},\"thumbnailUrl\":\"https:\\\/\\\/wfg-kassel.de\\\/wp-content\\\/uploads\\\/2025\\\/01\\\/luftaufnahme-gewerbegebiet-kassel-niederzwehren-seitlich-2024.webp\",\"datePublished\":\"2024-05-16T14:59:15+00:00\",\"dateModified\":\"2025-12-17T13:27:13+00:00\",\"description\":\"Erfahren Sie mehr zum Gewerbepark Kassel-Niederzwheren (Langes Feld) \u25ba Alle Infos zu Gewerbefl\u00e4chen & Infrastruktur\",\"breadcrumb\":{\"@id\":\"https:\\\/\\\/wfg-kassel.de\\\/gewerbestandorte\\\/industriepark-kassel\\\/niederzwehren\\\/#breadcrumb\"},\"inLanguage\":\"en-US\",\"potentialAction\":[{\"@type\":\"ReadAction\",\"target\":[\"https:\\\/\\\/wfg-kassel.de\\\/gewerbestandorte\\\/industriepark-kassel\\\/niederzwehren\\\/\"]}]},{\"@type\":\"ImageObject\",\"inLanguage\":\"en-US\",\"@id\":\"https:\\\/\\\/wfg-kassel.de\\\/gewerbestandorte\\\/industriepark-kassel\\\/niederzwehren\\\/#primaryimage\",\"url\":\"https:\\\/\\\/wfg-kassel.de\\\/wp-content\\\/uploads\\\/2025\\\/01\\\/luftaufnahme-gewerbegebiet-kassel-niederzwehren-seitlich-2024.webp\",\"contentUrl\":\"https:\\\/\\\/wfg-kassel.de\\\/wp-content\\\/uploads\\\/2025\\\/01\\\/luftaufnahme-gewerbegebiet-kassel-niederzwehren-seitlich-2024.webp\"},{\"@type\":\"BreadcrumbList\",\"@id\":\"https:\\\/\\\/wfg-kassel.de\\\/gewerbestandorte\\\/industriepark-kassel\\\/niederzwehren\\\/#breadcrumb\",\"itemListElement\":[{\"@type\":\"ListItem\",\"position\":1,\"name\":\"Startseite\",\"item\":\"https:\\\/\\\/wfg-kassel.de\\\/\"},{\"@type\":\"ListItem\",\"position\":2,\"name\":\"Gewerbestandorte\",\"item\":\"https:\\\/\\\/wfg-kassel.de\\\/gewerbestandorte\\\/\"},{\"@type\":\"ListItem\",\"position\":3,\"name\":\"Industriepark Kassel\",\"item\":\"https:\\\/\\\/wfg-kassel.de\\\/gewerbestandorte\\\/industriepark-kassel\\\/\"},{\"@type\":\"ListItem\",\"position\":4,\"name\":\"Gewerbepark \u2013 Kassel-Niederzwehren\"}]},{\"@type\":\"WebSite\",\"@id\":\"https:\\\/\\\/wfg-kassel.de\\\/#website\",\"url\":\"https:\\\/\\\/wfg-kassel.de\\\/\",\"name\":\"Wirtschaftsf\u00f6rderung Region Kassel\",\"description\":\"\",\"publisher\":{\"@id\":\"https:\\\/\\\/wfg-kassel.de\\\/#organization\"},\"potentialAction\":[{\"@type\":\"SearchAction\",\"target\":{\"@type\":\"EntryPoint\",\"urlTemplate\":\"https:\\\/\\\/wfg-kassel.de\\\/?s={search_term_string}\"},\"query-input\":{\"@type\":\"PropertyValueSpecification\",\"valueRequired\":true,\"valueName\":\"search_term_string\"}}],\"inLanguage\":\"en-US\"},{\"@type\":\"Organization\",\"@id\":\"https:\\\/\\\/wfg-kassel.de\\\/#organization\",\"name\":\"Wirtschaftsf\u00f6rderung Region Kassel\",\"url\":\"https:\\\/\\\/wfg-kassel.de\\\/\",\"logo\":{\"@type\":\"ImageObject\",\"inLanguage\":\"en-US\",\"@id\":\"https:\\\/\\\/wfg-kassel.de\\\/#\\\/schema\\\/logo\\\/image\\\/\",\"url\":\"https:\\\/\\\/wfg-kassel.de\\\/wp-content\\\/uploads\\\/2024\\\/02\\\/logo_wfg.svg\",\"contentUrl\":\"https:\\\/\\\/wfg-kassel.de\\\/wp-content\\\/uploads\\\/2024\\\/02\\\/logo_wfg.svg\",\"width\":339,\"height\":90,\"caption\":\"Wirtschaftsf\u00f6rderung Region Kassel\"},\"image\":{\"@id\":\"https:\\\/\\\/wfg-kassel.de\\\/#\\\/schema\\\/logo\\\/image\\\/\"}}]}<\/script>\n<!-- \/ Yoast SEO plugin. -->","yoast_head_json":{"title":"Kassel-Niederzwheren business park - \"Langes Feld\"","description":"Find out more about the business park Kassel-Niederzwheren (Langes Feld) \u25ba All information about commercial space &amp; infrastructure","robots":{"index":"index","follow":"follow","max-snippet":"max-snippet:-1","max-image-preview":"max-image-preview:large","max-video-preview":"max-video-preview:-1"},"canonical":"https:\/\/wfg-kassel.de\/en\/commercial-areas\/kassel-industrial-park\/kassel-niederzwehren\/","og_locale":"en_US","og_type":"article","og_title":"Gewerbepark Kassel-Niederzwheren - \"Langes Feld\"","og_description":"Erfahren Sie mehr zum Gewerbepark Kassel-Niederzwheren (Langes Feld) \u25ba Alle Infos zu Gewerbefl\u00e4chen & Infrastruktur","og_url":"https:\/\/wfg-kassel.de\/en\/commercial-areas\/kassel-industrial-park\/kassel-niederzwehren\/","og_site_name":"Wirtschaftsf\u00f6rderung Region Kassel","article_modified_time":"2025-12-17T13:27:13+00:00","og_image":[{"url":"https:\/\/wfg-kassel.de\/wp-content\/uploads\/2025\/01\/luftaufnahme-gewerbegebiet-kassel-niederzwehren-seitlich-2024.webp","type":"","width":"","height":""}],"twitter_card":"summary_large_image","twitter_misc":{"Est. reading time":"6 minutes"},"schema":{"@context":"https:\/\/schema.org","@graph":[{"@type":"WebPage","@id":"https:\/\/wfg-kassel.de\/gewerbestandorte\/industriepark-kassel\/niederzwehren\/","url":"https:\/\/wfg-kassel.de\/gewerbestandorte\/industriepark-kassel\/niederzwehren\/","name":"Kassel-Niederzwheren business park - \"Langes Feld\"","isPartOf":{"@id":"https:\/\/wfg-kassel.de\/#website"},"primaryImageOfPage":{"@id":"https:\/\/wfg-kassel.de\/gewerbestandorte\/industriepark-kassel\/niederzwehren\/#primaryimage"},"image":{"@id":"https:\/\/wfg-kassel.de\/gewerbestandorte\/industriepark-kassel\/niederzwehren\/#primaryimage"},"thumbnailUrl":"https:\/\/wfg-kassel.de\/wp-content\/uploads\/2025\/01\/luftaufnahme-gewerbegebiet-kassel-niederzwehren-seitlich-2024.webp","datePublished":"2024-05-16T14:59:15+00:00","dateModified":"2025-12-17T13:27:13+00:00","description":"Find out more about the business park Kassel-Niederzwheren (Langes Feld) \u25ba All information about commercial space &amp; infrastructure","breadcrumb":{"@id":"https:\/\/wfg-kassel.de\/gewerbestandorte\/industriepark-kassel\/niederzwehren\/#breadcrumb"},"inLanguage":"en-US","potentialAction":[{"@type":"ReadAction","target":["https:\/\/wfg-kassel.de\/gewerbestandorte\/industriepark-kassel\/niederzwehren\/"]}]},{"@type":"ImageObject","inLanguage":"en-US","@id":"https:\/\/wfg-kassel.de\/gewerbestandorte\/industriepark-kassel\/niederzwehren\/#primaryimage","url":"https:\/\/wfg-kassel.de\/wp-content\/uploads\/2025\/01\/luftaufnahme-gewerbegebiet-kassel-niederzwehren-seitlich-2024.webp","contentUrl":"https:\/\/wfg-kassel.de\/wp-content\/uploads\/2025\/01\/luftaufnahme-gewerbegebiet-kassel-niederzwehren-seitlich-2024.webp"},{"@type":"BreadcrumbList","@id":"https:\/\/wfg-kassel.de\/gewerbestandorte\/industriepark-kassel\/niederzwehren\/#breadcrumb","itemListElement":[{"@type":"ListItem","position":1,"name":"Startseite","item":"https:\/\/wfg-kassel.de\/"},{"@type":"ListItem","position":2,"name":"Gewerbestandorte","item":"https:\/\/wfg-kassel.de\/gewerbestandorte\/"},{"@type":"ListItem","position":3,"name":"Industriepark Kassel","item":"https:\/\/wfg-kassel.de\/gewerbestandorte\/industriepark-kassel\/"},{"@type":"ListItem","position":4,"name":"Gewerbepark \u2013 Kassel-Niederzwehren"}]},{"@type":"WebSite","@id":"https:\/\/wfg-kassel.de\/#website","url":"https:\/\/wfg-kassel.de\/","name":"Wirtschaftsf\u00f6rderung Region Kassel","description":"","publisher":{"@id":"https:\/\/wfg-kassel.de\/#organization"},"potentialAction":[{"@type":"SearchAction","target":{"@type":"EntryPoint","urlTemplate":"https:\/\/wfg-kassel.de\/?s={search_term_string}"},"query-input":{"@type":"PropertyValueSpecification","valueRequired":true,"valueName":"search_term_string"}}],"inLanguage":"en-US"},{"@type":"Organization","@id":"https:\/\/wfg-kassel.de\/#organization","name":"Wirtschaftsf\u00f6rderung Region Kassel","url":"https:\/\/wfg-kassel.de\/","logo":{"@type":"ImageObject","inLanguage":"en-US","@id":"https:\/\/wfg-kassel.de\/#\/schema\/logo\/image\/","url":"https:\/\/wfg-kassel.de\/wp-content\/uploads\/2024\/02\/logo_wfg.svg","contentUrl":"https:\/\/wfg-kassel.de\/wp-content\/uploads\/2024\/02\/logo_wfg.svg","width":339,"height":90,"caption":"Wirtschaftsf\u00f6rderung Region Kassel"},"image":{"@id":"https:\/\/wfg-kassel.de\/#\/schema\/logo\/image\/"}}]}},"_links":{"self":[{"href":"https:\/\/wfg-kassel.de\/en\/wp-json\/wp\/v2\/pages\/1442","targetHints":{"allow":["GET"]}}],"collection":[{"href":"https:\/\/wfg-kassel.de\/en\/wp-json\/wp\/v2\/pages"}],"about":[{"href":"https:\/\/wfg-kassel.de\/en\/wp-json\/wp\/v2\/types\/page"}],"author":[{"embeddable":true,"href":"https:\/\/wfg-kassel.de\/en\/wp-json\/wp\/v2\/users\/3"}],"replies":[{"embeddable":true,"href":"https:\/\/wfg-kassel.de\/en\/wp-json\/wp\/v2\/comments?post=1442"}],"version-history":[{"count":5,"href":"https:\/\/wfg-kassel.de\/en\/wp-json\/wp\/v2\/pages\/1442\/revisions"}],"predecessor-version":[{"id":10471,"href":"https:\/\/wfg-kassel.de\/en\/wp-json\/wp\/v2\/pages\/1442\/revisions\/10471"}],"up":[{"embeddable":true,"href":"https:\/\/wfg-kassel.de\/en\/wp-json\/wp\/v2\/pages\/1428"}],"wp:attachment":[{"href":"https:\/\/wfg-kassel.de\/en\/wp-json\/wp\/v2\/media?parent=1442"}],"curies":[{"name":"wp","href":"https:\/\/api.w.org\/{rel}","templated":true}]}}