{"id":392,"date":"2024-03-20T12:00:23","date_gmt":"2024-03-20T11:00:23","guid":{"rendered":"https:\/\/wfg.rosys.dev\/?page_id=392"},"modified":"2026-03-25T12:44:15","modified_gmt":"2026-03-25T11:44:15","slug":"experience-region-kassel","status":"publish","type":"page","link":"https:\/\/wfg-kassel.de\/en\/lebenswertes-kassel\/erlebnisregion-kassel\/","title":{"rendered":"Kassel adventure region"},"content":{"rendered":"\t\t<div data-elementor-type=\"wp-page\" data-elementor-id=\"392\" class=\"elementor elementor-392\" data-elementor-post-type=\"page\">\n\t\t\t\t<div class=\"elementor-element elementor-element-26f9cca7 e-con-full e-flex e-con e-parent\" data-id=\"26f9cca7\" data-element_type=\"container\" data-e-type=\"container\">\n\t\t<div class=\"elementor-element elementor-element-2d239738 e-con-full e-flex e-con e-child\" data-id=\"2d239738\" data-element_type=\"container\" data-e-type=\"container\">\n\t\t\t\t<div class=\"elementor-element elementor-element-b5d0d54 elementor-widget elementor-widget-wfg-header-banner\" data-id=\"b5d0d54\" data-element_type=\"widget\" data-e-type=\"widget\" data-widget_type=\"wfg-header-banner.default\">\n\t\t\t\t<div class=\"elementor-widget-container\">\n\t\t\t\t\t<div class=\"header-banner flex flex-col md:flex-row\">\n  <div class=\"md:w-1\/2\">\n    <figure class=\"wp-caption bg-gray-800 \" data-image>\n      <div class=\"relative \">\n      <img fetchpriority=\"high\" decoding=\"async\" width=\"2000\" height=\"1333\" src=\"https:\/\/wfg-kassel.de\/wp-content\/uploads\/2025\/06\/menschen-verweilen-am-fuldaufer-in-kassel.webp\" class=\"!w-full !object-cover !max-h-[475px] aspect-video\" alt=\"Menschen verweilen am Fuldaufer in Kassel\" srcset=\"https:\/\/wfg-kassel.de\/wp-content\/uploads\/2025\/06\/menschen-verweilen-am-fuldaufer-in-kassel.webp 2000w, https:\/\/wfg-kassel.de\/wp-content\/uploads\/2025\/06\/menschen-verweilen-am-fuldaufer-in-kassel-300x200.webp 300w, https:\/\/wfg-kassel.de\/wp-content\/uploads\/2025\/06\/menschen-verweilen-am-fuldaufer-in-kassel-1024x682.webp 1024w, https:\/\/wfg-kassel.de\/wp-content\/uploads\/2025\/06\/menschen-verweilen-am-fuldaufer-in-kassel-768x512.webp 768w, https:\/\/wfg-kassel.de\/wp-content\/uploads\/2025\/06\/menschen-verweilen-am-fuldaufer-in-kassel-1536x1024.webp 1536w, https:\/\/wfg-kassel.de\/wp-content\/uploads\/2025\/06\/menschen-verweilen-am-fuldaufer-in-kassel-18x12.webp 18w\" sizes=\"(max-width: 2000px) 100vw, 2000px\" \/>\n\n              <div class=\"absolute bottom-0 right-0 h-10 w-full copyright-gradient z-[2]\">\n          <span class=\"text-white text-xs md:text-base absolute right-3 bottom-2\">\n            \u00a9 Kassel Marketing GmbH | Florian Trykowski\n          <\/span>\n        <\/div>\n          <\/div>\n  \n  <\/figure>\n\n  <\/div>\n  <div class=\"md:w-1\/2 bg-primary px-4 py-12 sm:py-14 md:p-8 xl:pl-14 flex flex-col justify-center relative\">\n    <h1 class=\"inline-block self-start xl:max-w-[680px] mb-4\">Kultur und Freizeit in Kassel<\/h1>\n  <\/div>\n<\/div>\n\t\t\t\t<\/div>\n\t\t\t\t<\/div>\n\t\t\t\t<\/div>\n\t\t\t\t<\/div>\n\t\t<div class=\"elementor-element elementor-element-533e71db e-flex e-con-boxed e-con e-parent\" data-id=\"533e71db\" data-element_type=\"container\" data-e-type=\"container\">\n\t\t\t\t\t<div class=\"e-con-inner\">\n\t\t\t\t<div class=\"elementor-element elementor-element-70c781e8 elementor-widget elementor-widget-wfg-text-editor\" data-id=\"70c781e8\" data-element_type=\"widget\" data-e-type=\"widget\" data-widget_type=\"wfg-text-editor.default\">\n\t\t\t\t<div class=\"elementor-widget-container\">\n\t\t\t\t\t\t\t\t\t<p class=\"aufmachertext\">Entdecken Sie das Kultur- und Freizeitangebot der Erlebnisregion\u00a0<strong>Kassel<\/strong> \u2013 eine einzigartige <strong>Mischung aus Kunst, Natur, urbanem Flair und sportlichen Abenteuern<\/strong>. Ob beim <strong>Bummeln<\/strong> durch die K\u00f6nigsstra\u00dfe, beim <strong>Erkunden<\/strong> moderner Kunst und der <strong>vielf\u00e4ltigen Sehensw\u00fcrdigkeiten Kassels<\/strong>, bei Wanderungen in der Natur des Landkreises oder beim <strong>Besuch spannender Veranstaltungen<\/strong> \u2013 hier wird jede Freizeit zum besonderen Erlebnis.<\/p>\t\t\t\t\t\t\t\t<\/div>\n\t\t\t\t<\/div>\n\t\t\t\t\t<\/div>\n\t\t\t\t<\/div>\n\t\t<div class=\"elementor-element elementor-element-1911399 e-flex e-con-boxed e-con e-parent\" data-id=\"1911399\" data-element_type=\"container\" data-e-type=\"container\">\n\t\t\t\t\t<div class=\"e-con-inner\">\n\t\t\t\t<div class=\"elementor-element elementor-element-28f781a elementor-widget elementor-widget-wfg-text-editor\" data-id=\"28f781a\" data-element_type=\"widget\" data-e-type=\"widget\" data-widget_type=\"wfg-text-editor.default\">\n\t\t\t\t<div class=\"elementor-widget-container\">\n\t\t\t\t\t\t\t\t\t<h2>Feste &amp; Veranstaltungen<\/h2>\t\t\t\t\t\t\t\t<\/div>\n\t\t\t\t<\/div>\n\t\t\t\t\t<\/div>\n\t\t\t\t<\/div>\n\t\t<div class=\"elementor-element elementor-element-1973a36 e-flex e-con-boxed e-con e-parent\" data-id=\"1973a36\" data-element_type=\"container\" data-e-type=\"container\">\n\t\t\t\t\t<div class=\"e-con-inner\">\n\t\t<div class=\"elementor-element elementor-element-71fd5de e-con-full e-flex e-con e-child\" data-id=\"71fd5de\" data-element_type=\"container\" data-e-type=\"container\">\n\t\t\t\t<div class=\"elementor-element elementor-element-63f3125 elementor-widget elementor-widget-wfg-text-editor\" data-id=\"63f3125\" data-element_type=\"widget\" data-e-type=\"widget\" data-widget_type=\"wfg-text-editor.default\">\n\t\t\t\t<div class=\"elementor-widget-container\">\n\t\t\t\t\t\t\t\t\t<p>Bestes Beispiel, dass Kassel und die Region gern feiern, ist der viert\u00e4gige <strong>Zissel Anfang August<\/strong>. Seit 1926 wird das Kasseler Volksfest an und auf der Fulda gefeiert, und was &#8222;D`r H\u00e4ring h\u00e4ngt!&#8220; bedeutet, wissen hier alle &#8211; nicht nur die Zisselk\u00f6nigin und die Fullenixe.<\/p>\n<p>Zum Sommer geh\u00f6ren au\u00dferdem <strong>Open-Air-Konzerte<\/strong>, <strong>Kulturzelte<\/strong> und <strong>Bierg\u00e4rten<\/strong>. \u00dcber die Grenzen hinaus beliebt sind die Weihnachtsm\u00e4rkte in der Br\u00fcder-Grimm-Region. International beachtet ist die alternative Kino\u00adszene f\u00fcr das Dokfest, das j\u00e4hr\u00adliche Kasseler Doku\u00admen\u00adtar Film und Video Fest. Locations zum Ausgehen gibt es mit <strong>Kultur\u00adbahnhof<\/strong>, <strong>Kultur\u00adzentrum<\/strong>, <strong>Bars<\/strong>, <strong>Kneipen<\/strong>\u00a0und <strong>Diskotheken<\/strong> reichlich.<\/p>\t\t\t\t\t\t\t\t<\/div>\n\t\t\t\t<\/div>\n\t\t\t\t<div class=\"elementor-element elementor-element-816cc08 elementor-widget elementor-widget-wfg-button\" data-id=\"816cc08\" data-element_type=\"widget\" data-e-type=\"widget\" data-widget_type=\"wfg-button.default\">\n\t\t\t\t<div class=\"elementor-widget-container\">\n\t\t\t\t\t\n\n\n  <a href=\"https:\/\/www.kassel.de\/buerger\/sport_und_freizeit\/wiederkehrende-veranstaltungen.php\"\n   aria-label=\"Wiederkehrende Events in Kassel\"\n   class=\"uppercase font-extrabold py-1.5 px-6 text-lg xs:text-xl lg:text-2xl xl:text-3xl text-primary inline-flex items-center space-x-2 xs:space-x-3 lg:space-x-4 xl:space-x-6 hover:text-accent transition-colors\"\n   rel=\"\">\n    <svg xmlns=\"http:\/\/www.w3.org\/2000\/svg\" viewBox=\"0 0 16 16\" class=\"w-6 h-6 xs:w-8 xs:h-8 lg:w-10 lg:h-10 shrink-0\">\n  <g id=\"Group_62\" data-name=\"Group 62\" transform=\"translate(-931.406 1344) rotate(-90)\">\n    <path id=\"Icon_feather-chevron-down\" data-name=\"Icon feather-chevron-down\" d=\"M9,13.5l3.944,3.944L16.887,13.5\" transform=\"translate(1323.229 924.458)\" fill=\"none\" stroke=\"#e41e3d\" stroke-linecap=\"round\" stroke-linejoin=\"round\" stroke-width=\"1\"\/>\n    <g id=\"Ellipse_5\" data-name=\"Ellipse 5\" transform=\"translate(1328 931.406)\" fill=\"none\" stroke=\"#e41e3d\" stroke-width=\"1\">\n      <circle cx=\"8\" cy=\"8\" r=\"8\" stroke=\"none\"\/>\n      <circle cx=\"8\" cy=\"8\" r=\"7.5\" fill=\"none\"\/>\n    <\/g>\n  <\/g>\n<\/svg>\n\n    <span>\n       Wiederkehrende Events in Kassel\n    <\/span>\n  <\/a>\n\t\t\t\t<\/div>\n\t\t\t\t<\/div>\n\t\t\t\t<\/div>\n\t\t<div class=\"elementor-element elementor-element-920d19f e-con-full e-flex e-con e-child\" data-id=\"920d19f\" data-element_type=\"container\" data-e-type=\"container\">\n\t\t\t\t<div class=\"elementor-element elementor-element-95adf45 elementor-widget elementor-widget-wfg-image\" data-id=\"95adf45\" data-element_type=\"widget\" data-e-type=\"widget\" data-widget_type=\"wfg-image.default\">\n\t\t\t\t<div class=\"elementor-widget-container\">\n\t\t\t\t\t<figure class=\"wp-caption bg-gray-800 \" data-image>\n      <div class=\"relative \">\n      <img decoding=\"async\" width=\"2000\" height=\"1333\" src=\"https:\/\/wfg-kassel.de\/wp-content\/uploads\/2025\/06\/zissel-in-kassel.webp\" class=\"!w-full !object-cover \" alt=\"Volksfest mit Menschen vor Fahrgeschaeften\" srcset=\"https:\/\/wfg-kassel.de\/wp-content\/uploads\/2025\/06\/zissel-in-kassel.webp 2000w, https:\/\/wfg-kassel.de\/wp-content\/uploads\/2025\/06\/zissel-in-kassel-300x200.webp 300w, https:\/\/wfg-kassel.de\/wp-content\/uploads\/2025\/06\/zissel-in-kassel-1024x682.webp 1024w, https:\/\/wfg-kassel.de\/wp-content\/uploads\/2025\/06\/zissel-in-kassel-768x512.webp 768w, https:\/\/wfg-kassel.de\/wp-content\/uploads\/2025\/06\/zissel-in-kassel-1536x1024.webp 1536w, https:\/\/wfg-kassel.de\/wp-content\/uploads\/2025\/06\/zissel-in-kassel-18x12.webp 18w\" sizes=\"(max-width: 2000px) 100vw, 2000px\" \/>\n\n              <div class=\"absolute bottom-0 right-0 h-10 w-full copyright-gradient z-[2]\">\n          <span class=\"text-white text-xs md:text-base absolute right-3 bottom-2\">\n            \u00a9 Kassel Marketing GmbH | Mario Zgoll\n          <\/span>\n        <\/div>\n          <\/div>\n  \n  <\/figure>\n\t\t\t\t<\/div>\n\t\t\t\t<\/div>\n\t\t\t\t<\/div>\n\t\t\t\t\t<\/div>\n\t\t\t\t<\/div>\n\t\t<div class=\"elementor-element elementor-element-d496884 e-flex e-con-boxed e-con e-parent\" data-id=\"d496884\" data-element_type=\"container\" data-e-type=\"container\">\n\t\t\t\t\t<div class=\"e-con-inner\">\n\t\t\t\t<div class=\"elementor-element elementor-element-2f34b70 elementor-widget elementor-widget-wfg-text-editor\" data-id=\"2f34b70\" data-element_type=\"widget\" data-e-type=\"widget\" data-widget_type=\"wfg-text-editor.default\">\n\t\t\t\t<div class=\"elementor-widget-container\">\n\t\t\t\t\t\t\t\t\t<h2>Sportliche Aktivit\u00e4ten in Kassel<\/h2>\t\t\t\t\t\t\t\t<\/div>\n\t\t\t\t<\/div>\n\t\t\t\t\t<\/div>\n\t\t\t\t<\/div>\n\t\t<div class=\"elementor-element elementor-element-993e008 e-flex e-con-boxed e-con e-parent\" data-id=\"993e008\" data-element_type=\"container\" data-e-type=\"container\">\n\t\t\t\t\t<div class=\"e-con-inner\">\n\t\t<div class=\"elementor-element elementor-element-bacd2f3 e-con-full e-flex e-con e-child\" data-id=\"bacd2f3\" data-element_type=\"container\" data-e-type=\"container\">\n\t\t\t\t<div class=\"elementor-element elementor-element-1610be46 elementor-widget elementor-widget-wfg-image\" data-id=\"1610be46\" data-element_type=\"widget\" data-e-type=\"widget\" data-widget_type=\"wfg-image.default\">\n\t\t\t\t<div class=\"elementor-widget-container\">\n\t\t\t\t\t<figure class=\"wp-caption bg-gray-800 \" data-image>\n      <div class=\"relative \">\n      <img decoding=\"async\" width=\"2000\" height=\"1333\" src=\"https:\/\/wfg-kassel.de\/wp-content\/uploads\/2025\/06\/fahrradfahren-in-kassel.webp\" class=\"!w-full !object-cover \" alt=\"Zwei Personen fahren Fahrrad Radweg Kassel am Fluss\" srcset=\"https:\/\/wfg-kassel.de\/wp-content\/uploads\/2025\/06\/fahrradfahren-in-kassel.webp 2000w, https:\/\/wfg-kassel.de\/wp-content\/uploads\/2025\/06\/fahrradfahren-in-kassel-300x200.webp 300w, https:\/\/wfg-kassel.de\/wp-content\/uploads\/2025\/06\/fahrradfahren-in-kassel-1024x682.webp 1024w, https:\/\/wfg-kassel.de\/wp-content\/uploads\/2025\/06\/fahrradfahren-in-kassel-768x512.webp 768w, https:\/\/wfg-kassel.de\/wp-content\/uploads\/2025\/06\/fahrradfahren-in-kassel-1536x1024.webp 1536w, https:\/\/wfg-kassel.de\/wp-content\/uploads\/2025\/06\/fahrradfahren-in-kassel-18x12.webp 18w\" sizes=\"(max-width: 2000px) 100vw, 2000px\" \/>\n\n              <div class=\"absolute bottom-0 right-0 h-10 w-full copyright-gradient z-[2]\">\n          <span class=\"text-white text-xs md:text-base absolute right-3 bottom-2\">\n            \u00a9 Kassel Marketing GmbH | Florian Trykowski\n          <\/span>\n        <\/div>\n          <\/div>\n  \n  <\/figure>\n\t\t\t\t<\/div>\n\t\t\t\t<\/div>\n\t\t\t\t<\/div>\n\t\t<div class=\"elementor-element elementor-element-9093a56 e-con-full e-flex e-con e-child\" data-id=\"9093a56\" data-element_type=\"container\" data-e-type=\"container\">\n\t\t\t\t<div class=\"elementor-element elementor-element-042a95e elementor-widget elementor-widget-wfg-text-editor\" data-id=\"042a95e\" data-element_type=\"widget\" data-e-type=\"widget\" data-widget_type=\"wfg-text-editor.default\">\n\t\t\t\t<div class=\"elementor-widget-container\">\n\t\t\t\t\t\t\t\t\t<p>Sie k\u00f6nnten ein paar Runden im Fessel\u00adballon oder <strong>Segel\u00adflieger<\/strong> drehen. Adrenalingeladen k\u00f6nnten Sie auch <strong>aus einem Flug\u00adzeug springen<\/strong> \u2013 mit Fallschirm, versteht sich. Weniger drauf\u00adg\u00e4ngerisch k\u00f6nnten Sie auf einem der <strong>Golf\u00adpl\u00e4tze<\/strong> an ihrem Handicap arbeiten oder ge\u00adm\u00fct\u00adlich ent\u00adlang der Fulda radeln. Kassel bietet auch f\u00fcr <strong>Mountainbiking geeignete Orte<\/strong>. <strong>Klettern, Kartfahren<\/strong> oder beim <strong>Kassel-Marathon<\/strong> mitlaufen sind weitere actiongeladene, Kasseler Aktivit\u00e4ten. <strong>Hunderte Sport\u00advereine<\/strong> bieten dar\u00fcber hinaus genau das, was Sie sich sportlich w\u00fcnschen.<\/p>\n<p>Auf Diemel, Eder, Fulda, Werra, Weser und Edersee l\u00e4sst es sich <strong>Rudern, Paddeln, Wasserski<\/strong> und Boot fahren. Zum Ein\u00adtauchen gibt es Thermen, B\u00e4der und richtig sch\u00f6ne Seen. Und gro\u00dfen Sport zeigen die Kicker vom KSV Hessen Kassel, die Eishockey-Profis der Kassel Huskies und die Handballer vom Bundes\u00adligisten MT Melsungen.<\/p>\t\t\t\t\t\t\t\t<\/div>\n\t\t\t\t<\/div>\n\t\t\t\t<\/div>\n\t\t\t\t\t<\/div>\n\t\t\t\t<\/div>\n\t\t<div class=\"elementor-element elementor-element-8635dc7 e-flex e-con-boxed e-con e-parent\" data-id=\"8635dc7\" data-element_type=\"container\" data-e-type=\"container\">\n\t\t\t\t\t<div class=\"e-con-inner\">\n\t\t\t\t<div class=\"elementor-element elementor-element-032aa91 elementor-widget__width-inherit elementor-widget elementor-widget-wfg-accordion\" data-id=\"032aa91\" data-element_type=\"widget\" data-e-type=\"widget\" data-widget_type=\"wfg-accordion.default\">\n\t\t\t\t<div class=\"elementor-widget-container\">\n\t\t\t\t\t<div data-accordion class=\"divide-primary divide-y border-primary border-t border-b\">\n      <div class=\"py-4 px-4\" data-accordion-entry>\n      <div class=\"flex font-bold md:text-xl xl:text-2xl text-secondary-dark cursor-pointer\" aria-expanded=\"false\" role=\"button\" id=\"tab_control_780a4c9\" aria-controls=\"accordion_tab_780a4c9\" tabindex=\"0\">\n        <span class=\"hidden w-5\" data-minus>-<\/span>\n        <span class=\"w-5\" data-plus>+<\/span>\n        <span class=\"block w-full\">\n          Weiterf\u00fchrende Informationen und Links\n        <\/span>\n      <\/div>\n      <div aria-labelledby=\"tab_control_780a4c9\" role=\"region\" id=\"accordion_tab_780a4c9\" class=\"pl-5 h-0 overflow-y-hidden overflow-x-auto transition-height ease-linear duration-300\">\n        <ul>\n<li><a href=\"https:\/\/visit.kassel.de\/\">Visit Kassel<\/a><\/li>\n<li><a href=\"https:\/\/www.kassel-auebad.de\/\">Auebad Kassel<\/a><\/li>\n<li><a href=\"https:\/\/www.aquapark-baunatal.de\/aquapark\/index.php\">Aquapark Baunatal<\/a><\/li>\n<li><a href=\"https:\/\/www.kassel-airport.de\/freizeit-sport-events\/fallschirmsprung\/\">Kassel Airport Freizeit<\/a><\/li>\n<li><a href=\"https:\/\/www.kassel-huskies.de\/\">Kassel Huskies<\/a><\/li>\n<li><a href=\"https:\/\/www.kino.de\/kinoprogramm\/stadt\/kassel\/\">Kino.de Kassel<\/a><\/li>\n<li><a href=\"https:\/\/kletterwald-kassel.de\/\">Kletterwald Kassel<\/a><\/li>\n<li><a href=\"https:\/\/www.ksvhessen.de\/\">KSV Hessen Kassel<\/a><\/li>\n<li><a href=\"https:\/\/www.kurhessen-therme.de\/\">Kurhessen Therme Kassel<\/a><\/li>\n<li><a href=\"https:\/\/www.mt-melsungen.de\/\">MT Melsungen<\/a><\/li>\n<li><a href=\"https:\/\/www.wesertherme.de\/\">Wesertherme Bad Karlshafen<\/a><\/li>\n<\/ul>\n      <\/div>\n    <\/div>\n  <\/div>\n\t\t\t\t<\/div>\n\t\t\t\t<\/div>\n\t\t\t\t\t<\/div>\n\t\t\t\t<\/div>\n\t\t<div class=\"elementor-element elementor-element-558f77d e-flex e-con-boxed e-con e-parent\" data-id=\"558f77d\" data-element_type=\"container\" data-e-type=\"container\">\n\t\t\t\t\t<div class=\"e-con-inner\">\n\t\t\t\t<div class=\"elementor-element elementor-element-27273231 elementor-widget elementor-widget-wfg-text-editor\" data-id=\"27273231\" data-element_type=\"widget\" data-e-type=\"widget\" data-widget_type=\"wfg-text-editor.default\">\n\t\t\t\t<div class=\"elementor-widget-container\">\n\t\t\t\t\t\t\t\t\t<h2>Kunst, Kultur und Sehensw\u00fcrdigkeiten<\/h2>\t\t\t\t\t\t\t\t<\/div>\n\t\t\t\t<\/div>\n\t\t\t\t\t<\/div>\n\t\t\t\t<\/div>\n\t\t<div class=\"elementor-element elementor-element-313b0a14 e-flex e-con-boxed e-con e-parent\" data-id=\"313b0a14\" data-element_type=\"container\" data-e-type=\"container\">\n\t\t\t\t\t<div class=\"e-con-inner\">\n\t\t<div class=\"elementor-element elementor-element-3bd559f9 e-con-full e-flex e-con e-child\" data-id=\"3bd559f9\" data-element_type=\"container\" data-e-type=\"container\">\n\t\t\t\t<div class=\"elementor-element elementor-element-60210663 elementor-widget elementor-widget-wfg-text-editor\" data-id=\"60210663\" data-element_type=\"widget\" data-e-type=\"widget\" data-widget_type=\"wfg-text-editor.default\">\n\t\t\t\t<div class=\"elementor-widget-container\">\n\t\t\t\t\t\t\t\t\t<p data-start=\"0\" data-end=\"288\">Kassels Kultur gl\u00e4nzt mit dem Herkules \u00fcber dem <strong>UNESCO-Bergpark Wilhelmsh\u00f6he<\/strong>; Schloss und Landschaftsgarten bilden ein Gesamtkunstwerk. In der Stadt locken die <strong>barocke Orangerie<\/strong> samt Karlsaue und im Landkreis Kassel das <strong>Rokoko-Schloss Wilhelmsthal in Calden<\/strong> \u2013 gemeinsam ein Trio landgr\u00e4flicher Parkanlagen.<\/p>\n<p data-start=\"290\" data-end=\"624\" data-is-last-node=\"\" data-is-only-node=\"\">Die Anzahl und Qualit\u00e4t der <a href=\"\/lebenswertes-kassel\/erlebnisregion-kassel\/museen-in-kassel\">Museen in Kassel<\/a> ist au\u00dfergew\u00f6hnlich: Von den \u201e<strong>Alten Meistern<\/strong>\u201c mit Rembrandts <em data-start=\"369\" data-end=\"377\">Saskia<\/em> bis zu Technik-, Hugenotten-, Comic- und Ecomuseum reicht das Spektrum. Kassel liegt an der Deutschen M\u00e4rchenstra\u00dfe; <strong>Sababurg<\/strong> und <strong>Trendelburg<\/strong> erinnern an Dornr\u00f6schen und Rapunzel. Die <strong>Grimmwelt<\/strong> \u00fcbersetzt Leben und Werk der Br\u00fcder Grimm ins Heute. Und wer <a href=\"https:\/\/wfg-kassel.de\/lebenswertes-kassel\/erlebnisregion-kassel\/kassel-mit-kindern\/\">mit Kindern in Kassel<\/a> unterwegs ist, findet nicht nur altersgerechte Museen, sondern auch viele Freizeitaktivit\u00e4ten.<\/p>\t\t\t\t\t\t\t\t<\/div>\n\t\t\t\t<\/div>\n\t\t\t\t<\/div>\n\t\t<div class=\"elementor-element elementor-element-6f4a5c8 e-con-full e-flex e-con e-child\" data-id=\"6f4a5c8\" data-element_type=\"container\" data-e-type=\"container\">\n\t\t\t\t<div class=\"elementor-element elementor-element-fee2419 elementor-widget elementor-widget-wfg-image\" data-id=\"fee2419\" data-element_type=\"widget\" data-e-type=\"widget\" data-widget_type=\"wfg-image.default\">\n\t\t\t\t<div class=\"elementor-widget-container\">\n\t\t\t\t\t<figure class=\"wp-caption bg-gray-800 \" data-image>\n      <div class=\"relative \">\n      <img loading=\"lazy\" decoding=\"async\" width=\"2000\" height=\"1334\" src=\"https:\/\/wfg-kassel.de\/wp-content\/uploads\/2025\/06\/besucher-kunstausstellung-schloss-wilhelmshoehe.webp\" class=\"!w-full !object-cover \" alt=\"Besucher schauen sich Kunstwerke an\" srcset=\"https:\/\/wfg-kassel.de\/wp-content\/uploads\/2025\/06\/besucher-kunstausstellung-schloss-wilhelmshoehe.webp 2000w, https:\/\/wfg-kassel.de\/wp-content\/uploads\/2025\/06\/besucher-kunstausstellung-schloss-wilhelmshoehe-300x200.webp 300w, https:\/\/wfg-kassel.de\/wp-content\/uploads\/2025\/06\/besucher-kunstausstellung-schloss-wilhelmshoehe-1024x683.webp 1024w, https:\/\/wfg-kassel.de\/wp-content\/uploads\/2025\/06\/besucher-kunstausstellung-schloss-wilhelmshoehe-768x512.webp 768w, https:\/\/wfg-kassel.de\/wp-content\/uploads\/2025\/06\/besucher-kunstausstellung-schloss-wilhelmshoehe-1536x1025.webp 1536w, https:\/\/wfg-kassel.de\/wp-content\/uploads\/2025\/06\/besucher-kunstausstellung-schloss-wilhelmshoehe-18x12.webp 18w\" sizes=\"(max-width: 2000px) 100vw, 2000px\" \/>\n\n              <div class=\"absolute bottom-0 right-0 h-10 w-full copyright-gradient z-[2]\">\n          <span class=\"text-white text-xs md:text-base absolute right-3 bottom-2\">\n            \u00a9 Kassel Marketing GmbH | Can Wagener\n          <\/span>\n        <\/div>\n          <\/div>\n  \n  <\/figure>\n\t\t\t\t<\/div>\n\t\t\t\t<\/div>\n\t\t\t\t<\/div>\n\t\t\t\t\t<\/div>\n\t\t\t\t<\/div>\n\t\t<div class=\"elementor-element elementor-element-6cac025e e-flex e-con-boxed e-con e-parent\" data-id=\"6cac025e\" data-element_type=\"container\" data-e-type=\"container\">\n\t\t\t\t\t<div class=\"e-con-inner\">\n\t\t\t\t<div class=\"elementor-element elementor-element-43d8814 elementor-widget__width-inherit elementor-widget elementor-widget-wfg-accordion\" data-id=\"43d8814\" data-element_type=\"widget\" data-e-type=\"widget\" data-widget_type=\"wfg-accordion.default\">\n\t\t\t\t<div class=\"elementor-widget-container\">\n\t\t\t\t\t<div data-accordion class=\"divide-primary divide-y border-primary border-t border-b\">\n      <div class=\"py-4 px-4\" data-accordion-entry>\n      <div class=\"flex font-bold md:text-xl xl:text-2xl text-secondary-dark cursor-pointer\" aria-expanded=\"false\" role=\"button\" id=\"tab_control_a81e5db\" aria-controls=\"accordion_tab_a81e5db\" tabindex=\"0\">\n        <span class=\"hidden w-5\" data-minus>-<\/span>\n        <span class=\"w-5\" data-plus>+<\/span>\n        <span class=\"block w-full\">\n          Weiterf\u00fchrende Informationen und Links zu Sehensw\u00fcrdigkeiten\n        <\/span>\n      <\/div>\n      <div aria-labelledby=\"tab_control_a81e5db\" role=\"region\" id=\"accordion_tab_a81e5db\" class=\"pl-5 h-0 overflow-y-hidden overflow-x-auto transition-height ease-linear duration-300\">\n        <ul>\n<li><a href=\"https:\/\/visit.kassel.de\/\">Visit Kassel<\/a><\/li>\n<li><a href=\"https:\/\/www.documenta.de\/\">Stadt Kassel documenta<\/a><\/li>\n<li><a href=\"https:\/\/goethes-postamd.de\/pages\/goethes-postamd_startseite.html\">Goethes PostamD Kulturverein E.V.<\/a><\/li>\n<li><a href=\"https:\/\/www.kasselkultur.de\/\">Das Kulturportal der Stadt Kassel<\/a><\/li>\n<li><a href=\"https:\/\/www.kassel.de\/kinderkultur\/\">Stadt Kassel - Kulturelle Bildung<\/a><\/li>\n<li><a href=\"https:\/\/www.komoedie-kassel.de\/\">Kom\u00f6die Kassel<\/a><\/li>\n<li><a href=\"https:\/\/kongress-palais.de\/\">Kassel Kongress Palais<\/a><\/li>\n<li><a href=\"https:\/\/www.kulturbahnhof-kassel.de\/\">Kassel Kulturbahnhof<\/a><\/li>\n<li><a href=\"https:\/\/www.kulturtopografie-kassel.de\/\">Kulturtopografie Kassel<\/a><\/li>\n<li><a href=\"https:\/\/www.kultursommer-nordhessen.de\/\">Kultur Sommer Nordhessen<\/a><\/li>\n<li><a href=\"https:\/\/www.heritage-kassel.de\/\">Hessen Kassel Heritage<\/a><\/li>\n<li><a href=\"https:\/\/www.theaterstuebchen.de\/\">Theaterst\u00fcbchen Kassel<\/a><\/li>\n<li><a href=\"https:\/\/www.staatstheater-kassel.de\/\">Staatstheater Kassel<\/a><\/li>\n<li><a href=\"https:\/\/tagungszentrum-kulturbahnhof.de\/\">Tagungszentrum-Kulturbahnhof Kassel<\/a><\/li>\n<\/ul>\n      <\/div>\n    <\/div>\n  <\/div>\n\t\t\t\t<\/div>\n\t\t\t\t<\/div>\n\t\t\t\t\t<\/div>\n\t\t\t\t<\/div>\n\t\t<div class=\"elementor-element elementor-element-43e95b0 e-flex e-con-boxed e-con e-parent\" data-id=\"43e95b0\" data-element_type=\"container\" data-e-type=\"container\">\n\t\t\t\t\t<div class=\"e-con-inner\">\n\t\t\t\t<div class=\"elementor-element elementor-element-7d668f82 elementor-widget elementor-widget-wfg-text-editor\" data-id=\"7d668f82\" data-element_type=\"widget\" data-e-type=\"widget\" data-widget_type=\"wfg-text-editor.default\">\n\t\t\t\t<div class=\"elementor-widget-container\">\n\t\t\t\t\t\t\t\t\t<h2>Innenstadt und Shopping<\/h2>\t\t\t\t\t\t\t\t<\/div>\n\t\t\t\t<\/div>\n\t\t\t\t\t<\/div>\n\t\t\t\t<\/div>\n\t\t<div class=\"elementor-element elementor-element-731e9e1 e-flex e-con-boxed e-con e-parent\" data-id=\"731e9e1\" data-element_type=\"container\" data-e-type=\"container\">\n\t\t\t\t\t<div class=\"e-con-inner\">\n\t\t<div class=\"elementor-element elementor-element-859c753 e-con-full e-flex e-con e-child\" data-id=\"859c753\" data-element_type=\"container\" data-e-type=\"container\">\n\t\t\t\t<div class=\"elementor-element elementor-element-29021b56 elementor-widget elementor-widget-wfg-image\" data-id=\"29021b56\" data-element_type=\"widget\" data-e-type=\"widget\" data-widget_type=\"wfg-image.default\">\n\t\t\t\t<div class=\"elementor-widget-container\">\n\t\t\t\t\t<figure class=\"wp-caption bg-gray-800 \" data-image>\n      <div class=\"relative \">\n      <img loading=\"lazy\" decoding=\"async\" width=\"2000\" height=\"1334\" src=\"https:\/\/wfg-kassel.de\/wp-content\/uploads\/2025\/06\/freundinnen-gehen-gemeinsam-einkaufen-in-kassel.webp\" class=\"!w-full !object-cover \" alt=\"Freundinnen gehen gemeinsam Einkaufen in Kassel\" srcset=\"https:\/\/wfg-kassel.de\/wp-content\/uploads\/2025\/06\/freundinnen-gehen-gemeinsam-einkaufen-in-kassel.webp 2000w, https:\/\/wfg-kassel.de\/wp-content\/uploads\/2025\/06\/freundinnen-gehen-gemeinsam-einkaufen-in-kassel-300x200.webp 300w, https:\/\/wfg-kassel.de\/wp-content\/uploads\/2025\/06\/freundinnen-gehen-gemeinsam-einkaufen-in-kassel-1024x683.webp 1024w, https:\/\/wfg-kassel.de\/wp-content\/uploads\/2025\/06\/freundinnen-gehen-gemeinsam-einkaufen-in-kassel-768x512.webp 768w, https:\/\/wfg-kassel.de\/wp-content\/uploads\/2025\/06\/freundinnen-gehen-gemeinsam-einkaufen-in-kassel-1536x1025.webp 1536w, https:\/\/wfg-kassel.de\/wp-content\/uploads\/2025\/06\/freundinnen-gehen-gemeinsam-einkaufen-in-kassel-18x12.webp 18w\" sizes=\"(max-width: 2000px) 100vw, 2000px\" \/>\n\n              <div class=\"absolute bottom-0 right-0 h-10 w-full copyright-gradient z-[2]\">\n          <span class=\"text-white text-xs md:text-base absolute right-3 bottom-2\">\n            \u00a9 Kassel Marketing GmbH | Can Wagener\n          <\/span>\n        <\/div>\n          <\/div>\n  \n  <\/figure>\n\t\t\t\t<\/div>\n\t\t\t\t<\/div>\n\t\t\t\t<\/div>\n\t\t<div class=\"elementor-element elementor-element-88872ef e-con-full e-flex e-con e-child\" data-id=\"88872ef\" data-element_type=\"container\" data-e-type=\"container\">\n\t\t\t\t<div class=\"elementor-element elementor-element-7cbb4d7c elementor-widget elementor-widget-wfg-text-editor\" data-id=\"7cbb4d7c\" data-element_type=\"widget\" data-e-type=\"widget\" data-widget_type=\"wfg-text-editor.default\">\n\t\t\t\t<div class=\"elementor-widget-container\">\n\t\t\t\t\t\t\t\t\t<p>Beim <strong>Einkaufs\u00adbummel<\/strong> rund um die <strong>Kasseler K\u00f6nigs\u00adstra\u00dfe<\/strong> finden Sie alles, was das Herz begehrt &#8211; von coolen Sneakers \u00fcber den j\u00fcngsten Best\u00adseller bis zum hippen Smartphone. Zu den besonderen Sehensw\u00fcrdigkeiten Kassels z\u00e4hlt auch die <strong>Treppenstra\u00dfe<\/strong> \u2013 <strong>Deutschlands \u00e4lteste Fu\u00dfg\u00e4ngerzone<\/strong>, die mit ihren Gesch\u00e4ften und Caf\u00e9s zum entspannten Schlendern einl\u00e4dt.<\/p>\n<p>Flanier\u00admeilen wie in Bad Wilhelmsh\u00f6he sowie in den um\u00adliegenden <strong>Fachwerk\u00adst\u00e4dten<\/strong> wie der Dornr\u00f6schen\u00adstadt <strong>Hofgeismar<\/strong>, der Drei\u00adfl\u00fcsse\u00adstadt <strong>Hannoversch M\u00fcnden<\/strong> und der Hugenotten\u00adstadt <strong>Bad Karlshafen<\/strong> laden in be\u00adschau\u00adlichem Flair eben\u00adfalls zum Shoppen ein. Donnerstags, freitags und samstags ist die <strong>Kasseler Mark\u00adthalle<\/strong> als Umschlag\u00adplatz f\u00fcr regionale Produkte und Delikatessen ein be\u00adliebter Treff\u00adpunkt.<\/p>\t\t\t\t\t\t\t\t<\/div>\n\t\t\t\t<\/div>\n\t\t\t\t<\/div>\n\t\t\t\t\t<\/div>\n\t\t\t\t<\/div>\n\t\t<div class=\"elementor-element elementor-element-5e83f57f e-flex e-con-boxed e-con e-parent\" data-id=\"5e83f57f\" data-element_type=\"container\" data-e-type=\"container\">\n\t\t\t\t\t<div class=\"e-con-inner\">\n\t\t\t\t<div class=\"elementor-element elementor-element-776681bf elementor-widget__width-inherit elementor-widget elementor-widget-wfg-accordion\" data-id=\"776681bf\" data-element_type=\"widget\" data-e-type=\"widget\" data-widget_type=\"wfg-accordion.default\">\n\t\t\t\t<div class=\"elementor-widget-container\">\n\t\t\t\t\t<div data-accordion class=\"divide-primary divide-y border-primary border-t border-b\">\n      <div class=\"py-4 px-4\" data-accordion-entry>\n      <div class=\"flex font-bold md:text-xl xl:text-2xl text-secondary-dark cursor-pointer\" aria-expanded=\"false\" role=\"button\" id=\"tab_control_f9a22e5\" aria-controls=\"accordion_tab_f9a22e5\" tabindex=\"0\">\n        <span class=\"hidden w-5\" data-minus>-<\/span>\n        <span class=\"w-5\" data-plus>+<\/span>\n        <span class=\"block w-full\">\n          Weiterf\u00fchrende Informationen und Links zu Shopping-Angeboten\n        <\/span>\n      <\/div>\n      <div aria-labelledby=\"tab_control_f9a22e5\" role=\"region\" id=\"accordion_tab_f9a22e5\" class=\"pl-5 h-0 overflow-y-hidden overflow-x-auto transition-height ease-linear duration-300\">\n        <ul>\n<li><a href=\"https:\/\/einkaufen-kassel.de\/\">Einkaufen in Kassel<\/a><\/li>\n<li><a href=\"https:\/\/www.atrium-kassel.de\/\">Atrium Kassel<\/a><\/li>\n<li><a href=\"https:\/\/www.city-point-kassel.de\/\">City-Point Kassel<\/a><\/li>\n<li><a href=\"https:\/\/www.dez.de\/\">Dez-Einkaufszentrum Kassel<\/a><\/li>\n<li><a href=\"https:\/\/koenigsgalerie.de\/\">K\u00f6nigsgalerie Kassel<\/a><\/li>\n<li><a href=\"https:\/\/ratio-land.de\/\">RATIO-Land Kassel<\/a><\/li>\n<li><a href=\"https:\/\/kasseler-markthalle.de\/\">Kasseler Markthalle<\/a><\/li>\n<\/ul>\n      <\/div>\n    <\/div>\n  <\/div>\n\t\t\t\t<\/div>\n\t\t\t\t<\/div>\n\t\t\t\t\t<\/div>\n\t\t\t\t<\/div>\n\t\t<div class=\"elementor-element elementor-element-245d29af e-flex e-con-boxed e-con e-parent\" data-id=\"245d29af\" data-element_type=\"container\" data-e-type=\"container\">\n\t\t\t\t\t<div class=\"e-con-inner\">\n\t\t\t\t<div class=\"elementor-element elementor-element-31268e40 elementor-widget elementor-widget-wfg-horizontal-line\" data-id=\"31268e40\" data-element_type=\"widget\" data-e-type=\"widget\" data-widget_type=\"wfg-horizontal-line.default\">\n\t\t\t\t<div class=\"elementor-widget-container\">\n\t\t\t\t\t<hr class=\"h-1.5 sm:h-2 md:h-3 rounded-full !bg-primary !mx-auto w-[130px] sm:w-[160px] md:w-[180px] lg:w-[220px] xl:w-[240px]\">\n\n\t\t\t\t<\/div>\n\t\t\t\t<\/div>\n\t\t\t\t\t<\/div>\n\t\t\t\t<\/div>\n\t\t<div class=\"elementor-element elementor-element-522da1dc e-flex e-con-boxed e-con e-parent\" data-id=\"522da1dc\" data-element_type=\"container\" data-e-type=\"container\">\n\t\t\t\t\t<div class=\"e-con-inner\">\n\t\t\t\t<div class=\"elementor-element elementor-element-38ae0201 elementor-widget elementor-widget-wfg-text-editor\" data-id=\"38ae0201\" data-element_type=\"widget\" data-e-type=\"widget\" data-widget_type=\"wfg-text-editor.default\">\n\t\t\t\t<div class=\"elementor-widget-container\">\n\t\t\t\t\t\t\t\t\t<h2>Nehmen Sie Kontakt zu uns auf!<\/h2>\t\t\t\t\t\t\t\t<\/div>\n\t\t\t\t<\/div>\n\t\t\t\t\t<\/div>\n\t\t\t\t<\/div>\n\t\t<div class=\"elementor-element elementor-element-1553787d e-flex e-con-boxed e-con e-parent\" data-id=\"1553787d\" data-element_type=\"container\" data-e-type=\"container\">\n\t\t\t\t\t<div class=\"e-con-inner\">\n\t\t<div class=\"elementor-element elementor-element-3cc1fd0a e-con-full e-flex e-con e-child\" data-id=\"3cc1fd0a\" data-element_type=\"container\" data-e-type=\"container\">\n\t\t\t\t<div class=\"elementor-element elementor-element-188ac94c elementor-widget elementor-widget-wfg-image\" data-id=\"188ac94c\" data-element_type=\"widget\" data-e-type=\"widget\" data-widget_type=\"wfg-image.default\">\n\t\t\t\t<div class=\"elementor-widget-container\">\n\t\t\t\t\t<figure class=\"wp-caption bg-gray-800 \" data-image>\n      <div class=\"relative \">\n      <img loading=\"lazy\" decoding=\"async\" width=\"2000\" height=\"1333\" src=\"https:\/\/wfg-kassel.de\/wp-content\/uploads\/2025\/01\/gruppenfoto-team-wirtschaftsfoerderung-region-kassel-2023.webp\" class=\"!w-full !object-cover \" alt=\"Mehrere Personen stehen zusammen und posieren vor Gebauede fuer ein Gruppenfoto\" srcset=\"https:\/\/wfg-kassel.de\/wp-content\/uploads\/2025\/01\/gruppenfoto-team-wirtschaftsfoerderung-region-kassel-2023.webp 2000w, https:\/\/wfg-kassel.de\/wp-content\/uploads\/2025\/01\/gruppenfoto-team-wirtschaftsfoerderung-region-kassel-2023-300x200.webp 300w, https:\/\/wfg-kassel.de\/wp-content\/uploads\/2025\/01\/gruppenfoto-team-wirtschaftsfoerderung-region-kassel-2023-1024x682.webp 1024w, https:\/\/wfg-kassel.de\/wp-content\/uploads\/2025\/01\/gruppenfoto-team-wirtschaftsfoerderung-region-kassel-2023-768x512.webp 768w, https:\/\/wfg-kassel.de\/wp-content\/uploads\/2025\/01\/gruppenfoto-team-wirtschaftsfoerderung-region-kassel-2023-1536x1024.webp 1536w, https:\/\/wfg-kassel.de\/wp-content\/uploads\/2025\/01\/gruppenfoto-team-wirtschaftsfoerderung-region-kassel-2023-18x12.webp 18w\" sizes=\"(max-width: 2000px) 100vw, 2000px\" \/>\n\n              <div class=\"absolute bottom-0 right-0 h-10 w-full copyright-gradient z-[2]\">\n          <span class=\"text-white text-xs md:text-base absolute right-3 bottom-2\">\n            \u00a9 Carolin Ludwig\n          <\/span>\n        <\/div>\n          <\/div>\n  \n  <\/figure>\n\t\t\t\t<\/div>\n\t\t\t\t<\/div>\n\t\t\t\t<\/div>\n\t\t<div class=\"elementor-element elementor-element-76af5c74 e-con-full e-flex e-con e-child\" data-id=\"76af5c74\" data-element_type=\"container\" data-e-type=\"container\">\n\t\t\t\t<div class=\"elementor-element elementor-element-3d514ff2 elementor-widget elementor-widget-wfg-text-editor\" data-id=\"3d514ff2\" data-element_type=\"widget\" data-e-type=\"widget\" data-widget_type=\"wfg-text-editor.default\">\n\t\t\t\t<div class=\"elementor-widget-container\">\n\t\t\t\t\t\t\t\t\t<p>Sie haben weitere Fragen zum Website-Artikel oder m\u00f6chten von unseren exzellenten Netzwerken profitieren? Dann freuen wir uns auf den Austausch mit Ihnen. Als kompetenter erster Ansprechpartner stehen wir Ihnen gerne zur Verf\u00fcgung.<\/p>\n<p>Telefon: <a href=\"tel:+495617073350\">+49 561 70733-50<\/a><br \/>E-Mail: <a href=\"mailto:info@wfg-kassel.de\">info@wfg-kassel.de<\/a><\/p>\t\t\t\t\t\t\t\t<\/div>\n\t\t\t\t<\/div>\n\t\t\t\t<div class=\"elementor-element elementor-element-ada5f20 elementor-widget elementor-widget-wfg-button\" data-id=\"ada5f20\" data-element_type=\"widget\" data-e-type=\"widget\" data-widget_type=\"wfg-button.default\">\n\t\t\t\t<div class=\"elementor-widget-container\">\n\t\t\t\t\t\n\n\n  <a href=\"\/kontakt\/#kontaktformular\"\n   aria-label=\"Zum Kontaktformular\"\n   class=\"uppercase font-extrabold py-1.5 px-6 text-lg xs:text-xl lg:text-2xl xl:text-3xl text-primary inline-flex items-center space-x-2 xs:space-x-3 lg:space-x-4 xl:space-x-6 hover:text-accent transition-colors\"\n   rel=\"\">\n    <svg xmlns=\"http:\/\/www.w3.org\/2000\/svg\" viewBox=\"0 0 16 16\" class=\"w-6 h-6 xs:w-8 xs:h-8 lg:w-10 lg:h-10 shrink-0\">\n  <g id=\"Group_62\" data-name=\"Group 62\" transform=\"translate(-931.406 1344) rotate(-90)\">\n    <path id=\"Icon_feather-chevron-down\" data-name=\"Icon feather-chevron-down\" d=\"M9,13.5l3.944,3.944L16.887,13.5\" transform=\"translate(1323.229 924.458)\" fill=\"none\" stroke=\"#e41e3d\" stroke-linecap=\"round\" stroke-linejoin=\"round\" stroke-width=\"1\"\/>\n    <g id=\"Ellipse_5\" data-name=\"Ellipse 5\" transform=\"translate(1328 931.406)\" fill=\"none\" stroke=\"#e41e3d\" stroke-width=\"1\">\n      <circle cx=\"8\" cy=\"8\" r=\"8\" stroke=\"none\"\/>\n      <circle cx=\"8\" cy=\"8\" r=\"7.5\" fill=\"none\"\/>\n    <\/g>\n  <\/g>\n<\/svg>\n\n    <span>\n       Zum Kontaktformular\n    <\/span>\n  <\/a>\n\t\t\t\t<\/div>\n\t\t\t\t<\/div>\n\t\t\t\t<\/div>\n\t\t\t\t\t<\/div>\n\t\t\t\t<\/div>\n\t\t\t\t<\/div>\n\t\t","protected":false},"excerpt":{"rendered":"<p>\u00a9 Kassel Marketing GmbH | Florian Trykowski Kultur und Freizeit in Kassel Entdecken Sie das Kultur- und Freizeitangebot der Erlebnisregion\u00a0Kassel \u2013 eine einzigartige Mischung aus Kunst, Natur, urbanem Flair und sportlichen Abenteuern. Ob beim Bummeln durch die K\u00f6nigsstra\u00dfe, beim Erkunden moderner Kunst und der vielf\u00e4ltigen Sehensw\u00fcrdigkeiten Kassels, bei Wanderungen in der Natur des Landkreises oder [&hellip;]<\/p>\n","protected":false},"author":2,"featured_media":0,"parent":172,"menu_order":0,"comment_status":"closed","ping_status":"closed","template":"","meta":{"_acf_changed":false,"footnotes":""},"class_list":["post-392","page","type-page","status-publish","hentry"],"acf":[],"yoast_head":"<!-- This site is optimized with the Yoast SEO plugin v27.4 - https:\/\/yoast.com\/product\/yoast-seo-wordpress\/ -->\n<title>Kultur &amp; Freizeit in Kassel<\/title>\n<meta name=\"description\" content=\"Kultur, Natur &amp; urbane Vielfalt: Erfahren Sie mehr zu den vielf\u00e4ltigen Freizeitangeboten der Stadt Kassel!\" \/>\n<meta name=\"robots\" content=\"index, follow, max-snippet:-1, max-image-preview:large, max-video-preview:-1\" \/>\n<link rel=\"canonical\" href=\"https:\/\/wfg-kassel.de\/en\/livable-cassel\/experience-region-kassel\/\" \/>\n<meta property=\"og:locale\" content=\"en_US\" \/>\n<meta property=\"og:type\" content=\"article\" \/>\n<meta property=\"og:title\" content=\"Kultur &amp; Freizeit in Kassel\" \/>\n<meta property=\"og:description\" content=\"Kultur, Natur &amp; urbane Vielfalt: Erfahren Sie mehr zu den vielf\u00e4ltigen Freizeitangeboten der Stadt Kassel!\" \/>\n<meta property=\"og:url\" content=\"https:\/\/wfg-kassel.de\/en\/livable-cassel\/experience-region-kassel\/\" \/>\n<meta property=\"og:site_name\" content=\"Wirtschaftsf\u00f6rderung Region Kassel\" \/>\n<meta property=\"article:modified_time\" content=\"2026-03-25T11:44:15+00:00\" \/>\n<meta property=\"og:image\" content=\"https:\/\/wfg-kassel.de\/wp-content\/uploads\/2025\/06\/menschen-verweilen-am-fuldaufer-in-kassel.webp\" \/>\n<meta name=\"twitter:card\" content=\"summary_large_image\" \/>\n<meta name=\"twitter:label1\" content=\"Est. reading time\" \/>\n\t<meta name=\"twitter:data1\" content=\"5 minutes\" \/>\n<script type=\"application\/ld+json\" class=\"yoast-schema-graph\">{\"@context\":\"https:\\\/\\\/schema.org\",\"@graph\":[{\"@type\":\"WebPage\",\"@id\":\"https:\\\/\\\/wfg-kassel.de\\\/lebenswertes-kassel\\\/erlebnisregion-kassel\\\/\",\"url\":\"https:\\\/\\\/wfg-kassel.de\\\/lebenswertes-kassel\\\/erlebnisregion-kassel\\\/\",\"name\":\"Kultur & Freizeit in Kassel\",\"isPartOf\":{\"@id\":\"https:\\\/\\\/wfg-kassel.de\\\/#website\"},\"primaryImageOfPage\":{\"@id\":\"https:\\\/\\\/wfg-kassel.de\\\/lebenswertes-kassel\\\/erlebnisregion-kassel\\\/#primaryimage\"},\"image\":{\"@id\":\"https:\\\/\\\/wfg-kassel.de\\\/lebenswertes-kassel\\\/erlebnisregion-kassel\\\/#primaryimage\"},\"thumbnailUrl\":\"https:\\\/\\\/wfg-kassel.de\\\/wp-content\\\/uploads\\\/2025\\\/06\\\/menschen-verweilen-am-fuldaufer-in-kassel.webp\",\"datePublished\":\"2024-03-20T11:00:23+00:00\",\"dateModified\":\"2026-03-25T11:44:15+00:00\",\"description\":\"Kultur, Natur & urbane Vielfalt: Erfahren Sie mehr zu den vielf\u00e4ltigen Freizeitangeboten der Stadt Kassel!\",\"breadcrumb\":{\"@id\":\"https:\\\/\\\/wfg-kassel.de\\\/lebenswertes-kassel\\\/erlebnisregion-kassel\\\/#breadcrumb\"},\"inLanguage\":\"en-US\",\"potentialAction\":[{\"@type\":\"ReadAction\",\"target\":[\"https:\\\/\\\/wfg-kassel.de\\\/lebenswertes-kassel\\\/erlebnisregion-kassel\\\/\"]}]},{\"@type\":\"ImageObject\",\"inLanguage\":\"en-US\",\"@id\":\"https:\\\/\\\/wfg-kassel.de\\\/lebenswertes-kassel\\\/erlebnisregion-kassel\\\/#primaryimage\",\"url\":\"https:\\\/\\\/wfg-kassel.de\\\/wp-content\\\/uploads\\\/2025\\\/06\\\/menschen-verweilen-am-fuldaufer-in-kassel.webp\",\"contentUrl\":\"https:\\\/\\\/wfg-kassel.de\\\/wp-content\\\/uploads\\\/2025\\\/06\\\/menschen-verweilen-am-fuldaufer-in-kassel.webp\"},{\"@type\":\"BreadcrumbList\",\"@id\":\"https:\\\/\\\/wfg-kassel.de\\\/lebenswertes-kassel\\\/erlebnisregion-kassel\\\/#breadcrumb\",\"itemListElement\":[{\"@type\":\"ListItem\",\"position\":1,\"name\":\"Startseite\",\"item\":\"https:\\\/\\\/wfg-kassel.de\\\/\"},{\"@type\":\"ListItem\",\"position\":2,\"name\":\"Kassel &#8211; einfach lebenswert\",\"item\":\"https:\\\/\\\/wfg-kassel.de\\\/lebenswertes-kassel\\\/\"},{\"@type\":\"ListItem\",\"position\":3,\"name\":\"Erlebnisregion Kassel\"}]},{\"@type\":\"WebSite\",\"@id\":\"https:\\\/\\\/wfg-kassel.de\\\/#website\",\"url\":\"https:\\\/\\\/wfg-kassel.de\\\/\",\"name\":\"Wirtschaftsf\u00f6rderung Region Kassel\",\"description\":\"\",\"publisher\":{\"@id\":\"https:\\\/\\\/wfg-kassel.de\\\/#organization\"},\"potentialAction\":[{\"@type\":\"SearchAction\",\"target\":{\"@type\":\"EntryPoint\",\"urlTemplate\":\"https:\\\/\\\/wfg-kassel.de\\\/?s={search_term_string}\"},\"query-input\":{\"@type\":\"PropertyValueSpecification\",\"valueRequired\":true,\"valueName\":\"search_term_string\"}}],\"inLanguage\":\"en-US\"},{\"@type\":\"Organization\",\"@id\":\"https:\\\/\\\/wfg-kassel.de\\\/#organization\",\"name\":\"Wirtschaftsf\u00f6rderung Region Kassel\",\"url\":\"https:\\\/\\\/wfg-kassel.de\\\/\",\"logo\":{\"@type\":\"ImageObject\",\"inLanguage\":\"en-US\",\"@id\":\"https:\\\/\\\/wfg-kassel.de\\\/#\\\/schema\\\/logo\\\/image\\\/\",\"url\":\"https:\\\/\\\/wfg-kassel.de\\\/wp-content\\\/uploads\\\/2024\\\/02\\\/logo_wfg.svg\",\"contentUrl\":\"https:\\\/\\\/wfg-kassel.de\\\/wp-content\\\/uploads\\\/2024\\\/02\\\/logo_wfg.svg\",\"width\":339,\"height\":90,\"caption\":\"Wirtschaftsf\u00f6rderung Region Kassel\"},\"image\":{\"@id\":\"https:\\\/\\\/wfg-kassel.de\\\/#\\\/schema\\\/logo\\\/image\\\/\"}}]}<\/script>\n<!-- \/ Yoast SEO plugin. -->","yoast_head_json":{"title":"Culture &amp; Leisure in Kassel","description":"Culture, nature &amp; urban diversity: find out more about the diverse leisure activities on offer in the city of Kassel!","robots":{"index":"index","follow":"follow","max-snippet":"max-snippet:-1","max-image-preview":"max-image-preview:large","max-video-preview":"max-video-preview:-1"},"canonical":"https:\/\/wfg-kassel.de\/en\/livable-cassel\/experience-region-kassel\/","og_locale":"en_US","og_type":"article","og_title":"Kultur & Freizeit in Kassel","og_description":"Kultur, Natur & urbane Vielfalt: Erfahren Sie mehr zu den vielf\u00e4ltigen Freizeitangeboten der Stadt Kassel!","og_url":"https:\/\/wfg-kassel.de\/en\/livable-cassel\/experience-region-kassel\/","og_site_name":"Wirtschaftsf\u00f6rderung Region Kassel","article_modified_time":"2026-03-25T11:44:15+00:00","og_image":[{"url":"https:\/\/wfg-kassel.de\/wp-content\/uploads\/2025\/06\/menschen-verweilen-am-fuldaufer-in-kassel.webp","type":"","width":"","height":""}],"twitter_card":"summary_large_image","twitter_misc":{"Est. reading time":"5 minutes"},"schema":{"@context":"https:\/\/schema.org","@graph":[{"@type":"WebPage","@id":"https:\/\/wfg-kassel.de\/lebenswertes-kassel\/erlebnisregion-kassel\/","url":"https:\/\/wfg-kassel.de\/lebenswertes-kassel\/erlebnisregion-kassel\/","name":"Culture &amp; Leisure in Kassel","isPartOf":{"@id":"https:\/\/wfg-kassel.de\/#website"},"primaryImageOfPage":{"@id":"https:\/\/wfg-kassel.de\/lebenswertes-kassel\/erlebnisregion-kassel\/#primaryimage"},"image":{"@id":"https:\/\/wfg-kassel.de\/lebenswertes-kassel\/erlebnisregion-kassel\/#primaryimage"},"thumbnailUrl":"https:\/\/wfg-kassel.de\/wp-content\/uploads\/2025\/06\/menschen-verweilen-am-fuldaufer-in-kassel.webp","datePublished":"2024-03-20T11:00:23+00:00","dateModified":"2026-03-25T11:44:15+00:00","description":"Culture, nature &amp; urban diversity: find out more about the diverse leisure activities on offer in the city of Kassel!","breadcrumb":{"@id":"https:\/\/wfg-kassel.de\/lebenswertes-kassel\/erlebnisregion-kassel\/#breadcrumb"},"inLanguage":"en-US","potentialAction":[{"@type":"ReadAction","target":["https:\/\/wfg-kassel.de\/lebenswertes-kassel\/erlebnisregion-kassel\/"]}]},{"@type":"ImageObject","inLanguage":"en-US","@id":"https:\/\/wfg-kassel.de\/lebenswertes-kassel\/erlebnisregion-kassel\/#primaryimage","url":"https:\/\/wfg-kassel.de\/wp-content\/uploads\/2025\/06\/menschen-verweilen-am-fuldaufer-in-kassel.webp","contentUrl":"https:\/\/wfg-kassel.de\/wp-content\/uploads\/2025\/06\/menschen-verweilen-am-fuldaufer-in-kassel.webp"},{"@type":"BreadcrumbList","@id":"https:\/\/wfg-kassel.de\/lebenswertes-kassel\/erlebnisregion-kassel\/#breadcrumb","itemListElement":[{"@type":"ListItem","position":1,"name":"Startseite","item":"https:\/\/wfg-kassel.de\/"},{"@type":"ListItem","position":2,"name":"Kassel &#8211; einfach lebenswert","item":"https:\/\/wfg-kassel.de\/lebenswertes-kassel\/"},{"@type":"ListItem","position":3,"name":"Erlebnisregion Kassel"}]},{"@type":"WebSite","@id":"https:\/\/wfg-kassel.de\/#website","url":"https:\/\/wfg-kassel.de\/","name":"Wirtschaftsf\u00f6rderung Region Kassel","description":"","publisher":{"@id":"https:\/\/wfg-kassel.de\/#organization"},"potentialAction":[{"@type":"SearchAction","target":{"@type":"EntryPoint","urlTemplate":"https:\/\/wfg-kassel.de\/?s={search_term_string}"},"query-input":{"@type":"PropertyValueSpecification","valueRequired":true,"valueName":"search_term_string"}}],"inLanguage":"en-US"},{"@type":"Organization","@id":"https:\/\/wfg-kassel.de\/#organization","name":"Wirtschaftsf\u00f6rderung Region Kassel","url":"https:\/\/wfg-kassel.de\/","logo":{"@type":"ImageObject","inLanguage":"en-US","@id":"https:\/\/wfg-kassel.de\/#\/schema\/logo\/image\/","url":"https:\/\/wfg-kassel.de\/wp-content\/uploads\/2024\/02\/logo_wfg.svg","contentUrl":"https:\/\/wfg-kassel.de\/wp-content\/uploads\/2024\/02\/logo_wfg.svg","width":339,"height":90,"caption":"Wirtschaftsf\u00f6rderung Region Kassel"},"image":{"@id":"https:\/\/wfg-kassel.de\/#\/schema\/logo\/image\/"}}]}},"_links":{"self":[{"href":"https:\/\/wfg-kassel.de\/en\/wp-json\/wp\/v2\/pages\/392","targetHints":{"allow":["GET"]}}],"collection":[{"href":"https:\/\/wfg-kassel.de\/en\/wp-json\/wp\/v2\/pages"}],"about":[{"href":"https:\/\/wfg-kassel.de\/en\/wp-json\/wp\/v2\/types\/page"}],"author":[{"embeddable":true,"href":"https:\/\/wfg-kassel.de\/en\/wp-json\/wp\/v2\/users\/2"}],"replies":[{"embeddable":true,"href":"https:\/\/wfg-kassel.de\/en\/wp-json\/wp\/v2\/comments?post=392"}],"version-history":[{"count":5,"href":"https:\/\/wfg-kassel.de\/en\/wp-json\/wp\/v2\/pages\/392\/revisions"}],"predecessor-version":[{"id":11844,"href":"https:\/\/wfg-kassel.de\/en\/wp-json\/wp\/v2\/pages\/392\/revisions\/11844"}],"up":[{"embeddable":true,"href":"https:\/\/wfg-kassel.de\/en\/wp-json\/wp\/v2\/pages\/172"}],"wp:attachment":[{"href":"https:\/\/wfg-kassel.de\/en\/wp-json\/wp\/v2\/media?parent=392"}],"curies":[{"name":"wp","href":"https:\/\/api.w.org\/{rel}","templated":true}]}}