{"id":8398,"date":"2025-05-12T16:29:05","date_gmt":"2025-05-12T14:29:05","guid":{"rendered":"https:\/\/wfg.rosys.dev\/?page_id=8398"},"modified":"2026-02-24T13:38:25","modified_gmt":"2026-02-24T12:38:25","slug":"infrastructure-location","status":"publish","type":"page","link":"https:\/\/wfg-kassel.de\/en\/infrastruktur-lage\/","title":{"rendered":"Infrastructure &amp; situation"},"content":{"rendered":"\t\t<div data-elementor-type=\"wp-page\" data-elementor-id=\"8398\" class=\"elementor elementor-8398\" data-elementor-post-type=\"page\">\n\t\t\t\t<div class=\"elementor-element elementor-element-1942526 e-con-full e-flex e-con e-parent\" data-id=\"1942526\" data-element_type=\"container\" data-e-type=\"container\">\n\t\t<div class=\"elementor-element elementor-element-d6154f3 e-con-full e-flex e-con e-child\" data-id=\"d6154f3\" data-element_type=\"container\" data-e-type=\"container\">\n\t\t\t\t<div class=\"elementor-element elementor-element-2305b094 elementor-widget elementor-widget-wfg-header-banner\" data-id=\"2305b094\" data-element_type=\"widget\" data-e-type=\"widget\" data-widget_type=\"wfg-header-banner.default\">\n\t\t\t\t<div class=\"elementor-widget-container\">\n\t\t\t\t\t<div class=\"header-banner flex flex-col md:flex-row\">\n  <div class=\"md:w-1\/2\">\n    \n\n<figure class=\"wp-caption \" data-image>\n      <div class=\"relative  \">\n      <img fetchpriority=\"high\" decoding=\"async\" width=\"2000\" height=\"1316\" src=\"https:\/\/wfg-kassel.de\/wp-content\/uploads\/2025\/01\/luftaufnahme-autobahnanschluss-langes-feld-2021.webp\" class=\"!w-full !object-cover !max-h-[475px] aspect-video\" alt=\"Autobahnanschluss eines Gewerbegebiets umrundet von Feldern\" srcset=\"https:\/\/wfg-kassel.de\/wp-content\/uploads\/2025\/01\/luftaufnahme-autobahnanschluss-langes-feld-2021.webp 2000w, https:\/\/wfg-kassel.de\/wp-content\/uploads\/2025\/01\/luftaufnahme-autobahnanschluss-langes-feld-2021-300x197.webp 300w, https:\/\/wfg-kassel.de\/wp-content\/uploads\/2025\/01\/luftaufnahme-autobahnanschluss-langes-feld-2021-1024x674.webp 1024w, https:\/\/wfg-kassel.de\/wp-content\/uploads\/2025\/01\/luftaufnahme-autobahnanschluss-langes-feld-2021-768x505.webp 768w, https:\/\/wfg-kassel.de\/wp-content\/uploads\/2025\/01\/luftaufnahme-autobahnanschluss-langes-feld-2021-1536x1011.webp 1536w, https:\/\/wfg-kassel.de\/wp-content\/uploads\/2025\/01\/luftaufnahme-autobahnanschluss-langes-feld-2021-18x12.webp 18w\" sizes=\"(max-width: 2000px) 100vw, 2000px\" \/>\n            <div class=\"copyright-hint absolute bottom-0 right-0 z-10 flex items-center gap-1.5 px-2.5 py-1.5 bg-[#F0F0F0] rounded-tl-widget max-w-9 overflow-hidden whitespace-nowrap cursor-pointer transition-all duration-200 ease-in-out\" tabindex=\"0\" data-no-translation>\n      <span class=\"shrink-0 text-xs md:text-base leading-none text-[#555]\">\u00a9<\/span>\n      <span class=\"text-xs md:text-base leading-none text-[#333] opacity-0 transition-opacity duration-150\">Ernst Bohnhardt<\/span>\n    <\/div>\n  \n    <\/div>\n  \n  <\/figure>\n\n  <\/div>\n  <div class=\"md:w-1\/2 bg-primary px-4 py-12 sm:py-14 md:p-8 xl:pl-14 flex flex-col justify-center relative\">\n    <h1 class=\"inline-block self-start xl:max-w-[680px] mb-4\">Infrastruktur und Lage der Region Kassel<\/h1>\n  <\/div>\n<\/div>\n\t\t\t\t<\/div>\n\t\t\t\t<\/div>\n\t\t\t\t<\/div>\n\t\t\t\t<\/div>\n\t\t<div class=\"elementor-element elementor-element-9fc3a00 e-flex e-con-boxed e-con e-parent\" data-id=\"9fc3a00\" data-element_type=\"container\" data-e-type=\"container\">\n\t\t\t\t\t<div class=\"e-con-inner\">\n\t\t\t\t<div class=\"elementor-element elementor-element-e2affb8 elementor-widget elementor-widget-wfg-text-editor\" data-id=\"e2affb8\" data-element_type=\"widget\" data-e-type=\"widget\" data-widget_type=\"wfg-text-editor.default\">\n\t\t\t\t<div class=\"elementor-widget-container\">\n\t\t\t\t\t\t\t\t\t<p class=\"aufmachertext\">Im Herzen Deutschlands b\u00fcndelt die Region Kassel alle entscheidenden Verkehrsadern: Das <strong>Autobahndreieck\u202fA\u202f7\/A\u202f44\/A\u202f49<\/strong>, der <strong>ICE\u2011Knoten Kassel\u2011Wilhelmsh\u00f6he<\/strong>, der international angebundene <a href=\"\/infrastruktur-lage\/kassel-airport\/\"><strong>Kassel\u202fAirport<\/strong><\/a> und das trimodale<strong><a href=\"\/gewerbestandorte\/industriepark-kassel\/gueterverkehrszentrum\/\"> G\u00fcterverkehrszentrum<\/a><\/strong> sorgen daf\u00fcr, dass Menschen und G\u00fcter in k\u00fcrzester Zeit jedes Ziel in Europa erreichen. Ein <strong>leistungsf\u00e4higer <a href=\"\/infrastruktur-lage\/oepnv-bahnfernverkehr\/\">\u00d6PNV<\/a><\/strong> sowie moderne <strong><a href=\"\/infrastruktur-lage\/coworking-spaces\/\">Coworking<\/a>\u2011 und <a href=\"\/gewerbeflaechenvermittlung\/\">Gewerbefl\u00e4chen<\/a><\/strong> schlie\u00dfen die letzte Meile, verbinden <a href=\"\/lebenswertes-kassel\/arbeiten-karriere\/\">Arbeit<\/a>, <a href=\"\/kassel-bildet-zukunft\/forschungsstandort-kassel\/\">Forschung<\/a> und <a href=\"\/lebenswertes-kassel\/erlebnisregion-kassel\/\">Freizeit<\/a> und machen Kassel zu einem Standort, an dem Unternehmen ebenso schnell wachsen wie Talente ankommen.<\/p>\t\t\t\t\t\t\t\t<\/div>\n\t\t\t\t<\/div>\n\t\t\t\t\t<\/div>\n\t\t\t\t<\/div>\n\t\t<div class=\"elementor-element elementor-element-6bfdd0ac e-flex e-con-boxed e-con e-parent\" data-id=\"6bfdd0ac\" data-element_type=\"container\" data-e-type=\"container\">\n\t\t\t\t\t<div class=\"e-con-inner\">\n\t\t\t\t<div class=\"elementor-element elementor-element-0da21c0 elementor-widget elementor-widget-wfg-text-editor\" data-id=\"0da21c0\" data-element_type=\"widget\" data-e-type=\"widget\" data-widget_type=\"wfg-text-editor.default\">\n\t\t\t\t<div class=\"elementor-widget-container\">\n\t\t\t\t\t\t\t\t\t<h2>Allgemeine Standortdaten<\/h2>\t\t\t\t\t\t\t\t<\/div>\n\t\t\t\t<\/div>\n\t\t\t\t\t<\/div>\n\t\t\t\t<\/div>\n\t\t<div class=\"elementor-element elementor-element-ac0fd4e e-flex e-con-boxed e-con e-parent\" data-id=\"ac0fd4e\" data-element_type=\"container\" data-e-type=\"container\">\n\t\t\t\t\t<div class=\"e-con-inner\">\n\t\t<div class=\"elementor-element elementor-element-35c00830 e-con-full e-flex e-con e-child\" data-id=\"35c00830\" data-element_type=\"container\" data-e-type=\"container\">\n\t\t\t\t<div class=\"elementor-element elementor-element-20348d9 elementor-widget elementor-widget-wfg-text-editor\" data-id=\"20348d9\" data-element_type=\"widget\" data-e-type=\"widget\" data-widget_type=\"wfg-text-editor.default\">\n\t\t\t\t<div class=\"elementor-widget-container\">\n\t\t\t\t\t\t\t\t\t<p>Die Region Kassel \u00fcberzeugt durch ihre strategisch g\u00fcnstige Lage im Herzen Deutschlands und bietet sowohl Unternehmen als auch Einwohnern hervorragende Standortvoraussetzungen.<\/p>\n<p>Die <strong>Stadt Kassel<\/strong> selbst als <strong>drittgr\u00f6\u00dfte Stadt Hessens<\/strong>,\u00a0mit einer Einwohneranzahl von 207.881 (2023), ist ein bedeutendes urbanes Zentrum, w\u00e4hrend der <strong>Landkreis Kassel eine beachtliche Bev\u00f6lkerung<\/strong>\u00a0von 241.027 (2023) Menschen umfasst. Mit einer Mischung aus st\u00e4dtischen Gebieten und naturnahen Erholungsr\u00e4umen bietet Kassel ein hohes Ma\u00df an <a href=\"\/lebenswertes-kassel\/\">Lebensqualit\u00e4t<\/a>.<\/p>\n<p>Mit einer <b>Gesamtfl\u00e4che <\/b>von rund 106,8 km\u00b2 stellt die Stadt Kassel das Oberzentrum dar, w\u00e4hrend der restliche Landkreis Kassel rund 1.293,32 km\u00b2 umfasst.<\/p>\t\t\t\t\t\t\t\t<\/div>\n\t\t\t\t<\/div>\n\t\t\t\t<\/div>\n\t\t<div class=\"elementor-element elementor-element-4d460750 e-con-full e-flex e-con e-child\" data-id=\"4d460750\" data-element_type=\"container\" data-e-type=\"container\">\n\t\t\t\t<div class=\"elementor-element elementor-element-4ccf459 elementor-widget elementor-widget-wfg-image\" data-id=\"4ccf459\" data-element_type=\"widget\" data-e-type=\"widget\" data-widget_type=\"wfg-image.default\">\n\t\t\t\t<div class=\"elementor-widget-container\">\n\t\t\t\t\t\n\n<figure class=\"wp-caption \" data-image>\n      <div class=\"relative rounded-widget overflow-hidden \">\n      <img decoding=\"async\" width=\"2000\" height=\"1332\" src=\"https:\/\/wfg-kassel.de\/wp-content\/uploads\/2025\/01\/karte-landkreis-kassel-schematisch-blau-rot.webp\" class=\"!w-full !object-cover \" alt=\"Karte Landkreis Kassel und Stadt Kassel\" srcset=\"https:\/\/wfg-kassel.de\/wp-content\/uploads\/2025\/01\/karte-landkreis-kassel-schematisch-blau-rot.webp 2000w, https:\/\/wfg-kassel.de\/wp-content\/uploads\/2025\/01\/karte-landkreis-kassel-schematisch-blau-rot-300x200.webp 300w, https:\/\/wfg-kassel.de\/wp-content\/uploads\/2025\/01\/karte-landkreis-kassel-schematisch-blau-rot-1024x682.webp 1024w, https:\/\/wfg-kassel.de\/wp-content\/uploads\/2025\/01\/karte-landkreis-kassel-schematisch-blau-rot-768x511.webp 768w, https:\/\/wfg-kassel.de\/wp-content\/uploads\/2025\/01\/karte-landkreis-kassel-schematisch-blau-rot-1536x1023.webp 1536w, https:\/\/wfg-kassel.de\/wp-content\/uploads\/2025\/01\/karte-landkreis-kassel-schematisch-blau-rot-18x12.webp 18w\" sizes=\"(max-width: 2000px) 100vw, 2000px\" \/>\n        \n    <\/div>\n  \n  <\/figure>\n\t\t\t\t<\/div>\n\t\t\t\t<\/div>\n\t\t\t\t<\/div>\n\t\t\t\t\t<\/div>\n\t\t\t\t<\/div>\n\t\t<div class=\"elementor-element elementor-element-3de7323 e-flex e-con-boxed e-con e-parent\" data-id=\"3de7323\" data-element_type=\"container\" data-e-type=\"container\">\n\t\t\t\t\t<div class=\"e-con-inner\">\n\t\t\t\t<div class=\"elementor-element elementor-element-7a8823e elementor-widget elementor-widget-wfg-text-editor\" data-id=\"7a8823e\" data-element_type=\"widget\" data-e-type=\"widget\" data-widget_type=\"wfg-text-editor.default\">\n\t\t\t\t<div class=\"elementor-widget-container\">\n\t\t\t\t\t\t\t\t\t<h2>Exzellenter \u00d6PNV und Bahnfernverkehre<\/h2>\t\t\t\t\t\t\t\t<\/div>\n\t\t\t\t<\/div>\n\t\t\t\t\t<\/div>\n\t\t\t\t<\/div>\n\t\t<div class=\"elementor-element elementor-element-62181f78 e-flex e-con-boxed e-con e-parent\" data-id=\"62181f78\" data-element_type=\"container\" data-e-type=\"container\">\n\t\t\t\t\t<div class=\"e-con-inner\">\n\t\t<div class=\"elementor-element elementor-element-704ea35f e-con-full e-flex e-con e-child\" data-id=\"704ea35f\" data-element_type=\"container\" data-e-type=\"container\">\n\t\t\t\t<div class=\"elementor-element elementor-element-908f2d3 elementor-widget elementor-widget-wfg-image\" data-id=\"908f2d3\" data-element_type=\"widget\" data-e-type=\"widget\" data-widget_type=\"wfg-image.default\">\n\t\t\t\t<div class=\"elementor-widget-container\">\n\t\t\t\t\t\n\n<figure class=\"wp-caption \" data-image>\n      <div class=\"relative rounded-widget overflow-hidden \">\n      <img decoding=\"async\" width=\"2000\" height=\"1333\" src=\"https:\/\/wfg-kassel.de\/wp-content\/uploads\/2025\/01\/tram-in-kassel-am-bahnhof-wilhelmshoehe.webp\" class=\"!w-full !object-cover \" alt=\"Strassenbahn faehrt von Bahnhof ab mit Bus im Hintergrund\" srcset=\"https:\/\/wfg-kassel.de\/wp-content\/uploads\/2025\/01\/tram-in-kassel-am-bahnhof-wilhelmshoehe.webp 2000w, https:\/\/wfg-kassel.de\/wp-content\/uploads\/2025\/01\/tram-in-kassel-am-bahnhof-wilhelmshoehe-300x200.webp 300w, https:\/\/wfg-kassel.de\/wp-content\/uploads\/2025\/01\/tram-in-kassel-am-bahnhof-wilhelmshoehe-1024x682.webp 1024w, https:\/\/wfg-kassel.de\/wp-content\/uploads\/2025\/01\/tram-in-kassel-am-bahnhof-wilhelmshoehe-768x512.webp 768w, https:\/\/wfg-kassel.de\/wp-content\/uploads\/2025\/01\/tram-in-kassel-am-bahnhof-wilhelmshoehe-1536x1024.webp 1536w, https:\/\/wfg-kassel.de\/wp-content\/uploads\/2025\/01\/tram-in-kassel-am-bahnhof-wilhelmshoehe-18x12.webp 18w\" sizes=\"(max-width: 2000px) 100vw, 2000px\" \/>\n            <div class=\"copyright-hint absolute bottom-0 right-0 z-10 flex items-center gap-1.5 px-2.5 py-1.5 bg-[#F0F0F0] rounded-tl-widget max-w-9 overflow-hidden whitespace-nowrap cursor-pointer transition-all duration-200 ease-in-out\" tabindex=\"0\" data-no-translation>\n      <span class=\"shrink-0 text-xs md:text-base leading-none text-[#555]\">\u00a9<\/span>\n      <span class=\"text-xs md:text-base leading-none text-[#333] opacity-0 transition-opacity duration-150\">Andreas Weber<\/span>\n    <\/div>\n  \n    <\/div>\n  \n  <\/figure>\n\t\t\t\t<\/div>\n\t\t\t\t<\/div>\n\t\t\t\t<\/div>\n\t\t<div class=\"elementor-element elementor-element-580454d0 e-con-full e-flex e-con e-child\" data-id=\"580454d0\" data-element_type=\"container\" data-e-type=\"container\">\n\t\t\t\t<div class=\"elementor-element elementor-element-9718eb1 elementor-widget elementor-widget-wfg-text-editor\" data-id=\"9718eb1\" data-element_type=\"widget\" data-e-type=\"widget\" data-widget_type=\"wfg-text-editor.default\">\n\t\t\t\t<div class=\"elementor-widget-container\">\n\t\t\t\t\t\t\t\t\t<p>Der <strong>ICE\u2011Knoten Kassel\u2011Wilhelmsh\u00f6he vernetzt die gro\u00dfen Wirtschaftszentren<\/strong> Deutschlands im Stundentakt\u202f\u2013 von Berlin und Hamburg \u00fcber das Rhein\u2011Main\u2011Gebiet bis M\u00fcnchen.<\/p>\n<p>In der Stadt garantiert ein <a href=\"\/infrastruktur-lage\/oepnv-bahnfernverkehr\/\"><strong>dichtes Tram\u2011, Bus\u2011 und RegioTram\u2011Netz<\/strong><\/a> Taktungen auf Metropolen\u2011Niveau; Express\u2011 und Regionallinien binden den Landkreis Kassel eng an. <strong>Kontinuierliche Investitionen<\/strong> in moderne Fahrzeuge, das Ticketing und optimierte Fahrpl\u00e4ne machen den Kasseler <a href=\"\/infrastruktur-lage\/oepnv-bahnfernverkehr\/\">\u00d6PNV<\/a> immer schneller, komfortabler und klimafreundlicher. So verschmelzen Arbeits\u2011 und Wohnorte zu einem nahtlos erreichbaren Lebensraum, der Pendlern Zeit spart und Unternehmen den Zugang zu Fachkr\u00e4ften sichert.<\/p>\t\t\t\t\t\t\t\t<\/div>\n\t\t\t\t<\/div>\n\t\t\t\t<div class=\"elementor-element elementor-element-61768af elementor-widget elementor-widget-wfg-button\" data-id=\"61768af\" data-element_type=\"widget\" data-e-type=\"widget\" data-widget_type=\"wfg-button.default\">\n\t\t\t\t<div class=\"elementor-widget-container\">\n\t\t\t\t\t\n\n\n  <a href=\"\/infrastruktur-lage\/oepnv-bahnfernverkehr\/\"\n   aria-label=\"Mehr Infos: \u00d6PNV &amp; Fernverkehr\"\n   class=\"uppercase font-extrabold py-1.5 px-6 text-lg xs:text-xl lg:text-2xl xl:text-3xl text-primary inline-flex items-center space-x-2 xs:space-x-3 lg:space-x-4 xl:space-x-6 hover:text-accent transition-colors\"\n   rel=\"\">\n    <svg xmlns=\"http:\/\/www.w3.org\/2000\/svg\" viewBox=\"0 0 16 16\" class=\"w-6 h-6 xs:w-8 xs:h-8 lg:w-10 lg:h-10 shrink-0\">\n  <g id=\"Group_62\" data-name=\"Group 62\" transform=\"translate(-931.406 1344) rotate(-90)\">\n    <path id=\"Icon_feather-chevron-down\" data-name=\"Icon feather-chevron-down\" d=\"M9,13.5l3.944,3.944L16.887,13.5\" transform=\"translate(1323.229 924.458)\" fill=\"none\" stroke=\"#e41e3d\" stroke-linecap=\"round\" stroke-linejoin=\"round\" stroke-width=\"1\"\/>\n    <g id=\"Ellipse_5\" data-name=\"Ellipse 5\" transform=\"translate(1328 931.406)\" fill=\"none\" stroke=\"#e41e3d\" stroke-width=\"1\">\n      <circle cx=\"8\" cy=\"8\" r=\"8\" stroke=\"none\"\/>\n      <circle cx=\"8\" cy=\"8\" r=\"7.5\" fill=\"none\"\/>\n    <\/g>\n  <\/g>\n<\/svg>\n\n    <span>\n       Mehr Infos: \u00d6PNV &amp; Fernverkehr\n    <\/span>\n  <\/a>\n\t\t\t\t<\/div>\n\t\t\t\t<\/div>\n\t\t\t\t<\/div>\n\t\t\t\t\t<\/div>\n\t\t\t\t<\/div>\n\t\t<div class=\"elementor-element elementor-element-f281ee5 e-flex e-con-boxed e-con e-parent\" data-id=\"f281ee5\" data-element_type=\"container\" data-e-type=\"container\">\n\t\t\t\t\t<div class=\"e-con-inner\">\n\t\t\t\t<div class=\"elementor-element elementor-element-de30819 elementor-widget elementor-widget-wfg-text-editor\" data-id=\"de30819\" data-element_type=\"widget\" data-e-type=\"widget\" data-widget_type=\"wfg-text-editor.default\">\n\t\t\t\t<div class=\"elementor-widget-container\">\n\t\t\t\t\t\t\t\t\t<h2>Coworking Spaces in der Region Kassel<\/h2>\t\t\t\t\t\t\t\t<\/div>\n\t\t\t\t<\/div>\n\t\t\t\t\t<\/div>\n\t\t\t\t<\/div>\n\t\t<div class=\"elementor-element elementor-element-24853886 e-flex e-con-boxed e-con e-parent\" data-id=\"24853886\" data-element_type=\"container\" data-e-type=\"container\">\n\t\t\t\t\t<div class=\"e-con-inner\">\n\t\t<div class=\"elementor-element elementor-element-a81e2ae e-con-full e-flex e-con e-child\" data-id=\"a81e2ae\" data-element_type=\"container\" data-e-type=\"container\">\n\t\t\t\t<div class=\"elementor-element elementor-element-1cf741b elementor-widget elementor-widget-wfg-text-editor\" data-id=\"1cf741b\" data-element_type=\"widget\" data-e-type=\"widget\" data-widget_type=\"wfg-text-editor.default\">\n\t\t\t\t<div class=\"elementor-widget-container\">\n\t\t\t\t\t\t\t\t\t<p>Vom <a href=\"\/gewerbestandorte\/science-park-kassel\/\">Science\u202fPark Kassel<\/a> \u00fcber kreative Studios wie die Neue Denkerei bis zu l\u00e4ndlichen Work\u2011Retreats spannt die <strong>Region Kassel ein dichtes <a href=\"\/infrastruktur-lage\/coworking-spaces\/\">Coworking\u2011Netz<\/a> f\u00fcr agile Arbeitsweisen<\/strong> \u2013 ein <a href=\"\/kassel-bildet-zukunft\/forschungsstandort-kassel\/\">innovationsfreundliches \u00d6kosystem<\/a> quer durch Stadt und Umland.<\/p>\n<p>Flexibel buchbare Fl\u00e4chen bieten High\u2011Speed\u2011Internet, moderne Meeting\u2011Technik und Community\u2011Events, in denen Start\u2011ups, Mittelstand und Konzernteams interdisziplin\u00e4r zusammenkommen. F\u00fcr Scrum\u2011Sprints und Design\u202fThinking schaffen sie die Offenheit, Ideen sofort zu testen und Projektzyklen zu verk\u00fcrzen \u2013 ein <strong>Standortvorteil f\u00fcr Unternehmen<\/strong>, die Mobilit\u00e4t mit Innovationstempo verbinden.<\/p>\t\t\t\t\t\t\t\t<\/div>\n\t\t\t\t<\/div>\n\t\t\t\t<div class=\"elementor-element elementor-element-0303d68 elementor-widget elementor-widget-wfg-button\" data-id=\"0303d68\" data-element_type=\"widget\" data-e-type=\"widget\" data-widget_type=\"wfg-button.default\">\n\t\t\t\t<div class=\"elementor-widget-container\">\n\t\t\t\t\t\n\n\n  <a href=\"\/infrastruktur-lage\/coworking-spaces\/\"\n   aria-label=\"Mehr Infos: Coworking Spaces\"\n   class=\"uppercase font-extrabold py-1.5 px-6 text-lg xs:text-xl lg:text-2xl xl:text-3xl text-primary inline-flex items-center space-x-2 xs:space-x-3 lg:space-x-4 xl:space-x-6 hover:text-accent transition-colors\"\n   rel=\"\">\n    <svg xmlns=\"http:\/\/www.w3.org\/2000\/svg\" viewBox=\"0 0 16 16\" class=\"w-6 h-6 xs:w-8 xs:h-8 lg:w-10 lg:h-10 shrink-0\">\n  <g id=\"Group_62\" data-name=\"Group 62\" transform=\"translate(-931.406 1344) rotate(-90)\">\n    <path id=\"Icon_feather-chevron-down\" data-name=\"Icon feather-chevron-down\" d=\"M9,13.5l3.944,3.944L16.887,13.5\" transform=\"translate(1323.229 924.458)\" fill=\"none\" stroke=\"#e41e3d\" stroke-linecap=\"round\" stroke-linejoin=\"round\" stroke-width=\"1\"\/>\n    <g id=\"Ellipse_5\" data-name=\"Ellipse 5\" transform=\"translate(1328 931.406)\" fill=\"none\" stroke=\"#e41e3d\" stroke-width=\"1\">\n      <circle cx=\"8\" cy=\"8\" r=\"8\" stroke=\"none\"\/>\n      <circle cx=\"8\" cy=\"8\" r=\"7.5\" fill=\"none\"\/>\n    <\/g>\n  <\/g>\n<\/svg>\n\n    <span>\n       Mehr Infos: Coworking Spaces\n    <\/span>\n  <\/a>\n\t\t\t\t<\/div>\n\t\t\t\t<\/div>\n\t\t\t\t<\/div>\n\t\t<div class=\"elementor-element elementor-element-67f03cf e-con-full e-flex e-con e-child\" data-id=\"67f03cf\" data-element_type=\"container\" data-e-type=\"container\">\n\t\t\t\t<div class=\"elementor-element elementor-element-100a325 elementor-widget elementor-widget-wfg-image\" data-id=\"100a325\" data-element_type=\"widget\" data-e-type=\"widget\" data-widget_type=\"wfg-image.default\">\n\t\t\t\t<div class=\"elementor-widget-container\">\n\t\t\t\t\t\n\n<figure class=\"wp-caption \" data-image>\n      <div class=\"relative rounded-widget overflow-hidden \">\n      <img loading=\"lazy\" decoding=\"async\" width=\"2000\" height=\"1333\" src=\"https:\/\/wfg-kassel.de\/wp-content\/uploads\/2025\/01\/junge-unternehmer-bei-meeting.webp\" class=\"!w-full !object-cover \" alt=\"Junge Unternehmer bei einem Meeting\" srcset=\"https:\/\/wfg-kassel.de\/wp-content\/uploads\/2025\/01\/junge-unternehmer-bei-meeting.webp 2000w, https:\/\/wfg-kassel.de\/wp-content\/uploads\/2025\/01\/junge-unternehmer-bei-meeting-300x200.webp 300w, https:\/\/wfg-kassel.de\/wp-content\/uploads\/2025\/01\/junge-unternehmer-bei-meeting-1024x682.webp 1024w, https:\/\/wfg-kassel.de\/wp-content\/uploads\/2025\/01\/junge-unternehmer-bei-meeting-768x512.webp 768w, https:\/\/wfg-kassel.de\/wp-content\/uploads\/2025\/01\/junge-unternehmer-bei-meeting-1536x1024.webp 1536w, https:\/\/wfg-kassel.de\/wp-content\/uploads\/2025\/01\/junge-unternehmer-bei-meeting-18x12.webp 18w\" sizes=\"(max-width: 2000px) 100vw, 2000px\" \/>\n            <div class=\"copyright-hint absolute bottom-0 right-0 z-10 flex items-center gap-1.5 px-2.5 py-1.5 bg-[#F0F0F0] rounded-tl-widget max-w-9 overflow-hidden whitespace-nowrap cursor-pointer transition-all duration-200 ease-in-out\" tabindex=\"0\" data-no-translation>\n      <span class=\"shrink-0 text-xs md:text-base leading-none text-[#555]\">\u00a9<\/span>\n      <span class=\"text-xs md:text-base leading-none text-[#333] opacity-0 transition-opacity duration-150\">Fiona K\u00f6rner<\/span>\n    <\/div>\n  \n    <\/div>\n  \n  <\/figure>\n\t\t\t\t<\/div>\n\t\t\t\t<\/div>\n\t\t\t\t<\/div>\n\t\t\t\t\t<\/div>\n\t\t\t\t<\/div>\n\t\t<div class=\"elementor-element elementor-element-9fbc459 e-flex e-con-boxed e-con e-parent\" data-id=\"9fbc459\" data-element_type=\"container\" data-e-type=\"container\">\n\t\t\t\t\t<div class=\"e-con-inner\">\n\t\t\t\t<div class=\"elementor-element elementor-element-381040e elementor-widget elementor-widget-wfg-text-editor\" data-id=\"381040e\" data-element_type=\"widget\" data-e-type=\"widget\" data-widget_type=\"wfg-text-editor.default\">\n\t\t\t\t<div class=\"elementor-widget-container\">\n\t\t\t\t\t\t\t\t\t<h2>Passagier- und Frachtflughafen Kassel-Calden<\/h2>\t\t\t\t\t\t\t\t<\/div>\n\t\t\t\t<\/div>\n\t\t\t\t\t<\/div>\n\t\t\t\t<\/div>\n\t\t<div class=\"elementor-element elementor-element-dd43eae e-flex e-con-boxed e-con e-parent\" data-id=\"dd43eae\" data-element_type=\"container\" data-e-type=\"container\">\n\t\t\t\t\t<div class=\"e-con-inner\">\n\t\t<div class=\"elementor-element elementor-element-7b3743a e-con-full e-flex e-con e-child\" data-id=\"7b3743a\" data-element_type=\"container\" data-e-type=\"container\">\n\t\t\t\t<div class=\"elementor-element elementor-element-5b9e9eb elementor-widget elementor-widget-wfg-image\" data-id=\"5b9e9eb\" data-element_type=\"widget\" data-e-type=\"widget\" data-widget_type=\"wfg-image.default\">\n\t\t\t\t<div class=\"elementor-widget-container\">\n\t\t\t\t\t\n\n<figure class=\"wp-caption \" data-image>\n      <div class=\"relative rounded-widget overflow-hidden \">\n      <img loading=\"lazy\" decoding=\"async\" width=\"2000\" height=\"1333\" src=\"https:\/\/wfg-kassel.de\/wp-content\/uploads\/2025\/05\/kassel-airport-terminal-aussen-familie.webp\" class=\"!w-full !object-cover \" alt=\"Bild des Eingangsbereichs des Kasseler Flughafens mit einer Familie im Vordergrund\" srcset=\"https:\/\/wfg-kassel.de\/wp-content\/uploads\/2025\/05\/kassel-airport-terminal-aussen-familie.webp 2000w, https:\/\/wfg-kassel.de\/wp-content\/uploads\/2025\/05\/kassel-airport-terminal-aussen-familie-300x200.webp 300w, https:\/\/wfg-kassel.de\/wp-content\/uploads\/2025\/05\/kassel-airport-terminal-aussen-familie-1024x682.webp 1024w, https:\/\/wfg-kassel.de\/wp-content\/uploads\/2025\/05\/kassel-airport-terminal-aussen-familie-768x512.webp 768w, https:\/\/wfg-kassel.de\/wp-content\/uploads\/2025\/05\/kassel-airport-terminal-aussen-familie-1536x1024.webp 1536w, https:\/\/wfg-kassel.de\/wp-content\/uploads\/2025\/05\/kassel-airport-terminal-aussen-familie-18x12.webp 18w\" sizes=\"(max-width: 2000px) 100vw, 2000px\" \/>\n            <div class=\"copyright-hint absolute bottom-0 right-0 z-10 flex items-center gap-1.5 px-2.5 py-1.5 bg-[#F0F0F0] rounded-tl-widget max-w-9 overflow-hidden whitespace-nowrap cursor-pointer transition-all duration-200 ease-in-out\" tabindex=\"0\" data-no-translation>\n      <span class=\"shrink-0 text-xs md:text-base leading-none text-[#555]\">\u00a9<\/span>\n      <span class=\"text-xs md:text-base leading-none text-[#333] opacity-0 transition-opacity duration-150\">Flughafen GmbH Kassel<\/span>\n    <\/div>\n  \n    <\/div>\n  \n  <\/figure>\n\t\t\t\t<\/div>\n\t\t\t\t<\/div>\n\t\t\t\t<\/div>\n\t\t<div class=\"elementor-element elementor-element-6188598 e-con-full e-flex e-con e-child\" data-id=\"6188598\" data-element_type=\"container\" data-e-type=\"container\">\n\t\t\t\t<div class=\"elementor-element elementor-element-2e1fe93 elementor-widget elementor-widget-wfg-text-editor\" data-id=\"2e1fe93\" data-element_type=\"widget\" data-e-type=\"widget\" data-widget_type=\"wfg-text-editor.default\">\n\t\t\t\t<div class=\"elementor-widget-container\">\n\t\t\t\t\t\t\t\t\t<p>Der\u202f<a href=\"\/infrastruktur-lage\/kassel-airport\/\"><strong>Kassel\u202fAirport<\/strong><\/a> punktet mit kurzen Wegen, kostenfreiem Parken und einem klar strukturierten Terminal:<\/p>\n<p><strong>Urlaubs\u2011 und Linienfl\u00fcge<\/strong> starten saisonal zu beliebten Zielen wie Gran\u202fCanaria oder Mallorca, w\u00e4hrend <strong>Business\u2011Charterg\u00e4ste<\/strong> dank schlanker Prozesse vom Parkplatz bis zum Gate in Minuten durchstarten k\u00f6nnen\u202f.<\/p>\n<p>F\u00fcr die <strong>Logistik<\/strong> bietet der Standort eine 2.500\u202fm lange, 45\u202fm breite Start\u2011 und Landebahn mit ILS\u202fCAT\u202fIIIb sowie Highloader, Pushback\u2011 und Enteisungsequipment \u2013 bestens ger\u00fcstet f\u00fcr zeitkritische Express\u2011 und Spezialfracht direkt an der A\u202f7\u2011Nord\u2011S\u00fcd\u2011Achse.<\/p>\t\t\t\t\t\t\t\t<\/div>\n\t\t\t\t<\/div>\n\t\t\t\t<div class=\"elementor-element elementor-element-0f9cf88 elementor-widget elementor-widget-wfg-button\" data-id=\"0f9cf88\" data-element_type=\"widget\" data-e-type=\"widget\" data-widget_type=\"wfg-button.default\">\n\t\t\t\t<div class=\"elementor-widget-container\">\n\t\t\t\t\t\n\n\n  <a href=\"\/infrastruktur-lage\/kassel-airport\/\"\n   aria-label=\"Mehr Infos: Zahlen, Daten, Fakten\"\n   class=\"uppercase font-extrabold py-1.5 px-6 text-lg xs:text-xl lg:text-2xl xl:text-3xl text-primary inline-flex items-center space-x-2 xs:space-x-3 lg:space-x-4 xl:space-x-6 hover:text-accent transition-colors\"\n   rel=\"\">\n    <svg xmlns=\"http:\/\/www.w3.org\/2000\/svg\" viewBox=\"0 0 16 16\" class=\"w-6 h-6 xs:w-8 xs:h-8 lg:w-10 lg:h-10 shrink-0\">\n  <g id=\"Group_62\" data-name=\"Group 62\" transform=\"translate(-931.406 1344) rotate(-90)\">\n    <path id=\"Icon_feather-chevron-down\" data-name=\"Icon feather-chevron-down\" d=\"M9,13.5l3.944,3.944L16.887,13.5\" transform=\"translate(1323.229 924.458)\" fill=\"none\" stroke=\"#e41e3d\" stroke-linecap=\"round\" stroke-linejoin=\"round\" stroke-width=\"1\"\/>\n    <g id=\"Ellipse_5\" data-name=\"Ellipse 5\" transform=\"translate(1328 931.406)\" fill=\"none\" stroke=\"#e41e3d\" stroke-width=\"1\">\n      <circle cx=\"8\" cy=\"8\" r=\"8\" stroke=\"none\"\/>\n      <circle cx=\"8\" cy=\"8\" r=\"7.5\" fill=\"none\"\/>\n    <\/g>\n  <\/g>\n<\/svg>\n\n    <span>\n       Mehr Infos: Zahlen, Daten, Fakten\n    <\/span>\n  <\/a>\n\t\t\t\t<\/div>\n\t\t\t\t<\/div>\n\t\t\t\t<\/div>\n\t\t\t\t\t<\/div>\n\t\t\t\t<\/div>\n\t\t<div class=\"elementor-element elementor-element-237dd65 e-flex e-con-boxed e-con e-parent\" data-id=\"237dd65\" data-element_type=\"container\" data-e-type=\"container\">\n\t\t\t\t\t<div class=\"e-con-inner\">\n\t\t\t\t<div class=\"elementor-element elementor-element-594d7e5 elementor-widget elementor-widget-wfg-text-editor\" data-id=\"594d7e5\" data-element_type=\"widget\" data-e-type=\"widget\" data-widget_type=\"wfg-text-editor.default\">\n\t\t\t\t<div class=\"elementor-widget-container\">\n\t\t\t\t\t\t\t\t\t<h2>G\u00fcterverkehrszentrum Kassel (GVZ)<\/h2>\t\t\t\t\t\t\t\t<\/div>\n\t\t\t\t<\/div>\n\t\t\t\t\t<\/div>\n\t\t\t\t<\/div>\n\t\t<div class=\"elementor-element elementor-element-f663753 e-flex e-con-boxed e-con e-parent\" data-id=\"f663753\" data-element_type=\"container\" data-e-type=\"container\">\n\t\t\t\t\t<div class=\"e-con-inner\">\n\t\t<div class=\"elementor-element elementor-element-d217913 e-con-full e-flex e-con e-child\" data-id=\"d217913\" data-element_type=\"container\" data-e-type=\"container\">\n\t\t\t\t<div class=\"elementor-element elementor-element-f64b9b8 elementor-widget elementor-widget-wfg-text-editor\" data-id=\"f64b9b8\" data-element_type=\"widget\" data-e-type=\"widget\" data-widget_type=\"wfg-text-editor.default\">\n\t\t\t\t<div class=\"elementor-widget-container\">\n\t\t\t\t\t\t\t\t\t<p>Als <strong>Logistikherz Nordhessens<\/strong> liegt das 85\u202fHektar gro\u00dfe <a href=\"\/gewerbestandorte\/industriepark-kassel\/gueterverkehrszentrum\/\"><strong>G\u00fcterverkehrszentrum Kassel\u202f(GVZ)<\/strong><\/a> im Autobahndreieck A\u202f44\/A\u202f49\/A\u202f7 im <a href=\"\/gewerbestandorte\/industriepark-kassel\/\">Industriepark\u202fKassel<\/a>. Ein kombiniertes Terminal mit einem <a href=\"\/gewerbestandorte\/industriepark-kassel\/gueterverkehrszentrum\/#containerterminal\">Containerbahnhof<\/a> und 10\u202fkm eigenen Stammgleisen verkn\u00fcpft Stra\u00dfe und Schiene.<\/p>\n<p><strong> 1.200\u202fArbeitspl\u00e4tze<\/strong> und die konsequente Frachtverlagerung auf die Schiene machen das G\u00fcterverkehrszentrum Kassel zum <strong>Jobmotor<\/strong> und Baustein <strong>klimafreundlicher Supply\u2011Chains<\/strong>.<\/p>\t\t\t\t\t\t\t\t<\/div>\n\t\t\t\t<\/div>\n\t\t\t\t<div class=\"elementor-element elementor-element-440dfa7 elementor-widget elementor-widget-wfg-button\" data-id=\"440dfa7\" data-element_type=\"widget\" data-e-type=\"widget\" data-widget_type=\"wfg-button.default\">\n\t\t\t\t<div class=\"elementor-widget-container\">\n\t\t\t\t\t\n\n\n  <a href=\"\/gewerbestandorte\/industriepark-kassel\/gueterverkehrszentrum\/\"\n   aria-label=\"Mehr Infos: G\u00fcterverkehrszentrum\"\n   class=\"uppercase font-extrabold py-1.5 px-6 text-lg xs:text-xl lg:text-2xl xl:text-3xl text-primary inline-flex items-center space-x-2 xs:space-x-3 lg:space-x-4 xl:space-x-6 hover:text-accent transition-colors\"\n   rel=\"\">\n    <svg xmlns=\"http:\/\/www.w3.org\/2000\/svg\" viewBox=\"0 0 16 16\" class=\"w-6 h-6 xs:w-8 xs:h-8 lg:w-10 lg:h-10 shrink-0\">\n  <g id=\"Group_62\" data-name=\"Group 62\" transform=\"translate(-931.406 1344) rotate(-90)\">\n    <path id=\"Icon_feather-chevron-down\" data-name=\"Icon feather-chevron-down\" d=\"M9,13.5l3.944,3.944L16.887,13.5\" transform=\"translate(1323.229 924.458)\" fill=\"none\" stroke=\"#e41e3d\" stroke-linecap=\"round\" stroke-linejoin=\"round\" stroke-width=\"1\"\/>\n    <g id=\"Ellipse_5\" data-name=\"Ellipse 5\" transform=\"translate(1328 931.406)\" fill=\"none\" stroke=\"#e41e3d\" stroke-width=\"1\">\n      <circle cx=\"8\" cy=\"8\" r=\"8\" stroke=\"none\"\/>\n      <circle cx=\"8\" cy=\"8\" r=\"7.5\" fill=\"none\"\/>\n    <\/g>\n  <\/g>\n<\/svg>\n\n    <span>\n       Mehr Infos: G\u00fcterverkehrszentrum\n    <\/span>\n  <\/a>\n\t\t\t\t<\/div>\n\t\t\t\t<\/div>\n\t\t\t\t<\/div>\n\t\t<div class=\"elementor-element elementor-element-a4b23b0 e-con-full e-flex e-con e-child\" data-id=\"a4b23b0\" data-element_type=\"container\" data-e-type=\"container\">\n\t\t\t\t<div class=\"elementor-element elementor-element-cb4f16d elementor-widget elementor-widget-wfg-image\" data-id=\"cb4f16d\" data-element_type=\"widget\" data-e-type=\"widget\" data-widget_type=\"wfg-image.default\">\n\t\t\t\t<div class=\"elementor-widget-container\">\n\t\t\t\t\t\n\n<figure class=\"wp-caption \" data-image>\n      <div class=\"relative rounded-widget overflow-hidden \">\n      <img loading=\"lazy\" decoding=\"async\" width=\"2000\" height=\"1333\" src=\"https:\/\/wfg-kassel.de\/wp-content\/uploads\/2025\/01\/mobiler-kranwagen-gueterverkehrszentrum-kassel.webp\" class=\"!w-full !object-cover \" alt=\"Mobiler roter Kranwagen rangiert Container\" srcset=\"https:\/\/wfg-kassel.de\/wp-content\/uploads\/2025\/01\/mobiler-kranwagen-gueterverkehrszentrum-kassel.webp 2000w, https:\/\/wfg-kassel.de\/wp-content\/uploads\/2025\/01\/mobiler-kranwagen-gueterverkehrszentrum-kassel-300x200.webp 300w, https:\/\/wfg-kassel.de\/wp-content\/uploads\/2025\/01\/mobiler-kranwagen-gueterverkehrszentrum-kassel-1024x682.webp 1024w, https:\/\/wfg-kassel.de\/wp-content\/uploads\/2025\/01\/mobiler-kranwagen-gueterverkehrszentrum-kassel-768x512.webp 768w, https:\/\/wfg-kassel.de\/wp-content\/uploads\/2025\/01\/mobiler-kranwagen-gueterverkehrszentrum-kassel-1536x1024.webp 1536w, https:\/\/wfg-kassel.de\/wp-content\/uploads\/2025\/01\/mobiler-kranwagen-gueterverkehrszentrum-kassel-18x12.webp 18w\" sizes=\"(max-width: 2000px) 100vw, 2000px\" \/>\n            <div class=\"copyright-hint absolute bottom-0 right-0 z-10 flex items-center gap-1.5 px-2.5 py-1.5 bg-[#F0F0F0] rounded-tl-widget max-w-9 overflow-hidden whitespace-nowrap cursor-pointer transition-all duration-200 ease-in-out\" tabindex=\"0\" data-no-translation>\n      <span class=\"shrink-0 text-xs md:text-base leading-none text-[#555]\">\u00a9<\/span>\n      <span class=\"text-xs md:text-base leading-none text-[#333] opacity-0 transition-opacity duration-150\">Wirtschaftsf\u00f6rderung Region Kassel<\/span>\n    <\/div>\n  \n    <\/div>\n  \n  <\/figure>\n\t\t\t\t<\/div>\n\t\t\t\t<\/div>\n\t\t\t\t<\/div>\n\t\t\t\t\t<\/div>\n\t\t\t\t<\/div>\n\t\t<div class=\"elementor-element elementor-element-59b52fdb e-flex e-con-boxed e-con e-parent\" data-id=\"59b52fdb\" data-element_type=\"container\" data-e-type=\"container\">\n\t\t\t\t\t<div class=\"e-con-inner\">\n\t\t\t\t<div class=\"elementor-element elementor-element-ef06f18 elementor-widget elementor-widget-wfg-horizontal-line\" data-id=\"ef06f18\" data-element_type=\"widget\" data-e-type=\"widget\" data-widget_type=\"wfg-horizontal-line.default\">\n\t\t\t\t<div class=\"elementor-widget-container\">\n\t\t\t\t\t<hr class=\"h-1.5 sm:h-2 md:h-3 rounded-full !bg-primary !mx-auto w-[130px] sm:w-[160px] md:w-[180px] lg:w-[220px] xl:w-[240px]\">\n\n\t\t\t\t<\/div>\n\t\t\t\t<\/div>\n\t\t\t\t\t<\/div>\n\t\t\t\t<\/div>\n\t\t<div class=\"elementor-element elementor-element-964acb3 e-flex e-con-boxed e-con e-parent\" data-id=\"964acb3\" data-element_type=\"container\" data-e-type=\"container\">\n\t\t\t\t\t<div class=\"e-con-inner\">\n\t\t\t\t<div class=\"elementor-element elementor-element-89ed04a elementor-widget elementor-widget-wfg-text-editor\" data-id=\"89ed04a\" data-element_type=\"widget\" data-e-type=\"widget\" data-widget_type=\"wfg-text-editor.default\">\n\t\t\t\t<div class=\"elementor-widget-container\">\n\t\t\t\t\t\t\t\t\t<h2>Nehmen Sie Kontakt zu uns auf!<\/h2>\t\t\t\t\t\t\t\t<\/div>\n\t\t\t\t<\/div>\n\t\t\t\t\t<\/div>\n\t\t\t\t<\/div>\n\t\t<div class=\"elementor-element elementor-element-179df277 e-flex e-con-boxed e-con e-parent\" data-id=\"179df277\" data-element_type=\"container\" data-e-type=\"container\">\n\t\t\t\t\t<div class=\"e-con-inner\">\n\t\t<div class=\"elementor-element elementor-element-2e20cf51 e-con-full e-flex e-con e-child\" data-id=\"2e20cf51\" data-element_type=\"container\" data-e-type=\"container\">\n\t\t\t\t<div class=\"elementor-element elementor-element-5b18d539 elementor-widget elementor-widget-wfg-image\" data-id=\"5b18d539\" data-element_type=\"widget\" data-e-type=\"widget\" data-widget_type=\"wfg-image.default\">\n\t\t\t\t<div class=\"elementor-widget-container\">\n\t\t\t\t\t\n\n<figure class=\"wp-caption \" data-image>\n      <div class=\"relative rounded-widget overflow-hidden \">\n      <img loading=\"lazy\" decoding=\"async\" width=\"2000\" height=\"1333\" src=\"https:\/\/wfg-kassel.de\/wp-content\/uploads\/2025\/01\/gruppenfoto-team-wirtschaftsfoerderung-region-kassel-2023.webp\" class=\"!w-full !object-cover \" alt=\"Mehrere Personen stehen zusammen und posieren vor Gebauede fuer ein Gruppenfoto\" srcset=\"https:\/\/wfg-kassel.de\/wp-content\/uploads\/2025\/01\/gruppenfoto-team-wirtschaftsfoerderung-region-kassel-2023.webp 2000w, https:\/\/wfg-kassel.de\/wp-content\/uploads\/2025\/01\/gruppenfoto-team-wirtschaftsfoerderung-region-kassel-2023-300x200.webp 300w, https:\/\/wfg-kassel.de\/wp-content\/uploads\/2025\/01\/gruppenfoto-team-wirtschaftsfoerderung-region-kassel-2023-1024x682.webp 1024w, https:\/\/wfg-kassel.de\/wp-content\/uploads\/2025\/01\/gruppenfoto-team-wirtschaftsfoerderung-region-kassel-2023-768x512.webp 768w, https:\/\/wfg-kassel.de\/wp-content\/uploads\/2025\/01\/gruppenfoto-team-wirtschaftsfoerderung-region-kassel-2023-1536x1024.webp 1536w, https:\/\/wfg-kassel.de\/wp-content\/uploads\/2025\/01\/gruppenfoto-team-wirtschaftsfoerderung-region-kassel-2023-18x12.webp 18w\" sizes=\"(max-width: 2000px) 100vw, 2000px\" \/>\n            <div class=\"copyright-hint absolute bottom-0 right-0 z-10 flex items-center gap-1.5 px-2.5 py-1.5 bg-[#F0F0F0] rounded-tl-widget max-w-9 overflow-hidden whitespace-nowrap cursor-pointer transition-all duration-200 ease-in-out\" tabindex=\"0\" data-no-translation>\n      <span class=\"shrink-0 text-xs md:text-base leading-none text-[#555]\">\u00a9<\/span>\n      <span class=\"text-xs md:text-base leading-none text-[#333] opacity-0 transition-opacity duration-150\">Carolin Ludwig<\/span>\n    <\/div>\n  \n    <\/div>\n  \n  <\/figure>\n\t\t\t\t<\/div>\n\t\t\t\t<\/div>\n\t\t\t\t<\/div>\n\t\t<div class=\"elementor-element elementor-element-683f770e e-con-full e-flex e-con e-child\" data-id=\"683f770e\" data-element_type=\"container\" data-e-type=\"container\">\n\t\t\t\t<div class=\"elementor-element elementor-element-695f8de6 elementor-widget elementor-widget-wfg-text-editor\" data-id=\"695f8de6\" data-element_type=\"widget\" data-e-type=\"widget\" data-widget_type=\"wfg-text-editor.default\">\n\t\t\t\t<div class=\"elementor-widget-container\">\n\t\t\t\t\t\t\t\t\t<p>Sie haben weitere Fragen zum Website-Artikel oder m\u00f6chten von unseren exzellenten Netzwerken profitieren? Dann freuen wir uns auf den Austausch mit Ihnen. Als kompetenter erster Ansprechpartner stehen wir Ihnen gerne zur Verf\u00fcgung.<\/p>\n<p>Telefon: <a href=\"tel:+495617073350\">+49 561 70733-50<\/a><br \/>E-Mail: <a href=\"mailto:info@wfg-kassel.de\">info@wfg-kassel.de<\/a><\/p>\t\t\t\t\t\t\t\t<\/div>\n\t\t\t\t<\/div>\n\t\t\t\t<div class=\"elementor-element elementor-element-241e2277 elementor-widget elementor-widget-wfg-button\" data-id=\"241e2277\" data-element_type=\"widget\" data-e-type=\"widget\" data-widget_type=\"wfg-button.default\">\n\t\t\t\t<div class=\"elementor-widget-container\">\n\t\t\t\t\t\n\n\n  <a href=\"\/kontakt\/#kontaktformular\"\n   aria-label=\"Zum Kontaktformular\"\n   class=\"uppercase font-extrabold py-1.5 px-6 text-lg xs:text-xl lg:text-2xl xl:text-3xl text-primary inline-flex items-center space-x-2 xs:space-x-3 lg:space-x-4 xl:space-x-6 hover:text-accent transition-colors\"\n   rel=\"\">\n    <svg xmlns=\"http:\/\/www.w3.org\/2000\/svg\" viewBox=\"0 0 16 16\" class=\"w-6 h-6 xs:w-8 xs:h-8 lg:w-10 lg:h-10 shrink-0\">\n  <g id=\"Group_62\" data-name=\"Group 62\" transform=\"translate(-931.406 1344) rotate(-90)\">\n    <path id=\"Icon_feather-chevron-down\" data-name=\"Icon feather-chevron-down\" d=\"M9,13.5l3.944,3.944L16.887,13.5\" transform=\"translate(1323.229 924.458)\" fill=\"none\" stroke=\"#e41e3d\" stroke-linecap=\"round\" stroke-linejoin=\"round\" stroke-width=\"1\"\/>\n    <g id=\"Ellipse_5\" data-name=\"Ellipse 5\" transform=\"translate(1328 931.406)\" fill=\"none\" stroke=\"#e41e3d\" stroke-width=\"1\">\n      <circle cx=\"8\" cy=\"8\" r=\"8\" stroke=\"none\"\/>\n      <circle cx=\"8\" cy=\"8\" r=\"7.5\" fill=\"none\"\/>\n    <\/g>\n  <\/g>\n<\/svg>\n\n    <span>\n       Zum Kontaktformular\n    <\/span>\n  <\/a>\n\t\t\t\t<\/div>\n\t\t\t\t<\/div>\n\t\t\t\t<\/div>\n\t\t\t\t\t<\/div>\n\t\t\t\t<\/div>\n\t\t\t\t<\/div>\n\t\t","protected":false},"excerpt":{"rendered":"<p>\u00a9 Ernst Bohnhardt Infrastruktur und Lage der Region Kassel Im Herzen Deutschlands b\u00fcndelt die Region Kassel alle entscheidenden Verkehrsadern: Das Autobahndreieck\u202fA\u202f7\/A\u202f44\/A\u202f49, der ICE\u2011Knoten Kassel\u2011Wilhelmsh\u00f6he, der international angebundene Kassel\u202fAirport und das trimodale G\u00fcterverkehrszentrum sorgen daf\u00fcr, dass Menschen und G\u00fcter in k\u00fcrzester Zeit jedes Ziel in Europa erreichen. Ein leistungsf\u00e4higer \u00d6PNV sowie moderne Coworking\u2011 und Gewerbefl\u00e4chen schlie\u00dfen [&hellip;]<\/p>\n","protected":false},"author":3,"featured_media":0,"parent":0,"menu_order":0,"comment_status":"closed","ping_status":"closed","template":"","meta":{"_acf_changed":false,"footnotes":""},"class_list":["post-8398","page","type-page","status-publish","hentry"],"acf":[],"yoast_head":"<!-- This site is optimized with the Yoast SEO plugin v27.5 - https:\/\/yoast.com\/product\/yoast-seo-wordpress\/ -->\n<title>Infrastruktur, Lage und Verkehrsanbindung der Region Kassel<\/title>\n<meta name=\"description\" content=\"Alle Infos zur Infrastruktur, Lage und Verkehrsanbindung der Region Kassel \u25ba Jetzt informieren!\" \/>\n<meta name=\"robots\" content=\"index, follow, max-snippet:-1, max-image-preview:large, max-video-preview:-1\" \/>\n<link rel=\"canonical\" href=\"https:\/\/wfg-kassel.de\/en\/infrastructure-location\/\" \/>\n<meta property=\"og:locale\" content=\"en_US\" \/>\n<meta property=\"og:type\" content=\"article\" \/>\n<meta property=\"og:title\" content=\"Infrastruktur, Lage und Verkehrsanbindung der Region Kassel\" \/>\n<meta property=\"og:description\" content=\"Alle Infos zur Infrastruktur, Lage und Verkehrsanbindung der Region Kassel \u25ba Jetzt informieren!\" \/>\n<meta property=\"og:url\" content=\"https:\/\/wfg-kassel.de\/en\/infrastructure-location\/\" \/>\n<meta property=\"og:site_name\" content=\"Wirtschaftsf\u00f6rderung Region Kassel\" \/>\n<meta property=\"article:modified_time\" content=\"2026-02-24T12:38:25+00:00\" \/>\n<meta property=\"og:image\" content=\"https:\/\/wfg-kassel.de\/wp-content\/uploads\/2025\/01\/luftaufnahme-autobahnanschluss-langes-feld-2021.webp\" \/>\n<meta name=\"twitter:card\" content=\"summary_large_image\" \/>\n<meta name=\"twitter:label1\" content=\"Est. reading time\" \/>\n\t<meta name=\"twitter:data1\" content=\"5 minutes\" \/>\n<script type=\"application\/ld+json\" class=\"yoast-schema-graph\">{\"@context\":\"https:\\\/\\\/schema.org\",\"@graph\":[{\"@type\":\"WebPage\",\"@id\":\"https:\\\/\\\/wfg-kassel.de\\\/infrastruktur-lage\\\/\",\"url\":\"https:\\\/\\\/wfg-kassel.de\\\/infrastruktur-lage\\\/\",\"name\":\"Infrastruktur, Lage und Verkehrsanbindung der Region Kassel\",\"isPartOf\":{\"@id\":\"https:\\\/\\\/wfg-kassel.de\\\/#website\"},\"primaryImageOfPage\":{\"@id\":\"https:\\\/\\\/wfg-kassel.de\\\/infrastruktur-lage\\\/#primaryimage\"},\"image\":{\"@id\":\"https:\\\/\\\/wfg-kassel.de\\\/infrastruktur-lage\\\/#primaryimage\"},\"thumbnailUrl\":\"https:\\\/\\\/wfg-kassel.de\\\/wp-content\\\/uploads\\\/2025\\\/01\\\/luftaufnahme-autobahnanschluss-langes-feld-2021.webp\",\"datePublished\":\"2025-05-12T14:29:05+00:00\",\"dateModified\":\"2026-02-24T12:38:25+00:00\",\"description\":\"Alle Infos zur Infrastruktur, Lage und Verkehrsanbindung der Region Kassel \u25ba Jetzt informieren!\",\"breadcrumb\":{\"@id\":\"https:\\\/\\\/wfg-kassel.de\\\/infrastruktur-lage\\\/#breadcrumb\"},\"inLanguage\":\"en-US\",\"potentialAction\":[{\"@type\":\"ReadAction\",\"target\":[\"https:\\\/\\\/wfg-kassel.de\\\/infrastruktur-lage\\\/\"]}]},{\"@type\":\"ImageObject\",\"inLanguage\":\"en-US\",\"@id\":\"https:\\\/\\\/wfg-kassel.de\\\/infrastruktur-lage\\\/#primaryimage\",\"url\":\"https:\\\/\\\/wfg-kassel.de\\\/wp-content\\\/uploads\\\/2025\\\/01\\\/luftaufnahme-autobahnanschluss-langes-feld-2021.webp\",\"contentUrl\":\"https:\\\/\\\/wfg-kassel.de\\\/wp-content\\\/uploads\\\/2025\\\/01\\\/luftaufnahme-autobahnanschluss-langes-feld-2021.webp\"},{\"@type\":\"BreadcrumbList\",\"@id\":\"https:\\\/\\\/wfg-kassel.de\\\/infrastruktur-lage\\\/#breadcrumb\",\"itemListElement\":[{\"@type\":\"ListItem\",\"position\":1,\"name\":\"Startseite\",\"item\":\"https:\\\/\\\/wfg-kassel.de\\\/\"},{\"@type\":\"ListItem\",\"position\":2,\"name\":\"Infrastruktur &#038; Lage\"}]},{\"@type\":\"WebSite\",\"@id\":\"https:\\\/\\\/wfg-kassel.de\\\/#website\",\"url\":\"https:\\\/\\\/wfg-kassel.de\\\/\",\"name\":\"Wirtschaftsf\u00f6rderung Region Kassel\",\"description\":\"\",\"publisher\":{\"@id\":\"https:\\\/\\\/wfg-kassel.de\\\/#organization\"},\"potentialAction\":[{\"@type\":\"SearchAction\",\"target\":{\"@type\":\"EntryPoint\",\"urlTemplate\":\"https:\\\/\\\/wfg-kassel.de\\\/?s={search_term_string}\"},\"query-input\":{\"@type\":\"PropertyValueSpecification\",\"valueRequired\":true,\"valueName\":\"search_term_string\"}}],\"inLanguage\":\"en-US\"},{\"@type\":\"Organization\",\"@id\":\"https:\\\/\\\/wfg-kassel.de\\\/#organization\",\"name\":\"Wirtschaftsf\u00f6rderung Region Kassel\",\"url\":\"https:\\\/\\\/wfg-kassel.de\\\/\",\"logo\":{\"@type\":\"ImageObject\",\"inLanguage\":\"en-US\",\"@id\":\"https:\\\/\\\/wfg-kassel.de\\\/#\\\/schema\\\/logo\\\/image\\\/\",\"url\":\"https:\\\/\\\/wfg-kassel.de\\\/wp-content\\\/uploads\\\/2024\\\/02\\\/logo_wfg.svg\",\"contentUrl\":\"https:\\\/\\\/wfg-kassel.de\\\/wp-content\\\/uploads\\\/2024\\\/02\\\/logo_wfg.svg\",\"width\":339,\"height\":90,\"caption\":\"Wirtschaftsf\u00f6rderung Region Kassel\"},\"image\":{\"@id\":\"https:\\\/\\\/wfg-kassel.de\\\/#\\\/schema\\\/logo\\\/image\\\/\"}}]}<\/script>\n<!-- \/ Yoast SEO plugin. -->","yoast_head_json":{"title":"Infrastructure, location and transport links in the Kassel region","description":"All information on infrastructure, location and transport connections in the Kassel region \u25ba Find out now!","robots":{"index":"index","follow":"follow","max-snippet":"max-snippet:-1","max-image-preview":"max-image-preview:large","max-video-preview":"max-video-preview:-1"},"canonical":"https:\/\/wfg-kassel.de\/en\/infrastructure-location\/","og_locale":"en_US","og_type":"article","og_title":"Infrastruktur, Lage und Verkehrsanbindung der Region Kassel","og_description":"Alle Infos zur Infrastruktur, Lage und Verkehrsanbindung der Region Kassel \u25ba Jetzt informieren!","og_url":"https:\/\/wfg-kassel.de\/en\/infrastructure-location\/","og_site_name":"Wirtschaftsf\u00f6rderung Region Kassel","article_modified_time":"2026-02-24T12:38:25+00:00","og_image":[{"url":"https:\/\/wfg-kassel.de\/wp-content\/uploads\/2025\/01\/luftaufnahme-autobahnanschluss-langes-feld-2021.webp","type":"","width":"","height":""}],"twitter_card":"summary_large_image","twitter_misc":{"Est. reading time":"5 minutes"},"schema":{"@context":"https:\/\/schema.org","@graph":[{"@type":"WebPage","@id":"https:\/\/wfg-kassel.de\/infrastruktur-lage\/","url":"https:\/\/wfg-kassel.de\/infrastruktur-lage\/","name":"Infrastructure, location and transport links in the Kassel region","isPartOf":{"@id":"https:\/\/wfg-kassel.de\/#website"},"primaryImageOfPage":{"@id":"https:\/\/wfg-kassel.de\/infrastruktur-lage\/#primaryimage"},"image":{"@id":"https:\/\/wfg-kassel.de\/infrastruktur-lage\/#primaryimage"},"thumbnailUrl":"https:\/\/wfg-kassel.de\/wp-content\/uploads\/2025\/01\/luftaufnahme-autobahnanschluss-langes-feld-2021.webp","datePublished":"2025-05-12T14:29:05+00:00","dateModified":"2026-02-24T12:38:25+00:00","description":"All information on infrastructure, location and transport connections in the Kassel region \u25ba Find out now!","breadcrumb":{"@id":"https:\/\/wfg-kassel.de\/infrastruktur-lage\/#breadcrumb"},"inLanguage":"en-US","potentialAction":[{"@type":"ReadAction","target":["https:\/\/wfg-kassel.de\/infrastruktur-lage\/"]}]},{"@type":"ImageObject","inLanguage":"en-US","@id":"https:\/\/wfg-kassel.de\/infrastruktur-lage\/#primaryimage","url":"https:\/\/wfg-kassel.de\/wp-content\/uploads\/2025\/01\/luftaufnahme-autobahnanschluss-langes-feld-2021.webp","contentUrl":"https:\/\/wfg-kassel.de\/wp-content\/uploads\/2025\/01\/luftaufnahme-autobahnanschluss-langes-feld-2021.webp"},{"@type":"BreadcrumbList","@id":"https:\/\/wfg-kassel.de\/infrastruktur-lage\/#breadcrumb","itemListElement":[{"@type":"ListItem","position":1,"name":"Startseite","item":"https:\/\/wfg-kassel.de\/"},{"@type":"ListItem","position":2,"name":"Infrastruktur &#038; Lage"}]},{"@type":"WebSite","@id":"https:\/\/wfg-kassel.de\/#website","url":"https:\/\/wfg-kassel.de\/","name":"Wirtschaftsf\u00f6rderung Region Kassel","description":"","publisher":{"@id":"https:\/\/wfg-kassel.de\/#organization"},"potentialAction":[{"@type":"SearchAction","target":{"@type":"EntryPoint","urlTemplate":"https:\/\/wfg-kassel.de\/?s={search_term_string}"},"query-input":{"@type":"PropertyValueSpecification","valueRequired":true,"valueName":"search_term_string"}}],"inLanguage":"en-US"},{"@type":"Organization","@id":"https:\/\/wfg-kassel.de\/#organization","name":"Wirtschaftsf\u00f6rderung Region Kassel","url":"https:\/\/wfg-kassel.de\/","logo":{"@type":"ImageObject","inLanguage":"en-US","@id":"https:\/\/wfg-kassel.de\/#\/schema\/logo\/image\/","url":"https:\/\/wfg-kassel.de\/wp-content\/uploads\/2024\/02\/logo_wfg.svg","contentUrl":"https:\/\/wfg-kassel.de\/wp-content\/uploads\/2024\/02\/logo_wfg.svg","width":339,"height":90,"caption":"Wirtschaftsf\u00f6rderung Region Kassel"},"image":{"@id":"https:\/\/wfg-kassel.de\/#\/schema\/logo\/image\/"}}]}},"_links":{"self":[{"href":"https:\/\/wfg-kassel.de\/en\/wp-json\/wp\/v2\/pages\/8398","targetHints":{"allow":["GET"]}}],"collection":[{"href":"https:\/\/wfg-kassel.de\/en\/wp-json\/wp\/v2\/pages"}],"about":[{"href":"https:\/\/wfg-kassel.de\/en\/wp-json\/wp\/v2\/types\/page"}],"author":[{"embeddable":true,"href":"https:\/\/wfg-kassel.de\/en\/wp-json\/wp\/v2\/users\/3"}],"replies":[{"embeddable":true,"href":"https:\/\/wfg-kassel.de\/en\/wp-json\/wp\/v2\/comments?post=8398"}],"version-history":[{"count":5,"href":"https:\/\/wfg-kassel.de\/en\/wp-json\/wp\/v2\/pages\/8398\/revisions"}],"predecessor-version":[{"id":11629,"href":"https:\/\/wfg-kassel.de\/en\/wp-json\/wp\/v2\/pages\/8398\/revisions\/11629"}],"wp:attachment":[{"href":"https:\/\/wfg-kassel.de\/en\/wp-json\/wp\/v2\/media?parent=8398"}],"curies":[{"name":"wp","href":"https:\/\/api.w.org\/{rel}","templated":true}]}}