{"id":8475,"date":"2025-05-14T12:41:58","date_gmt":"2025-05-14T10:41:58","guid":{"rendered":"https:\/\/wfg.rosys.dev\/?page_id=8475"},"modified":"2026-03-25T15:04:19","modified_gmt":"2026-03-25T14:04:19","slug":"coworking-spaces-kassel","status":"publish","type":"page","link":"https:\/\/wfg-kassel.de\/en\/infrastruktur-lage\/coworking-spaces\/","title":{"rendered":"Coworking Spaces Kassel"},"content":{"rendered":"\t\t<div data-elementor-type=\"wp-page\" data-elementor-id=\"8475\" class=\"elementor elementor-8475\" data-elementor-post-type=\"page\">\n\t\t\t\t<div class=\"elementor-element elementor-element-55741747 e-con-full e-flex e-con e-parent\" data-id=\"55741747\" data-element_type=\"container\" data-e-type=\"container\">\n\t\t<div class=\"elementor-element elementor-element-267b9d15 e-con-full e-flex e-con e-child\" data-id=\"267b9d15\" data-element_type=\"container\" data-e-type=\"container\">\n\t\t\t\t<div class=\"elementor-element elementor-element-351b8553 elementor-widget elementor-widget-wfg-header-banner\" data-id=\"351b8553\" data-element_type=\"widget\" data-e-type=\"widget\" data-widget_type=\"wfg-header-banner.default\">\n\t\t\t\t<div class=\"elementor-widget-container\">\n\t\t\t\t\t<div class=\"header-banner flex flex-col md:flex-row\">\n  <div class=\"md:w-1\/2\">\n    \n\n<figure class=\"wp-caption \" data-image>\n      <div class=\"relative  \">\n      <img fetchpriority=\"high\" decoding=\"async\" width=\"2000\" height=\"1333\" src=\"https:\/\/wfg-kassel.de\/wp-content\/uploads\/2025\/06\/buedchen-zone-neue-denkerei-2025.webp\" class=\"!w-full !object-cover !max-h-[475px] aspect-video\" alt=\"Menschen arbeiten im Coworking Space\" srcset=\"https:\/\/wfg-kassel.de\/wp-content\/uploads\/2025\/06\/buedchen-zone-neue-denkerei-2025.webp 2000w, https:\/\/wfg-kassel.de\/wp-content\/uploads\/2025\/06\/buedchen-zone-neue-denkerei-2025-300x200.webp 300w, https:\/\/wfg-kassel.de\/wp-content\/uploads\/2025\/06\/buedchen-zone-neue-denkerei-2025-1024x682.webp 1024w, https:\/\/wfg-kassel.de\/wp-content\/uploads\/2025\/06\/buedchen-zone-neue-denkerei-2025-768x512.webp 768w, https:\/\/wfg-kassel.de\/wp-content\/uploads\/2025\/06\/buedchen-zone-neue-denkerei-2025-1536x1024.webp 1536w, https:\/\/wfg-kassel.de\/wp-content\/uploads\/2025\/06\/buedchen-zone-neue-denkerei-2025-18x12.webp 18w\" sizes=\"(max-width: 2000px) 100vw, 2000px\" \/>\n            <div class=\"copyright-hint absolute bottom-0 right-0 z-10 flex items-center gap-1.5 px-2.5 py-1.5 bg-[#F0F0F0] rounded-tl-widget max-w-9 overflow-hidden whitespace-nowrap cursor-pointer transition-all duration-200 ease-in-out\" tabindex=\"0\" data-no-translation>\n      <span class=\"shrink-0 text-xs md:text-base leading-none text-[#555]\">\u00a9<\/span>\n      <span class=\"text-xs md:text-base leading-none text-[#333] opacity-0 transition-opacity duration-150\">WEIT.VORN GmbH<\/span>\n    <\/div>\n  \n    <\/div>\n  \n  <\/figure>\n\n  <\/div>\n  <div class=\"md:w-1\/2 bg-primary px-4 py-12 sm:py-14 md:p-8 xl:pl-14 flex flex-col justify-center relative\">\n    <h1 class=\"inline-block self-start xl:max-w-[680px] mb-4\">Coworking Spaces in Kassel<\/h1>\n  <\/div>\n<\/div>\n\t\t\t\t<\/div>\n\t\t\t\t<\/div>\n\t\t\t\t<\/div>\n\t\t\t\t<\/div>\n\t\t<div class=\"elementor-element elementor-element-265bed03 e-flex e-con-boxed e-con e-parent\" data-id=\"265bed03\" data-element_type=\"container\" data-e-type=\"container\">\n\t\t\t\t\t<div class=\"e-con-inner\">\n\t\t\t\t<div class=\"elementor-element elementor-element-4f6a057 elementor-widget elementor-widget-wfg-text-editor\" data-id=\"4f6a057\" data-element_type=\"widget\" data-e-type=\"widget\" data-widget_type=\"wfg-text-editor.default\">\n\t\t\t\t<div class=\"elementor-widget-container\">\n\t\t\t\t\t\t\t\t\t<p class=\"aufmachertext\">Agile Zusammenarbeit braucht Raum, der sofort bereitsteht. Wir zeigen Ihnen eine Vielzahl an <strong>Coworking Spaces in Kassel<\/strong> auf, bei denen Personen kurzfristig buchbare Arbeitspl\u00e4tze, Meeting-Zonen und ausgestattete Projektfl\u00e4chen gestellt bekommen. Ob Pop-up-Office, Ausweichstandort oder Workshop: flexible Vertr\u00e4ge, High-Speed-Internet und zentrale Lagen sichern einen schnellen Start. <strong>Kassels <a href=\"\/kassel-bildet-zukunft\/\">Innovationsgeist<\/a>, <a href=\"\/kassel-bildet-zukunft\/forschungsstandort-kassel\/\">Hochschulnetzwerk<\/a> und <a href=\"\/infrastruktur-lage\/oepnv-bahnfernverkehr\/\">Verkehrsanbindung<\/a> schaffen ideale Bedingungen<\/strong> \u2013 damit Ideen schnell Wirkung entfalten.<\/p>\t\t\t\t\t\t\t\t<\/div>\n\t\t\t\t<\/div>\n\t\t\t\t\t<\/div>\n\t\t\t\t<\/div>\n\t\t<div class=\"elementor-element elementor-element-2cd0b0c e-flex e-con-boxed e-con e-parent\" data-id=\"2cd0b0c\" data-element_type=\"container\" data-e-type=\"container\">\n\t\t\t\t\t<div class=\"e-con-inner\">\n\t\t\t\t<div class=\"elementor-element elementor-element-f58bf82 elementor-widget elementor-widget-wfg-text-editor\" data-id=\"f58bf82\" data-element_type=\"widget\" data-e-type=\"widget\" data-widget_type=\"wfg-text-editor.default\">\n\t\t\t\t<div class=\"elementor-widget-container\">\n\t\t\t\t\t\t\t\t\t<h2>Coworking Spaces Kassel \u2013 ein vielf\u00e4ltiges \u00d6kosystem<\/h2>\t\t\t\t\t\t\t\t<\/div>\n\t\t\t\t<\/div>\n\t\t\t\t\t<\/div>\n\t\t\t\t<\/div>\n\t\t<div class=\"elementor-element elementor-element-fb72470 e-flex e-con-boxed e-con e-parent\" data-id=\"fb72470\" data-element_type=\"container\" data-e-type=\"container\">\n\t\t\t\t\t<div class=\"e-con-inner\">\n\t\t\t\t<div class=\"elementor-element elementor-element-09c329b elementor-widget elementor-widget-wfg-text-editor\" data-id=\"09c329b\" data-element_type=\"widget\" data-e-type=\"widget\" data-widget_type=\"wfg-text-editor.default\">\n\t\t\t\t<div class=\"elementor-widget-container\">\n\t\t\t\t\t\t\t\t\t<table style=\"border-collapse: collapse; width: 100%;\">\n<tbody>\n<tr>\n<td style=\"width: 25%;\">Anbieter<\/td>\n<td style=\"width: 25%;\">Adresse<\/td>\n<td style=\"width: 25%;\">Angebotsauszug<\/td>\n<td style=\"width: 25%;\">Besondere Merkmale<\/td>\n<\/tr>\n<tr>\n<td style=\"width: 25%;\"><a href=\"https:\/\/www.weit-vorn.de\/\">WEIT.VORN<\/a><\/td>\n<td style=\"width: 25%;\">Friedrichsstra\u00dfe 28, 34117 Kassel<\/td>\n<td style=\"width: 25%;\">850 m\u00b2 flexibel teilbare Fl\u00e4che f\u00fcr Workshops, Events und Coworking<\/td>\n<td style=\"width: 25%;\">Fokus auf \u201e#happinessatwork\u201c, Community-Programm und Beratungs-Campus<\/td>\n<\/tr>\n<tr>\n<td style=\"width: 25%;\"><a href=\"https:\/\/neuwerk-kassel.de\/\">Neuwerk<\/a><\/td>\n<td style=\"width: 25%;\">B\u00fcrgermeister-Brunner-Stra\u00dfe 15, 34117 Kassel<\/td>\n<td style=\"width: 25%;\">28 Arbeitspl\u00e4tze, Konferenz- und Aufenthaltsraum, Mindestmietzeit nur ein Monat<\/td>\n<td style=\"width: 25%;\">Zentrale Lage, 24\/7-Zugang, kurze K\u00fcndigungsfrist<\/td>\n<\/tr>\n<tr>\n<td style=\"width: 25%;\"><a href=\"https:\/\/www.workoasekassel.de\/\">Work Oase<\/a><\/td>\n<td style=\"width: 25%;\">F\u00fcnffensterstra\u00dfe 2, 34117 Kassel<\/td>\n<td style=\"width: 25%;\">Flexible oder feste Desks ab 20 \u20ac pro Tag; Seminar- und Besprechungsr\u00e4ume<\/td>\n<td style=\"width: 25%;\">Innenstadtlage, Technikpakete, Teek\u00fcche, Zugang rund um die Uhr ab Wochenbuchung<\/td>\n<\/tr>\n<tr>\n<td style=\"width: 25%;\"><a href=\"http:\/\/business-center-kassel.de\/\">Business Center Kassel<\/a><\/td>\n<td style=\"width: 25%;\">Zentgrafenstra\u00dfe 128, 34130 Kassel<\/td>\n<td style=\"width: 25%;\">Privatb\u00fcros, virtuelle B\u00fcros und Coworking-Zonen<\/td>\n<td style=\"width: 25%;\">Skalierbares \u201eplug-and-work\u201c-Konzept f\u00fcr 1-Person-Teams bis hin zu Projektgruppen<\/td>\n<\/tr>\n<tr>\n<td style=\"width: 25%;\"><a href=\"https:\/\/space.denkwunder.de\/\">Denkwunder Space<\/a><\/td>\n<td style=\"width: 25%;\">Raabestra\u00dfe 14, 34119 Kassel<\/td>\n<td style=\"width: 25%;\">Rund 200 m\u00b2, h\u00f6henverstellbare Schreibtische, Besprechungsraum<\/td>\n<td style=\"width: 25%;\">Fair-Use-Prinzip, 24\/7-Zugang, gro\u00dfe Dachterrasse, Probe\u00adarbeiten m\u00f6glich<\/td>\n<\/tr>\n<tr>\n<td style=\"width: 25%;\"><a href=\"https:\/\/dorfschreyberey.de\/\">Dorfschreyberey<\/a><\/td>\n<td style=\"width: 25%;\">\n<p>Hugenottenstra\u00dfe 14, 34466 Wolfhagen-Leckringhausen<\/p>\n<\/td>\n<td style=\"width: 25%;\">12 vollst\u00e4ndig ausgestattete Arbeitsstationen<\/td>\n<td style=\"width: 25%;\">L\u00e4ndliche Alternative mit Anbindung an Uni-Projekt, ideal f\u00fcr Retreats und Pendler\u00adreduktion<\/td>\n<\/tr>\n<tr>\n<td style=\"width: 25%;\"><a href=\"https:\/\/sciencepark-kassel.de\/raumangebote\/coworking\">Science Park Kassel<\/a><\/td>\n<td style=\"width: 25%;\">\n<p>Universit\u00e4tsplatz 12, 34127 Kassel<\/p>\n<\/td>\n<td style=\"width: 25%;\">Tage-\/monatsweise Buchung von Arbeitspl\u00e4tzen und Besprechungsr\u00e4umen<\/td>\n<td style=\"width: 25%;\">Liegt auf dem Uni-Gel\u00e4nde, 24\/7-Zugang, WLAN, N\u00e4he zum Gr\u00fcndungs\u00f6kosystem<\/td>\n<\/tr>\n<tr>\n<td style=\"width: 25%;\"><a href=\"https:\/\/www.depo-cassel.de\/\">@depo Kassel<\/a><\/td>\n<td style=\"width: 25%;\">\n<p>Franzgraben 6-8, 34125 Kassel<\/p>\n<\/td>\n<td style=\"width: 25%;\">Flexible\/feste Arbeitspl\u00e4tze, private B\u00fcros, Konferenz- &amp; Tagungsr\u00e4ume (6-30 Personen) virtuelle Adressen &amp; Services, Eventsplanung, Restaurantfl\u00e4che<\/td>\n<td style=\"width: 25%;\">Innenstadtnah, gehobenere Coworking Spaces f\u00fcr einen kleinen Preis, WLAN, Kopieren &amp; Scannen m\u00f6glich<\/td>\n<\/tr>\n<\/tbody>\n<\/table>\t\t\t\t\t\t\t\t<\/div>\n\t\t\t\t<\/div>\n\t\t\t\t\t<\/div>\n\t\t\t\t<\/div>\n\t\t<div class=\"elementor-element elementor-element-45d129a e-flex e-con-boxed e-con e-parent\" data-id=\"45d129a\" data-element_type=\"container\" data-e-type=\"container\">\n\t\t\t\t\t<div class=\"e-con-inner\">\n\t\t\t\t<div class=\"elementor-element elementor-element-b947c57 elementor-widget elementor-widget-wfg-text-editor\" data-id=\"b947c57\" data-element_type=\"widget\" data-e-type=\"widget\" data-widget_type=\"wfg-text-editor.default\">\n\t\t\t\t<div class=\"elementor-widget-container\">\n\t\t\t\t\t\t\t\t\t<h2 data-start=\"0\" data-end=\"48\">Agile Arbeit als Treiber neuer Raumkonzepte<\/h2>\t\t\t\t\t\t\t\t<\/div>\n\t\t\t\t<\/div>\n\t\t\t\t\t<\/div>\n\t\t\t\t<\/div>\n\t\t<div class=\"elementor-element elementor-element-53800b20 e-flex e-con-boxed e-con e-parent\" data-id=\"53800b20\" data-element_type=\"container\" data-e-type=\"container\">\n\t\t\t\t\t<div class=\"e-con-inner\">\n\t\t<div class=\"elementor-element elementor-element-38991635 e-con-full e-flex e-con e-child\" data-id=\"38991635\" data-element_type=\"container\" data-e-type=\"container\">\n\t\t\t\t<div class=\"elementor-element elementor-element-e7e0c18 elementor-widget elementor-widget-wfg-text-editor\" data-id=\"e7e0c18\" data-element_type=\"widget\" data-e-type=\"widget\" data-widget_type=\"wfg-text-editor.default\">\n\t\t\t\t<div class=\"elementor-widget-container\">\n\t\t\t\t\t\t\t\t\t<p>Die <strong>digitale Transformation<\/strong> beschleunigt Produktzyklen, verk\u00fcrzt Entscheidungswege und erfordert Teams, die projektbezogen zusammenkommen und sich rasch wieder aufl\u00f6sen. <strong>Agile Methoden<\/strong> wie Scrum oder Design Thinking profitieren von offen gestalteten Bereichen, spontanen Treffpunkten und modularer Technik.<\/p>\n<p><strong>Coworking Spaces <\/strong>\u2013 die sich nicht nur in Frankfurt, Berlin oder M\u00fcnchen, sondern auch in Kassel finden lassen \u2013 bieten genau diese Umgebung mit kurzfristig buchbaren Arbeitspl\u00e4tzen, Meeting-Zonen und Services, ohne langfristige Mietbindung.<\/p>\t\t\t\t\t\t\t\t<\/div>\n\t\t\t\t<\/div>\n\t\t\t\t<\/div>\n\t\t<div class=\"elementor-element elementor-element-45131834 e-con-full e-flex e-con e-child\" data-id=\"45131834\" data-element_type=\"container\" data-e-type=\"container\">\n\t\t\t\t<div class=\"elementor-element elementor-element-8acd051 elementor-widget elementor-widget-wfg-image\" data-id=\"8acd051\" data-element_type=\"widget\" data-e-type=\"widget\" data-widget_type=\"wfg-image.default\">\n\t\t\t\t<div class=\"elementor-widget-container\">\n\t\t\t\t\t\n\n<figure class=\"wp-caption \" data-image>\n      <div class=\"relative rounded-widget overflow-hidden \">\n      <img decoding=\"async\" width=\"2000\" height=\"1333\" src=\"https:\/\/wfg-kassel.de\/wp-content\/uploads\/2025\/06\/coworking-baellebad-neue-denkerei-2025.webp\" class=\"!w-full !object-cover \" alt=\"Menschen arbeiten im Coworking Space\" srcset=\"https:\/\/wfg-kassel.de\/wp-content\/uploads\/2025\/06\/coworking-baellebad-neue-denkerei-2025.webp 2000w, https:\/\/wfg-kassel.de\/wp-content\/uploads\/2025\/06\/coworking-baellebad-neue-denkerei-2025-300x200.webp 300w, https:\/\/wfg-kassel.de\/wp-content\/uploads\/2025\/06\/coworking-baellebad-neue-denkerei-2025-1024x682.webp 1024w, https:\/\/wfg-kassel.de\/wp-content\/uploads\/2025\/06\/coworking-baellebad-neue-denkerei-2025-768x512.webp 768w, https:\/\/wfg-kassel.de\/wp-content\/uploads\/2025\/06\/coworking-baellebad-neue-denkerei-2025-1536x1024.webp 1536w, https:\/\/wfg-kassel.de\/wp-content\/uploads\/2025\/06\/coworking-baellebad-neue-denkerei-2025-18x12.webp 18w\" sizes=\"(max-width: 2000px) 100vw, 2000px\" \/>\n            <div class=\"copyright-hint absolute bottom-0 right-0 z-10 flex items-center gap-1.5 px-2.5 py-1.5 bg-[#F0F0F0] rounded-tl-widget max-w-9 overflow-hidden whitespace-nowrap cursor-pointer transition-all duration-200 ease-in-out\" tabindex=\"0\" data-no-translation>\n      <span class=\"shrink-0 text-xs md:text-base leading-none text-[#555]\">\u00a9<\/span>\n      <span class=\"text-xs md:text-base leading-none text-[#333] opacity-0 transition-opacity duration-150\">WEIT.VORN GmbH<\/span>\n    <\/div>\n  \n    <\/div>\n  \n  <\/figure>\n\t\t\t\t<\/div>\n\t\t\t\t<\/div>\n\t\t\t\t<\/div>\n\t\t\t\t\t<\/div>\n\t\t\t\t<\/div>\n\t\t<div class=\"elementor-element elementor-element-8aff76c e-flex e-con-boxed e-con e-parent\" data-id=\"8aff76c\" data-element_type=\"container\" data-e-type=\"container\">\n\t\t\t\t\t<div class=\"e-con-inner\">\n\t\t\t\t<div class=\"elementor-element elementor-element-f4dd297 elementor-widget elementor-widget-wfg-text-editor\" data-id=\"f4dd297\" data-element_type=\"widget\" data-e-type=\"widget\" data-widget_type=\"wfg-text-editor.default\">\n\t\t\t\t<div class=\"elementor-widget-container\">\n\t\t\t\t\t\t\t\t\t<h2>Passgenau f\u00fcr kurzfristigen Raumbedarf<\/h2>\t\t\t\t\t\t\t\t<\/div>\n\t\t\t\t<\/div>\n\t\t\t\t\t<\/div>\n\t\t\t\t<\/div>\n\t\t<div class=\"elementor-element elementor-element-2242f78 e-flex e-con-boxed e-con e-parent\" data-id=\"2242f78\" data-element_type=\"container\" data-e-type=\"container\">\n\t\t\t\t\t<div class=\"e-con-inner\">\n\t\t<div class=\"elementor-element elementor-element-41106af e-con-full e-flex e-con e-child\" data-id=\"41106af\" data-element_type=\"container\" data-e-type=\"container\">\n\t\t\t\t<div class=\"elementor-element elementor-element-799fa26 elementor-widget elementor-widget-wfg-image\" data-id=\"799fa26\" data-element_type=\"widget\" data-e-type=\"widget\" data-widget_type=\"wfg-image.default\">\n\t\t\t\t<div class=\"elementor-widget-container\">\n\t\t\t\t\t\n\n<figure class=\"wp-caption \" data-image>\n      <div class=\"relative rounded-widget overflow-hidden \">\n      <img decoding=\"async\" width=\"2000\" height=\"1333\" src=\"https:\/\/wfg-kassel.de\/wp-content\/uploads\/2025\/06\/seminarraum-neue-denkerei-2025.webp\" class=\"!w-full !object-cover \" alt=\"Menschen arbeiten im Coworking Space\" srcset=\"https:\/\/wfg-kassel.de\/wp-content\/uploads\/2025\/06\/seminarraum-neue-denkerei-2025.webp 2000w, https:\/\/wfg-kassel.de\/wp-content\/uploads\/2025\/06\/seminarraum-neue-denkerei-2025-300x200.webp 300w, https:\/\/wfg-kassel.de\/wp-content\/uploads\/2025\/06\/seminarraum-neue-denkerei-2025-1024x682.webp 1024w, https:\/\/wfg-kassel.de\/wp-content\/uploads\/2025\/06\/seminarraum-neue-denkerei-2025-768x512.webp 768w, https:\/\/wfg-kassel.de\/wp-content\/uploads\/2025\/06\/seminarraum-neue-denkerei-2025-1536x1024.webp 1536w, https:\/\/wfg-kassel.de\/wp-content\/uploads\/2025\/06\/seminarraum-neue-denkerei-2025-18x12.webp 18w\" sizes=\"(max-width: 2000px) 100vw, 2000px\" \/>\n            <div class=\"copyright-hint absolute bottom-0 right-0 z-10 flex items-center gap-1.5 px-2.5 py-1.5 bg-[#F0F0F0] rounded-tl-widget max-w-9 overflow-hidden whitespace-nowrap cursor-pointer transition-all duration-200 ease-in-out\" tabindex=\"0\" data-no-translation>\n      <span class=\"shrink-0 text-xs md:text-base leading-none text-[#555]\">\u00a9<\/span>\n      <span class=\"text-xs md:text-base leading-none text-[#333] opacity-0 transition-opacity duration-150\">WEIT.VORN GmbH<\/span>\n    <\/div>\n  \n    <\/div>\n  \n  <\/figure>\n\t\t\t\t<\/div>\n\t\t\t\t<\/div>\n\t\t\t\t<\/div>\n\t\t<div class=\"elementor-element elementor-element-a286d38 e-con-full e-flex e-con e-child\" data-id=\"a286d38\" data-element_type=\"container\" data-e-type=\"container\">\n\t\t\t\t<div class=\"elementor-element elementor-element-ca0e514 elementor-widget elementor-widget-wfg-text-editor\" data-id=\"ca0e514\" data-element_type=\"widget\" data-e-type=\"widget\" data-widget_type=\"wfg-text-editor.default\">\n\t\t\t\t<div class=\"elementor-widget-container\">\n\t\t\t\t\t\t\t\t\t<p>Unternehmen, die ad-hoc Projektfl\u00e4chen, Ausweichb\u00fcros w\u00e4hrend Umbauma\u00dfnahmen oder inspirierende Off-Sites in der Region Kassel suchen, finden bei den regionalen <strong data-start=\"2373\" data-end=\"2400\">Coworking Spaces <\/strong>Angeboten Vertr\u00e4ge ab einem Tag bis zu wenigen Monaten. Services wie High-Speed-Internet, Druck- und Konferenztechnik, Post- oder Telefonservice reduzieren Anlaufzeiten auf ein Minimum.<\/p>\n<p>Dank <strong>zentraler Lage<\/strong> vieler Angebote sind ICE-Bahnhof Wilhelmsh\u00f6he und <a href=\"\/infrastruktur-lage\/oepnv-bahnfernverkehr\/\">\u00d6PNV<\/a> schnell erreichbar; dezentrale Optionen wie die Dorfschreyberey bieten zudem Parkpl\u00e4tze und Anschluss an Car-Sharing-Modelle.<\/p>\t\t\t\t\t\t\t\t<\/div>\n\t\t\t\t<\/div>\n\t\t\t\t<\/div>\n\t\t\t\t\t<\/div>\n\t\t\t\t<\/div>\n\t\t<div class=\"elementor-element elementor-element-ed22a78 e-flex e-con-boxed e-con e-parent\" data-id=\"ed22a78\" data-element_type=\"container\" data-e-type=\"container\">\n\t\t\t\t\t<div class=\"e-con-inner\">\n\t\t\t\t<div class=\"elementor-element elementor-element-adc978c elementor-widget elementor-widget-wfg-text-editor\" data-id=\"adc978c\" data-element_type=\"widget\" data-e-type=\"widget\" data-widget_type=\"wfg-text-editor.default\">\n\t\t\t\t<div class=\"elementor-widget-container\">\n\t\t\t\t\t\t\t\t\t<h2>Innovationsstandort Kassel<\/h2>\t\t\t\t\t\t\t\t<\/div>\n\t\t\t\t<\/div>\n\t\t\t\t\t<\/div>\n\t\t\t\t<\/div>\n\t\t<div class=\"elementor-element elementor-element-b2dddcf e-flex e-con-boxed e-con e-parent\" data-id=\"b2dddcf\" data-element_type=\"container\" data-e-type=\"container\">\n\t\t\t\t\t<div class=\"e-con-inner\">\n\t\t<div class=\"elementor-element elementor-element-6d3fd3c e-con-full e-flex e-con e-child\" data-id=\"6d3fd3c\" data-element_type=\"container\" data-e-type=\"container\">\n\t\t\t\t<div class=\"elementor-element elementor-element-f160ccd elementor-widget elementor-widget-wfg-text-editor\" data-id=\"f160ccd\" data-element_type=\"widget\" data-e-type=\"widget\" data-widget_type=\"wfg-text-editor.default\">\n\t\t\t\t<div class=\"elementor-widget-container\">\n\t\t\t\t\t\t\t\t\t<p>Als <strong>documenta-Stadt und <a href=\"\/kassel-bildet-zukunft\/forschungsstandort-kassel\/\">Universit\u00e4tsstandort<\/a><\/strong> vereint Kassel industrielle St\u00e4rke mit kreativer Dynamik. Dieser Geist zeigt sich in den Coworking-Angeboten: von der designorientierten Neuen Denkerei \u00fcber Arbeitsfl\u00e4chen im Business Center bis zu nachhaltigen Coworking Spaces auf dem Land. Die <a href=\"\/wirtschaftsfoerderung-region-kassel\/\">Wirtschaftsf\u00f6rderung Region Kassel<\/a> unterst\u00fctzt Unternehmen bei der Auswahl passender <strong>Coworking Spaces <\/strong>und vernetzt mit Hochschulen, <a href=\"\/netzwerke\/\">Netzwerken<\/a> und <a href=\"\/wirtschaft\/foerderprogramme\/\">F\u00f6rderprogrammen<\/a>.<\/p>\n<p>So wird <strong>agiles Arbeiten zur Br\u00fccke<\/strong> zwischen Idee und Markterfolg \u2013 flexibel, schnell und zentral in Deutschland.<\/p>\t\t\t\t\t\t\t\t<\/div>\n\t\t\t\t<\/div>\n\t\t\t\t<\/div>\n\t\t<div class=\"elementor-element elementor-element-ee273fe e-con-full e-flex e-con e-child\" data-id=\"ee273fe\" data-element_type=\"container\" data-e-type=\"container\">\n\t\t\t\t<div class=\"elementor-element elementor-element-55f79fc elementor-widget elementor-widget-wfg-image\" data-id=\"55f79fc\" data-element_type=\"widget\" data-e-type=\"widget\" data-widget_type=\"wfg-image.default\">\n\t\t\t\t<div class=\"elementor-widget-container\">\n\t\t\t\t\t\n\n<figure class=\"wp-caption \" data-image>\n      <div class=\"relative rounded-widget overflow-hidden \">\n      <img loading=\"lazy\" decoding=\"async\" width=\"2000\" height=\"1333\" src=\"https:\/\/wfg-kassel.de\/wp-content\/uploads\/2025\/01\/kooperationssituation-am-konferenztisch.webp\" class=\"!w-full !object-cover \" alt=\"Zwei Personen arbeiten gemeinsam mit einem Computer am Konferenz Tisch\" srcset=\"https:\/\/wfg-kassel.de\/wp-content\/uploads\/2025\/01\/kooperationssituation-am-konferenztisch.webp 2000w, https:\/\/wfg-kassel.de\/wp-content\/uploads\/2025\/01\/kooperationssituation-am-konferenztisch-300x200.webp 300w, https:\/\/wfg-kassel.de\/wp-content\/uploads\/2025\/01\/kooperationssituation-am-konferenztisch-1024x682.webp 1024w, https:\/\/wfg-kassel.de\/wp-content\/uploads\/2025\/01\/kooperationssituation-am-konferenztisch-768x512.webp 768w, https:\/\/wfg-kassel.de\/wp-content\/uploads\/2025\/01\/kooperationssituation-am-konferenztisch-1536x1024.webp 1536w, https:\/\/wfg-kassel.de\/wp-content\/uploads\/2025\/01\/kooperationssituation-am-konferenztisch-18x12.webp 18w\" sizes=\"(max-width: 2000px) 100vw, 2000px\" \/>\n            <div class=\"copyright-hint absolute bottom-0 right-0 z-10 flex items-center gap-1.5 px-2.5 py-1.5 bg-[#F0F0F0] rounded-tl-widget max-w-9 overflow-hidden whitespace-nowrap cursor-pointer transition-all duration-200 ease-in-out\" tabindex=\"0\" data-no-translation>\n      <span class=\"shrink-0 text-xs md:text-base leading-none text-[#555]\">\u00a9<\/span>\n      <span class=\"text-xs md:text-base leading-none text-[#333] opacity-0 transition-opacity duration-150\">Nikos Oikonomou<\/span>\n    <\/div>\n  \n    <\/div>\n  \n  <\/figure>\n\t\t\t\t<\/div>\n\t\t\t\t<\/div>\n\t\t\t\t<\/div>\n\t\t\t\t\t<\/div>\n\t\t\t\t<\/div>\n\t\t<div class=\"elementor-element elementor-element-594356db e-flex e-con-boxed e-con e-parent\" data-id=\"594356db\" data-element_type=\"container\" data-e-type=\"container\">\n\t\t\t\t\t<div class=\"e-con-inner\">\n\t\t\t\t<div class=\"elementor-element elementor-element-f413be0 elementor-widget elementor-widget-wfg-horizontal-line\" data-id=\"f413be0\" data-element_type=\"widget\" data-e-type=\"widget\" data-widget_type=\"wfg-horizontal-line.default\">\n\t\t\t\t<div class=\"elementor-widget-container\">\n\t\t\t\t\t<hr class=\"h-1.5 sm:h-2 md:h-3 rounded-full !bg-primary !mx-auto w-[130px] sm:w-[160px] md:w-[180px] lg:w-[220px] xl:w-[240px]\">\n\n\t\t\t\t<\/div>\n\t\t\t\t<\/div>\n\t\t\t\t\t<\/div>\n\t\t\t\t<\/div>\n\t\t<div class=\"elementor-element elementor-element-6ca017a6 e-flex e-con-boxed e-con e-parent\" data-id=\"6ca017a6\" data-element_type=\"container\" data-e-type=\"container\">\n\t\t\t\t\t<div class=\"e-con-inner\">\n\t\t\t\t<div class=\"elementor-element elementor-element-0568c2d elementor-widget elementor-widget-wfg-text-editor\" data-id=\"0568c2d\" data-element_type=\"widget\" data-e-type=\"widget\" data-widget_type=\"wfg-text-editor.default\">\n\t\t\t\t<div class=\"elementor-widget-container\">\n\t\t\t\t\t\t\t\t\t<h2>Nehmen Sie Kontakt zu uns auf!<\/h2>\t\t\t\t\t\t\t\t<\/div>\n\t\t\t\t<\/div>\n\t\t\t\t\t<\/div>\n\t\t\t\t<\/div>\n\t\t<div class=\"elementor-element elementor-element-2f40b27b e-flex e-con-boxed e-con e-parent\" data-id=\"2f40b27b\" data-element_type=\"container\" data-e-type=\"container\">\n\t\t\t\t\t<div class=\"e-con-inner\">\n\t\t<div class=\"elementor-element elementor-element-111ec5df e-con-full e-flex e-con e-child\" data-id=\"111ec5df\" data-element_type=\"container\" data-e-type=\"container\">\n\t\t\t\t<div class=\"elementor-element elementor-element-697242d7 elementor-widget elementor-widget-wfg-image\" data-id=\"697242d7\" data-element_type=\"widget\" data-e-type=\"widget\" data-widget_type=\"wfg-image.default\">\n\t\t\t\t<div class=\"elementor-widget-container\">\n\t\t\t\t\t\n\n<figure class=\"wp-caption \" data-image>\n      <div class=\"relative rounded-widget overflow-hidden \">\n      <img loading=\"lazy\" decoding=\"async\" width=\"2000\" height=\"1333\" src=\"https:\/\/wfg-kassel.de\/wp-content\/uploads\/2025\/01\/gruppenfoto-team-wirtschaftsfoerderung-region-kassel-2023.webp\" class=\"!w-full !object-cover \" alt=\"Mehrere Personen stehen zusammen und posieren vor Gebauede fuer ein Gruppenfoto\" srcset=\"https:\/\/wfg-kassel.de\/wp-content\/uploads\/2025\/01\/gruppenfoto-team-wirtschaftsfoerderung-region-kassel-2023.webp 2000w, https:\/\/wfg-kassel.de\/wp-content\/uploads\/2025\/01\/gruppenfoto-team-wirtschaftsfoerderung-region-kassel-2023-300x200.webp 300w, https:\/\/wfg-kassel.de\/wp-content\/uploads\/2025\/01\/gruppenfoto-team-wirtschaftsfoerderung-region-kassel-2023-1024x682.webp 1024w, https:\/\/wfg-kassel.de\/wp-content\/uploads\/2025\/01\/gruppenfoto-team-wirtschaftsfoerderung-region-kassel-2023-768x512.webp 768w, https:\/\/wfg-kassel.de\/wp-content\/uploads\/2025\/01\/gruppenfoto-team-wirtschaftsfoerderung-region-kassel-2023-1536x1024.webp 1536w, https:\/\/wfg-kassel.de\/wp-content\/uploads\/2025\/01\/gruppenfoto-team-wirtschaftsfoerderung-region-kassel-2023-18x12.webp 18w\" sizes=\"(max-width: 2000px) 100vw, 2000px\" \/>\n            <div class=\"copyright-hint absolute bottom-0 right-0 z-10 flex items-center gap-1.5 px-2.5 py-1.5 bg-[#F0F0F0] rounded-tl-widget max-w-9 overflow-hidden whitespace-nowrap cursor-pointer transition-all duration-200 ease-in-out\" tabindex=\"0\" data-no-translation>\n      <span class=\"shrink-0 text-xs md:text-base leading-none text-[#555]\">\u00a9<\/span>\n      <span class=\"text-xs md:text-base leading-none text-[#333] opacity-0 transition-opacity duration-150\">Carolin Ludwig<\/span>\n    <\/div>\n  \n    <\/div>\n  \n  <\/figure>\n\t\t\t\t<\/div>\n\t\t\t\t<\/div>\n\t\t\t\t<\/div>\n\t\t<div class=\"elementor-element elementor-element-791a77e3 e-con-full e-flex e-con e-child\" data-id=\"791a77e3\" data-element_type=\"container\" data-e-type=\"container\">\n\t\t\t\t<div class=\"elementor-element elementor-element-6f9ffa05 elementor-widget elementor-widget-wfg-text-editor\" data-id=\"6f9ffa05\" data-element_type=\"widget\" data-e-type=\"widget\" data-widget_type=\"wfg-text-editor.default\">\n\t\t\t\t<div class=\"elementor-widget-container\">\n\t\t\t\t\t\t\t\t\t<p>Sie haben weitere Fragen zum Website-Artikel oder m\u00f6chten von unseren exzellenten Netzwerken profitieren? Dann freuen wir uns auf den Austausch mit Ihnen. Als kompetenter erster Ansprechpartner stehen wir Ihnen gerne zur Verf\u00fcgung.<\/p>\n<p>Telefon: <a href=\"tel:+495617073350\">+49 561 70733-50<\/a><br \/>E-Mail: <a href=\"mailto:info@wfg-kassel.de\">info@wfg-kassel.de<\/a><\/p>\t\t\t\t\t\t\t\t<\/div>\n\t\t\t\t<\/div>\n\t\t\t\t<div class=\"elementor-element elementor-element-4c75a3fe elementor-widget elementor-widget-wfg-button\" data-id=\"4c75a3fe\" data-element_type=\"widget\" data-e-type=\"widget\" data-widget_type=\"wfg-button.default\">\n\t\t\t\t<div class=\"elementor-widget-container\">\n\t\t\t\t\t\n\n\n  <a href=\"\/kontakt\/#kontaktformular\"\n   aria-label=\"Zum Kontaktformular\"\n   class=\"uppercase font-extrabold py-1.5 px-6 text-lg xs:text-xl lg:text-2xl xl:text-3xl text-primary inline-flex items-center space-x-2 xs:space-x-3 lg:space-x-4 xl:space-x-6 hover:text-accent transition-colors\"\n   rel=\"\">\n    <svg xmlns=\"http:\/\/www.w3.org\/2000\/svg\" viewBox=\"0 0 16 16\" class=\"w-6 h-6 xs:w-8 xs:h-8 lg:w-10 lg:h-10 shrink-0\">\n  <g id=\"Group_62\" data-name=\"Group 62\" transform=\"translate(-931.406 1344) rotate(-90)\">\n    <path id=\"Icon_feather-chevron-down\" data-name=\"Icon feather-chevron-down\" d=\"M9,13.5l3.944,3.944L16.887,13.5\" transform=\"translate(1323.229 924.458)\" fill=\"none\" stroke=\"#e41e3d\" stroke-linecap=\"round\" stroke-linejoin=\"round\" stroke-width=\"1\"\/>\n    <g id=\"Ellipse_5\" data-name=\"Ellipse 5\" transform=\"translate(1328 931.406)\" fill=\"none\" stroke=\"#e41e3d\" stroke-width=\"1\">\n      <circle cx=\"8\" cy=\"8\" r=\"8\" stroke=\"none\"\/>\n      <circle cx=\"8\" cy=\"8\" r=\"7.5\" fill=\"none\"\/>\n    <\/g>\n  <\/g>\n<\/svg>\n\n    <span>\n       Zum Kontaktformular\n    <\/span>\n  <\/a>\n\t\t\t\t<\/div>\n\t\t\t\t<\/div>\n\t\t\t\t<\/div>\n\t\t\t\t\t<\/div>\n\t\t\t\t<\/div>\n\t\t\t\t<\/div>\n\t\t","protected":false},"excerpt":{"rendered":"<p>\u00a9 WEIT.VORN GmbH Coworking Spaces in Kassel Agile Zusammenarbeit braucht Raum, der sofort bereitsteht. Wir zeigen Ihnen eine Vielzahl an Coworking Spaces in Kassel auf, bei denen Personen kurzfristig buchbare Arbeitspl\u00e4tze, Meeting-Zonen und ausgestattete Projektfl\u00e4chen gestellt bekommen. Ob Pop-up-Office, Ausweichstandort oder Workshop: flexible Vertr\u00e4ge, High-Speed-Internet und zentrale Lagen sichern einen schnellen Start. Kassels Innovationsgeist, Hochschulnetzwerk [&hellip;]<\/p>\n","protected":false},"author":3,"featured_media":0,"parent":8398,"menu_order":0,"comment_status":"closed","ping_status":"closed","template":"","meta":{"_acf_changed":false,"footnotes":""},"class_list":["post-8475","page","type-page","status-publish","hentry"],"acf":[],"yoast_head":"<!-- This site is optimized with the Yoast SEO plugin v27.5 - https:\/\/yoast.com\/product\/yoast-seo-wordpress\/ -->\n<title>Coworking Spaces in Kassel<\/title>\n<meta name=\"description\" content=\"Jetzt Coworking Spaces in Kassel finden \u2713 Mit Adresse &amp; Ausstattung \u2713 F\u00fcr einen Tag oder mehrere Monate\" \/>\n<meta name=\"robots\" content=\"index, follow, max-snippet:-1, max-image-preview:large, max-video-preview:-1\" \/>\n<link rel=\"canonical\" href=\"https:\/\/wfg-kassel.de\/en\/infrastructure-location\/coworking-spaces-kassel\/\" \/>\n<meta property=\"og:locale\" content=\"en_US\" \/>\n<meta property=\"og:type\" content=\"article\" \/>\n<meta property=\"og:title\" content=\"Coworking Spaces in Kassel\" \/>\n<meta property=\"og:description\" content=\"Jetzt Coworking Spaces in Kassel finden \u2713 Mit Adresse &amp; Ausstattung \u2713 F\u00fcr einen Tag oder mehrere Monate\" \/>\n<meta property=\"og:url\" content=\"https:\/\/wfg-kassel.de\/en\/infrastructure-location\/coworking-spaces-kassel\/\" \/>\n<meta property=\"og:site_name\" content=\"Wirtschaftsf\u00f6rderung Region Kassel\" \/>\n<meta property=\"article:modified_time\" content=\"2026-03-25T14:04:19+00:00\" \/>\n<meta property=\"og:image\" content=\"https:\/\/wfg-kassel.de\/wp-content\/uploads\/2025\/06\/buedchen-zone-neue-denkerei-2025.webp\" \/>\n<meta name=\"twitter:card\" content=\"summary_large_image\" \/>\n<meta name=\"twitter:label1\" content=\"Est. reading time\" \/>\n\t<meta name=\"twitter:data1\" content=\"4 minutes\" \/>\n<script type=\"application\/ld+json\" class=\"yoast-schema-graph\">{\"@context\":\"https:\\\/\\\/schema.org\",\"@graph\":[{\"@type\":\"WebPage\",\"@id\":\"https:\\\/\\\/wfg-kassel.de\\\/infrastruktur-lage\\\/coworking-spaces\\\/\",\"url\":\"https:\\\/\\\/wfg-kassel.de\\\/infrastruktur-lage\\\/coworking-spaces\\\/\",\"name\":\"Coworking Spaces in Kassel\",\"isPartOf\":{\"@id\":\"https:\\\/\\\/wfg-kassel.de\\\/#website\"},\"primaryImageOfPage\":{\"@id\":\"https:\\\/\\\/wfg-kassel.de\\\/infrastruktur-lage\\\/coworking-spaces\\\/#primaryimage\"},\"image\":{\"@id\":\"https:\\\/\\\/wfg-kassel.de\\\/infrastruktur-lage\\\/coworking-spaces\\\/#primaryimage\"},\"thumbnailUrl\":\"https:\\\/\\\/wfg-kassel.de\\\/wp-content\\\/uploads\\\/2025\\\/06\\\/buedchen-zone-neue-denkerei-2025.webp\",\"datePublished\":\"2025-05-14T10:41:58+00:00\",\"dateModified\":\"2026-03-25T14:04:19+00:00\",\"description\":\"Jetzt Coworking Spaces in Kassel finden \u2713 Mit Adresse & Ausstattung \u2713 F\u00fcr einen Tag oder mehrere Monate\",\"breadcrumb\":{\"@id\":\"https:\\\/\\\/wfg-kassel.de\\\/infrastruktur-lage\\\/coworking-spaces\\\/#breadcrumb\"},\"inLanguage\":\"en-US\",\"potentialAction\":[{\"@type\":\"ReadAction\",\"target\":[\"https:\\\/\\\/wfg-kassel.de\\\/infrastruktur-lage\\\/coworking-spaces\\\/\"]}]},{\"@type\":\"ImageObject\",\"inLanguage\":\"en-US\",\"@id\":\"https:\\\/\\\/wfg-kassel.de\\\/infrastruktur-lage\\\/coworking-spaces\\\/#primaryimage\",\"url\":\"https:\\\/\\\/wfg-kassel.de\\\/wp-content\\\/uploads\\\/2025\\\/06\\\/buedchen-zone-neue-denkerei-2025.webp\",\"contentUrl\":\"https:\\\/\\\/wfg-kassel.de\\\/wp-content\\\/uploads\\\/2025\\\/06\\\/buedchen-zone-neue-denkerei-2025.webp\"},{\"@type\":\"BreadcrumbList\",\"@id\":\"https:\\\/\\\/wfg-kassel.de\\\/infrastruktur-lage\\\/coworking-spaces\\\/#breadcrumb\",\"itemListElement\":[{\"@type\":\"ListItem\",\"position\":1,\"name\":\"Startseite\",\"item\":\"https:\\\/\\\/wfg-kassel.de\\\/\"},{\"@type\":\"ListItem\",\"position\":2,\"name\":\"Infrastruktur &#038; Lage\",\"item\":\"https:\\\/\\\/wfg-kassel.de\\\/infrastruktur-lage\\\/\"},{\"@type\":\"ListItem\",\"position\":3,\"name\":\"Coworking Spaces Kassel\"}]},{\"@type\":\"WebSite\",\"@id\":\"https:\\\/\\\/wfg-kassel.de\\\/#website\",\"url\":\"https:\\\/\\\/wfg-kassel.de\\\/\",\"name\":\"Wirtschaftsf\u00f6rderung Region Kassel\",\"description\":\"\",\"publisher\":{\"@id\":\"https:\\\/\\\/wfg-kassel.de\\\/#organization\"},\"potentialAction\":[{\"@type\":\"SearchAction\",\"target\":{\"@type\":\"EntryPoint\",\"urlTemplate\":\"https:\\\/\\\/wfg-kassel.de\\\/?s={search_term_string}\"},\"query-input\":{\"@type\":\"PropertyValueSpecification\",\"valueRequired\":true,\"valueName\":\"search_term_string\"}}],\"inLanguage\":\"en-US\"},{\"@type\":\"Organization\",\"@id\":\"https:\\\/\\\/wfg-kassel.de\\\/#organization\",\"name\":\"Wirtschaftsf\u00f6rderung Region Kassel\",\"url\":\"https:\\\/\\\/wfg-kassel.de\\\/\",\"logo\":{\"@type\":\"ImageObject\",\"inLanguage\":\"en-US\",\"@id\":\"https:\\\/\\\/wfg-kassel.de\\\/#\\\/schema\\\/logo\\\/image\\\/\",\"url\":\"https:\\\/\\\/wfg-kassel.de\\\/wp-content\\\/uploads\\\/2024\\\/02\\\/logo_wfg.svg\",\"contentUrl\":\"https:\\\/\\\/wfg-kassel.de\\\/wp-content\\\/uploads\\\/2024\\\/02\\\/logo_wfg.svg\",\"width\":339,\"height\":90,\"caption\":\"Wirtschaftsf\u00f6rderung Region Kassel\"},\"image\":{\"@id\":\"https:\\\/\\\/wfg-kassel.de\\\/#\\\/schema\\\/logo\\\/image\\\/\"}}]}<\/script>\n<!-- \/ Yoast SEO plugin. -->","yoast_head_json":{"title":"Coworking spaces in Kassel","description":"Find coworking spaces in Kassel now \u2713 With address &amp; facilities \u2713 For one day or several months","robots":{"index":"index","follow":"follow","max-snippet":"max-snippet:-1","max-image-preview":"max-image-preview:large","max-video-preview":"max-video-preview:-1"},"canonical":"https:\/\/wfg-kassel.de\/en\/infrastructure-location\/coworking-spaces-kassel\/","og_locale":"en_US","og_type":"article","og_title":"Coworking Spaces in Kassel","og_description":"Jetzt Coworking Spaces in Kassel finden \u2713 Mit Adresse & Ausstattung \u2713 F\u00fcr einen Tag oder mehrere Monate","og_url":"https:\/\/wfg-kassel.de\/en\/infrastructure-location\/coworking-spaces-kassel\/","og_site_name":"Wirtschaftsf\u00f6rderung Region Kassel","article_modified_time":"2026-03-25T14:04:19+00:00","og_image":[{"url":"https:\/\/wfg-kassel.de\/wp-content\/uploads\/2025\/06\/buedchen-zone-neue-denkerei-2025.webp","type":"","width":"","height":""}],"twitter_card":"summary_large_image","twitter_misc":{"Est. reading time":"4 minutes"},"schema":{"@context":"https:\/\/schema.org","@graph":[{"@type":"WebPage","@id":"https:\/\/wfg-kassel.de\/infrastruktur-lage\/coworking-spaces\/","url":"https:\/\/wfg-kassel.de\/infrastruktur-lage\/coworking-spaces\/","name":"Coworking spaces in Kassel","isPartOf":{"@id":"https:\/\/wfg-kassel.de\/#website"},"primaryImageOfPage":{"@id":"https:\/\/wfg-kassel.de\/infrastruktur-lage\/coworking-spaces\/#primaryimage"},"image":{"@id":"https:\/\/wfg-kassel.de\/infrastruktur-lage\/coworking-spaces\/#primaryimage"},"thumbnailUrl":"https:\/\/wfg-kassel.de\/wp-content\/uploads\/2025\/06\/buedchen-zone-neue-denkerei-2025.webp","datePublished":"2025-05-14T10:41:58+00:00","dateModified":"2026-03-25T14:04:19+00:00","description":"Find coworking spaces in Kassel now \u2713 With address &amp; facilities \u2713 For one day or several months","breadcrumb":{"@id":"https:\/\/wfg-kassel.de\/infrastruktur-lage\/coworking-spaces\/#breadcrumb"},"inLanguage":"en-US","potentialAction":[{"@type":"ReadAction","target":["https:\/\/wfg-kassel.de\/infrastruktur-lage\/coworking-spaces\/"]}]},{"@type":"ImageObject","inLanguage":"en-US","@id":"https:\/\/wfg-kassel.de\/infrastruktur-lage\/coworking-spaces\/#primaryimage","url":"https:\/\/wfg-kassel.de\/wp-content\/uploads\/2025\/06\/buedchen-zone-neue-denkerei-2025.webp","contentUrl":"https:\/\/wfg-kassel.de\/wp-content\/uploads\/2025\/06\/buedchen-zone-neue-denkerei-2025.webp"},{"@type":"BreadcrumbList","@id":"https:\/\/wfg-kassel.de\/infrastruktur-lage\/coworking-spaces\/#breadcrumb","itemListElement":[{"@type":"ListItem","position":1,"name":"Startseite","item":"https:\/\/wfg-kassel.de\/"},{"@type":"ListItem","position":2,"name":"Infrastruktur &#038; Lage","item":"https:\/\/wfg-kassel.de\/infrastruktur-lage\/"},{"@type":"ListItem","position":3,"name":"Coworking Spaces Kassel"}]},{"@type":"WebSite","@id":"https:\/\/wfg-kassel.de\/#website","url":"https:\/\/wfg-kassel.de\/","name":"Wirtschaftsf\u00f6rderung Region Kassel","description":"","publisher":{"@id":"https:\/\/wfg-kassel.de\/#organization"},"potentialAction":[{"@type":"SearchAction","target":{"@type":"EntryPoint","urlTemplate":"https:\/\/wfg-kassel.de\/?s={search_term_string}"},"query-input":{"@type":"PropertyValueSpecification","valueRequired":true,"valueName":"search_term_string"}}],"inLanguage":"en-US"},{"@type":"Organization","@id":"https:\/\/wfg-kassel.de\/#organization","name":"Wirtschaftsf\u00f6rderung Region Kassel","url":"https:\/\/wfg-kassel.de\/","logo":{"@type":"ImageObject","inLanguage":"en-US","@id":"https:\/\/wfg-kassel.de\/#\/schema\/logo\/image\/","url":"https:\/\/wfg-kassel.de\/wp-content\/uploads\/2024\/02\/logo_wfg.svg","contentUrl":"https:\/\/wfg-kassel.de\/wp-content\/uploads\/2024\/02\/logo_wfg.svg","width":339,"height":90,"caption":"Wirtschaftsf\u00f6rderung Region Kassel"},"image":{"@id":"https:\/\/wfg-kassel.de\/#\/schema\/logo\/image\/"}}]}},"_links":{"self":[{"href":"https:\/\/wfg-kassel.de\/en\/wp-json\/wp\/v2\/pages\/8475","targetHints":{"allow":["GET"]}}],"collection":[{"href":"https:\/\/wfg-kassel.de\/en\/wp-json\/wp\/v2\/pages"}],"about":[{"href":"https:\/\/wfg-kassel.de\/en\/wp-json\/wp\/v2\/types\/page"}],"author":[{"embeddable":true,"href":"https:\/\/wfg-kassel.de\/en\/wp-json\/wp\/v2\/users\/3"}],"replies":[{"embeddable":true,"href":"https:\/\/wfg-kassel.de\/en\/wp-json\/wp\/v2\/comments?post=8475"}],"version-history":[{"count":5,"href":"https:\/\/wfg-kassel.de\/en\/wp-json\/wp\/v2\/pages\/8475\/revisions"}],"predecessor-version":[{"id":11888,"href":"https:\/\/wfg-kassel.de\/en\/wp-json\/wp\/v2\/pages\/8475\/revisions\/11888"}],"up":[{"embeddable":true,"href":"https:\/\/wfg-kassel.de\/en\/wp-json\/wp\/v2\/pages\/8398"}],"wp:attachment":[{"href":"https:\/\/wfg-kassel.de\/en\/wp-json\/wp\/v2\/media?parent=8475"}],"curies":[{"name":"wp","href":"https:\/\/api.w.org\/{rel}","templated":true}]}}