{"id":8480,"date":"2025-05-14T12:47:35","date_gmt":"2025-05-14T10:47:35","guid":{"rendered":"https:\/\/wfg.rosys.dev\/?page_id=8480"},"modified":"2025-09-12T11:20:35","modified_gmt":"2025-09-12T09:20:35","slug":"public-transit-and-rail","status":"publish","type":"page","link":"https:\/\/wfg-kassel.de\/en\/infrastruktur-lage\/oepnv-bahnfernverkehr\/","title":{"rendered":"Local public transport &amp; long-<br>distance rail services"},"content":{"rendered":"\t\t<div data-elementor-type=\"wp-page\" data-elementor-id=\"8480\" class=\"elementor elementor-8480\" data-elementor-post-type=\"page\">\n\t\t\t\t<div class=\"elementor-element elementor-element-7eb48b5c e-con-full e-flex e-con e-parent\" data-id=\"7eb48b5c\" data-element_type=\"container\" data-e-type=\"container\">\n\t\t<div class=\"elementor-element elementor-element-3592f4e6 e-con-full e-flex e-con e-child\" data-id=\"3592f4e6\" data-element_type=\"container\" data-e-type=\"container\">\n\t\t\t\t<div class=\"elementor-element elementor-element-212dd5f elementor-widget elementor-widget-wfg-header-banner\" data-id=\"212dd5f\" data-element_type=\"widget\" data-e-type=\"widget\" data-widget_type=\"wfg-header-banner.default\">\n\t\t\t\t<div class=\"elementor-widget-container\">\n\t\t\t\t\t<div class=\"header-banner flex flex-col md:flex-row\">\n  <div class=\"md:w-1\/2\">\n    \n\n<figure class=\"wp-caption \" data-image>\n      <div class=\"relative  \">\n      <img fetchpriority=\"high\" decoding=\"async\" width=\"2000\" height=\"1333\" src=\"https:\/\/wfg-kassel.de\/wp-content\/uploads\/2025\/01\/tram-in-kassel-am-bahnhof-wilhelmshoehe.webp\" class=\"!w-full !object-cover !max-h-[475px] aspect-video\" alt=\"Strassenbahn faehrt von Bahnhof ab mit Bus im Hintergrund\" srcset=\"https:\/\/wfg-kassel.de\/wp-content\/uploads\/2025\/01\/tram-in-kassel-am-bahnhof-wilhelmshoehe.webp 2000w, https:\/\/wfg-kassel.de\/wp-content\/uploads\/2025\/01\/tram-in-kassel-am-bahnhof-wilhelmshoehe-300x200.webp 300w, https:\/\/wfg-kassel.de\/wp-content\/uploads\/2025\/01\/tram-in-kassel-am-bahnhof-wilhelmshoehe-1024x682.webp 1024w, https:\/\/wfg-kassel.de\/wp-content\/uploads\/2025\/01\/tram-in-kassel-am-bahnhof-wilhelmshoehe-768x512.webp 768w, https:\/\/wfg-kassel.de\/wp-content\/uploads\/2025\/01\/tram-in-kassel-am-bahnhof-wilhelmshoehe-1536x1024.webp 1536w, https:\/\/wfg-kassel.de\/wp-content\/uploads\/2025\/01\/tram-in-kassel-am-bahnhof-wilhelmshoehe-18x12.webp 18w\" sizes=\"(max-width: 2000px) 100vw, 2000px\" \/>\n            <div class=\"copyright-hint absolute bottom-0 right-0 z-10 flex items-center gap-1.5 px-2.5 py-1.5 bg-[#F0F0F0] rounded-tl-widget max-w-9 overflow-hidden whitespace-nowrap cursor-pointer transition-all duration-200 ease-in-out\" tabindex=\"0\" data-no-translation>\n      <span class=\"shrink-0 text-xs md:text-base leading-none text-[#555]\">\u00a9<\/span>\n      <span class=\"text-xs md:text-base leading-none text-[#333] opacity-0 transition-opacity duration-150\">Andreas Weber<\/span>\n    <\/div>\n  \n    <\/div>\n  \n  <\/figure>\n\n  <\/div>\n  <div class=\"md:w-1\/2 bg-primary px-4 py-12 sm:py-14 md:p-8 xl:pl-14 flex flex-col justify-center relative\">\n    <h1 class=\"inline-block self-start xl:max-w-[680px] mb-4\">\u00d6PNV und Bahnverkehr<\/h1>\n  <\/div>\n<\/div>\n\t\t\t\t<\/div>\n\t\t\t\t<\/div>\n\t\t\t\t<\/div>\n\t\t\t\t<\/div>\n\t\t<div class=\"elementor-element elementor-element-4591a4a0 e-flex e-con-boxed e-con e-parent\" data-id=\"4591a4a0\" data-element_type=\"container\" data-e-type=\"container\">\n\t\t\t\t\t<div class=\"e-con-inner\">\n\t\t\t\t<div class=\"elementor-element elementor-element-c975046 elementor-widget elementor-widget-wfg-text-editor\" data-id=\"c975046\" data-element_type=\"widget\" data-e-type=\"widget\" data-widget_type=\"wfg-text-editor.default\">\n\t\t\t\t<div class=\"elementor-widget-container\">\n\t\t\t\t\t\t\t\t\t<p class=\"aufmachertext\">Kassel verf\u00fcgt \u00fcber ein dicht gekn\u00fcpftes Netz aus Stra\u00dfenbahnen, RegioTrams, Stadt- und Regionalbussen sowie AnrufSammelTaxis (AST). Zwei starke Partner sichern dieses Angebot: der <strong>Nordhessische VerkehrsVerbund (NVV)<\/strong> als Verbundorganisation f\u00fcr ganz Nordhessen und die <strong>Kasseler Verkehrs-Gesellschaft (KVG)<\/strong> als kommunaler Betreiber im Stadtgebiet und unmittelbaren Umland. Erg\u00e4nzt wird das Nahverkehrsnetz durch den <strong>ICE-Bahnhof Kassel-Wilhelmsh\u00f6he<\/strong>, der Kassel an die wichtigsten deutschen Fernstrecken anbindet.<\/p>\t\t\t\t\t\t\t\t<\/div>\n\t\t\t\t<\/div>\n\t\t\t\t\t<\/div>\n\t\t\t\t<\/div>\n\t\t<div class=\"elementor-element elementor-element-4a7463c6 e-flex e-con-boxed e-con e-parent\" data-id=\"4a7463c6\" data-element_type=\"container\" data-e-type=\"container\">\n\t\t\t\t\t<div class=\"e-con-inner\">\n\t\t\t\t<div class=\"elementor-element elementor-element-eb350f2 elementor-widget elementor-widget-wfg-text-editor\" data-id=\"eb350f2\" data-element_type=\"widget\" data-e-type=\"widget\" data-widget_type=\"wfg-text-editor.default\">\n\t\t\t\t<div class=\"elementor-widget-container\">\n\t\t\t\t\t\t\t\t\t<h2>Nordhessischer VerkehrsVerbund (NVV) \u2013 der starke Verbund<\/h2>\t\t\t\t\t\t\t\t<\/div>\n\t\t\t\t<\/div>\n\t\t\t\t\t<\/div>\n\t\t\t\t<\/div>\n\t\t<div class=\"elementor-element elementor-element-3d136208 e-flex e-con-boxed e-con e-parent\" data-id=\"3d136208\" data-element_type=\"container\" data-e-type=\"container\">\n\t\t\t\t\t<div class=\"e-con-inner\">\n\t\t<div class=\"elementor-element elementor-element-63c81faa e-con-full e-flex e-con e-child\" data-id=\"63c81faa\" data-element_type=\"container\" data-e-type=\"container\">\n\t\t\t\t<div class=\"elementor-element elementor-element-3dd2c12 elementor-widget elementor-widget-wfg-text-editor\" data-id=\"3dd2c12\" data-element_type=\"widget\" data-e-type=\"widget\" data-widget_type=\"wfg-text-editor.default\">\n\t\t\t\t<div class=\"elementor-widget-container\">\n\t\t\t\t\t\t\t\t\t<p>Der NVV koordiniert das Nahverkehrsangebot i<strong>n f\u00fcnf Landkreisen und der Stadt Kassel<\/strong>. Fahrkarten gelten verbundweit \u2013 <a href=\"https:\/\/www.nvv.de\/tickets\/tarifinfos\/tarifuebersicht\"><strong>ein Ticket<\/strong><\/a> gen\u00fcgt somit f\u00fcr die <strong>gesamte Reisekette<\/strong>. Regelm\u00e4\u00dfige Fahrplananspassungen erweitern das Angebot.<\/p>\n<p>Besonderes Merkmal des Netzes ist die <strong>RegioTram<\/strong>: Als Zweisystemfahrzeug nutzt sie innerst\u00e4dtisch die Stra\u00dfenbahngleise und wechselt au\u00dferhalb Kassels auf DB-Gleise. So erreichen Fahrg\u00e4ste ohne Umstieg Orte wie Hofgeismar, Wolfhagen oder Melsungen.<\/p>\t\t\t\t\t\t\t\t<\/div>\n\t\t\t\t<\/div>\n\t\t\t\t<div class=\"elementor-element elementor-element-2b4326b elementor-widget elementor-widget-wfg-button\" data-id=\"2b4326b\" data-element_type=\"widget\" data-e-type=\"widget\" data-widget_type=\"wfg-button.default\">\n\t\t\t\t<div class=\"elementor-widget-container\">\n\t\t\t\t\t\n\n\n  <a href=\"https:\/\/www.nvv.de\/\"\n   aria-label=\"Zur Website des NVV\"\n   class=\"uppercase font-extrabold py-1.5 px-6 text-lg xs:text-xl lg:text-2xl xl:text-3xl text-primary inline-flex items-center space-x-2 xs:space-x-3 lg:space-x-4 xl:space-x-6 hover:text-accent transition-colors\"\n   rel=\"\">\n    <svg xmlns=\"http:\/\/www.w3.org\/2000\/svg\" viewBox=\"0 0 16 16\" class=\"w-6 h-6 xs:w-8 xs:h-8 lg:w-10 lg:h-10 shrink-0\">\n  <g id=\"Group_62\" data-name=\"Group 62\" transform=\"translate(-931.406 1344) rotate(-90)\">\n    <path id=\"Icon_feather-chevron-down\" data-name=\"Icon feather-chevron-down\" d=\"M9,13.5l3.944,3.944L16.887,13.5\" transform=\"translate(1323.229 924.458)\" fill=\"none\" stroke=\"#e41e3d\" stroke-linecap=\"round\" stroke-linejoin=\"round\" stroke-width=\"1\"\/>\n    <g id=\"Ellipse_5\" data-name=\"Ellipse 5\" transform=\"translate(1328 931.406)\" fill=\"none\" stroke=\"#e41e3d\" stroke-width=\"1\">\n      <circle cx=\"8\" cy=\"8\" r=\"8\" stroke=\"none\"\/>\n      <circle cx=\"8\" cy=\"8\" r=\"7.5\" fill=\"none\"\/>\n    <\/g>\n  <\/g>\n<\/svg>\n\n    <span>\n       Zur Website des NVV\n    <\/span>\n  <\/a>\n\t\t\t\t<\/div>\n\t\t\t\t<\/div>\n\t\t\t\t<\/div>\n\t\t<div class=\"elementor-element elementor-element-1c525ebd e-con-full e-flex e-con e-child\" data-id=\"1c525ebd\" data-element_type=\"container\" data-e-type=\"container\">\n\t\t\t\t<div class=\"elementor-element elementor-element-c6fad0c elementor-widget elementor-widget-wfg-image\" data-id=\"c6fad0c\" data-element_type=\"widget\" data-e-type=\"widget\" data-widget_type=\"wfg-image.default\">\n\t\t\t\t<div class=\"elementor-widget-container\">\n\t\t\t\t\t\n\n<figure class=\"wp-caption \" data-image>\n      <div class=\"relative rounded-widget overflow-hidden \">\n      <img decoding=\"async\" width=\"2000\" height=\"1333\" src=\"https:\/\/wfg-kassel.de\/wp-content\/uploads\/2025\/07\/regiotram-melsungen.webp\" class=\"!w-full !object-cover \" alt=\"NVV RegioTram auf einer Schiene faehrt an Dorf vorbei\" srcset=\"https:\/\/wfg-kassel.de\/wp-content\/uploads\/2025\/07\/regiotram-melsungen.webp 2000w, https:\/\/wfg-kassel.de\/wp-content\/uploads\/2025\/07\/regiotram-melsungen-300x200.webp 300w, https:\/\/wfg-kassel.de\/wp-content\/uploads\/2025\/07\/regiotram-melsungen-1024x682.webp 1024w, https:\/\/wfg-kassel.de\/wp-content\/uploads\/2025\/07\/regiotram-melsungen-768x512.webp 768w, https:\/\/wfg-kassel.de\/wp-content\/uploads\/2025\/07\/regiotram-melsungen-1536x1024.webp 1536w, https:\/\/wfg-kassel.de\/wp-content\/uploads\/2025\/07\/regiotram-melsungen-18x12.webp 18w\" sizes=\"(max-width: 2000px) 100vw, 2000px\" \/>\n            <div class=\"copyright-hint absolute bottom-0 right-0 z-10 flex items-center gap-1.5 px-2.5 py-1.5 bg-[#F0F0F0] rounded-tl-widget max-w-9 overflow-hidden whitespace-nowrap cursor-pointer transition-all duration-200 ease-in-out\" tabindex=\"0\" data-no-translation>\n      <span class=\"shrink-0 text-xs md:text-base leading-none text-[#555]\">\u00a9<\/span>\n      <span class=\"text-xs md:text-base leading-none text-[#333] opacity-0 transition-opacity duration-150\">NVV<\/span>\n    <\/div>\n  \n    <\/div>\n  \n  <\/figure>\n\t\t\t\t<\/div>\n\t\t\t\t<\/div>\n\t\t\t\t<\/div>\n\t\t\t\t\t<\/div>\n\t\t\t\t<\/div>\n\t\t<div class=\"elementor-element elementor-element-aeac0a2 e-flex e-con-boxed e-con e-parent\" data-id=\"aeac0a2\" data-element_type=\"container\" data-e-type=\"container\">\n\t\t\t\t\t<div class=\"e-con-inner\">\n\t\t\t\t<div class=\"elementor-element elementor-element-988926a elementor-widget elementor-widget-wfg-text-editor\" data-id=\"988926a\" data-element_type=\"widget\" data-e-type=\"widget\" data-widget_type=\"wfg-text-editor.default\">\n\t\t\t\t<div class=\"elementor-widget-container\">\n\t\t\t\t\t\t\t\t\t<h2>Kasseler Verkehrs-Gesellschaft (KVG) &#8211; kommunal vor Ort<\/h2>\t\t\t\t\t\t\t\t<\/div>\n\t\t\t\t<\/div>\n\t\t\t\t\t<\/div>\n\t\t\t\t<\/div>\n\t\t<div class=\"elementor-element elementor-element-685e9d6 e-flex e-con-boxed e-con e-parent\" data-id=\"685e9d6\" data-element_type=\"container\" data-e-type=\"container\">\n\t\t\t\t\t<div class=\"e-con-inner\">\n\t\t<div class=\"elementor-element elementor-element-af87380 e-con-full e-flex e-con e-child\" data-id=\"af87380\" data-element_type=\"container\" data-e-type=\"container\">\n\t\t\t\t<div class=\"elementor-element elementor-element-d63194e elementor-widget elementor-widget-wfg-image\" data-id=\"d63194e\" data-element_type=\"widget\" data-e-type=\"widget\" data-widget_type=\"wfg-image.default\">\n\t\t\t\t<div class=\"elementor-widget-container\">\n\t\t\t\t\t\n\n<figure class=\"wp-caption \" data-image>\n      <div class=\"relative rounded-widget overflow-hidden \">\n      <img decoding=\"async\" width=\"2000\" height=\"1333\" src=\"https:\/\/wfg-kassel.de\/wp-content\/uploads\/2025\/07\/kvg-elektrobusse.webp\" class=\"!w-full !object-cover \" alt=\"Elektrobusse am Netz\" srcset=\"https:\/\/wfg-kassel.de\/wp-content\/uploads\/2025\/07\/kvg-elektrobusse.webp 2000w, https:\/\/wfg-kassel.de\/wp-content\/uploads\/2025\/07\/kvg-elektrobusse-300x200.webp 300w, https:\/\/wfg-kassel.de\/wp-content\/uploads\/2025\/07\/kvg-elektrobusse-1024x682.webp 1024w, https:\/\/wfg-kassel.de\/wp-content\/uploads\/2025\/07\/kvg-elektrobusse-768x512.webp 768w, https:\/\/wfg-kassel.de\/wp-content\/uploads\/2025\/07\/kvg-elektrobusse-1536x1024.webp 1536w, https:\/\/wfg-kassel.de\/wp-content\/uploads\/2025\/07\/kvg-elektrobusse-18x12.webp 18w\" sizes=\"(max-width: 2000px) 100vw, 2000px\" \/>\n            <div class=\"copyright-hint absolute bottom-0 right-0 z-10 flex items-center gap-1.5 px-2.5 py-1.5 bg-[#F0F0F0] rounded-tl-widget max-w-9 overflow-hidden whitespace-nowrap cursor-pointer transition-all duration-200 ease-in-out\" tabindex=\"0\" data-no-translation>\n      <span class=\"shrink-0 text-xs md:text-base leading-none text-[#555]\">\u00a9<\/span>\n      <span class=\"text-xs md:text-base leading-none text-[#333] opacity-0 transition-opacity duration-150\">KVG AG<\/span>\n    <\/div>\n  \n    <\/div>\n  \n  <\/figure>\n\t\t\t\t<\/div>\n\t\t\t\t<\/div>\n\t\t\t\t<\/div>\n\t\t<div class=\"elementor-element elementor-element-38f775f e-con-full e-flex e-con e-child\" data-id=\"38f775f\" data-element_type=\"container\" data-e-type=\"container\">\n\t\t\t\t<div class=\"elementor-element elementor-element-dcced71 elementor-widget elementor-widget-wfg-text-editor\" data-id=\"dcced71\" data-element_type=\"widget\" data-e-type=\"widget\" data-widget_type=\"wfg-text-editor.default\">\n\t\t\t\t<div class=\"elementor-widget-container\">\n\t\t\t\t\t\t\t\t\t<p>Die KVG bewegt t\u00e4glich rund 120.000 Fahrg\u00e4ste mit zehn Stra\u00dfenbahn- und mehr als vierzig Buslinien in Kassel un den Nachbargemeinden.<\/p>\n<ul>\n<li><strong>Stra\u00dfenbahnnetz<\/strong>: Sieben Linien erschlie\u00dfen alle Stadtteile; Taktverdichtungen zu Gro\u00dfveranstaltungen geh\u00f6ren zum Standard.\u00a0<\/li>\n<li><strong>Busse<\/strong>: Diesel- und Elektrobusse erg\u00e4nzen das Schienennetz; erste E-Busse fahren seit 2023 im Regelbetrieb, wie auf dem Bild zu sehen ist.<\/li>\n<li><strong>Soziale <a href=\"https:\/\/www.kvg.de\/tickets\/\">Tarifangebote<\/a><\/strong>: Mit dem <strong>MittendrinTicket<\/strong> bietet die KVG einkommensschwachen Einwohnerinnen und Einwohnern ein Monatsabo f\u00fcr derzeit 35 \u20ac (in 2025).<\/li>\n<\/ul>\t\t\t\t\t\t\t\t<\/div>\n\t\t\t\t<\/div>\n\t\t\t\t<div class=\"elementor-element elementor-element-28ebae8 elementor-widget elementor-widget-wfg-button\" data-id=\"28ebae8\" data-element_type=\"widget\" data-e-type=\"widget\" data-widget_type=\"wfg-button.default\">\n\t\t\t\t<div class=\"elementor-widget-container\">\n\t\t\t\t\t\n\n\n  <a href=\"https:\/\/www.kvg.de\/\"\n   aria-label=\"Zur Website der KVG\"\n   class=\"uppercase font-extrabold py-1.5 px-6 text-lg xs:text-xl lg:text-2xl xl:text-3xl text-primary inline-flex items-center space-x-2 xs:space-x-3 lg:space-x-4 xl:space-x-6 hover:text-accent transition-colors\"\n   rel=\"\">\n    <svg xmlns=\"http:\/\/www.w3.org\/2000\/svg\" viewBox=\"0 0 16 16\" class=\"w-6 h-6 xs:w-8 xs:h-8 lg:w-10 lg:h-10 shrink-0\">\n  <g id=\"Group_62\" data-name=\"Group 62\" transform=\"translate(-931.406 1344) rotate(-90)\">\n    <path id=\"Icon_feather-chevron-down\" data-name=\"Icon feather-chevron-down\" d=\"M9,13.5l3.944,3.944L16.887,13.5\" transform=\"translate(1323.229 924.458)\" fill=\"none\" stroke=\"#e41e3d\" stroke-linecap=\"round\" stroke-linejoin=\"round\" stroke-width=\"1\"\/>\n    <g id=\"Ellipse_5\" data-name=\"Ellipse 5\" transform=\"translate(1328 931.406)\" fill=\"none\" stroke=\"#e41e3d\" stroke-width=\"1\">\n      <circle cx=\"8\" cy=\"8\" r=\"8\" stroke=\"none\"\/>\n      <circle cx=\"8\" cy=\"8\" r=\"7.5\" fill=\"none\"\/>\n    <\/g>\n  <\/g>\n<\/svg>\n\n    <span>\n       Zur Website der KVG\n    <\/span>\n  <\/a>\n\t\t\t\t<\/div>\n\t\t\t\t<\/div>\n\t\t\t\t<\/div>\n\t\t\t\t\t<\/div>\n\t\t\t\t<\/div>\n\t\t<div class=\"elementor-element elementor-element-a97205b e-flex e-con-boxed e-con e-parent\" data-id=\"a97205b\" data-element_type=\"container\" data-e-type=\"container\">\n\t\t\t\t\t<div class=\"e-con-inner\">\n\t\t\t\t<div class=\"elementor-element elementor-element-112de77 elementor-widget elementor-widget-wfg-text-editor\" data-id=\"112de77\" data-element_type=\"widget\" data-e-type=\"widget\" data-widget_type=\"wfg-text-editor.default\">\n\t\t\t\t<div class=\"elementor-widget-container\">\n\t\t\t\t\t\t\t\t\t<h2>Fernverkehr: ICE-Bahnhof Kassel-Wilhelmsh\u00f6he<\/h2>\t\t\t\t\t\t\t\t<\/div>\n\t\t\t\t<\/div>\n\t\t\t\t\t<\/div>\n\t\t\t\t<\/div>\n\t\t<div class=\"elementor-element elementor-element-2462525 e-flex e-con-boxed e-con e-parent\" data-id=\"2462525\" data-element_type=\"container\" data-e-type=\"container\">\n\t\t\t\t\t<div class=\"e-con-inner\">\n\t\t<div class=\"elementor-element elementor-element-008dd3c e-con-full e-flex e-con e-child\" data-id=\"008dd3c\" data-element_type=\"container\" data-e-type=\"container\">\n\t\t\t\t<div class=\"elementor-element elementor-element-5033529 elementor-widget elementor-widget-wfg-text-editor\" data-id=\"5033529\" data-element_type=\"widget\" data-e-type=\"widget\" data-widget_type=\"wfg-text-editor.default\">\n\t\t\t\t<div class=\"elementor-widget-container\">\n\t\t\t\t\t\t\t\t\t<p>Der Bahnhof <strong>Kassel-Wilhelmsh\u00f6he<\/strong> wird t\u00e4glich von rund 30 000 Reisenden genutzt und ist ein regul\u00e4rer Halt auf den ICE-Achsen <strong>Hamburg \u2013 Frankfurt \u2013 M\u00fcnchen<\/strong>, <strong>Berlin \u2013 Frankfurt<\/strong> sowie <strong>Dortmund \u2013 Erfurt \u2013 Dresden<\/strong>. Damit stellt der Bahnhof im Zentrum von Deutschland einen wichtigen Knotenpunkt f\u00fcr Reisende dar.<\/p>\n<p>Die Stra\u00dfenbahnlinie 1 sowie zahlreiche Buslinien verbinden den Fernbahnhof in wenigen Minuten mit der Innenstadt; f\u00fcr Fahrg\u00e4ste ergibt sich damit ein <strong>nahtloser \u00dcbergang zwischen Fern- und Nahverkehr<\/strong>.<\/p>\t\t\t\t\t\t\t\t<\/div>\n\t\t\t\t<\/div>\n\t\t\t\t<div class=\"elementor-element elementor-element-b2e134a elementor-widget elementor-widget-wfg-button\" data-id=\"b2e134a\" data-element_type=\"widget\" data-e-type=\"widget\" data-widget_type=\"wfg-button.default\">\n\t\t\t\t<div class=\"elementor-widget-container\">\n\t\t\t\t\t\n\n\n  <a href=\"https:\/\/www.bahnhof.de\/kassel-wilhelmshoehe\"\n   aria-label=\"Zur Website des Bahnhofs Wilhelmsh\u00f6he\"\n   class=\"uppercase font-extrabold py-1.5 px-6 text-lg xs:text-xl lg:text-2xl xl:text-3xl text-primary inline-flex items-center space-x-2 xs:space-x-3 lg:space-x-4 xl:space-x-6 hover:text-accent transition-colors\"\n   rel=\"\">\n    <svg xmlns=\"http:\/\/www.w3.org\/2000\/svg\" viewBox=\"0 0 16 16\" class=\"w-6 h-6 xs:w-8 xs:h-8 lg:w-10 lg:h-10 shrink-0\">\n  <g id=\"Group_62\" data-name=\"Group 62\" transform=\"translate(-931.406 1344) rotate(-90)\">\n    <path id=\"Icon_feather-chevron-down\" data-name=\"Icon feather-chevron-down\" d=\"M9,13.5l3.944,3.944L16.887,13.5\" transform=\"translate(1323.229 924.458)\" fill=\"none\" stroke=\"#e41e3d\" stroke-linecap=\"round\" stroke-linejoin=\"round\" stroke-width=\"1\"\/>\n    <g id=\"Ellipse_5\" data-name=\"Ellipse 5\" transform=\"translate(1328 931.406)\" fill=\"none\" stroke=\"#e41e3d\" stroke-width=\"1\">\n      <circle cx=\"8\" cy=\"8\" r=\"8\" stroke=\"none\"\/>\n      <circle cx=\"8\" cy=\"8\" r=\"7.5\" fill=\"none\"\/>\n    <\/g>\n  <\/g>\n<\/svg>\n\n    <span>\n       Zur Website des Bahnhofs Wilhelmsh\u00f6he\n    <\/span>\n  <\/a>\n\t\t\t\t<\/div>\n\t\t\t\t<\/div>\n\t\t\t\t<\/div>\n\t\t<div class=\"elementor-element elementor-element-9970537 e-con-full e-flex e-con e-child\" data-id=\"9970537\" data-element_type=\"container\" data-e-type=\"container\">\n\t\t\t\t<div class=\"elementor-element elementor-element-b288010 elementor-widget elementor-widget-wfg-image\" data-id=\"b288010\" data-element_type=\"widget\" data-e-type=\"widget\" data-widget_type=\"wfg-image.default\">\n\t\t\t\t<div class=\"elementor-widget-container\">\n\t\t\t\t\t\n\n<figure class=\"wp-caption \" data-image>\n      <div class=\"relative rounded-widget overflow-hidden \">\n      <img loading=\"lazy\" decoding=\"async\" width=\"2000\" height=\"1333\" src=\"https:\/\/wfg-kassel.de\/wp-content\/uploads\/2025\/07\/ice-auf-gruener-strecke.webp\" class=\"!w-full !object-cover \" alt=\"ICE faehrt auf Schnellstrecke im Gruenen\" srcset=\"https:\/\/wfg-kassel.de\/wp-content\/uploads\/2025\/07\/ice-auf-gruener-strecke.webp 2000w, https:\/\/wfg-kassel.de\/wp-content\/uploads\/2025\/07\/ice-auf-gruener-strecke-300x200.webp 300w, https:\/\/wfg-kassel.de\/wp-content\/uploads\/2025\/07\/ice-auf-gruener-strecke-1024x682.webp 1024w, https:\/\/wfg-kassel.de\/wp-content\/uploads\/2025\/07\/ice-auf-gruener-strecke-768x512.webp 768w, https:\/\/wfg-kassel.de\/wp-content\/uploads\/2025\/07\/ice-auf-gruener-strecke-1536x1024.webp 1536w, https:\/\/wfg-kassel.de\/wp-content\/uploads\/2025\/07\/ice-auf-gruener-strecke-18x12.webp 18w\" sizes=\"(max-width: 2000px) 100vw, 2000px\" \/>\n            <div class=\"copyright-hint absolute bottom-0 right-0 z-10 flex items-center gap-1.5 px-2.5 py-1.5 bg-[#F0F0F0] rounded-tl-widget max-w-9 overflow-hidden whitespace-nowrap cursor-pointer transition-all duration-200 ease-in-out\" tabindex=\"0\" data-no-translation>\n      <span class=\"shrink-0 text-xs md:text-base leading-none text-[#555]\">\u00a9<\/span>\n      <span class=\"text-xs md:text-base leading-none text-[#333] opacity-0 transition-opacity duration-150\">Erich Westendarp<\/span>\n    <\/div>\n  \n    <\/div>\n  \n  <\/figure>\n\t\t\t\t<\/div>\n\t\t\t\t<\/div>\n\t\t\t\t<\/div>\n\t\t\t\t\t<\/div>\n\t\t\t\t<\/div>\n\t\t<div class=\"elementor-element elementor-element-714a9b20 e-flex e-con-boxed e-con e-parent\" data-id=\"714a9b20\" data-element_type=\"container\" data-e-type=\"container\">\n\t\t\t\t\t<div class=\"e-con-inner\">\n\t\t\t\t<div class=\"elementor-element elementor-element-a1decd7 elementor-widget elementor-widget-wfg-text-editor\" data-id=\"a1decd7\" data-element_type=\"widget\" data-e-type=\"widget\" data-widget_type=\"wfg-text-editor.default\">\n\t\t\t\t<div class=\"elementor-widget-container\">\n\t\t\t\t\t\t\t\t\t<h2>Weiterf\u00fchrende Informationen<\/h2>\t\t\t\t\t\t\t\t<\/div>\n\t\t\t\t<\/div>\n\t\t\t\t\t<\/div>\n\t\t\t\t<\/div>\n\t\t<div class=\"elementor-element elementor-element-1f4bd92 e-flex e-con-boxed e-con e-parent\" data-id=\"1f4bd92\" data-element_type=\"container\" data-e-type=\"container\">\n\t\t\t\t\t<div class=\"e-con-inner\">\n\t\t\t\t<div class=\"elementor-element elementor-element-c1e8b13 elementor-widget elementor-widget-n-accordion\" data-id=\"c1e8b13\" data-element_type=\"widget\" data-e-type=\"widget\" data-settings=\"{&quot;default_state&quot;:&quot;all_collapsed&quot;,&quot;max_items_expended&quot;:&quot;one&quot;,&quot;n_accordion_animation_duration&quot;:{&quot;unit&quot;:&quot;ms&quot;,&quot;size&quot;:300,&quot;sizes&quot;:[]}}\" data-widget_type=\"nested-accordion.default\">\n\t\t\t\t<div class=\"elementor-widget-container\">\n\t\t\t\t\t\t\t<div class=\"e-n-accordion\" aria-label=\"Accordion. Open links with Enter or Space, close with Escape, and navigate with Arrow Keys\">\n\t\t\t\t\t\t<details id=\"e-n-accordion-item-2030\" class=\"e-n-accordion-item\" >\n\t\t\t\t<summary class=\"e-n-accordion-item-title\" data-accordion-index=\"1\" tabindex=\"0\" aria-expanded=\"false\" aria-controls=\"e-n-accordion-item-2030\" >\n\t\t\t\t\t<span class='e-n-accordion-item-title-header'><div class=\"e-n-accordion-item-title-text\"> Regionale Reiseplanung des NVV <\/div><\/span>\n\t\t\t\t\t\t\t<span class='e-n-accordion-item-title-icon'>\n\t\t\t<span class='e-opened' ><svg aria-hidden=\"true\" class=\"e-font-icon-svg e-fas-minus\" viewBox=\"0 0 448 512\" xmlns=\"http:\/\/www.w3.org\/2000\/svg\"><path d=\"M416 208H32c-17.67 0-32 14.33-32 32v32c0 17.67 14.33 32 32 32h384c17.67 0 32-14.33 32-32v-32c0-17.67-14.33-32-32-32z\"><\/path><\/svg><\/span>\n\t\t\t<span class='e-closed'><svg aria-hidden=\"true\" class=\"e-font-icon-svg e-fas-plus\" viewBox=\"0 0 448 512\" xmlns=\"http:\/\/www.w3.org\/2000\/svg\"><path d=\"M416 208H272V64c0-17.67-14.33-32-32-32h-32c-17.67 0-32 14.33-32 32v144H32c-17.67 0-32 14.33-32 32v32c0 17.67 14.33 32 32 32h144v144c0 17.67 14.33 32 32 32h32c17.67 0 32-14.33 32-32V304h144c17.67 0 32-14.33 32-32v-32c0-17.67-14.33-32-32-32z\"><\/path><\/svg><\/span>\n\t\t<\/span>\n\n\t\t\t\t\t\t<\/summary>\n\t\t\t\t<div role=\"region\" aria-labelledby=\"e-n-accordion-item-2030\" class=\"elementor-element elementor-element-1daffc9 e-con-full e-flex e-con e-child\" data-id=\"1daffc9\" data-element_type=\"container\" data-e-type=\"container\">\n\t\t\t\t<div class=\"elementor-element elementor-element-50f4fd0 elementor-widget elementor-widget-wfg-text-editor\" data-id=\"50f4fd0\" data-element_type=\"widget\" data-e-type=\"widget\" data-widget_type=\"wfg-text-editor.default\">\n\t\t\t\t<div class=\"elementor-widget-container\">\n\t\t\t\t\t\t\t\t\t<p>Aktuelle Reiseausk\u00fcnfte k\u00f6nnen Sie \u00fcber den regionalen \u00d6PNV-Anbieter, den NVV, erhalten unter dem beigef\u00fcgten Link.<\/p>\t\t\t\t\t\t\t\t<\/div>\n\t\t\t\t<\/div>\n\t\t\t\t<div class=\"elementor-element elementor-element-f767515 elementor-widget elementor-widget-wfg-button\" data-id=\"f767515\" data-element_type=\"widget\" data-e-type=\"widget\" data-widget_type=\"wfg-button.default\">\n\t\t\t\t<div class=\"elementor-widget-container\">\n\t\t\t\t\t\n\n\n  <a href=\"https:\/\/www.nvv.de\/\"\n   aria-label=\"Zum Navigator des NVV\"\n   class=\"uppercase font-extrabold py-1.5 px-6 text-lg xs:text-xl lg:text-2xl xl:text-3xl text-primary inline-flex items-center space-x-2 xs:space-x-3 lg:space-x-4 xl:space-x-6 hover:text-accent transition-colors\"\n   rel=\"\">\n    <svg xmlns=\"http:\/\/www.w3.org\/2000\/svg\" viewBox=\"0 0 16 16\" class=\"w-6 h-6 xs:w-8 xs:h-8 lg:w-10 lg:h-10 shrink-0\">\n  <g id=\"Group_62\" data-name=\"Group 62\" transform=\"translate(-931.406 1344) rotate(-90)\">\n    <path id=\"Icon_feather-chevron-down\" data-name=\"Icon feather-chevron-down\" d=\"M9,13.5l3.944,3.944L16.887,13.5\" transform=\"translate(1323.229 924.458)\" fill=\"none\" stroke=\"#e41e3d\" stroke-linecap=\"round\" stroke-linejoin=\"round\" stroke-width=\"1\"\/>\n    <g id=\"Ellipse_5\" data-name=\"Ellipse 5\" transform=\"translate(1328 931.406)\" fill=\"none\" stroke=\"#e41e3d\" stroke-width=\"1\">\n      <circle cx=\"8\" cy=\"8\" r=\"8\" stroke=\"none\"\/>\n      <circle cx=\"8\" cy=\"8\" r=\"7.5\" fill=\"none\"\/>\n    <\/g>\n  <\/g>\n<\/svg>\n\n    <span>\n       Zum Navigator des NVV\n    <\/span>\n  <\/a>\n\t\t\t\t<\/div>\n\t\t\t\t<\/div>\n\t\t\t\t<\/div>\n\t\t\t\t\t<\/details>\n\t\t\t\t\t\t<details id=\"e-n-accordion-item-2031\" class=\"e-n-accordion-item\" >\n\t\t\t\t<summary class=\"e-n-accordion-item-title\" data-accordion-index=\"2\" tabindex=\"-1\" aria-expanded=\"false\" aria-controls=\"e-n-accordion-item-2031\" >\n\t\t\t\t\t<span class='e-n-accordion-item-title-header'><div class=\"e-n-accordion-item-title-text\"> Tarife &amp; Tickets <\/div><\/span>\n\t\t\t\t\t\t\t<span class='e-n-accordion-item-title-icon'>\n\t\t\t<span class='e-opened' ><svg aria-hidden=\"true\" class=\"e-font-icon-svg e-fas-minus\" viewBox=\"0 0 448 512\" xmlns=\"http:\/\/www.w3.org\/2000\/svg\"><path d=\"M416 208H32c-17.67 0-32 14.33-32 32v32c0 17.67 14.33 32 32 32h384c17.67 0 32-14.33 32-32v-32c0-17.67-14.33-32-32-32z\"><\/path><\/svg><\/span>\n\t\t\t<span class='e-closed'><svg aria-hidden=\"true\" class=\"e-font-icon-svg e-fas-plus\" viewBox=\"0 0 448 512\" xmlns=\"http:\/\/www.w3.org\/2000\/svg\"><path d=\"M416 208H272V64c0-17.67-14.33-32-32-32h-32c-17.67 0-32 14.33-32 32v144H32c-17.67 0-32 14.33-32 32v32c0 17.67 14.33 32 32 32h144v144c0 17.67 14.33 32 32 32h32c17.67 0 32-14.33 32-32V304h144c17.67 0 32-14.33 32-32v-32c0-17.67-14.33-32-32-32z\"><\/path><\/svg><\/span>\n\t\t<\/span>\n\n\t\t\t\t\t\t<\/summary>\n\t\t\t\t<div role=\"region\" aria-labelledby=\"e-n-accordion-item-2031\" class=\"elementor-element elementor-element-300bbfd e-con-full e-flex e-con e-child\" data-id=\"300bbfd\" data-element_type=\"container\" data-e-type=\"container\">\n\t\t\t\t<div class=\"elementor-element elementor-element-efbe107 elementor-widget elementor-widget-wfg-text-editor\" data-id=\"efbe107\" data-element_type=\"widget\" data-e-type=\"widget\" data-widget_type=\"wfg-text-editor.default\">\n\t\t\t\t<div class=\"elementor-widget-container\">\n\t\t\t\t\t\t\t\t\t<p>Das <strong>zonale NVV-Tarifsystem<\/strong> garantiert durchg\u00e4ngige Fahrscheine vom Dorfbus bis zur Innenstadt-Tram. Preisstufen reichen von <strong>\u201eStadt Kassel\u201c<\/strong> (innerst\u00e4dtisch) \u00fcber <strong>\u201eKasselPlus\u201c<\/strong> (Stadt + Umland) bis hin zu verbundweiten Tickets. Digitale Vertriebskan\u00e4le wie die <strong>NVV-App<\/strong> erm\u00f6glichen Kauf, Echtzeit-Info und Abo-Verwaltung per Smartphone.<\/p>\t\t\t\t\t\t\t\t<\/div>\n\t\t\t\t<\/div>\n\t\t\t\t<div class=\"elementor-element elementor-element-f6d5354 elementor-widget elementor-widget-wfg-button\" data-id=\"f6d5354\" data-element_type=\"widget\" data-e-type=\"widget\" data-widget_type=\"wfg-button.default\">\n\t\t\t\t<div class=\"elementor-widget-container\">\n\t\t\t\t\t\n\n\n  <a href=\"https:\/\/www.nvv.de\/tickets\/kaufmoeglichkeiten\/apps\"\n   aria-label=\"Tickets beim NVV kaufen\"\n   class=\"uppercase font-extrabold rounded-full py-1.5 px-6 text-sm sm:text-base xl:text-xl transition-colors duration-150 border bg-accent text-white border-transparent hover:bg-transparent hover:border-accent hover:text-accent\"\n   rel=\"\">\n   Tickets beim NVV kaufen\n  <\/a>\n\t\t\t\t<\/div>\n\t\t\t\t<\/div>\n\t\t\t\t<div class=\"elementor-element elementor-element-c5cee71 elementor-widget elementor-widget-wfg-button\" data-id=\"c5cee71\" data-element_type=\"widget\" data-e-type=\"widget\" data-widget_type=\"wfg-button.default\">\n\t\t\t\t<div class=\"elementor-widget-container\">\n\t\t\t\t\t\n\n\n  <a href=\"https:\/\/www.kvg.de\/tickets\/\"\n   aria-label=\"Tickets bei der KVG kaufen\"\n   class=\"uppercase font-extrabold rounded-full py-1.5 px-6 text-sm sm:text-base xl:text-xl transition-colors duration-150 border bg-accent text-white border-transparent hover:bg-transparent hover:border-accent hover:text-accent\"\n   rel=\"\">\n   Tickets bei der KVG kaufen\n  <\/a>\n\t\t\t\t<\/div>\n\t\t\t\t<\/div>\n\t\t\t\t<\/div>\n\t\t\t\t\t<\/details>\n\t\t\t\t\t<\/div>\n\t\t\t\t\t\t<\/div>\n\t\t\t\t<\/div>\n\t\t\t\t\t<\/div>\n\t\t\t\t<\/div>\n\t\t<div class=\"elementor-element elementor-element-22ae1583 e-flex e-con-boxed e-con e-parent\" data-id=\"22ae1583\" data-element_type=\"container\" data-e-type=\"container\">\n\t\t\t\t\t<div class=\"e-con-inner\">\n\t\t\t\t<div class=\"elementor-element elementor-element-d4253dc elementor-widget elementor-widget-wfg-horizontal-line\" data-id=\"d4253dc\" data-element_type=\"widget\" data-e-type=\"widget\" data-widget_type=\"wfg-horizontal-line.default\">\n\t\t\t\t<div class=\"elementor-widget-container\">\n\t\t\t\t\t<hr class=\"h-1.5 sm:h-2 md:h-3 rounded-full !bg-primary !mx-auto w-[130px] sm:w-[160px] md:w-[180px] lg:w-[220px] xl:w-[240px]\">\n\n\t\t\t\t<\/div>\n\t\t\t\t<\/div>\n\t\t\t\t\t<\/div>\n\t\t\t\t<\/div>\n\t\t<div class=\"elementor-element elementor-element-11a763b e-flex e-con-boxed e-con e-parent\" data-id=\"11a763b\" data-element_type=\"container\" data-e-type=\"container\">\n\t\t\t\t\t<div class=\"e-con-inner\">\n\t\t\t\t<div class=\"elementor-element elementor-element-7b941d9 elementor-widget elementor-widget-wfg-text-editor\" data-id=\"7b941d9\" data-element_type=\"widget\" data-e-type=\"widget\" data-widget_type=\"wfg-text-editor.default\">\n\t\t\t\t<div class=\"elementor-widget-container\">\n\t\t\t\t\t\t\t\t\t<h2>Nehmen Sie Kontakt zu uns auf!<\/h2>\t\t\t\t\t\t\t\t<\/div>\n\t\t\t\t<\/div>\n\t\t\t\t\t<\/div>\n\t\t\t\t<\/div>\n\t\t<div class=\"elementor-element elementor-element-4e1ca5e4 e-flex e-con-boxed e-con e-parent\" data-id=\"4e1ca5e4\" data-element_type=\"container\" data-e-type=\"container\">\n\t\t\t\t\t<div class=\"e-con-inner\">\n\t\t<div class=\"elementor-element elementor-element-301b80c2 e-con-full e-flex e-con e-child\" data-id=\"301b80c2\" data-element_type=\"container\" data-e-type=\"container\">\n\t\t\t\t<div class=\"elementor-element elementor-element-17d495f elementor-widget elementor-widget-wfg-image\" data-id=\"17d495f\" data-element_type=\"widget\" data-e-type=\"widget\" data-widget_type=\"wfg-image.default\">\n\t\t\t\t<div class=\"elementor-widget-container\">\n\t\t\t\t\t\n\n<figure class=\"wp-caption \" data-image>\n      <div class=\"relative rounded-widget overflow-hidden \">\n      <img loading=\"lazy\" decoding=\"async\" width=\"2000\" height=\"1333\" src=\"https:\/\/wfg-kassel.de\/wp-content\/uploads\/2025\/01\/gruppenfoto-team-wirtschaftsfoerderung-region-kassel-2023.webp\" class=\"!w-full !object-cover \" alt=\"Mehrere Personen stehen zusammen und posieren vor Gebauede fuer ein Gruppenfoto\" srcset=\"https:\/\/wfg-kassel.de\/wp-content\/uploads\/2025\/01\/gruppenfoto-team-wirtschaftsfoerderung-region-kassel-2023.webp 2000w, https:\/\/wfg-kassel.de\/wp-content\/uploads\/2025\/01\/gruppenfoto-team-wirtschaftsfoerderung-region-kassel-2023-300x200.webp 300w, https:\/\/wfg-kassel.de\/wp-content\/uploads\/2025\/01\/gruppenfoto-team-wirtschaftsfoerderung-region-kassel-2023-1024x682.webp 1024w, https:\/\/wfg-kassel.de\/wp-content\/uploads\/2025\/01\/gruppenfoto-team-wirtschaftsfoerderung-region-kassel-2023-768x512.webp 768w, https:\/\/wfg-kassel.de\/wp-content\/uploads\/2025\/01\/gruppenfoto-team-wirtschaftsfoerderung-region-kassel-2023-1536x1024.webp 1536w, https:\/\/wfg-kassel.de\/wp-content\/uploads\/2025\/01\/gruppenfoto-team-wirtschaftsfoerderung-region-kassel-2023-18x12.webp 18w\" sizes=\"(max-width: 2000px) 100vw, 2000px\" \/>\n            <div class=\"copyright-hint absolute bottom-0 right-0 z-10 flex items-center gap-1.5 px-2.5 py-1.5 bg-[#F0F0F0] rounded-tl-widget max-w-9 overflow-hidden whitespace-nowrap cursor-pointer transition-all duration-200 ease-in-out\" tabindex=\"0\" data-no-translation>\n      <span class=\"shrink-0 text-xs md:text-base leading-none text-[#555]\">\u00a9<\/span>\n      <span class=\"text-xs md:text-base leading-none text-[#333] opacity-0 transition-opacity duration-150\">Carolin Ludwig<\/span>\n    <\/div>\n  \n    <\/div>\n  \n  <\/figure>\n\t\t\t\t<\/div>\n\t\t\t\t<\/div>\n\t\t\t\t<\/div>\n\t\t<div class=\"elementor-element elementor-element-df9a593 e-con-full e-flex e-con e-child\" data-id=\"df9a593\" data-element_type=\"container\" data-e-type=\"container\">\n\t\t\t\t<div class=\"elementor-element elementor-element-46e326f7 elementor-widget elementor-widget-wfg-text-editor\" data-id=\"46e326f7\" data-element_type=\"widget\" data-e-type=\"widget\" data-widget_type=\"wfg-text-editor.default\">\n\t\t\t\t<div class=\"elementor-widget-container\">\n\t\t\t\t\t\t\t\t\t<p>Sie haben weitere Fragen zum Website-Artikel oder m\u00f6chten von unseren exzellenten Netzwerken profitieren? Dann freuen wir uns auf den Austausch mit Ihnen. Als kompetenter erster Ansprechpartner stehen wir Ihnen gerne zur Verf\u00fcgung.<\/p>\n<p>Telefon: <a href=\"tel:+495617073350\">+49 561 70733-50<\/a><br \/>E-Mail: <a href=\"mailto:info@wfg-kassel.de\">info@wfg-kassel.de<\/a><\/p>\t\t\t\t\t\t\t\t<\/div>\n\t\t\t\t<\/div>\n\t\t\t\t<div class=\"elementor-element elementor-element-54b6f93c elementor-widget elementor-widget-wfg-button\" data-id=\"54b6f93c\" data-element_type=\"widget\" data-e-type=\"widget\" data-widget_type=\"wfg-button.default\">\n\t\t\t\t<div class=\"elementor-widget-container\">\n\t\t\t\t\t\n\n\n  <a href=\"\/kontakt\/#kontaktformular\"\n   aria-label=\"Zum Kontaktformular\"\n   class=\"uppercase font-extrabold py-1.5 px-6 text-lg xs:text-xl lg:text-2xl xl:text-3xl text-primary inline-flex items-center space-x-2 xs:space-x-3 lg:space-x-4 xl:space-x-6 hover:text-accent transition-colors\"\n   rel=\"\">\n    <svg xmlns=\"http:\/\/www.w3.org\/2000\/svg\" viewBox=\"0 0 16 16\" class=\"w-6 h-6 xs:w-8 xs:h-8 lg:w-10 lg:h-10 shrink-0\">\n  <g id=\"Group_62\" data-name=\"Group 62\" transform=\"translate(-931.406 1344) rotate(-90)\">\n    <path id=\"Icon_feather-chevron-down\" data-name=\"Icon feather-chevron-down\" d=\"M9,13.5l3.944,3.944L16.887,13.5\" transform=\"translate(1323.229 924.458)\" fill=\"none\" stroke=\"#e41e3d\" stroke-linecap=\"round\" stroke-linejoin=\"round\" stroke-width=\"1\"\/>\n    <g id=\"Ellipse_5\" data-name=\"Ellipse 5\" transform=\"translate(1328 931.406)\" fill=\"none\" stroke=\"#e41e3d\" stroke-width=\"1\">\n      <circle cx=\"8\" cy=\"8\" r=\"8\" stroke=\"none\"\/>\n      <circle cx=\"8\" cy=\"8\" r=\"7.5\" fill=\"none\"\/>\n    <\/g>\n  <\/g>\n<\/svg>\n\n    <span>\n       Zum Kontaktformular\n    <\/span>\n  <\/a>\n\t\t\t\t<\/div>\n\t\t\t\t<\/div>\n\t\t\t\t<\/div>\n\t\t\t\t\t<\/div>\n\t\t\t\t<\/div>\n\t\t\t\t<\/div>\n\t\t","protected":false},"excerpt":{"rendered":"<p>\u00a9 Andreas Weber \u00d6PNV und Bahnverkehr Kassel verf\u00fcgt \u00fcber ein dicht gekn\u00fcpftes Netz aus Stra\u00dfenbahnen, RegioTrams, Stadt- und Regionalbussen sowie AnrufSammelTaxis (AST). Zwei starke Partner sichern dieses Angebot: der Nordhessische VerkehrsVerbund (NVV) als Verbundorganisation f\u00fcr ganz Nordhessen und die Kasseler Verkehrs-Gesellschaft (KVG) als kommunaler Betreiber im Stadtgebiet und unmittelbaren Umland. Erg\u00e4nzt wird das Nahverkehrsnetz durch [&hellip;]<\/p>\n","protected":false},"author":3,"featured_media":0,"parent":8398,"menu_order":0,"comment_status":"closed","ping_status":"closed","template":"","meta":{"_acf_changed":false,"footnotes":""},"class_list":["post-8480","page","type-page","status-publish","hentry"],"acf":[],"yoast_head":"<!-- This site is optimized with the Yoast SEO plugin v27.5 - https:\/\/yoast.com\/product\/yoast-seo-wordpress\/ -->\n<title>\u00d6PNV &amp; Bahnfernverkehr<\/title>\n<meta name=\"robots\" content=\"index, follow, max-snippet:-1, max-image-preview:large, max-video-preview:-1\" \/>\n<link rel=\"canonical\" href=\"https:\/\/wfg-kassel.de\/en\/infrastructure-location\/public-transit-and-rail\/\" \/>\n<meta property=\"og:locale\" content=\"en_US\" \/>\n<meta property=\"og:type\" content=\"article\" \/>\n<meta property=\"og:title\" content=\"\u00d6PNV &amp; Bahnfernverkehr\" \/>\n<meta property=\"og:description\" content=\"\u00a9 Andreas Weber \u00d6PNV und Bahnverkehr Kassel verf\u00fcgt \u00fcber ein dicht gekn\u00fcpftes Netz aus Stra\u00dfenbahnen, RegioTrams, Stadt- und Regionalbussen sowie AnrufSammelTaxis (AST). Zwei starke Partner sichern dieses Angebot: der Nordhessische VerkehrsVerbund (NVV) als Verbundorganisation f\u00fcr ganz Nordhessen und die Kasseler Verkehrs-Gesellschaft (KVG) als kommunaler Betreiber im Stadtgebiet und unmittelbaren Umland. Erg\u00e4nzt wird das Nahverkehrsnetz durch [&hellip;]\" \/>\n<meta property=\"og:url\" content=\"https:\/\/wfg-kassel.de\/en\/infrastructure-location\/public-transit-and-rail\/\" \/>\n<meta property=\"og:site_name\" content=\"Wirtschaftsf\u00f6rderung Region Kassel\" \/>\n<meta property=\"article:modified_time\" content=\"2025-09-12T09:20:35+00:00\" \/>\n<meta property=\"og:image\" content=\"https:\/\/wfg-kassel.de\/wp-content\/uploads\/2025\/01\/tram-in-kassel-am-bahnhof-wilhelmshoehe.webp\" \/>\n<meta name=\"twitter:card\" content=\"summary_large_image\" \/>\n<meta name=\"twitter:label1\" content=\"Est. reading time\" \/>\n\t<meta name=\"twitter:data1\" content=\"4 minutes\" \/>\n<script type=\"application\/ld+json\" class=\"yoast-schema-graph\">{\"@context\":\"https:\\\/\\\/schema.org\",\"@graph\":[{\"@type\":\"WebPage\",\"@id\":\"https:\\\/\\\/wfg-kassel.de\\\/infrastruktur-lage\\\/oepnv-bahnfernverkehr\\\/\",\"url\":\"https:\\\/\\\/wfg-kassel.de\\\/infrastruktur-lage\\\/oepnv-bahnfernverkehr\\\/\",\"name\":\"\u00d6PNV & Bahnfernverkehr\",\"isPartOf\":{\"@id\":\"https:\\\/\\\/wfg-kassel.de\\\/#website\"},\"primaryImageOfPage\":{\"@id\":\"https:\\\/\\\/wfg-kassel.de\\\/infrastruktur-lage\\\/oepnv-bahnfernverkehr\\\/#primaryimage\"},\"image\":{\"@id\":\"https:\\\/\\\/wfg-kassel.de\\\/infrastruktur-lage\\\/oepnv-bahnfernverkehr\\\/#primaryimage\"},\"thumbnailUrl\":\"https:\\\/\\\/wfg-kassel.de\\\/wp-content\\\/uploads\\\/2025\\\/01\\\/tram-in-kassel-am-bahnhof-wilhelmshoehe.webp\",\"datePublished\":\"2025-05-14T10:47:35+00:00\",\"dateModified\":\"2025-09-12T09:20:35+00:00\",\"breadcrumb\":{\"@id\":\"https:\\\/\\\/wfg-kassel.de\\\/infrastruktur-lage\\\/oepnv-bahnfernverkehr\\\/#breadcrumb\"},\"inLanguage\":\"en-US\",\"potentialAction\":[{\"@type\":\"ReadAction\",\"target\":[\"https:\\\/\\\/wfg-kassel.de\\\/infrastruktur-lage\\\/oepnv-bahnfernverkehr\\\/\"]}]},{\"@type\":\"ImageObject\",\"inLanguage\":\"en-US\",\"@id\":\"https:\\\/\\\/wfg-kassel.de\\\/infrastruktur-lage\\\/oepnv-bahnfernverkehr\\\/#primaryimage\",\"url\":\"https:\\\/\\\/wfg-kassel.de\\\/wp-content\\\/uploads\\\/2025\\\/01\\\/tram-in-kassel-am-bahnhof-wilhelmshoehe.webp\",\"contentUrl\":\"https:\\\/\\\/wfg-kassel.de\\\/wp-content\\\/uploads\\\/2025\\\/01\\\/tram-in-kassel-am-bahnhof-wilhelmshoehe.webp\"},{\"@type\":\"BreadcrumbList\",\"@id\":\"https:\\\/\\\/wfg-kassel.de\\\/infrastruktur-lage\\\/oepnv-bahnfernverkehr\\\/#breadcrumb\",\"itemListElement\":[{\"@type\":\"ListItem\",\"position\":1,\"name\":\"Startseite\",\"item\":\"https:\\\/\\\/wfg-kassel.de\\\/\"},{\"@type\":\"ListItem\",\"position\":2,\"name\":\"Infrastruktur &#038; Lage\",\"item\":\"https:\\\/\\\/wfg-kassel.de\\\/infrastruktur-lage\\\/\"},{\"@type\":\"ListItem\",\"position\":3,\"name\":\"\u00d6PNV &#038; Bahnfernverkehr\"}]},{\"@type\":\"WebSite\",\"@id\":\"https:\\\/\\\/wfg-kassel.de\\\/#website\",\"url\":\"https:\\\/\\\/wfg-kassel.de\\\/\",\"name\":\"Wirtschaftsf\u00f6rderung Region Kassel\",\"description\":\"\",\"publisher\":{\"@id\":\"https:\\\/\\\/wfg-kassel.de\\\/#organization\"},\"potentialAction\":[{\"@type\":\"SearchAction\",\"target\":{\"@type\":\"EntryPoint\",\"urlTemplate\":\"https:\\\/\\\/wfg-kassel.de\\\/?s={search_term_string}\"},\"query-input\":{\"@type\":\"PropertyValueSpecification\",\"valueRequired\":true,\"valueName\":\"search_term_string\"}}],\"inLanguage\":\"en-US\"},{\"@type\":\"Organization\",\"@id\":\"https:\\\/\\\/wfg-kassel.de\\\/#organization\",\"name\":\"Wirtschaftsf\u00f6rderung Region Kassel\",\"url\":\"https:\\\/\\\/wfg-kassel.de\\\/\",\"logo\":{\"@type\":\"ImageObject\",\"inLanguage\":\"en-US\",\"@id\":\"https:\\\/\\\/wfg-kassel.de\\\/#\\\/schema\\\/logo\\\/image\\\/\",\"url\":\"https:\\\/\\\/wfg-kassel.de\\\/wp-content\\\/uploads\\\/2024\\\/02\\\/logo_wfg.svg\",\"contentUrl\":\"https:\\\/\\\/wfg-kassel.de\\\/wp-content\\\/uploads\\\/2024\\\/02\\\/logo_wfg.svg\",\"width\":339,\"height\":90,\"caption\":\"Wirtschaftsf\u00f6rderung Region Kassel\"},\"image\":{\"@id\":\"https:\\\/\\\/wfg-kassel.de\\\/#\\\/schema\\\/logo\\\/image\\\/\"}}]}<\/script>\n<!-- \/ Yoast SEO plugin. -->","yoast_head_json":{"title":"Local public transport &amp; long-distance rail services","robots":{"index":"index","follow":"follow","max-snippet":"max-snippet:-1","max-image-preview":"max-image-preview:large","max-video-preview":"max-video-preview:-1"},"canonical":"https:\/\/wfg-kassel.de\/en\/infrastructure-location\/public-transit-and-rail\/","og_locale":"en_US","og_type":"article","og_title":"\u00d6PNV & Bahnfernverkehr","og_description":"\u00a9 Andreas Weber \u00d6PNV und Bahnverkehr Kassel verf\u00fcgt \u00fcber ein dicht gekn\u00fcpftes Netz aus Stra\u00dfenbahnen, RegioTrams, Stadt- und Regionalbussen sowie AnrufSammelTaxis (AST). Zwei starke Partner sichern dieses Angebot: der Nordhessische VerkehrsVerbund (NVV) als Verbundorganisation f\u00fcr ganz Nordhessen und die Kasseler Verkehrs-Gesellschaft (KVG) als kommunaler Betreiber im Stadtgebiet und unmittelbaren Umland. Erg\u00e4nzt wird das Nahverkehrsnetz durch [&hellip;]","og_url":"https:\/\/wfg-kassel.de\/en\/infrastructure-location\/public-transit-and-rail\/","og_site_name":"Wirtschaftsf\u00f6rderung Region Kassel","article_modified_time":"2025-09-12T09:20:35+00:00","og_image":[{"url":"https:\/\/wfg-kassel.de\/wp-content\/uploads\/2025\/01\/tram-in-kassel-am-bahnhof-wilhelmshoehe.webp","type":"","width":"","height":""}],"twitter_card":"summary_large_image","twitter_misc":{"Est. reading time":"4 minutes"},"schema":{"@context":"https:\/\/schema.org","@graph":[{"@type":"WebPage","@id":"https:\/\/wfg-kassel.de\/infrastruktur-lage\/oepnv-bahnfernverkehr\/","url":"https:\/\/wfg-kassel.de\/infrastruktur-lage\/oepnv-bahnfernverkehr\/","name":"Local public transport &amp; long-distance rail services","isPartOf":{"@id":"https:\/\/wfg-kassel.de\/#website"},"primaryImageOfPage":{"@id":"https:\/\/wfg-kassel.de\/infrastruktur-lage\/oepnv-bahnfernverkehr\/#primaryimage"},"image":{"@id":"https:\/\/wfg-kassel.de\/infrastruktur-lage\/oepnv-bahnfernverkehr\/#primaryimage"},"thumbnailUrl":"https:\/\/wfg-kassel.de\/wp-content\/uploads\/2025\/01\/tram-in-kassel-am-bahnhof-wilhelmshoehe.webp","datePublished":"2025-05-14T10:47:35+00:00","dateModified":"2025-09-12T09:20:35+00:00","breadcrumb":{"@id":"https:\/\/wfg-kassel.de\/infrastruktur-lage\/oepnv-bahnfernverkehr\/#breadcrumb"},"inLanguage":"en-US","potentialAction":[{"@type":"ReadAction","target":["https:\/\/wfg-kassel.de\/infrastruktur-lage\/oepnv-bahnfernverkehr\/"]}]},{"@type":"ImageObject","inLanguage":"en-US","@id":"https:\/\/wfg-kassel.de\/infrastruktur-lage\/oepnv-bahnfernverkehr\/#primaryimage","url":"https:\/\/wfg-kassel.de\/wp-content\/uploads\/2025\/01\/tram-in-kassel-am-bahnhof-wilhelmshoehe.webp","contentUrl":"https:\/\/wfg-kassel.de\/wp-content\/uploads\/2025\/01\/tram-in-kassel-am-bahnhof-wilhelmshoehe.webp"},{"@type":"BreadcrumbList","@id":"https:\/\/wfg-kassel.de\/infrastruktur-lage\/oepnv-bahnfernverkehr\/#breadcrumb","itemListElement":[{"@type":"ListItem","position":1,"name":"Startseite","item":"https:\/\/wfg-kassel.de\/"},{"@type":"ListItem","position":2,"name":"Infrastruktur &#038; Lage","item":"https:\/\/wfg-kassel.de\/infrastruktur-lage\/"},{"@type":"ListItem","position":3,"name":"\u00d6PNV &#038; Bahnfernverkehr"}]},{"@type":"WebSite","@id":"https:\/\/wfg-kassel.de\/#website","url":"https:\/\/wfg-kassel.de\/","name":"Wirtschaftsf\u00f6rderung Region Kassel","description":"","publisher":{"@id":"https:\/\/wfg-kassel.de\/#organization"},"potentialAction":[{"@type":"SearchAction","target":{"@type":"EntryPoint","urlTemplate":"https:\/\/wfg-kassel.de\/?s={search_term_string}"},"query-input":{"@type":"PropertyValueSpecification","valueRequired":true,"valueName":"search_term_string"}}],"inLanguage":"en-US"},{"@type":"Organization","@id":"https:\/\/wfg-kassel.de\/#organization","name":"Wirtschaftsf\u00f6rderung Region Kassel","url":"https:\/\/wfg-kassel.de\/","logo":{"@type":"ImageObject","inLanguage":"en-US","@id":"https:\/\/wfg-kassel.de\/#\/schema\/logo\/image\/","url":"https:\/\/wfg-kassel.de\/wp-content\/uploads\/2024\/02\/logo_wfg.svg","contentUrl":"https:\/\/wfg-kassel.de\/wp-content\/uploads\/2024\/02\/logo_wfg.svg","width":339,"height":90,"caption":"Wirtschaftsf\u00f6rderung Region Kassel"},"image":{"@id":"https:\/\/wfg-kassel.de\/#\/schema\/logo\/image\/"}}]}},"_links":{"self":[{"href":"https:\/\/wfg-kassel.de\/en\/wp-json\/wp\/v2\/pages\/8480","targetHints":{"allow":["GET"]}}],"collection":[{"href":"https:\/\/wfg-kassel.de\/en\/wp-json\/wp\/v2\/pages"}],"about":[{"href":"https:\/\/wfg-kassel.de\/en\/wp-json\/wp\/v2\/types\/page"}],"author":[{"embeddable":true,"href":"https:\/\/wfg-kassel.de\/en\/wp-json\/wp\/v2\/users\/3"}],"replies":[{"embeddable":true,"href":"https:\/\/wfg-kassel.de\/en\/wp-json\/wp\/v2\/comments?post=8480"}],"version-history":[{"count":5,"href":"https:\/\/wfg-kassel.de\/en\/wp-json\/wp\/v2\/pages\/8480\/revisions"}],"predecessor-version":[{"id":10087,"href":"https:\/\/wfg-kassel.de\/en\/wp-json\/wp\/v2\/pages\/8480\/revisions\/10087"}],"up":[{"embeddable":true,"href":"https:\/\/wfg-kassel.de\/en\/wp-json\/wp\/v2\/pages\/8398"}],"wp:attachment":[{"href":"https:\/\/wfg-kassel.de\/en\/wp-json\/wp\/v2\/media?parent=8480"}],"curies":[{"name":"wp","href":"https:\/\/api.w.org\/{rel}","templated":true}]}}