{"id":86,"date":"2024-02-25T12:36:08","date_gmt":"2024-02-25T12:36:08","guid":{"rendered":"http:\/\/wfg-kassel\/?page_id=86"},"modified":"2025-10-30T10:24:34","modified_gmt":"2025-10-30T09:24:34","slug":"shareholders-advisory-board","status":"publish","type":"page","link":"https:\/\/wfg-kassel.de\/en\/gesellschafter-beirat\/","title":{"rendered":"Shareholder &amp; advisory board"},"content":{"rendered":"\t\t<div data-elementor-type=\"wp-page\" data-elementor-id=\"86\" class=\"elementor elementor-86\" data-elementor-post-type=\"page\">\n\t\t\t\t<div class=\"elementor-element elementor-element-1c5dea73 e-con-full e-flex e-con e-parent\" data-id=\"1c5dea73\" data-element_type=\"container\" data-e-type=\"container\">\n\t\t<div class=\"elementor-element elementor-element-d5c2ced e-con-full e-flex e-con e-child\" data-id=\"d5c2ced\" data-element_type=\"container\" data-e-type=\"container\">\n\t\t\t\t<div class=\"elementor-element elementor-element-1429f47c elementor-widget elementor-widget-wfg-header-banner\" data-id=\"1429f47c\" data-element_type=\"widget\" data-e-type=\"widget\" data-widget_type=\"wfg-header-banner.default\">\n\t\t\t\t<div class=\"elementor-widget-container\">\n\t\t\t\t\t<div class=\"header-banner flex flex-col md:flex-row\">\n  <div class=\"md:w-1\/2\">\n    \n\n<figure class=\"wp-caption \" data-image>\n      <div class=\"relative  \">\n      <img fetchpriority=\"high\" decoding=\"async\" width=\"2000\" height=\"1333\" src=\"https:\/\/wfg-kassel.de\/wp-content\/uploads\/2025\/01\/gesellschafterversammlung-juni-2024.webp\" class=\"!w-full !object-cover !max-h-[475px] aspect-video\" alt=\"Gruppe an Menschen steht auf Terrasse vor Sonnenschirm\" srcset=\"https:\/\/wfg-kassel.de\/wp-content\/uploads\/2025\/01\/gesellschafterversammlung-juni-2024.webp 2000w, https:\/\/wfg-kassel.de\/wp-content\/uploads\/2025\/01\/gesellschafterversammlung-juni-2024-300x200.webp 300w, https:\/\/wfg-kassel.de\/wp-content\/uploads\/2025\/01\/gesellschafterversammlung-juni-2024-1024x682.webp 1024w, https:\/\/wfg-kassel.de\/wp-content\/uploads\/2025\/01\/gesellschafterversammlung-juni-2024-768x512.webp 768w, https:\/\/wfg-kassel.de\/wp-content\/uploads\/2025\/01\/gesellschafterversammlung-juni-2024-1536x1024.webp 1536w, https:\/\/wfg-kassel.de\/wp-content\/uploads\/2025\/01\/gesellschafterversammlung-juni-2024-18x12.webp 18w\" sizes=\"(max-width: 2000px) 100vw, 2000px\" \/>\n            <div class=\"copyright-hint absolute bottom-0 right-0 z-10 flex items-center gap-1.5 px-2.5 py-1.5 bg-[#F0F0F0] rounded-tl-widget max-w-9 overflow-hidden whitespace-nowrap cursor-pointer transition-all duration-200 ease-in-out\" tabindex=\"0\" data-no-translation>\n      <span class=\"shrink-0 text-xs md:text-base leading-none text-[#555]\">\u00a9<\/span>\n      <span class=\"text-xs md:text-base leading-none text-[#333] opacity-0 transition-opacity duration-150\">Wirtschaftsf\u00f6rderung Region Kassel<\/span>\n    <\/div>\n  \n    <\/div>\n  \n  <\/figure>\n\n  <\/div>\n  <div class=\"md:w-1\/2 bg-primary px-4 py-12 sm:py-14 md:p-8 xl:pl-14 flex flex-col justify-center relative\">\n    <h1 class=\"inline-block self-start xl:max-w-[680px] mb-4\">Unsere Gesellschafter und unser Beirat<\/h1>\n  <\/div>\n<\/div>\n\t\t\t\t<\/div>\n\t\t\t\t<\/div>\n\t\t\t\t<\/div>\n\t\t\t\t<\/div>\n\t\t<div class=\"elementor-element elementor-element-65d6b57 e-flex e-con-boxed e-con e-parent\" data-id=\"65d6b57\" data-element_type=\"container\" data-e-type=\"container\">\n\t\t\t\t\t<div class=\"e-con-inner\">\n\t\t\t\t<div class=\"elementor-element elementor-element-116e6d2 elementor-widget elementor-widget-wfg-text-editor\" data-id=\"116e6d2\" data-element_type=\"widget\" data-e-type=\"widget\" data-widget_type=\"wfg-text-editor.default\">\n\t\t\t\t<div class=\"elementor-widget-container\">\n\t\t\t\t\t\t\t\t\t<p class=\"aufmachertext\">Mit der Gr\u00fcndung der \u201eWirtschaftsf\u00f6rderungsgesellschaft Kassel mbH\u201c, die heute unter dem Namen &#8222;<strong>Wirtschaftsf\u00f6rderung Region Kassel GmbH<\/strong>&#8220; (WFG Kassel) bekannt ist, wurde im Jahr 1988 eine vertrauensw\u00fcrdige Anlaufstelle f\u00fcr Unternehmen, die Politik, den <a href=\"\/kassel-bildet-zukunft\/forschungsstandort-kassel\/\">Forschungssektor<\/a> sowie andere Stakeholder geschaffen. Die Stadt Kassel und der Landkreis Kassel arbeiteten Hand in Hand zusammen und entwickelten die <strong>WFG als eines der ersten Public-Private-Partnership-Projekte in der Region<\/strong> bis Ende der 1990er Jahre zu einer eigenst\u00e4ndigen GmbH weiter.<\/p>\t\t\t\t\t\t\t\t<\/div>\n\t\t\t\t<\/div>\n\t\t\t\t\t<\/div>\n\t\t\t\t<\/div>\n\t\t<div class=\"elementor-element elementor-element-1b8bfb0 e-flex e-con-boxed e-con e-parent\" data-id=\"1b8bfb0\" data-element_type=\"container\" data-e-type=\"container\">\n\t\t\t\t\t<div class=\"e-con-inner\">\n\t\t\t\t<div class=\"elementor-element elementor-element-a5e5bea elementor-widget elementor-widget-wfg-text-editor\" data-id=\"a5e5bea\" data-element_type=\"widget\" data-e-type=\"widget\" data-widget_type=\"wfg-text-editor.default\">\n\t\t\t\t<div class=\"elementor-widget-container\">\n\t\t\t\t\t\t\t\t\t<h2>\u00dcberblick Gesellschafter<\/h2>\t\t\t\t\t\t\t\t<\/div>\n\t\t\t\t<\/div>\n\t\t\t\t\t<\/div>\n\t\t\t\t<\/div>\n\t\t<div class=\"elementor-element elementor-element-6dceab22 e-flex e-con-boxed e-con e-parent\" data-id=\"6dceab22\" data-element_type=\"container\" data-e-type=\"container\">\n\t\t\t\t\t<div class=\"e-con-inner\">\n\t\t<div class=\"elementor-element elementor-element-7d35a8e9 e-con-full e-flex e-con e-child\" data-id=\"7d35a8e9\" data-element_type=\"container\" data-e-type=\"container\">\n\t\t\t\t<div class=\"elementor-element elementor-element-c935410 elementor-widget elementor-widget-wfg-text-editor\" data-id=\"c935410\" data-element_type=\"widget\" data-e-type=\"widget\" data-widget_type=\"wfg-text-editor.default\">\n\t\t\t\t<div class=\"elementor-widget-container\">\n\t\t\t\t\t\t\t\t\t<p>Neben der <a href=\"https:\/\/www.kassel.de\/\">Stadt Kassel<\/a> und dem <a href=\"https:\/\/www.landkreiskassel.de\/\">Landkreis Kassel<\/a> geh\u00f6ren heute auch die <a href=\"https:\/\/www.kasseler-sparkasse.de\/de\/home.html\">Kasseler Sparkasse<\/a>, die <a href=\"https:\/\/www.volksbank-kassel-goettingen.de\/startseite.html\">Volksbank Kassel G\u00f6ttingen eG<\/a>, die <a href=\"https:\/\/www.ihk.de\/kassel-marburg\/\">IHK Kassel-Marburg<\/a> und die <a href=\"https:\/\/www.hwk-kassel.de\/\">Handwerkskammer Kassel<\/a> zu den <strong>Gesellschaftern der Wirtschaftsf\u00f6rderung Region Kassel GmbH<\/strong>. Im Gesellschaftsvertrag verankert ist der Passus, dass die WFG Kassel alle Ma\u00dfnahmen f\u00f6rdert, die der <strong>St\u00e4rkung der Wirtschaftskraft<\/strong> der Stadt und des Landkreises Kassel, der <strong>Verbesserung der <a href=\"\/wirtschaft\/\">wirtschaftsnahen Infrastruktur<\/a><\/strong> und der <strong>Sicherung und Schaffung von <a href=\"\/lebenswertes-kassel\/arbeiten-karriere\/\">Arbeitspl\u00e4tzen<\/a><\/strong> dienen.<\/p>\n<p>Um m\u00f6glichst <strong>unparteiisch<\/strong> zu agieren und dieses Ziel zu erreichen, wurde vereinbart, dass die GmbH<strong> f\u00fcr ihre Dienstleistungen keine direkten monet\u00e4ren Gegenleistungen<\/strong> verlangen darf. Dabei werden die operativen Kosten prozentual von den Gesellschaftern getragen.<\/p>\t\t\t\t\t\t\t\t<\/div>\n\t\t\t\t<\/div>\n\t\t\t\t<\/div>\n\t\t<div class=\"elementor-element elementor-element-570ad9c1 e-con-full e-flex e-con e-child\" data-id=\"570ad9c1\" data-element_type=\"container\" data-e-type=\"container\">\n\t\t\t\t<div class=\"elementor-element elementor-element-afc8b18 elementor-widget elementor-widget-wfg-text-editor\" data-id=\"afc8b18\" data-element_type=\"widget\" data-e-type=\"widget\" data-widget_type=\"wfg-text-editor.default\">\n\t\t\t\t<div class=\"elementor-widget-container\">\n\t\t\t\t\t\t\t\t\t<table style=\"border-collapse: collapse; width: 100%;\">\n<tbody>\n<tr>\n<td style=\"width: 40.9745%;\">Gesellschafter<\/td>\n<td style=\"width: 32.835%;\">Stammeinlage in Euro (\u20ac)<\/td>\n<td style=\"width: 26.1904%;\">Anteil in Prozent (%)<\/td>\n<\/tr>\n<tr>\n<td style=\"width: 40.9745%;\">Stadt Kassel<\/td>\n<td style=\"width: 32.835%;\">18.410<\/td>\n<td style=\"width: 26.1904%;\">25,5<\/td>\n<\/tr>\n<tr>\n<td style=\"width: 40.9745%;\">Landkreis Kassel<\/td>\n<td style=\"width: 32.835%;\">18.410<\/td>\n<td style=\"width: 26.1904%;\">25,5<\/td>\n<\/tr>\n<tr>\n<td style=\"width: 40.9745%;\">Kasseler Sparkasse<\/td>\n<td style=\"width: 32.835%;\">17.640<\/td>\n<td style=\"width: 26.1904%;\">24,5<\/td>\n<\/tr>\n<tr>\n<td style=\"width: 40.9745%;\">Volksbank Kassel-G\u00f6ttingen eG<\/td>\n<td style=\"width: 32.835%;\">7.670<\/td>\n<td style=\"width: 26.1904%;\">10,6<\/td>\n<\/tr>\n<tr>\n<td style=\"width: 40.9745%;\">IHK Kassel-Marburg<\/td>\n<td style=\"width: 32.835%;\">7.420<\/td>\n<td style=\"width: 26.1904%;\">10,3<\/td>\n<\/tr>\n<tr>\n<td style=\"width: 40.9745%;\">Handwerkskammer Kassel<\/td>\n<td style=\"width: 32.835%;\">2.560<\/td>\n<td style=\"width: 26.1904%;\">3,6<\/td>\n<\/tr>\n<tr>\n<td style=\"width: 40.9745%;\"><strong>Gesamt<\/strong><\/td>\n<td style=\"width: 32.835%;\"><strong>72.110<\/strong><\/td>\n<td style=\"width: 26.1904%;\"><strong>100<\/strong><\/td>\n<\/tr>\n<\/tbody>\n<\/table>\t\t\t\t\t\t\t\t<\/div>\n\t\t\t\t<\/div>\n\t\t\t\t<\/div>\n\t\t\t\t\t<\/div>\n\t\t\t\t<\/div>\n\t\t<div class=\"elementor-element elementor-element-9a8b32b e-flex e-con-boxed e-con e-parent\" data-id=\"9a8b32b\" data-element_type=\"container\" data-e-type=\"container\">\n\t\t\t\t\t<div class=\"e-con-inner\">\n\t\t\t\t<div class=\"elementor-element elementor-element-735599d elementor-widget elementor-widget-wfg-text-editor\" data-id=\"735599d\" data-element_type=\"widget\" data-e-type=\"widget\" data-widget_type=\"wfg-text-editor.default\">\n\t\t\t\t<div class=\"elementor-widget-container\">\n\t\t\t\t\t\t\t\t\t<h2>\u00dcberblick Beirat<\/h2>\t\t\t\t\t\t\t\t<\/div>\n\t\t\t\t<\/div>\n\t\t\t\t\t<\/div>\n\t\t\t\t<\/div>\n\t\t<div class=\"elementor-element elementor-element-b3392be e-flex e-con-boxed e-con e-parent\" data-id=\"b3392be\" data-element_type=\"container\" data-e-type=\"container\">\n\t\t\t\t\t<div class=\"e-con-inner\">\n\t\t\t\t<div class=\"elementor-element elementor-element-5db34d2 elementor-widget elementor-widget-wfg-text-editor\" data-id=\"5db34d2\" data-element_type=\"widget\" data-e-type=\"widget\" data-widget_type=\"wfg-text-editor.default\">\n\t\t\t\t<div class=\"elementor-widget-container\">\n\t\t\t\t\t\t\t\t\t<p>Der Beirat der WFG Kassel besteht aus einem Vorsitzenden und bis zu 16 Personen. Er ist <strong>mit<\/strong> <strong>Vertretern der Gesellschafter, der politischen Fraktionen aus Stadt und Landkreis Kassel, den Kammern, der Arbeitsverwaltung, den Gewerkschaften sowie der Universit\u00e4t Kassel besetzt<\/strong>. In mehreren j\u00e4hrlichen Sitzungen ber\u00e4t und unterst\u00fctzt er die Gesch\u00e4ftsf\u00fchrung und die Gesellschafterversammlung in wegweisenden Belangen. Dabei tagt er nicht \u00f6ffentlich, um anstehende wichtige Entscheidungen von hoher politischer Tragweite im Vorfeld diskutieren und sich einigen zu k\u00f6nnen.<\/p>\n<p>Unser Beirat setzt sich zusammen aus einer vorsitzenden Person, Mitgliedern sowie st\u00e4ndigen G\u00e4sten. Diese haben wir f\u00fcr Sie in den folgenden, aufklappbaren Bausteinen aufgelistet.<\/p>\t\t\t\t\t\t\t\t<\/div>\n\t\t\t\t<\/div>\n\t\t\t\t\t<\/div>\n\t\t\t\t<\/div>\n\t\t<div class=\"elementor-element elementor-element-76a2104f e-flex e-con-boxed e-con e-parent\" data-id=\"76a2104f\" data-element_type=\"container\" data-e-type=\"container\">\n\t\t\t\t\t<div class=\"e-con-inner\">\n\t\t\t\t<div class=\"elementor-element elementor-element-b64c5d2 elementor-widget__width-inherit elementor-widget elementor-widget-wfg-accordion\" data-id=\"b64c5d2\" data-element_type=\"widget\" data-e-type=\"widget\" data-widget_type=\"wfg-accordion.default\">\n\t\t\t\t<div class=\"elementor-widget-container\">\n\t\t\t\t\t<div data-accordion class=\"divide-primary divide-y border-primary border-t border-b\">\n      <div class=\"py-4 px-4\" data-accordion-entry>\n      <div class=\"flex font-bold md:text-xl xl:text-2xl text-secondary-dark cursor-pointer\" aria-expanded=\"false\" role=\"button\" id=\"tab_control_a6e1a3e\" aria-controls=\"accordion_tab_a6e1a3e\" tabindex=\"0\">\n        <span class=\"hidden w-5\" data-minus>-<\/span>\n        <span class=\"w-5\" data-plus>+<\/span>\n        <span class=\"block w-full\">\n          Vorsitzende Person\n        <\/span>\n      <\/div>\n      <div aria-labelledby=\"tab_control_a6e1a3e\" role=\"region\" id=\"accordion_tab_a6e1a3e\" class=\"pl-5 h-0 overflow-y-hidden overflow-x-auto transition-height ease-linear duration-300\">\n        <ul>\n<li>Prof. Dr. Rolf-Dieter Postlep<\/li>\n<\/ul>\n      <\/div>\n    <\/div>\n      <div class=\"py-4 px-4\" data-accordion-entry>\n      <div class=\"flex font-bold md:text-xl xl:text-2xl text-secondary-dark cursor-pointer\" aria-expanded=\"false\" role=\"button\" id=\"tab_control_c83061b\" aria-controls=\"accordion_tab_c83061b\" tabindex=\"0\">\n        <span class=\"hidden w-5\" data-minus>-<\/span>\n        <span class=\"w-5\" data-plus>+<\/span>\n        <span class=\"block w-full\">\n          Mitglieder\n        <\/span>\n      <\/div>\n      <div aria-labelledby=\"tab_control_c83061b\" role=\"region\" id=\"accordion_tab_c83061b\" class=\"pl-5 h-0 overflow-y-hidden overflow-x-auto transition-height ease-linear duration-300\">\n        <ul>\n<li>Ingolf Cedra (Fa. H\u00fcbner)<\/li>\n<li>Wolfgang Decker (SPD)<\/li>\n<li>Selina Holtermann (B\u00fcndnis 90\/Die Gr\u00fcnen)<\/li>\n<li>Dorothee K\u00f6pp (B\u00fcndnis 90\/Die Gr\u00fcnen)<\/li>\n<li>Anika Kretschmar (Fa. Glinicke Gruppe)<\/li>\n<li>Kai Reinhard (Fa. Micromata)<\/li>\n<li>Karsten St\u00fcckrath (Fa. ARVOS\/Schmidtsche Schack)<\/li>\n<li>Dr. Norbert Wett (CDU)<\/li>\n<li>Marcel Br\u00fcckmann (SPD)<\/li>\n<li>Julia Esterer (Fa. Esterer Fahrzeugaufbauten und Anlagen, Helsa)<\/li>\n<li>Hans Franke (Fa. Energy Glas, Wolfhagen)<\/li>\n<li>Timon Gremmels (SPD)<\/li>\n<li>Dr. Thomas Gudehus (B\u00fcndnis 90\/Die Gr\u00fcnen)<\/li>\n<li>Dr. Vark Helfritz (Fa. AIRBUS Helicopters Technik, Calden)<\/li>\n<li>Goetz-Heinrich Henkel (CDU)<\/li>\n<li>Andreas Wiggenhagen (Fa. Kemper System, Vellmar)<\/li>\n<\/ul>\n      <\/div>\n    <\/div>\n      <div class=\"py-4 px-4\" data-accordion-entry>\n      <div class=\"flex font-bold md:text-xl xl:text-2xl text-secondary-dark cursor-pointer\" aria-expanded=\"false\" role=\"button\" id=\"tab_control_08d83ec\" aria-controls=\"accordion_tab_08d83ec\" tabindex=\"0\">\n        <span class=\"hidden w-5\" data-minus>-<\/span>\n        <span class=\"w-5\" data-plus>+<\/span>\n        <span class=\"block w-full\">\n          St\u00e4ndige G\u00e4ste\n        <\/span>\n      <\/div>\n      <div aria-labelledby=\"tab_control_08d83ec\" role=\"region\" id=\"accordion_tab_08d83ec\" class=\"pl-5 h-0 overflow-y-hidden overflow-x-auto transition-height ease-linear duration-300\">\n        <ul>\n<li>Katrin Bock (Bildungszentrum Kassel)<\/li>\n<li>Dr. Oliver Fromm (Universit\u00e4t Kassel)<\/li>\n<li>Jenny Huschke (DGB Nordhessen)<\/li>\n<li>Dr. Arnd Klein-Zirbes (IHK Kassel-Marburg)<\/li>\n<li>Alexander Krick (Fa. Volkswagen AG)<\/li>\n<li>J\u00fcrgen M\u00fcller (Handwerkskammer Kassel)<\/li>\n<li>Matthias N\u00f6lke (Stadt Kassel)<\/li>\n<li>Daniel Opper (Universit\u00e4t Kassel)<\/li>\n<li>Dieter Posch (Staatsminister a. D.)<\/li>\n<li>Alexandra Fuchs (Agentur f\u00fcr Arbeit Kassel)<\/li>\n<li>Dr. Sven Schoeller (Oberb\u00fcrgermeister Stadt Kassel)<\/li>\n<li>Hauke Schuler \/ Marco Gajewski (Fa. Daimler Truck AG)<\/li>\n<li>Andreas Siebert (Landrat Landkreis Kassel)<\/li>\n<li>Coralie Zilch (VhU Nordhessen)<\/li>\n<li>Eric Quiring (Fa. SMA Solar Technology AG)<\/li>\n<li>N.N. (WELL Being Stiftung)<\/li>\n<\/ul>\n      <\/div>\n    <\/div>\n  <\/div>\n\t\t\t\t<\/div>\n\t\t\t\t<\/div>\n\t\t\t\t\t<\/div>\n\t\t\t\t<\/div>\n\t\t<div class=\"elementor-element elementor-element-7f72effa e-flex e-con-boxed e-con e-parent\" data-id=\"7f72effa\" data-element_type=\"container\" data-e-type=\"container\">\n\t\t\t\t\t<div class=\"e-con-inner\">\n\t\t\t\t<div class=\"elementor-element elementor-element-f3c49dc elementor-widget elementor-widget-wfg-horizontal-line\" data-id=\"f3c49dc\" data-element_type=\"widget\" data-e-type=\"widget\" data-widget_type=\"wfg-horizontal-line.default\">\n\t\t\t\t<div class=\"elementor-widget-container\">\n\t\t\t\t\t<hr class=\"h-1.5 sm:h-2 md:h-3 rounded-full !bg-primary !mx-auto w-[130px] sm:w-[160px] md:w-[180px] lg:w-[220px] xl:w-[240px]\">\n\n\t\t\t\t<\/div>\n\t\t\t\t<\/div>\n\t\t\t\t\t<\/div>\n\t\t\t\t<\/div>\n\t\t<div class=\"elementor-element elementor-element-58174dda e-flex e-con-boxed e-con e-parent\" data-id=\"58174dda\" data-element_type=\"container\" data-e-type=\"container\">\n\t\t\t\t\t<div class=\"e-con-inner\">\n\t\t\t\t<div class=\"elementor-element elementor-element-d7f7f5c elementor-widget elementor-widget-wfg-text-editor\" data-id=\"d7f7f5c\" data-element_type=\"widget\" data-e-type=\"widget\" data-widget_type=\"wfg-text-editor.default\">\n\t\t\t\t<div class=\"elementor-widget-container\">\n\t\t\t\t\t\t\t\t\t<h2>Nehmen Sie Kontakt zu uns auf!<\/h2>\t\t\t\t\t\t\t\t<\/div>\n\t\t\t\t<\/div>\n\t\t\t\t\t<\/div>\n\t\t\t\t<\/div>\n\t\t<div class=\"elementor-element elementor-element-500ffdf3 e-flex e-con-boxed e-con e-parent\" data-id=\"500ffdf3\" data-element_type=\"container\" data-e-type=\"container\">\n\t\t\t\t\t<div class=\"e-con-inner\">\n\t\t<div class=\"elementor-element elementor-element-1690f42d e-con-full e-flex e-con e-child\" data-id=\"1690f42d\" data-element_type=\"container\" data-e-type=\"container\">\n\t\t\t\t<div class=\"elementor-element elementor-element-67755960 elementor-widget elementor-widget-wfg-image\" data-id=\"67755960\" data-element_type=\"widget\" data-e-type=\"widget\" data-widget_type=\"wfg-image.default\">\n\t\t\t\t<div class=\"elementor-widget-container\">\n\t\t\t\t\t\n\n<figure class=\"wp-caption \" data-image>\n      <div class=\"relative rounded-widget overflow-hidden \">\n      <img decoding=\"async\" width=\"2000\" height=\"1333\" src=\"https:\/\/wfg-kassel.de\/wp-content\/uploads\/2025\/01\/gruppenfoto-team-wirtschaftsfoerderung-region-kassel-2023.webp\" class=\"!w-full !object-cover \" alt=\"Mehrere Personen stehen zusammen und posieren vor Gebauede fuer ein Gruppenfoto\" srcset=\"https:\/\/wfg-kassel.de\/wp-content\/uploads\/2025\/01\/gruppenfoto-team-wirtschaftsfoerderung-region-kassel-2023.webp 2000w, https:\/\/wfg-kassel.de\/wp-content\/uploads\/2025\/01\/gruppenfoto-team-wirtschaftsfoerderung-region-kassel-2023-300x200.webp 300w, https:\/\/wfg-kassel.de\/wp-content\/uploads\/2025\/01\/gruppenfoto-team-wirtschaftsfoerderung-region-kassel-2023-1024x682.webp 1024w, https:\/\/wfg-kassel.de\/wp-content\/uploads\/2025\/01\/gruppenfoto-team-wirtschaftsfoerderung-region-kassel-2023-768x512.webp 768w, https:\/\/wfg-kassel.de\/wp-content\/uploads\/2025\/01\/gruppenfoto-team-wirtschaftsfoerderung-region-kassel-2023-1536x1024.webp 1536w, https:\/\/wfg-kassel.de\/wp-content\/uploads\/2025\/01\/gruppenfoto-team-wirtschaftsfoerderung-region-kassel-2023-18x12.webp 18w\" sizes=\"(max-width: 2000px) 100vw, 2000px\" \/>\n            <div class=\"copyright-hint absolute bottom-0 right-0 z-10 flex items-center gap-1.5 px-2.5 py-1.5 bg-[#F0F0F0] rounded-tl-widget max-w-9 overflow-hidden whitespace-nowrap cursor-pointer transition-all duration-200 ease-in-out\" tabindex=\"0\" data-no-translation>\n      <span class=\"shrink-0 text-xs md:text-base leading-none text-[#555]\">\u00a9<\/span>\n      <span class=\"text-xs md:text-base leading-none text-[#333] opacity-0 transition-opacity duration-150\">Carolin Ludwig<\/span>\n    <\/div>\n  \n    <\/div>\n  \n  <\/figure>\n\t\t\t\t<\/div>\n\t\t\t\t<\/div>\n\t\t\t\t<\/div>\n\t\t<div class=\"elementor-element elementor-element-61e9771d e-con-full e-flex e-con e-child\" data-id=\"61e9771d\" data-element_type=\"container\" data-e-type=\"container\">\n\t\t\t\t<div class=\"elementor-element elementor-element-5683633d elementor-widget elementor-widget-wfg-text-editor\" data-id=\"5683633d\" data-element_type=\"widget\" data-e-type=\"widget\" data-widget_type=\"wfg-text-editor.default\">\n\t\t\t\t<div class=\"elementor-widget-container\">\n\t\t\t\t\t\t\t\t\t<p>Sie haben weitere Fragen zum Website-Artikel oder m\u00f6chten von unseren exzellenten Netzwerken profitieren? Dann freuen wir uns auf den Austausch mit Ihnen. Als kompetenter erster Ansprechpartner stehen wir Ihnen gerne zur Verf\u00fcgung.<\/p>\n<p>Telefon: <a href=\"tel:+495617073350\">+49 561 70733-50<\/a><br \/>E-Mail: <a href=\"mailto:info@wfg-kassel.de\">info@wfg-kassel.de<\/a><\/p>\t\t\t\t\t\t\t\t<\/div>\n\t\t\t\t<\/div>\n\t\t\t\t<div class=\"elementor-element elementor-element-3c9bd88f elementor-widget elementor-widget-wfg-button\" data-id=\"3c9bd88f\" data-element_type=\"widget\" data-e-type=\"widget\" data-widget_type=\"wfg-button.default\">\n\t\t\t\t<div class=\"elementor-widget-container\">\n\t\t\t\t\t\n\n\n  <a href=\"\/kontakt\/#kontaktformular\"\n   aria-label=\"Zum Kontaktformular\"\n   class=\"uppercase font-extrabold py-1.5 px-6 text-lg xs:text-xl lg:text-2xl xl:text-3xl text-primary inline-flex items-center space-x-2 xs:space-x-3 lg:space-x-4 xl:space-x-6 hover:text-accent transition-colors\"\n   rel=\"\">\n    <svg xmlns=\"http:\/\/www.w3.org\/2000\/svg\" viewBox=\"0 0 16 16\" class=\"w-6 h-6 xs:w-8 xs:h-8 lg:w-10 lg:h-10 shrink-0\">\n  <g id=\"Group_62\" data-name=\"Group 62\" transform=\"translate(-931.406 1344) rotate(-90)\">\n    <path id=\"Icon_feather-chevron-down\" data-name=\"Icon feather-chevron-down\" d=\"M9,13.5l3.944,3.944L16.887,13.5\" transform=\"translate(1323.229 924.458)\" fill=\"none\" stroke=\"#e41e3d\" stroke-linecap=\"round\" stroke-linejoin=\"round\" stroke-width=\"1\"\/>\n    <g id=\"Ellipse_5\" data-name=\"Ellipse 5\" transform=\"translate(1328 931.406)\" fill=\"none\" stroke=\"#e41e3d\" stroke-width=\"1\">\n      <circle cx=\"8\" cy=\"8\" r=\"8\" stroke=\"none\"\/>\n      <circle cx=\"8\" cy=\"8\" r=\"7.5\" fill=\"none\"\/>\n    <\/g>\n  <\/g>\n<\/svg>\n\n    <span>\n       Zum Kontaktformular\n    <\/span>\n  <\/a>\n\t\t\t\t<\/div>\n\t\t\t\t<\/div>\n\t\t\t\t<\/div>\n\t\t\t\t\t<\/div>\n\t\t\t\t<\/div>\n\t\t\t\t<\/div>\n\t\t","protected":false},"excerpt":{"rendered":"<p>\u00a9 Wirtschaftsf\u00f6rderung Region Kassel Unsere Gesellschafter und unser Beirat Mit der Gr\u00fcndung der \u201eWirtschaftsf\u00f6rderungsgesellschaft Kassel mbH\u201c, die heute unter dem Namen &#8222;Wirtschaftsf\u00f6rderung Region Kassel GmbH&#8220; (WFG Kassel) bekannt ist, wurde im Jahr 1988 eine vertrauensw\u00fcrdige Anlaufstelle f\u00fcr Unternehmen, die Politik, den Forschungssektor sowie andere Stakeholder geschaffen. Die Stadt Kassel und der Landkreis Kassel arbeiteten Hand [&hellip;]<\/p>\n","protected":false},"author":1,"featured_media":0,"parent":0,"menu_order":0,"comment_status":"closed","ping_status":"closed","template":"","meta":{"_acf_changed":false,"footnotes":""},"class_list":["post-86","page","type-page","status-publish","hentry"],"acf":[],"yoast_head":"<!-- This site is optimized with the Yoast SEO plugin v27.5 - https:\/\/yoast.com\/product\/yoast-seo-wordpress\/ -->\n<title>Gesellschafter &amp; Beirat<\/title>\n<meta name=\"robots\" content=\"index, follow, max-snippet:-1, max-image-preview:large, max-video-preview:-1\" \/>\n<link rel=\"canonical\" href=\"https:\/\/wfg-kassel.de\/en\/shareholders-advisory-board\/\" \/>\n<meta property=\"og:locale\" content=\"en_US\" \/>\n<meta property=\"og:type\" content=\"article\" \/>\n<meta property=\"og:title\" content=\"Gesellschafter &amp; Beirat\" \/>\n<meta property=\"og:description\" content=\"\u00a9 Wirtschaftsf\u00f6rderung Region Kassel Unsere Gesellschafter und unser Beirat Mit der Gr\u00fcndung der \u201eWirtschaftsf\u00f6rderungsgesellschaft Kassel mbH\u201c, die heute unter dem Namen &#8222;Wirtschaftsf\u00f6rderung Region Kassel GmbH&#8220; (WFG Kassel) bekannt ist, wurde im Jahr 1988 eine vertrauensw\u00fcrdige Anlaufstelle f\u00fcr Unternehmen, die Politik, den Forschungssektor sowie andere Stakeholder geschaffen. Die Stadt Kassel und der Landkreis Kassel arbeiteten Hand [&hellip;]\" \/>\n<meta property=\"og:url\" content=\"https:\/\/wfg-kassel.de\/en\/shareholders-advisory-board\/\" \/>\n<meta property=\"og:site_name\" content=\"Wirtschaftsf\u00f6rderung Region Kassel\" \/>\n<meta property=\"article:modified_time\" content=\"2025-10-30T09:24:34+00:00\" \/>\n<meta property=\"og:image\" content=\"https:\/\/wfg-kassel.de\/wp-content\/uploads\/2025\/01\/gesellschafterversammlung-juni-2024.webp\" \/>\n<meta name=\"twitter:card\" content=\"summary_large_image\" \/>\n<meta name=\"twitter:label1\" content=\"Est. reading time\" \/>\n\t<meta name=\"twitter:data1\" content=\"4 minutes\" \/>\n<script type=\"application\/ld+json\" class=\"yoast-schema-graph\">{\"@context\":\"https:\\\/\\\/schema.org\",\"@graph\":[{\"@type\":\"WebPage\",\"@id\":\"https:\\\/\\\/wfg-kassel.de\\\/gesellschafter-beirat\\\/\",\"url\":\"https:\\\/\\\/wfg-kassel.de\\\/gesellschafter-beirat\\\/\",\"name\":\"Gesellschafter & Beirat\",\"isPartOf\":{\"@id\":\"https:\\\/\\\/wfg-kassel.de\\\/#website\"},\"primaryImageOfPage\":{\"@id\":\"https:\\\/\\\/wfg-kassel.de\\\/gesellschafter-beirat\\\/#primaryimage\"},\"image\":{\"@id\":\"https:\\\/\\\/wfg-kassel.de\\\/gesellschafter-beirat\\\/#primaryimage\"},\"thumbnailUrl\":\"https:\\\/\\\/wfg-kassel.de\\\/wp-content\\\/uploads\\\/2025\\\/01\\\/gesellschafterversammlung-juni-2024.webp\",\"datePublished\":\"2024-02-25T12:36:08+00:00\",\"dateModified\":\"2025-10-30T09:24:34+00:00\",\"breadcrumb\":{\"@id\":\"https:\\\/\\\/wfg-kassel.de\\\/gesellschafter-beirat\\\/#breadcrumb\"},\"inLanguage\":\"en-US\",\"potentialAction\":[{\"@type\":\"ReadAction\",\"target\":[\"https:\\\/\\\/wfg-kassel.de\\\/gesellschafter-beirat\\\/\"]}]},{\"@type\":\"ImageObject\",\"inLanguage\":\"en-US\",\"@id\":\"https:\\\/\\\/wfg-kassel.de\\\/gesellschafter-beirat\\\/#primaryimage\",\"url\":\"https:\\\/\\\/wfg-kassel.de\\\/wp-content\\\/uploads\\\/2025\\\/01\\\/gesellschafterversammlung-juni-2024.webp\",\"contentUrl\":\"https:\\\/\\\/wfg-kassel.de\\\/wp-content\\\/uploads\\\/2025\\\/01\\\/gesellschafterversammlung-juni-2024.webp\"},{\"@type\":\"BreadcrumbList\",\"@id\":\"https:\\\/\\\/wfg-kassel.de\\\/gesellschafter-beirat\\\/#breadcrumb\",\"itemListElement\":[{\"@type\":\"ListItem\",\"position\":1,\"name\":\"Startseite\",\"item\":\"https:\\\/\\\/wfg-kassel.de\\\/\"},{\"@type\":\"ListItem\",\"position\":2,\"name\":\"Gesellschafter &#038; Beirat\"}]},{\"@type\":\"WebSite\",\"@id\":\"https:\\\/\\\/wfg-kassel.de\\\/#website\",\"url\":\"https:\\\/\\\/wfg-kassel.de\\\/\",\"name\":\"Wirtschaftsf\u00f6rderung Region Kassel\",\"description\":\"\",\"publisher\":{\"@id\":\"https:\\\/\\\/wfg-kassel.de\\\/#organization\"},\"potentialAction\":[{\"@type\":\"SearchAction\",\"target\":{\"@type\":\"EntryPoint\",\"urlTemplate\":\"https:\\\/\\\/wfg-kassel.de\\\/?s={search_term_string}\"},\"query-input\":{\"@type\":\"PropertyValueSpecification\",\"valueRequired\":true,\"valueName\":\"search_term_string\"}}],\"inLanguage\":\"en-US\"},{\"@type\":\"Organization\",\"@id\":\"https:\\\/\\\/wfg-kassel.de\\\/#organization\",\"name\":\"Wirtschaftsf\u00f6rderung Region Kassel\",\"url\":\"https:\\\/\\\/wfg-kassel.de\\\/\",\"logo\":{\"@type\":\"ImageObject\",\"inLanguage\":\"en-US\",\"@id\":\"https:\\\/\\\/wfg-kassel.de\\\/#\\\/schema\\\/logo\\\/image\\\/\",\"url\":\"https:\\\/\\\/wfg-kassel.de\\\/wp-content\\\/uploads\\\/2024\\\/02\\\/logo_wfg.svg\",\"contentUrl\":\"https:\\\/\\\/wfg-kassel.de\\\/wp-content\\\/uploads\\\/2024\\\/02\\\/logo_wfg.svg\",\"width\":339,\"height\":90,\"caption\":\"Wirtschaftsf\u00f6rderung Region Kassel\"},\"image\":{\"@id\":\"https:\\\/\\\/wfg-kassel.de\\\/#\\\/schema\\\/logo\\\/image\\\/\"}}]}<\/script>\n<!-- \/ Yoast SEO plugin. -->","yoast_head_json":{"title":"Shareholder &amp; Advisory Board","robots":{"index":"index","follow":"follow","max-snippet":"max-snippet:-1","max-image-preview":"max-image-preview:large","max-video-preview":"max-video-preview:-1"},"canonical":"https:\/\/wfg-kassel.de\/en\/shareholders-advisory-board\/","og_locale":"en_US","og_type":"article","og_title":"Gesellschafter & Beirat","og_description":"\u00a9 Wirtschaftsf\u00f6rderung Region Kassel Unsere Gesellschafter und unser Beirat Mit der Gr\u00fcndung der \u201eWirtschaftsf\u00f6rderungsgesellschaft Kassel mbH\u201c, die heute unter dem Namen &#8222;Wirtschaftsf\u00f6rderung Region Kassel GmbH&#8220; (WFG Kassel) bekannt ist, wurde im Jahr 1988 eine vertrauensw\u00fcrdige Anlaufstelle f\u00fcr Unternehmen, die Politik, den Forschungssektor sowie andere Stakeholder geschaffen. Die Stadt Kassel und der Landkreis Kassel arbeiteten Hand [&hellip;]","og_url":"https:\/\/wfg-kassel.de\/en\/shareholders-advisory-board\/","og_site_name":"Wirtschaftsf\u00f6rderung Region Kassel","article_modified_time":"2025-10-30T09:24:34+00:00","og_image":[{"url":"https:\/\/wfg-kassel.de\/wp-content\/uploads\/2025\/01\/gesellschafterversammlung-juni-2024.webp","type":"","width":"","height":""}],"twitter_card":"summary_large_image","twitter_misc":{"Est. reading time":"4 minutes"},"schema":{"@context":"https:\/\/schema.org","@graph":[{"@type":"WebPage","@id":"https:\/\/wfg-kassel.de\/gesellschafter-beirat\/","url":"https:\/\/wfg-kassel.de\/gesellschafter-beirat\/","name":"Shareholder &amp; Advisory Board","isPartOf":{"@id":"https:\/\/wfg-kassel.de\/#website"},"primaryImageOfPage":{"@id":"https:\/\/wfg-kassel.de\/gesellschafter-beirat\/#primaryimage"},"image":{"@id":"https:\/\/wfg-kassel.de\/gesellschafter-beirat\/#primaryimage"},"thumbnailUrl":"https:\/\/wfg-kassel.de\/wp-content\/uploads\/2025\/01\/gesellschafterversammlung-juni-2024.webp","datePublished":"2024-02-25T12:36:08+00:00","dateModified":"2025-10-30T09:24:34+00:00","breadcrumb":{"@id":"https:\/\/wfg-kassel.de\/gesellschafter-beirat\/#breadcrumb"},"inLanguage":"en-US","potentialAction":[{"@type":"ReadAction","target":["https:\/\/wfg-kassel.de\/gesellschafter-beirat\/"]}]},{"@type":"ImageObject","inLanguage":"en-US","@id":"https:\/\/wfg-kassel.de\/gesellschafter-beirat\/#primaryimage","url":"https:\/\/wfg-kassel.de\/wp-content\/uploads\/2025\/01\/gesellschafterversammlung-juni-2024.webp","contentUrl":"https:\/\/wfg-kassel.de\/wp-content\/uploads\/2025\/01\/gesellschafterversammlung-juni-2024.webp"},{"@type":"BreadcrumbList","@id":"https:\/\/wfg-kassel.de\/gesellschafter-beirat\/#breadcrumb","itemListElement":[{"@type":"ListItem","position":1,"name":"Startseite","item":"https:\/\/wfg-kassel.de\/"},{"@type":"ListItem","position":2,"name":"Gesellschafter &#038; Beirat"}]},{"@type":"WebSite","@id":"https:\/\/wfg-kassel.de\/#website","url":"https:\/\/wfg-kassel.de\/","name":"Wirtschaftsf\u00f6rderung Region Kassel","description":"","publisher":{"@id":"https:\/\/wfg-kassel.de\/#organization"},"potentialAction":[{"@type":"SearchAction","target":{"@type":"EntryPoint","urlTemplate":"https:\/\/wfg-kassel.de\/?s={search_term_string}"},"query-input":{"@type":"PropertyValueSpecification","valueRequired":true,"valueName":"search_term_string"}}],"inLanguage":"en-US"},{"@type":"Organization","@id":"https:\/\/wfg-kassel.de\/#organization","name":"Wirtschaftsf\u00f6rderung Region Kassel","url":"https:\/\/wfg-kassel.de\/","logo":{"@type":"ImageObject","inLanguage":"en-US","@id":"https:\/\/wfg-kassel.de\/#\/schema\/logo\/image\/","url":"https:\/\/wfg-kassel.de\/wp-content\/uploads\/2024\/02\/logo_wfg.svg","contentUrl":"https:\/\/wfg-kassel.de\/wp-content\/uploads\/2024\/02\/logo_wfg.svg","width":339,"height":90,"caption":"Wirtschaftsf\u00f6rderung Region Kassel"},"image":{"@id":"https:\/\/wfg-kassel.de\/#\/schema\/logo\/image\/"}}]}},"_links":{"self":[{"href":"https:\/\/wfg-kassel.de\/en\/wp-json\/wp\/v2\/pages\/86","targetHints":{"allow":["GET"]}}],"collection":[{"href":"https:\/\/wfg-kassel.de\/en\/wp-json\/wp\/v2\/pages"}],"about":[{"href":"https:\/\/wfg-kassel.de\/en\/wp-json\/wp\/v2\/types\/page"}],"author":[{"embeddable":true,"href":"https:\/\/wfg-kassel.de\/en\/wp-json\/wp\/v2\/users\/1"}],"replies":[{"embeddable":true,"href":"https:\/\/wfg-kassel.de\/en\/wp-json\/wp\/v2\/comments?post=86"}],"version-history":[{"count":6,"href":"https:\/\/wfg-kassel.de\/en\/wp-json\/wp\/v2\/pages\/86\/revisions"}],"predecessor-version":[{"id":11567,"href":"https:\/\/wfg-kassel.de\/en\/wp-json\/wp\/v2\/pages\/86\/revisions\/11567"}],"wp:attachment":[{"href":"https:\/\/wfg-kassel.de\/en\/wp-json\/wp\/v2\/media?parent=86"}],"curies":[{"name":"wp","href":"https:\/\/api.w.org\/{rel}","templated":true}]}}